{"id":10340,"date":"2025-06-24T20:15:52","date_gmt":"2025-06-24T18:15:52","guid":{"rendered":"https:\/\/www.sages.ch\/?page_id=10340"},"modified":"2025-06-27T12:26:36","modified_gmt":"2025-06-27T10:26:36","slug":"30625-2","status":"publish","type":"page","link":"https:\/\/www.sages.ch\/fr\/30625-2\/","title":{"rendered":"Bulletin d&rsquo;information juin 2025"},"content":{"rendered":"<div class=\"fusion-fullwidth fullwidth-box fusion-builder-row-1 fusion-flex-container has-pattern-background has-mask-background nonhundred-percent-fullwidth non-hundred-percent-height-scrolling\" style=\"--awb-border-radius-top-left:0px;--awb-border-radius-top-right:0px;--awb-border-radius-bottom-right:0px;--awb-border-radius-bottom-left:0px;--awb-flex-wrap:wrap;\" ><div class=\"fusion-builder-row fusion-row fusion-flex-align-items-flex-start fusion-flex-content-wrap\" style=\"max-width:1206.4px;margin-left: calc(-4% \/ 2 );margin-right: calc(-4% \/ 2 );\"><div class=\"fusion-layout-column fusion_builder_column fusion-builder-column-0 fusion_builder_column_1_1 1_1 fusion-flex-column\" style=\"--awb-bg-size:cover;--awb-width-large:100%;--awb-margin-top-large:0px;--awb-spacing-right-large:1.92%;--awb-margin-bottom-large:20px;--awb-spacing-left-large:1.92%;--awb-width-medium:100%;--awb-order-medium:0;--awb-spacing-right-medium:1.92%;--awb-spacing-left-medium:1.92%;--awb-width-small:100%;--awb-order-small:0;--awb-spacing-right-small:1.92%;--awb-spacing-left-small:1.92%;\"><div class=\"fusion-column-wrapper fusion-column-has-shadow fusion-flex-justify-content-flex-start fusion-content-layout-column\"><div class=\"fusion-image-element \" style=\"--awb-caption-title-font-family:var(--h2_typography-font-family);--awb-caption-title-font-weight:var(--h2_typography-font-weight);--awb-caption-title-font-style:var(--h2_typography-font-style);--awb-caption-title-size:var(--h2_typography-font-size);--awb-caption-title-transform:var(--h2_typography-text-transform);--awb-caption-title-line-height:var(--h2_typography-line-height);--awb-caption-title-letter-spacing:var(--h2_typography-letter-spacing);\"><span class=\" fusion-imageframe imageframe-none imageframe-1 hover-type-none\"><img decoding=\"async\" width=\"4015\" height=\"971\" title=\"juin 2025\" src=\"https:\/\/www.sages.ch\/wp-content\/uploads\/2025\/06\/juin-2025.png\" alt class=\"img-responsive wp-image-10443\" srcset=\"https:\/\/www.sages.ch\/wp-content\/uploads\/2025\/06\/juin-2025-200x48.png 200w, https:\/\/www.sages.ch\/wp-content\/uploads\/2025\/06\/juin-2025-400x97.png 400w, https:\/\/www.sages.ch\/wp-content\/uploads\/2025\/06\/juin-2025-600x145.png 600w, https:\/\/www.sages.ch\/wp-content\/uploads\/2025\/06\/juin-2025-800x193.png 800w, https:\/\/www.sages.ch\/wp-content\/uploads\/2025\/06\/juin-2025-1200x290.png 1200w, https:\/\/www.sages.ch\/wp-content\/uploads\/2025\/06\/juin-2025.png 4015w\" sizes=\"(max-width: 1024px) 100vw, (max-width: 640px) 100vw, 1200px\" \/><\/span><\/div><\/div><\/div><div class=\"fusion-layout-column fusion_builder_column fusion-builder-column-1 fusion_builder_column_2_3 2_3 fusion-flex-column\" style=\"--awb-bg-size:cover;--awb-border-color:#00a75c;--awb-border-top:10px;--awb-border-style:solid;--awb-width-large:66.666666666667%;--awb-margin-top-large:0px;--awb-spacing-right-large:2.88%;--awb-margin-bottom-large:20px;--awb-spacing-left-large:2.88%;--awb-width-medium:100%;--awb-order-medium:0;--awb-spacing-right-medium:1.92%;--awb-spacing-left-medium:1.92%;--awb-width-small:100%;--awb-order-small:0;--awb-spacing-right-small:1.92%;--awb-spacing-left-small:1.92%;\" data-scroll-devices=\"small-visibility,medium-visibility,large-visibility\"><div class=\"fusion-column-wrapper fusion-column-has-shadow fusion-flex-justify-content-flex-start fusion-content-layout-column\"><div class=\"fusion-text fusion-text-1\"><h2><\/h2>\n<h2 style=\"text-align: center;\"><strong>interne<\/strong><\/h2>\n<\/div><div class=\"fusion-text fusion-text-2\"><p style=\"text-align: left;\"><strong><img decoding=\"async\" class=\"wp-image-8035 alignleft\" src=\"https:\/\/www.sages.ch\/wp-content\/uploads\/2023\/10\/Intern.jpg\" alt=\"\" width=\"362\" height=\"241\" srcset=\"https:\/\/www.sages.ch\/wp-content\/uploads\/2023\/10\/Intern-200x133.jpg 200w, https:\/\/www.sages.ch\/wp-content\/uploads\/2023\/10\/Intern-300x200.jpg 300w, https:\/\/www.sages.ch\/wp-content\/uploads\/2023\/10\/Intern-400x267.jpg 400w, https:\/\/www.sages.ch\/wp-content\/uploads\/2023\/10\/Intern-600x400.jpg 600w, https:\/\/www.sages.ch\/wp-content\/uploads\/2023\/10\/Intern-768x512.jpg 768w, https:\/\/www.sages.ch\/wp-content\/uploads\/2023\/10\/Intern-800x533.jpg 800w, https:\/\/www.sages.ch\/wp-content\/uploads\/2023\/10\/Intern.jpg 887w\" sizes=\"(max-width: 362px) 100vw, 362px\" \/><\/strong><strong>8<sup>e<\/sup>assembl\u00e9 g\u00e9n\u00e9rale de SAGES<br \/>\n<\/strong>Le 7 mai 2025, la 8<sup>e<\/sup> assembl\u00e9e g\u00e9n\u00e9rale de SAGES s\u2019est tenue dans un format hybride \u00e0 la FHNW \u00e0 Olten. Outre une br\u00e8ve <a href=\"https:\/\/www.sages.ch\/fr\/rapports-annuels\/\" target=\"_blank\" rel=\"noopener\"><span style=\"color: #00a75c;\"><strong>r\u00e9trospective<\/strong><\/span><\/a> pr\u00e9sent\u00e9e par le secr\u00e9taire g\u00e9n\u00e9ral, les membres ont pu prendre connaissance des comptes annuels positifs pour l\u2019ann\u00e9e 2024.<br \/>\nAnnalotte Wurst, de la Psychiatrie int\u00e9gr\u00e9e de Winterthur, qui s\u2019est engag\u00e9e au sein du comit\u00e9 lors de la cr\u00e9ation de SAGES, a d\u00e9cid\u00e9 de quitter le comit\u00e9. Nous l\u2019avons remerci\u00e9e pour sa pr\u00e9cieuse collaboration. Les autres membres du comit\u00e9 ont \u00e9t\u00e9 r\u00e9\u00e9lu\u00b7es dans leurs fonctions pour deux ann\u00e9es.<br \/>\nUn changement aura lieu au sein de la pr\u00e9sidence apr\u00e8s l\u2019assembl\u00e9e g\u00e9n\u00e9rale de 2026. Tom Friedli, co-pr\u00e9sident de longue date de SAGES, qui a d\u00e9j\u00e0 pr\u00e9sid\u00e9 la pr\u00e9c\u00e9dente association professionnelle, SFSS, quittera ses fonctions au sein de SAGES apr\u00e8s la prochaine assembl\u00e9e g\u00e9n\u00e9rale. Il a \u00e9t\u00e9 r\u00e9\u00e9lu pour un an \u00e0 la co-pr\u00e9sidence. Therese Straubhaar, co-pr\u00e9sidente de SAGES, a quant \u00e0 elle \u00e9t\u00e9 r\u00e9\u00e9lue pour deux ann\u00e9es.<br \/>\nDans la deuxi\u00e8me partie de l\u2019assembl\u00e9e g\u00e9n\u00e9rale, les repr\u00e9sentant\u00b7es des groupes de travail ont rendu compte de l\u2019\u00e9tat d\u2019avancement des travaux au sein de la nouvelle structure de l\u2019association SAGES et de la charte pour le travail social en lien avec la sant\u00e9.<\/p>\n<p style=\"text-align: left;\">Le <span style=\"color: #00a75c;\"><strong><a style=\"color: #00a75c;\" href=\"https:\/\/www.sages.ch\/mitgliederbereich\/fr\/proces-verbaux-membres\/\" target=\"_blank\" rel=\"noopener\">proc\u00e8s-verbal de l&rsquo;assembl\u00e9e g\u00e9n\u00e9rale<\/a><\/strong><\/span>, y compris les liens vers les pr\u00e9sentations et les <span style=\"color: #00a75c;\"><strong><a style=\"color: #00a75c;\" href=\"https:\/\/www.sages.ch\/mitgliederbereich\/fr\/comite-strategie-de-lassociation-professionnelle-2024-2027\/\" target=\"_blank\" rel=\"noopener\">objectifs annuels 2025 de SAGES<\/a><\/strong><\/span>, sont \u00e0 disposition de nos membres dans l&rsquo;espace membres.<br \/>\nSAGES remercie ses membres pour leur confiance et leur fid\u00e9lit\u00e9 envers l&rsquo;association.<\/p>\n<p><strong>Invitation au 4<sup>e<\/sup> congr\u00e8s national de SAGES du 12 novembre 2025<br \/>\n<\/strong><span data-offset-key=\"b6jle-0-0\">Le congr\u00e8s, qui se d\u00e9roulera en deux langues (d\/f), <\/span><span data-offset-key=\"b6jle-0-0\">propose aux professionnel\u00b7les du travail social en lien avec la sant\u00e9 un espace d\u2019\u00e9changes ainsi que l\u2019opportunit\u00e9 d\u2019explorer des approches innovantes. Ce rendez-vous incontournable constitue l\u2019occasion de poursuivre la r\u00e9flexion commune sur les bonnes pratiques et de capitaliser autour d\u2019apprentissages partag\u00e9s.<br \/>\n<\/span>Cette ann\u00e9e, l\u2019accent sera mis sur les m\u00e9thodologies en travail social.<br \/>\nLa d\u00e9marche m\u00e9thodologique constitue un enjeu aux multiples facettes. La capacit\u00e9 professionnelle d\u2019agir au mieux d\u00e9pend de nombreux facteurs tels que les techniques relatives \u00e0 la gestion relationnelle, les conditions-cadres institutionnelles ou encore les convictions personnelles. Durant ce congr\u00e8s, nous aborderons la question des bonnes pratiques tant dans des expos\u00e9s en pl\u00e9ni\u00e8re que dans des ateliers. De nombreuses contributions ax\u00e9es sur la pratique figurent au programme, qu\u2019il s\u2019agisse de la gestion quotidienne des dilemmes \u00e9thiques ou des nouvelles proc\u00e9dures d\u2019\u00e9valuation des besoins des client\u00b7es. Cette journ\u00e9e sera l\u2019occasion de s\u2019inspirer les un\u00b7es des autres et d\u2019\u00e9changer avec des coll\u00e8gues de tous les domaines du travail social en lien avec la sant\u00e9. Nous nous r\u00e9jouissons d\u2019ores et d\u00e9j\u00e0 de votre participation.<br \/>\nLes inscriptions sont ouvertes d\u00e8s maintenant sur notre site web dans la rubrique <strong><span style=\"color: #00a75c;\">\u00ab<\/span> <span style=\"color: #00a75c;\"><a style=\"color: #00a75c;\" href=\"https:\/\/www.sages.ch\/fr\/agenda\/4eme-congres-national-de-sages\/\" target=\"_blank\" rel=\"noopener\">Agenda<\/a> \u00bb<\/span><\/strong>. En tant que membre SAGES, tu b\u00e9n\u00e9ficies de conditions de participation avantageuses.<\/p>\n<p><strong>Lancement r\u00e9ussi : groupe sp\u00e9cifique \u00ab Promotion de la sant\u00e9 et pr\u00e9vention dans le travail social \u00bb<\/strong><b><strong><br \/>\n<\/strong><\/b>Le 28 avril 2025 a eu lieu la r\u00e9union de lancement du nouveau groupe sp\u00e9cifique SAGES \u00ab Promotion de la sant\u00e9 et pr\u00e9vention dans le travail social \u00bb. Lors de cette premi\u00e8re rencontre, le groupe sp\u00e9cifique a cherch\u00e9 \u00e0 clarifier ce qu&rsquo;il entendait par promotion de la sant\u00e9 et pr\u00e9vention, et \u00e0 d\u00e9finir la contribution sp\u00e9cifique et les perspectives du travail social en lien avec la sant\u00e9 dans ces domaines. Il s&rsquo;agissait enfin de clarifier les attentes et de d\u00e9finir les objectifs.<br \/>\nLes prochaines rencontres du groupe sp\u00e9cifique seront annonc\u00e9es sur notre <span style=\"color: #00a75c;\"><a style=\"color: #00a75c;\" href=\"https:\/\/www.sages.ch\/fr\/evenements-en-langue-francaise\/\" target=\"_blank\" rel=\"noopener\"><b>site Internet<\/b><\/a><\/span> et sur les r\u00e9seaux sociaux (<strong><span style=\"color: #00a75c;\"><a style=\"color: #00a75c;\" href=\"https:\/\/www.linkedin.com\/company\/sages-fachverband-gesundheitsbezogene-soziale-arbeit\/?viewAsMember=true\">LinkedIn<\/a><\/span><\/strong> et <span style=\"color: #00a75c;\"><a style=\"color: #00a75c;\" href=\"https:\/\/www.instagram.com\/sages.ch\/\"><b>Instagram<\/b><\/a><\/span>).<\/p>\n<p class=\"entry-title fusion-post-title fusion-responsive-typography-calculated\" data-fontsize=\"24\" data-lineheight=\"27.12px\"><strong>Sant\u00e9 et services sociaux : 5 pistes pour une meilleure collaboration | Policy Brief<br \/>\n<\/strong>Comment int\u00e9grer plus efficacement les syst\u00e8mes de sant\u00e9 et les syst\u00e8mes sociaux ? Cette question est au c\u0153ur d\u2019un r\u00e9cent\u00a0<span style=\"color: #00a75c;\"><strong><a style=\"color: #00a75c;\" href=\"https:\/\/fmc.ch\/fr\/sante-et-social\/\" target=\"_blank\" rel=\"noopener\">policy brief<\/a><\/strong><\/span> (disponible uniquement en allemand) publi\u00e9e par le Forum suisse des soins int\u00e9gr\u00e9s (fmc) en collaboration avec la Fondation Careum. SAGES a soutenu le Forum suisse des soins int\u00e9gr\u00e9s et la Fondation Careum dans l\u2019\u00e9laboration du concept et du contenu du policy brief, et continuera \u00e0 s\u2019engager avec eux pour la promotion d\u2019une collaboration plus efficace entre le syst\u00e8me de sant\u00e9 et le syst\u00e8me social.<br \/>\nDans ce cadre, les deux associations fmc et SAGES ont \u00e9galement d\u00e9cid\u00e9 d\u2019intensifier leur collaboration et ont conclu \u00e0 cet effet un accord de coop\u00e9ration. SAGES a ensuite \u00e9t\u00e9 repr\u00e9sent\u00e9e au <a href=\"https:\/\/fmc.ch\/fr\/symposium-des-soins-integres\/\" target=\"_blank\" rel=\"noopener\"><b><span style=\"color: #00a75c;\">\u00ab Symposium national des soins int\u00e9gr\u00e9s \u00bb<\/span><\/b><\/a>.<\/p>\n<p data-fontsize=\"24\" data-lineheight=\"27.12px\"><strong>En tant que travailleur\u00b7euse social\u00b7e clinique, la certification ECCSW renforce votre identit\u00e9 professionnelle<\/strong><br \/>\n\u00ab Dans ma carri\u00e8re professionnelle, je me suis toujours consid\u00e9r\u00e9 comme un travailleur social clinique, m\u00eame si je n&rsquo;ai pas suivi de master sp\u00e9cialis\u00e9, mais un master g\u00e9n\u00e9raliste. Pendant longtemps, je n&rsquo;ai pas r\u00e9alis\u00e9 qu&rsquo;il \u00e9tait possible d&rsquo;obtenir une <strong><span style=\"color: #00a75c;\">c<a style=\"color: #00a75c;\" href=\"https:\/\/eccsw.eu\/die-zertifizierung\/\" target=\"_blank\" rel=\"noopener\">ertification de travailleur\u00b7euse social\u00b7e clinique<\/a><\/span><\/strong> par le biais du ECCSW, m\u00eame sans master sp\u00e9cialis\u00e9. Pour cela, il faut toutefois acqu\u00e9rir et faire valoir, tout au long de sa carri\u00e8re professionnelle et dans le cadre de sa qualification personnelle, des connaissances et des comp\u00e9tences d&rsquo;action sp\u00e9cifiques au travail social clinique. Pour conna\u00eetre les comp\u00e9tences requises, je vous invite \u00e0 consulter la rubrique \u00ab <span style=\"color: #00a75c;\"><strong><a style=\"color: #00a75c;\" href=\"https:\/\/eccsw.eu\/wp-content\/uploads\/2024\/08\/Level-B-bei-abweichendem-Abschluss.pdf\" target=\"_blank\" rel=\"noopener\">Niveau B &#8211; En cas de dipl\u00f4me divergent<\/a><\/strong><\/span> \u00bb sur le site web (disponible uniquement en allemand). J&rsquo;ai \u00e9t\u00e9 imm\u00e9diatement captiv\u00e9 par cette option dont on m&rsquo;avait parl\u00e9. Le processus de certification m&rsquo;a donn\u00e9 l&rsquo;occasion d&rsquo;approfondir ma r\u00e9flexion sur mon identit\u00e9 professionnelle et sur le travail social clinique. Cette d\u00e9marche m&rsquo;a permis d&rsquo;affiner mon identit\u00e9 professionnelle et de d\u00e9finir plus clairement mon r\u00f4le de travailleur social clinique. La certification ECCSW rend ma sp\u00e9cialisation visible pour les employeurs, les partenaires de coop\u00e9ration et les client\u00b7es, et renforce en m\u00eame temps la reconnaissance du travail social clinique dans le domaine de la sant\u00e9. Le processus \u00e9tait simple, pratique et abordable. Cette certification repr\u00e9sente une opportunit\u00e9 pr\u00e9cieuse pour les professionnel\u00b7les qui souhaitent attester de leurs comp\u00e9tences en mati\u00e8re de conseil et de traitement psychosocial. Les niveaux \u00e9chelonn\u00e9s permettent une reconnaissance diff\u00e9renci\u00e9e de l&rsquo;exp\u00e9rience professionnelle, de la qualification et de l&rsquo;activit\u00e9 scientifique. La certification apporte ainsi une contribution importante \u00e0 la professionnalisation et au d\u00e9veloppement du travail social clinique. \u00bb<br \/>\n<strong><em>Tom Friedli, co-pr\u00e9sident de SAGES<br \/>\n<\/em><\/strong><\/p>\n<p data-fontsize=\"24\" data-lineheight=\"27.12px\">Les personnes int\u00e9ress\u00e9es ne parlant pas allemand sont invit\u00e9es \u00e0 contacter <a href=\"mailto: info@sages.ch\" target=\"_blank\" rel=\"noopener\">le secr\u00e9tariat g\u00e9n\u00e9ral de SAGES<\/a> pour tout renseignement compl\u00e9mentaire.<\/p>\n<p><strong>Nouvelle \u00e9dition de \u00ab Klinische Sozialarbeit. Zeitschrift f\u00fcr psychosoziale Praxis und Forschung \u00bb (disponible uniquement en allemand)<\/strong><b><strong><br \/>\n<\/strong><\/b>SAGES est co-\u00e9ditrice de la revue sp\u00e9cialis\u00e9e \u00ab Klinische Sozialarbeit. Zeitschrift f\u00fcr psychosoziale Praxis und Forschung \u00bb. La revue para\u00eet quatre fois par an (en allemand) et est mise \u00e0 la disposition de nos membres sous forme num\u00e9rique. <span style=\"color: #00a75c;\"><a style=\"color: #00a75c;\" href=\"https:\/\/www.sages.ch\/wp-content\/uploads\/2025\/04\/2025-02KlinSa.pdf\" target=\"_blank\" rel=\"noopener\"><b>Cliquez ici pour acc\u00e9der \u00e0 la nouvelle \u00e9dition<\/b><\/a><\/span><\/p>\n<\/div><div class=\"fusion-separator fusion-full-width-sep\" style=\"align-self: center;margin-left: auto;margin-right: auto;width:100%;\"><div class=\"fusion-separator-border sep-single sep-solid\" style=\"--awb-height:20px;--awb-amount:20px;--awb-sep-color:#89bb47;border-color:#89bb47;border-top-width:13px;\"><\/div><\/div><div class=\"fusion-text fusion-text-3\"><h2><\/h2>\n<h2 style=\"text-align: center;\"><strong>Partage-le avec nous<\/strong><\/h2>\n<\/div><div class=\"fusion-text fusion-text-4\"><p><img decoding=\"async\" class=\"alignleft wp-image-8040\" src=\"https:\/\/www.sages.ch\/wp-content\/uploads\/2023\/10\/sages-sozialen_arbeit_im_gesundheitswesen-mann.jpg\" alt=\"\" width=\"404\" height=\"167\" srcset=\"https:\/\/www.sages.ch\/wp-content\/uploads\/2023\/10\/sages-sozialen_arbeit_im_gesundheitswesen-mann-200x83.jpg 200w, https:\/\/www.sages.ch\/wp-content\/uploads\/2023\/10\/sages-sozialen_arbeit_im_gesundheitswesen-mann-300x124.jpg 300w, https:\/\/www.sages.ch\/wp-content\/uploads\/2023\/10\/sages-sozialen_arbeit_im_gesundheitswesen-mann-400x165.jpg 400w, https:\/\/www.sages.ch\/wp-content\/uploads\/2023\/10\/sages-sozialen_arbeit_im_gesundheitswesen-mann-600x248.jpg 600w, https:\/\/www.sages.ch\/wp-content\/uploads\/2023\/10\/sages-sozialen_arbeit_im_gesundheitswesen-mann-768x318.jpg 768w, https:\/\/www.sages.ch\/wp-content\/uploads\/2023\/10\/sages-sozialen_arbeit_im_gesundheitswesen-mann-800x331.jpg 800w, https:\/\/www.sages.ch\/wp-content\/uploads\/2023\/10\/sages-sozialen_arbeit_im_gesundheitswesen-mann-1024x423.jpg 1024w, https:\/\/www.sages.ch\/wp-content\/uploads\/2023\/10\/sages-sozialen_arbeit_im_gesundheitswesen-mann-1200x496.jpg 1200w, https:\/\/www.sages.ch\/wp-content\/uploads\/2023\/10\/sages-sozialen_arbeit_im_gesundheitswesen-mann-1536x635.jpg 1536w, https:\/\/www.sages.ch\/wp-content\/uploads\/2023\/10\/sages-sozialen_arbeit_im_gesundheitswesen-mann.jpg 1920w\" sizes=\"(max-width: 404px) 100vw, 404px\" \/>Nous vous rappelons qu\u2019en tant que membre de SAGES, vous pouvez utiliser les plateformes de communication de notre association (site web, bulletin d\u2019information, mailing, espace membres, etc.) pour attirer l\u2019attention sur des th\u00e8mes, des \u00e9v\u00e9nements et des offres de votre travail.Nous publions volontiers vos rapports, \u00e9tudes, travaux de master ou interventions dans les m\u00e9dias, mais \u00e9galement des documents pr\u00e9cieux comme des mod\u00e8les, concepts, catalogues de prestations et d\u2019autres documents qui pourraient \u00eatre utiles aux autres membres \u2013 si vous le souhaitez, de mani\u00e8re anonyme, dans l\u2019espace r\u00e9serv\u00e9 aux membres, prot\u00e9g\u00e9 par un mot de passe. Nous vous invitons en outre \u00e0 profiter de la possibilit\u00e9 d\u2019entrer directement en contact avec les membres de SAGES ou de participer aux r\u00e9unions des domaines sp\u00e9cifiques, des sections et des groupes sp\u00e9cifiques. Vous trouverez les informations \u00e0 ce sujet dans notre <span style=\"color: #89bb47;\"><a style=\"color: #89bb47;\" href=\"https:\/\/www.sages.ch\/mitgliederbereich\/fr\/adresses-des-membres\/\" target=\"_blank\" rel=\"noopener\"><strong>espace membres<\/strong><\/a><\/span>\u00a0ou sur le\u00a0<a href=\"https:\/\/www.sages.ch\/fr\/evenements-en-langue-francaise\/\" target=\"_blank\" rel=\"noopener\"><strong><span style=\"color: #89bb47;\">site web<\/span><\/strong><\/a>.<\/p>\n<p><strong>Collaboration entre les professionnel\u00b7les de la sant\u00e9 et du social : o\u00f9 se situent les obstacles ?<\/strong><br \/>\nDes \u00e9tudes et des projets pilotes le montrent : les professionnel\u00b7les de ces deux domaines aimeraient collaborer plus \u00e9troitement. Toutefois, des obstacles, notamment structurels, s&rsquo;y opposent. Une initiative des communes et des cantons est donc n\u00e9cessaire. Lisez <span style=\"color: #89bb47;\"><strong><a style=\"color: #89bb47;\" href=\"https:\/\/www.knoten-maschen.ch\/zusammenarbeit-von-gesundheits-und-sozialwesen-wo-sind-die-huerden\/\" target=\"_blank\" rel=\"noopener\">l&rsquo;article<\/a><\/strong><\/span> de Ren\u00e9 R\u00fcegg, membre du comit\u00e9 directeur de SAGES (disponible uniquement en allemand).<\/p>\n<\/div><div class=\"fusion-separator fusion-full-width-sep\" style=\"align-self: center;margin-left: auto;margin-right: auto;width:100%;\"><div class=\"fusion-separator-border sep-single sep-solid\" style=\"--awb-height:20px;--awb-amount:20px;--awb-sep-color:#abd1e5;border-color:#abd1e5;border-top-width:13px;\"><\/div><\/div><div class=\"fusion-text fusion-text-5\"><h2><\/h2>\n<h2 style=\"text-align: center;\"><strong>Sponsors de SAGES<\/strong><\/h2>\n<\/div><div class=\"fusion-text fusion-text-6\"><p><img decoding=\"async\" class=\"alignleft wp-image-9333\" src=\"https:\/\/www.sages.ch\/wp-content\/uploads\/2024\/10\/Heilbaeder_FR.png\" alt=\"\" width=\"170\" height=\"105\" srcset=\"https:\/\/www.sages.ch\/wp-content\/uploads\/2024\/10\/Heilbaeder_FR-200x124.png 200w, https:\/\/www.sages.ch\/wp-content\/uploads\/2024\/10\/Heilbaeder_FR-300x186.png 300w, https:\/\/www.sages.ch\/wp-content\/uploads\/2024\/10\/Heilbaeder_FR.png 344w\" sizes=\"(max-width: 170px) 100vw, 170px\" \/><strong>Cure de convalescence \u2013 qui prend en charge les frais?<\/strong><br \/>\nLes cures favorisent la convalescence, mais la prise en charge reste limit\u00e9e : l\u2019assurance de base couvre uniquement les traitements prescrits m\u00e9dicalement, tandis que l\u2019h\u00e9bergement et les repas sont en g\u00e9n\u00e9ral \u00e0 la charge du patient. Certaines assurances compl\u00e9mentaires offrent un soutien. Retrouvez tous les d\u00e9tails sur <span style=\"color: #abd1e5;\"><strong><a style=\"color: #abd1e5;\" href=\"https:\/\/www.kuren.ch\/fr\/financement\/\" target=\"_blank\" rel=\"noopener\">kuren.ch\/fr<\/a><\/strong><\/span> et la vue d\u2019ensemble des prestations des caisses <strong><span style=\"color: #abd1e5;\"><a style=\"color: #abd1e5;\" href=\"https:\/\/www.kuren.ch\/de\/download\/kurbeitraege_krankenversicherer\/?wpdmdl=5006\" target=\"_blank\" rel=\"noopener\">ici en PDF<\/a>. <\/span><\/strong>(disponible uniquement en allemand)<\/p>\n<\/div><div class=\"fusion-text fusion-text-7\"><p><img decoding=\"async\" class=\"alignleft wp-image-9327\" src=\"https:\/\/www.sages.ch\/wp-content\/uploads\/2024\/10\/Smartlife-Care.png\" alt=\"\" width=\"170\" height=\"105\" srcset=\"https:\/\/www.sages.ch\/wp-content\/uploads\/2024\/10\/Smartlife-Care-200x124.png 200w, https:\/\/www.sages.ch\/wp-content\/uploads\/2024\/10\/Smartlife-Care-300x186.png 300w, https:\/\/www.sages.ch\/wp-content\/uploads\/2024\/10\/Smartlife-Care.png 344w\" sizes=\"(max-width: 170px) 100vw, 170px\" \/><strong>Gr\u00e2ce au bouton d&rsquo;appel d&rsquo;urgence, l&rsquo;entr\u00e9e en maison de retraite est retard\u00e9e de 3,4 ans en moyenne.<\/strong><br \/>\nSmartLife Care, le plus grand fournisseur de services d&rsquo;appel d&rsquo;urgence en Suisse avec plus de 40 000 client\u00b7es, a re\u00e7u le German Innovation Award pour son appareil d&rsquo;appel d&rsquo;urgence Flex. Pour en <strong><span style=\"color: #abd1e5;\"><a style=\"color: #abd1e5;\" href=\"https:\/\/smartlife-care.ch\/fr\/\" target=\"_blank\" rel=\"noopener\">savoir plus<\/a><\/span><\/strong> ou acc\u00e9der directement au produit, <span style=\"color: #abd1e5;\"><strong><a style=\"color: #abd1e5;\" href=\"https:\/\/shop.smartlife-care.ch\/notrufgeraet-flex-f%C3%BCr-zuhause-und-unterwegs-mit-gps-und-fallsensor\" target=\"_blank\" rel=\"noopener\">cliquez ici<\/a><\/strong><\/span>.<\/p>\n<\/div><div class=\"fusion-separator fusion-full-width-sep\" style=\"align-self: center;margin-left: auto;margin-right: auto;width:100%;\"><div class=\"fusion-separator-border sep-single sep-solid\" style=\"--awb-height:20px;--awb-amount:20px;--awb-sep-color:#00a75c;border-color:#00a75c;border-top-width:13px;\"><\/div><\/div><div class=\"fusion-text fusion-text-8\"><h2><\/h2>\n<h2 style=\"text-align: center;\"><strong>externe<\/strong><\/h2>\n<\/div><div class=\"fusion-text fusion-text-9\"><p><img decoding=\"async\" class=\"wp-image-8031 alignleft\" src=\"https:\/\/www.sages.ch\/wp-content\/uploads\/2023\/10\/Extern-1-scaled.jpg\" alt=\"\" width=\"347\" height=\"218\" srcset=\"https:\/\/www.sages.ch\/wp-content\/uploads\/2023\/10\/Extern-1-200x126.jpg 200w, https:\/\/www.sages.ch\/wp-content\/uploads\/2023\/10\/Extern-1-300x189.jpg 300w, https:\/\/www.sages.ch\/wp-content\/uploads\/2023\/10\/Extern-1-320x202.jpg 320w, https:\/\/www.sages.ch\/wp-content\/uploads\/2023\/10\/Extern-1-400x252.jpg 400w, https:\/\/www.sages.ch\/wp-content\/uploads\/2023\/10\/Extern-1-600x377.jpg 600w, https:\/\/www.sages.ch\/wp-content\/uploads\/2023\/10\/Extern-1-700x441.jpg 700w, https:\/\/www.sages.ch\/wp-content\/uploads\/2023\/10\/Extern-1-768x483.jpg 768w, https:\/\/www.sages.ch\/wp-content\/uploads\/2023\/10\/Extern-1-800x503.jpg 800w, https:\/\/www.sages.ch\/wp-content\/uploads\/2023\/10\/Extern-1-1024x644.jpg 1024w, https:\/\/www.sages.ch\/wp-content\/uploads\/2023\/10\/Extern-1-1200x755.jpg 1200w, https:\/\/www.sages.ch\/wp-content\/uploads\/2023\/10\/Extern-1-1536x966.jpg 1536w, https:\/\/www.sages.ch\/wp-content\/uploads\/2023\/10\/Extern-1-scaled.jpg 2560w\" sizes=\"(max-width: 347px) 100vw, 347px\" \/><strong>La formation et l\u2019emploi dans le champ du travail social en Suisse (2025)<br \/>\n<\/strong>Saviez-vous qu\u2019en Suisse le nombre de dipl\u00f4mes d\u00e9livr\u00e9s en travail social a tripl\u00e9 au cours des 14 derni\u00e8res ann\u00e9es ? Que 45 % des personnes actives dans le champ du travail social exercent sans formation correspondante ? Ou encore que 72 % des professionnel\u00b7les du travail social sont des femmes, mais que les hommes occupent plus souvent des postes de cadre ?<br \/>\nLa nouvelle \u00e9dition 2025 de la brochure \u00ab La formation et l\u2019emploi dans le champ du travail social en Suisse \u00bb propose une analyse critique, document\u00e9e et actualis\u00e9e du syst\u00e8me de formation et de l\u2019emploi dans le champ du travail social en Suisse. Elle entend nourrir la r\u00e9flexion des \u00e9coles, des professionnel\u00b7les et des institutions sur les d\u00e9fis actuels et \u00e0 venir de la profession. <span style=\"color: #00a75c;\"><strong><a style=\"color: #00a75c;\" href=\"https:\/\/avenirsocial.ch\/fr\/publications\/brochures-professionnelles\/\" target=\"_blank\" rel=\"noopener\">En savoir plus<\/a><\/strong><\/span><\/p>\n<p class=\"contentheading\"><strong><span class=\"fc_item_title\">Quand la migration aggrave l\u2019acc\u00e8s aux soins<br \/>\n<\/span><\/strong><span class=\"fc_item_title\">De multiples \u00e9l\u00e9ments d\u00e9coulant de situations migratoires repr\u00e9sentent des facteurs d\u2019iniquit\u00e9 en sant\u00e9. Pour am\u00e9liorer le droit \u00e0 la sant\u00e9 de ces personnes, les professionnel\u00b7les du travail social peuvent s\u2019engager dans plusieurs actions. <span style=\"color: #00a75c;\"><strong><a style=\"color: #00a75c;\" href=\"https:\/\/www.reiso.org\/articles\/themes\/migrations\/14176-quand-la-migration-aggrave-lacces-aux-soins\" target=\"_blank\" rel=\"noopener\">En savoir plus<\/a><\/strong><\/span><\/span><\/p>\n<p class=\"article_title_heading contentheading\"><strong><span class=\"fc_item_title\">Addiction <\/span><\/strong><strong><span class=\"fc_item_title\">: une strat\u00e9gie pour anticiper les d\u00e9fis<br \/>\n<\/span><\/strong><span class=\"fc_item_title\">L\u2019addiction peut avoir des cons\u00e9quences d\u00e9vastatrices. Elle peut entra\u00eener de graves dommages pour la sant\u00e9 physique et mentale des individus, mais aussi \u00e9roder les liens sociaux et familiaux, touchant les personnes qui en souffrent et leur entourage. <strong><span style=\"color: #00a75c;\"><a style=\"color: #00a75c;\" href=\"https:\/\/www.reiso.org\/actualites\/fil-de-l-actu\/14154-addiction-une-strategie-pour-anticiper-les-defis\" target=\"_blank\" rel=\"noopener\">En savoir plus<\/a><\/span><\/strong><\/span><strong><span class=\"fc_item_title\"><br \/>\n<\/span><\/strong><\/p>\n<\/div><\/div><\/div><div class=\"fusion-layout-column fusion_builder_column fusion-builder-column-2 fusion_builder_column_1_3 1_3 fusion-flex-column\" style=\"--awb-bg-color:#f7f7f7;--awb-bg-color-hover:#f7f7f7;--awb-bg-size:cover;--awb-border-color:#89bb47;--awb-border-top:10px;--awb-border-style:solid;--awb-width-large:33.333333333333%;--awb-margin-top-large:0px;--awb-spacing-right-large:5.76%;--awb-margin-bottom-large:20px;--awb-spacing-left-large:5.76%;--awb-width-medium:100%;--awb-order-medium:0;--awb-spacing-right-medium:1.92%;--awb-spacing-left-medium:1.92%;--awb-width-small:100%;--awb-order-small:0;--awb-spacing-right-small:1.92%;--awb-spacing-left-small:1.92%;\" data-scroll-devices=\"small-visibility,medium-visibility,large-visibility\"><div class=\"fusion-column-wrapper fusion-column-has-shadow fusion-flex-justify-content-flex-start fusion-content-layout-column\"><div class=\"fusion-text fusion-text-10\"><h2><\/h2>\n<h2 style=\"text-align: center;\"><strong>\u00c9v\u00e9nements<\/strong><\/h2>\n<\/div><div class=\"fusion-text fusion-text-11\"><p><img decoding=\"async\" class=\"aligncenter wp-image-8027\" src=\"https:\/\/www.sages.ch\/wp-content\/uploads\/2023\/10\/klein-4.jpg\" alt=\"\" width=\"242\" height=\"162\" srcset=\"https:\/\/www.sages.ch\/wp-content\/uploads\/2023\/10\/klein-4-200x134.jpg 200w, https:\/\/www.sages.ch\/wp-content\/uploads\/2023\/10\/klein-4-300x201.jpg 300w, https:\/\/www.sages.ch\/wp-content\/uploads\/2023\/10\/klein-4-400x268.jpg 400w, https:\/\/www.sages.ch\/wp-content\/uploads\/2023\/10\/klein-4.jpg 519w\" sizes=\"(max-width: 242px) 100vw, 242px\" \/><\/p>\n<p><strong><sup><span style=\"font-size: 16px;\">4<\/span>e<\/sup> Congr\u00e8s national de SAGES : <\/strong><strong>\u00ab Travail social en lien avec la sant\u00e9 : des m\u00e9thodologies au service de pratiques innovantes \u00bb<br \/>\n<\/strong><strong>Mercredi 12 novembre 2025<br \/>\n<\/strong>Le congr\u00e8s qui se tiendra \u00e0 la FHNW \u00e0 Olten sera bilingue (d\/f) et les membres de SAGES b\u00e9n\u00e9ficieront d&rsquo;un tarif pr\u00e9f\u00e9rentiel. <span style=\"color: #89bb47;\"><strong><a style=\"color: #89bb47;\" href=\"https:\/\/www.sages.ch\/fr\/agenda\/4eme-congres-national-de-sages\/\" target=\"_blank\" rel=\"noopener\">Vers le programme et l&rsquo;inscription<\/a><\/strong><\/span><\/p>\n<p><strong><sup><span style=\"font-size: 16px;\">6<\/span>e <\/sup><\/strong><strong>Colloque national sp\u00e9cialis\u00e9 GERONTOLOGIE CH \u00ab R\u00e9alit\u00e9s de la vieillesse \u2013 diversit\u00e9, in\u00e9galit\u00e9s et similarit\u00e9s \u00bb<br \/>\n<\/strong>SAGES est partenaire de coop\u00e9ration du congr\u00e8s et nos membres b\u00e9n\u00e9ficient de conditions de participation pr\u00e9f\u00e9rentielles.<br \/>\n<span style=\"color: #89bb47;\"><a style=\"color: #89bb47;\" href=\"https:\/\/www.gerontologie.ch\/fr\/actualites\/manifestations\/detail\/colloque-2025\" target=\"_blank\" rel=\"noopener\"><strong>Inscription<\/strong><\/a><\/span><\/p>\n<p><strong>2<sup>e <\/sup>Colloque international interdisciplinaire du GIS Hybrida-IS \u00ab Humaniser le travail social ? Des m\u00e9tiers en dilemmes et en (re)configurations \u00bb<\/strong><strong><br \/>\n<\/strong><strong>Mercredi 27 ao\u00fbt 2025 au vendredi 29 ao\u00fbt 2025<br \/>\n<\/strong>SAGES est partenaire de coop\u00e9ration du colloque<br \/>\n<span style=\"color: #89bb47;\"><a style=\"color: #89bb47;\" href=\"https:\/\/www.hes-so.ch\/humaniserts-2025\" target=\"_blank\" rel=\"noopener\"><strong>Plus d&rsquo;informations<\/strong><\/a><\/span><\/p>\n<\/div><div class=\"fusion-separator fusion-full-width-sep\" style=\"align-self: center;margin-left: auto;margin-right: auto;width:100%;\"><div class=\"fusion-separator-border sep-single sep-solid\" style=\"--awb-height:20px;--awb-amount:20px;--awb-sep-color:#ffffff;border-color:#ffffff;border-top-width:20px;\"><\/div><\/div><div class=\"fusion-separator fusion-full-width-sep\" style=\"align-self: center;margin-left: auto;margin-right: auto;width:100%;\"><div class=\"fusion-separator-border sep-single sep-solid\" style=\"--awb-height:20px;--awb-amount:20px;--awb-sep-color:#abd1e5;border-color:#abd1e5;border-top-width:13px;\"><\/div><\/div><div class=\"fusion-text fusion-text-12\"><h2><\/h2>\n<h2 style=\"text-align: center;\"><strong>Agenda<\/strong><\/h2>\n<\/div><div class=\"fusion-text fusion-text-13\"><p><strong><img decoding=\"async\" class=\" wp-image-8029 aligncenter\" src=\"https:\/\/www.sages.ch\/wp-content\/uploads\/2023\/10\/klein-2.jpg\" alt=\"\" width=\"242\" height=\"162\" srcset=\"https:\/\/www.sages.ch\/wp-content\/uploads\/2023\/10\/klein-2-200x134.jpg 200w, https:\/\/www.sages.ch\/wp-content\/uploads\/2023\/10\/klein-2-300x201.jpg 300w, https:\/\/www.sages.ch\/wp-content\/uploads\/2023\/10\/klein-2-400x268.jpg 400w, https:\/\/www.sages.ch\/wp-content\/uploads\/2023\/10\/klein-2.jpg 466w\" sizes=\"(max-width: 242px) 100vw, 242px\" \/><\/strong><\/p>\n<p><strong>R\u00e9unions des domaines sp\u00e9cifiques, des sections et des groupes sp\u00e9cifiques<br \/>\n<\/strong>Nos membres sont invit\u00e9\u00b7es \u00e0 participer aux rencontres organis\u00e9es r\u00e9guli\u00e8rement par les domaines sp\u00e9cifiques, les sections et les groupes sp\u00e9cifiques.\u00a0 Ces plateformes sont id\u00e9ales pour se mettre en r\u00e9seau et \u00e9changer des connaissances sp\u00e9cialis\u00e9es :<\/p>\n<ul>\n<li><span style=\"color: #abd1e5;\"><strong><a style=\"color: #abd1e5;\" href=\"https:\/\/www.sages.ch\/fr\/agenda\/rencontre-du-groupe-specifique-sages-travail-social-dans-les-soins-palliatifs\/\" target=\"_blank\" rel=\"noopener\">Rencontre du groupe sp\u00e9cifique SAGES Travail social dans les soins palliatifs<\/a><br \/>\n<\/strong>Vendredi, 27 juin 2025 de 10h00 \u00e0 12h00\u00a0<\/span><\/li>\n<li><span style=\"color: #abd1e5;\"><strong><a style=\"color: #abd1e5;\" href=\"https:\/\/www.sages.ch\/fr\/agenda\/reunion-de-la-section-suisse-romande-de-sages-3\/\" target=\"_blank\" rel=\"noopener\">R\u00e9union de la section Suisse romande de SAGES<\/a><br \/>\n<\/strong>Vendredi, 05 septembre 2025 de 10h00 \u00e0 12h00<\/span><\/li>\n<li><span style=\"color: #abd1e5;\"><strong><a style=\"color: #abd1e5;\" href=\"https:\/\/www.sages.ch\/fr\/agenda\/reunion-de-la-section-suisse-romande-de-sages\/\" target=\"_blank\" rel=\"noopener\">R\u00e9union de la section Suisse romande de SAGES<\/a><br \/>\n<\/strong>Vendredi, 07 novembre 2025 de 10h00 \u00e0 12h00<\/span><\/li>\n<li><span style=\"color: #abd1e5;\"><strong><a style=\"color: #abd1e5;\" href=\"https:\/\/www.sages.ch\/fr\/agenda\/reuinion-de-la-section-suisse-romande-de-sages\/\" target=\"_blank\" rel=\"noopener\">R\u00e9union de la section Suisse romande de SAGES<\/a><br \/>\n<\/strong>Vendredi, 07 novembre 2025 de 10h00 \u00e0 12h00<\/span><\/li>\n<\/ul>\n<p>Notre\u00a0<span style=\"color: #abd1e5;\"><a style=\"color: #abd1e5;\" href=\"https:\/\/www.sages.ch\/fr\/evenements-en-langue-francaise\/\" target=\"_blank\" rel=\"noopener\"><strong>agenda<\/strong><\/a><\/span>\u00a0est mis \u00e0 jour r\u00e9guli\u00e8rement.<\/p>\n<\/div><div class=\"fusion-separator fusion-full-width-sep\" style=\"align-self: center;margin-left: auto;margin-right: auto;width:100%;\"><div class=\"fusion-separator-border sep-single sep-solid\" style=\"--awb-height:20px;--awb-amount:20px;--awb-sep-color:#ffffff;border-color:#ffffff;border-top-width:20px;\"><\/div><\/div><div class=\"fusion-separator fusion-full-width-sep\" style=\"align-self: center;margin-left: auto;margin-right: auto;width:100%;\"><div class=\"fusion-separator-border sep-single sep-solid\" style=\"--awb-height:20px;--awb-amount:20px;--awb-sep-color:#00a75c;border-color:#00a75c;border-top-width:13px;\"><\/div><\/div><div class=\"fusion-text fusion-text-14\"><h2><\/h2>\n<h2 style=\"text-align: center;\"><strong>En bref<\/strong><\/h2>\n<\/div><div class=\"fusion-text fusion-text-15\"><p><strong><img decoding=\"async\" class=\" wp-image-8033 aligncenter\" src=\"https:\/\/www.sages.ch\/wp-content\/uploads\/2023\/10\/Klein-3.jpg\" alt=\"\" width=\"241\" height=\"172\" srcset=\"https:\/\/www.sages.ch\/wp-content\/uploads\/2023\/10\/Klein-3-200x142.jpg 200w, https:\/\/www.sages.ch\/wp-content\/uploads\/2023\/10\/Klein-3-300x214.jpg 300w, https:\/\/www.sages.ch\/wp-content\/uploads\/2023\/10\/Klein-3-400x285.jpg 400w, https:\/\/www.sages.ch\/wp-content\/uploads\/2023\/10\/Klein-3.jpg 466w\" sizes=\"(max-width: 241px) 100vw, 241px\" \/><\/strong><\/p>\n<p><strong>Informatif<\/strong><\/p>\n<ul>\n<li><span style=\"color: #00a75c;\"><span style=\"color: #00a75c;\"><span style=\"color: #00a75c;\"><a style=\"color: #00a75c;\" href=\"https:\/\/www.spectra-online.ch\/fr\/spectra\/editions\/sexe-et-genre-en-medecine-et-dans-la-sante-290.html\" target=\"_blank\" rel=\"noopener\"><strong>Sexe et genre en m\u00e9decine et dans la sant\u00e9<\/strong><\/a><\/span><br \/>\n<\/span><\/span><\/li>\n<li><strong><span style=\"color: #00a75c;\"><a style=\"color: #00a75c;\" href=\"https:\/\/www.prevention.ch\/fr\/project\/app-sui-srk-f%C3%B6rderung-der-selbstst%C3%A4ndigkeit-und-psychischen-gesundheit-von-gefl%C3%BCchteten\" target=\"_blank\" rel=\"noopener\">Encourager les comp\u00e9tences en sant\u00e9 et l\u2019autonomie des r\u00e9fugi\u00e9\u00b7es<\/a><\/span><\/strong><\/li>\n<li><strong><span style=\"color: #00a75c;\"><a style=\"color: #00a75c;\" href=\"https:\/\/promotionsante.ch\/node\/9737?_gl=1*wia1ik*_ga*MTQwNDU5MzQ4OS4xNzQ5ODA1NjYw*_ga_YG4EVEX5PF*czE3NDk4MDU2NTkkbzEkZzAkdDE3NDk4MDU2NjIkajYwJGwwJGgw\" target=\"_blank\" rel=\"noopener\">La vuln\u00e9rabilit\u00e9 dans les diff\u00e9rentes phases de vie<\/a><\/span><\/strong><\/li>\n<li><strong><span style=\"color: #00a75c;\"><a style=\"color: #00a75c;\" href=\"https:\/\/www.prevention.ch\/fr\/project\/primokiz\" target=\"_blank\" rel=\"noopener\">Primokiz<\/a><\/span><\/strong><\/li>\n<li><strong><span style=\"color: #00a75c;\"><a style=\"color: #00a75c;\" href=\"https:\/\/hopital-addictions.ch\/\" target=\"_blank\" rel=\"noopener\">H\u00f4pital et addictions<\/a><\/span><\/strong><\/li>\n<li><strong><span style=\"color: #00a75c;\"><a style=\"color: #00a75c;\" href=\"https:\/\/sozialesicherheit.ch\/fr\/expertises-ai-mise-en-oeuvre-des-dernieres-nouveautes\/\" target=\"_blank\" rel=\"noopener\">Expertises AI : mise en oeuvre des derni\u00e8res nouveaut\u00e9s <\/a><\/span><\/strong><\/li>\n<li><strong><span style=\"color: #00a75c;\"><a style=\"color: #00a75c;\" href=\"https:\/\/www.prevention.ch\/fr\/article\/leitfaden-fr%C3%BCherkennung-und-fr%C3%BChintervention-bei-kindern-und-jugendlichen\" target=\"_blank\" rel=\"noopener\">l\u2019intervention pr\u00e9coce (IP) aupr\u00e8s des enfants et des adolescent\u00b7es \u2013 Bases l\u00e9gales <\/a><\/span><\/strong><\/li>\n<li><strong><span style=\"color: #00a75c;\"><a style=\"color: #00a75c;\" href=\"https:\/\/sozialesicherheit.ch\/fr\/session-speciale-2025-allocation-de-garde-et-education-sans-violence\/\" target=\"_blank\" rel=\"noopener\">Session sp\u00e9ciale 2025 : allocation de garde et \u00e9ducation sans violence <\/a><\/span><\/strong><\/li>\n<li><strong><span style=\"color: #00a75c;\"><a style=\"color: #00a75c;\" href=\"https:\/\/sozialesicherheit.ch\/fr\/employes-de-maison-la-caisse-de-compensation-comme-unique-interlocuteur\/\" target=\"_blank\" rel=\"noopener\">Employ\u00e9s de maison : souscrire une assurance-accidents via la caisse de compensation<\/a><\/span><\/strong><\/li>\n<li><strong><span style=\"color: #00a75c;\"><span style=\"color: #00a75c;\"><a style=\"color: #00a75c;\" href=\"https:\/\/www.sages.ch\/wp-content\/uploads\/2025\/06\/resultats_assemblee_citoyenne_2025.pdf\" target=\"_blank\" rel=\"noopener\">Soutien de l&rsquo;Assembl\u00e9e Citoyenne \u00e0 une loi f\u00e9d\u00e9rale sur la sant\u00e9 2025 <\/a><\/span><\/span><\/strong><\/li>\n<li><strong><span style=\"color: #00a75c;\"><span style=\"color: #00a75c;\"><a style=\"color: #00a75c;\" href=\"https:\/\/sozialesicherheit.ch\/fr\/session-de-printemps-2025-themes-relatifs-a-la-securite-sociale\/\" target=\"_blank\" rel=\"noopener\">Session de printemps 2025 : th\u00e8mes relatifs \u00e0 la s\u00e9curit\u00e9 sociale <\/a><\/span><\/span><\/strong><\/li>\n<li><strong><span style=\"color: #00a75c;\"><span style=\"color: #00a75c;\"><a style=\"color: #00a75c;\" href=\"https:\/\/sozialesicherheit.ch\/fr\/manque-defficience-dans-le-systeme-de-protection-sociale\/\" target=\"_blank\" rel=\"noopener\">Manque d\u2019efficience dans le syst\u00e8me de protection sociale <\/a><\/span><\/span><\/strong><\/li>\n<li><strong><span style=\"color: #00a75c;\"><span style=\"color: #00a75c;\"><span style=\"color: #00a75c;\"><span style=\"color: #00a75c;\"><a style=\"color: #00a75c;\" href=\"https:\/\/sozialesicherheit.ch\/fr\/agir-contre-le-non-recours-aux-prestations-sociales-enseignements-et-perspectives\/\" target=\"_blank\" rel=\"noopener\">Agir contre le non-recours aux prestations sociales : enseignements et perspectives <\/a><\/span><\/span><\/span><\/span><\/strong><\/li>\n<li><strong><span style=\"color: #00a75c;\"><span style=\"color: #00a75c;\"><span style=\"color: #00a75c;\"><span style=\"color: #00a75c;\"><span style=\"color: #00a75c;\"><a style=\"color: #00a75c;\" href=\"https:\/\/sozialesicherheit.ch\/fr\/un-conge-parental-en-suisse\/\" target=\"_blank\" rel=\"noopener\">Un cong\u00e9 parental en Suisse ? <\/a><\/span><\/span><\/span><\/span><\/span><\/strong><\/li>\n<li><strong><span style=\"color: #00a75c;\"><span style=\"color: #00a75c;\"><span style=\"color: #00a75c;\"><span style=\"color: #00a75c;\"><span style=\"color: #00a75c;\"><span style=\"color: #00a75c;\"><a style=\"color: #00a75c;\" href=\"https:\/\/sozialesicherheit.ch\/fr\/formation-professionnelle-la-numerisation-opportunite-pour-les-personnes-en-situation-de-handicap\/\" target=\"_blank\" rel=\"noopener\">Formation professionnelle : la num\u00e9risation, opportunit\u00e9 pour les personnes en situation de handicap ? <\/a><\/span><\/span><\/span><\/span><\/span><\/span><\/strong><\/li>\n<li><strong><span style=\"color: #00a75c;\"><span style=\"color: #00a75c;\"><span style=\"color: #00a75c;\"><span style=\"color: #00a75c;\"><span style=\"color: #00a75c;\"><span style=\"color: #00a75c;\"><a style=\"color: #00a75c;\" href=\"https:\/\/sozialesicherheit.ch\/fr\/pauvrete-des-familles-ameliorer-la-coordination-dans-les-cantons\/\" target=\"_blank\" rel=\"noopener\">Pauvret\u00e9 des familles : am\u00e9liorer la coordination dans les cantons<\/a><\/span><\/span><\/span><\/span><\/span><\/span><span style=\"color: #00a75c;\"><span style=\"color: #00a75c;\"><span style=\"color: #00a75c;\"><span style=\"color: #00a75c;\"><span style=\"color: #00a75c;\"><a style=\"color: #00a75c;\" href=\"https:\/\/sozialesicherheit.ch\/fr\/formation-professionnelle-la-numerisation-opportunite-pour-les-personnes-en-situation-de-handicap\/\" target=\"_blank\" rel=\"noopener\"><br \/>\n<\/a><\/span><\/span><\/span><\/span><\/span><\/strong><\/li>\n<li><strong><span style=\"color: #00a75c;\"><a style=\"color: #00a75c;\" href=\"https:\/\/www.reiso.org\/actualites\/fil-de-l-actu\/14254-une-petition-contre-les-coupes-budgetaires-dans-les-addictions\" target=\"_blank\" rel=\"noopener\">P\u00e9tition contre les coupes budg\u00e9taires dans les addictions<\/a><\/span><\/strong><\/li>\n<li><strong><span style=\"color: #00a75c;\"><a style=\"color: #00a75c;\" href=\"https:\/\/www.reiso.org\/actualites\/fil-de-l-actu\/14207-soins-palliatifs-fribourg-anticipe-la-hausse-des-besoins\" target=\"_blank\" rel=\"noopener\">Soins palliatifs : Fribourg anticipe la hausse des besoins<\/a><\/span><\/strong><\/li>\n<li><strong><span style=\"color: #00a75c;\"><a style=\"color: #00a75c;\" href=\"https:\/\/www.reiso.org\/actualites\/fil-de-l-actu\/14180-inclure-la-durabilite-dans-le-travail-social\" target=\"_blank\" rel=\"noopener\">Inclure la durabilit\u00e9 dans le travail social<\/a><\/span><\/strong><\/li>\n<\/ul>\n<p><strong>Chiffres-cl\u00e9s<\/strong><\/p>\n<ul>\n<li><a href=\"https:\/\/www.bfs.admin.ch\/bfs\/fr\/home.gnpdetail.2025-0279.html\" target=\"_blank\" rel=\"noopener\"><span style=\"color: #00a75c;\"><b>Co\u00fbts et financement du syst\u00e8me de sant\u00e9 en 2023 <\/b><\/span><\/a><\/li>\n<li><a href=\"https:\/\/www.bfs.admin.ch\/bfs\/fr\/home.gnpdetail.2025-0486.html\" target=\"_blank\" rel=\"noopener\"><span style=\"color: #00a75c;\"><b>Enqu\u00eate suisse sur la population active 2024 : moyennes annuelles <\/b><\/span><\/a><\/li>\n<li><a href=\"https:\/\/www.bfs.admin.ch\/bfs\/fr\/home.gnpdetail.2025-0560.html\" target=\"_blank\" rel=\"noopener\"><span style=\"color: #00a75c;\"><b>Sc\u00e9narios de l&rsquo;\u00e9volution de la population de la Suisse et des cantons 2025-2055 <\/b><\/span><\/a><\/li>\n<li><a href=\"https:\/\/www.bfs.admin.ch\/bfs\/fr\/home.gnpdetail.2025-0195.html\" target=\"_blank\" rel=\"noopener\"><span style=\"color: #00a75c;\"><b>Sant\u00e9 bucco-dentaire en Suisse, de 2002 \u00e0 2022 <\/b><\/span><\/a><\/li>\n<li><a href=\"https:\/\/sozialesicherheit.ch\/fr\/nombre-de-nouvelles-rentes-ai-en-hausse-consequences-sur-le-2e-pilier\/\" target=\"_blank\" rel=\"noopener\"><span style=\"color: #00a75c;\"><b>Nombre de nouvelles rentes AI en<br \/>\nhausse <\/b><\/span><\/a><a href=\"https:\/\/sozialesicherheit.ch\/fr\/nombre-de-nouvelles-rentes-ai-en-hausse-consequences-sur-le-2e-pilier\/\" target=\"_blank\" rel=\"noopener\"><span style=\"color: #00a75c;\"><b>: cons\u00e9quences sur le 2e pilier <\/b><\/span><\/a><\/li>\n<li><a href=\"https:\/\/www.bfs.admin.ch\/bfs\/fr\/home.gnpdetail.2025-0200.html\" target=\"_blank\" rel=\"noopener\"><span style=\"color: #00a75c;\"><b>Analyse des diff\u00e9rences salariales entre femmes et hommes ESS 2022 <\/b><\/span><\/a><\/li>\n<li><a href=\"https:\/\/www.bfs.admin.ch\/bfs\/fr\/home.gnpdetail.2024-0451.html\" target=\"_blank\" rel=\"noopener\"><span style=\"color: #00a75c;\"><b>Revenus, pauvret\u00e9 et conditions de vie en 2023 <\/b><\/span><\/a><\/li>\n<li><a href=\"https:\/\/www.bfs.admin.ch\/bfs\/fr\/home\/statistiques\/securite-sociale\/aide-sociale.gnpdetail.2025-0259.html\" target=\"_blank\" rel=\"noopener\"><span style=\"color: #00a75c;\"><b>Prestations sociales, sous condition de ressources, destin\u00e9es \u00e0 combattre la pauvret\u00e9 : statistique financi\u00e8re 2023 et inventaire 2024<\/b><\/span><\/a><a href=\"https:\/\/www.bfs.admin.ch\/bfs\/fr\/home.gnpdetail.2024-0451.html\" target=\"_blank\" rel=\"noopener\"><span style=\"color: #00a75c;\"><b><br \/>\n<\/b><\/span><\/a><b><\/b><b><\/b><b><\/b><\/li>\n<\/ul>\n<p>D\u2019autres informations sont r\u00e9guli\u00e8rement publi\u00e9es sur notre\u00a0<span style=\"color: #00a75c;\"><strong><a style=\"color: #00a75c;\" href=\"https:\/\/www.sages.ch\/fr\/actualite-2\/\" target=\"_blank\" rel=\"noopener\">site web<\/a><\/strong>.<\/span><\/p>\n<\/div><\/div><\/div><\/div><\/div>\n","protected":false},"excerpt":{"rendered":"","protected":false},"author":1,"featured_media":0,"parent":0,"menu_order":0,"comment_status":"closed","ping_status":"closed","template":"","meta":{"footnotes":""},"class_list":["post-10340","page","type-page","status-publish","hentry"],"_links":{"self":[{"href":"https:\/\/www.sages.ch\/fr\/wp-json\/wp\/v2\/pages\/10340","targetHints":{"allow":["GET"]}}],"collection":[{"href":"https:\/\/www.sages.ch\/fr\/wp-json\/wp\/v2\/pages"}],"about":[{"href":"https:\/\/www.sages.ch\/fr\/wp-json\/wp\/v2\/types\/page"}],"author":[{"embeddable":true,"href":"https:\/\/www.sages.ch\/fr\/wp-json\/wp\/v2\/users\/1"}],"replies":[{"embeddable":true,"href":"https:\/\/www.sages.ch\/fr\/wp-json\/wp\/v2\/comments?post=10340"}],"version-history":[{"count":43,"href":"https:\/\/www.sages.ch\/fr\/wp-json\/wp\/v2\/pages\/10340\/revisions"}],"predecessor-version":[{"id":10493,"href":"https:\/\/www.sages.ch\/fr\/wp-json\/wp\/v2\/pages\/10340\/revisions\/10493"}],"wp:attachment":[{"href":"https:\/\/www.sages.ch\/fr\/wp-json\/wp\/v2\/media?parent=10340"}],"curies":[{"name":"wp","href":"https:\/\/api.w.org\/{rel}","templated":true}]}}