{"id":11128,"date":"2025-12-15T10:55:21","date_gmt":"2025-12-15T09:55:21","guid":{"rendered":"https:\/\/www.sages.ch\/?page_id=11128"},"modified":"2025-12-15T10:57:40","modified_gmt":"2025-12-15T09:57:40","slug":"groupe-specifique-travail-social-en-soins-palliatifs","status":"publish","type":"page","link":"https:\/\/www.sages.ch\/fr\/groupe-specifique-travail-social-en-soins-palliatifs\/","title":{"rendered":"Groupe sp\u00e9cifique \u00ab Travail social en soins palliatifs \u00bb"},"content":{"rendered":"<div class=\"fusion-fullwidth fullwidth-box fusion-builder-row-1 nonhundred-percent-fullwidth non-hundred-percent-height-scrolling\" style=\"--awb-border-radius-top-left:0px;--awb-border-radius-top-right:0px;--awb-border-radius-bottom-right:0px;--awb-border-radius-bottom-left:0px;--awb-padding-top:0px;--awb-padding-bottom:20px;--awb-flex-wrap:wrap;\" ><div class=\"fusion-builder-row fusion-row\"><div class=\"fusion-layout-column fusion_builder_column fusion-builder-column-0 fusion_builder_column_1_1 1_1 fusion-one-full fusion-column-first fusion-column-last\" style=\"--awb-padding-bottom:20px;--awb-bg-size:cover;\"><div class=\"fusion-column-wrapper fusion-flex-column-wrapper-legacy\"><div class=\"fusion-sep-clear\"><\/div><div class=\"fusion-separator fusion-full-width-sep\" style=\"margin-left: auto;margin-right: auto;margin-bottom:30px;width:100%;\"><div class=\"fusion-separator-border sep-single sep-solid\" style=\"--awb-height:20px;--awb-amount:20px;--awb-sep-color:#efefef;border-color:#efefef;border-top-width:10px;\"><\/div><\/div><div class=\"fusion-sep-clear\"><\/div><div class=\"fusion-text fusion-text-1\"><h1><span lang=\"FR-CH\">Groupe sp\u00e9cifique \u00ab Travail social en soins palliatifs \u00bb<\/span><\/h1>\n<\/div><div class=\"fusion-clearfix\"><\/div><\/div><\/div><div class=\"fusion-layout-column fusion_builder_column fusion-builder-column-1 fusion_builder_column_2_3 2_3 fusion-two-third fusion-column-first\" style=\"--awb-bg-size:cover;width:66.666666666667%;width:calc(66.666666666667% - ( ( 4% ) * 0.66666666666667 ) );margin-right: 4%;\"><div class=\"fusion-column-wrapper fusion-flex-column-wrapper-legacy\"><div class=\"fusion-text fusion-text-2\" style=\"--awb-text-transform:none;\"><p>Le travail social est un \u00e9l\u00e9ment central des soins palliatifs. Il contribue de mani\u00e8re essentielle \u00e0 am\u00e9liorer la qualit\u00e9 de vie des patientes et patients, ainsi que celle de leurs familles et de leur entourage, gr\u00e2ce \u00e0 un soutien psychosocial et \u00e0 des conseils adapt\u00e9s. Ses missions incluent la mise en r\u00e9seau des diff\u00e9rents acteurs, la garantie des prestations relevant du droit des assurances sociales, ainsi que la mise en \u0153uvre d&rsquo;une approche globale de la prise en charge. Cela comprend l&rsquo;accompagnement psychosocial et la repr\u00e9sentation des personnes concern\u00e9es et de leurs proches aupr\u00e8s de divers groupes d&rsquo;int\u00e9r\u00eat. Le travail social rend \u00e9galement ses prestations visibles au sein de l\u2019\u00e9quipe interprofessionnelle de soins.<\/p>\n<p>Avec le groupe sp\u00e9cifique \u00ab Travail social en soins palliatifs \u00bb, nous favorisons la mise en r\u00e9seau entre nous et renfor\u00e7ons la visibilit\u00e9 de nos actions. Les \u00e9changes r\u00e9guliers nous permettent d&rsquo;apprendre les uns des autres et de nous d\u00e9velopper en continu. Nous pouvons ainsi offrir un soutien encore meilleur aux patientes et patients ainsi qu\u2019\u00e0 leur entourage. Notre objectif est d&rsquo;am\u00e9liorer en permanence la qualit\u00e9 du travail social en soins palliatifs, de d\u00e9velopper de nouvelles approches et de bonnes pratiques.<\/p>\n<\/div><div class=\"fusion-clearfix\"><\/div><\/div><\/div><div class=\"fusion-layout-column fusion_builder_column fusion-builder-column-2 fusion_builder_column_1_3 1_3 fusion-one-third fusion-column-last\" style=\"--awb-padding-top:25px;--awb-padding-right:22px;--awb-padding-bottom:22px;--awb-padding-left:20px;--awb-bg-color:#f7f7f7;--awb-bg-color-hover:#f7f7f7;--awb-bg-size:cover;--awb-border-color:#89bb47;--awb-border-top:10px;--awb-border-style:solid;width:33.333333333333%;width:calc(33.333333333333% - ( ( 4% ) * 0.33333333333333 ) );\"><div class=\"fusion-column-wrapper fusion-flex-column-wrapper-legacy\"><div class=\"fusion-text fusion-text-3\"><h2>Contact<\/h2>\n<\/div><div class=\"fusion-sep-clear\"><\/div><div class=\"fusion-separator fusion-full-width-sep\" style=\"margin-left: auto;margin-right: auto;margin-top:13px;width:100%;\"><\/div><div class=\"fusion-sep-clear\"><\/div><div class=\"fusion-text fusion-text-4\"><div>\n<div><strong>L\u00fcthi Piero Catani<\/strong><\/div>\n<div><strong>Membre du comit\u00e9 de SAGES<\/strong><\/div>\n<div><a href=\"mailto:piero.catani@sages.ch\" target=\"_blank\" rel=\"noopener\">piero.catani@sages.ch<\/a><\/div>\n<\/div>\n<div><\/div>\n<\/div><div class=\"fusion-sep-clear\"><\/div><div class=\"fusion-separator fusion-full-width-sep\" style=\"margin-left: auto;margin-right: auto;margin-top:20px;margin-bottom:20px;width:100%;\"><div class=\"fusion-separator-border sep-single sep-solid\" style=\"--awb-height:20px;--awb-amount:20px;border-color:#e0dede;border-top-width:1px;\"><\/div><\/div><div class=\"fusion-sep-clear\"><\/div><div class=\"fusion-clearfix\"><\/div><\/div><\/div><\/div><\/div>\n","protected":false},"excerpt":{"rendered":"","protected":false},"author":1,"featured_media":0,"parent":0,"menu_order":14,"comment_status":"closed","ping_status":"closed","template":"","meta":{"footnotes":""},"class_list":["post-11128","page","type-page","status-publish","hentry"],"_links":{"self":[{"href":"https:\/\/www.sages.ch\/fr\/wp-json\/wp\/v2\/pages\/11128","targetHints":{"allow":["GET"]}}],"collection":[{"href":"https:\/\/www.sages.ch\/fr\/wp-json\/wp\/v2\/pages"}],"about":[{"href":"https:\/\/www.sages.ch\/fr\/wp-json\/wp\/v2\/types\/page"}],"author":[{"embeddable":true,"href":"https:\/\/www.sages.ch\/fr\/wp-json\/wp\/v2\/users\/1"}],"replies":[{"embeddable":true,"href":"https:\/\/www.sages.ch\/fr\/wp-json\/wp\/v2\/comments?post=11128"}],"version-history":[{"count":2,"href":"https:\/\/www.sages.ch\/fr\/wp-json\/wp\/v2\/pages\/11128\/revisions"}],"predecessor-version":[{"id":11134,"href":"https:\/\/www.sages.ch\/fr\/wp-json\/wp\/v2\/pages\/11128\/revisions\/11134"}],"wp:attachment":[{"href":"https:\/\/www.sages.ch\/fr\/wp-json\/wp\/v2\/media?parent=11128"}],"curies":[{"name":"wp","href":"https:\/\/api.w.org\/{rel}","templated":true}]}}