{"id":3003,"date":"2017-05-08T14:59:51","date_gmt":"2017-05-08T12:59:51","guid":{"rendered":"https:\/\/www.sages.ch\/aktuell\/"},"modified":"2026-01-16T15:02:06","modified_gmt":"2026-01-16T14:02:06","slug":"actualite","status":"publish","type":"page","link":"https:\/\/www.sages.ch\/fr\/actualite\/","title":{"rendered":"Actualit\u00e9"},"content":{"rendered":"<div class=\"fusion-fullwidth fullwidth-box fusion-builder-row-1 nonhundred-percent-fullwidth non-hundred-percent-height-scrolling\" style=\"--awb-border-radius-top-left:0px;--awb-border-radius-top-right:0px;--awb-border-radius-bottom-right:0px;--awb-border-radius-bottom-left:0px;--awb-padding-top:0px;--awb-padding-bottom:20px;--awb-flex-wrap:wrap;\" ><div class=\"fusion-builder-row fusion-row\"><div class=\"fusion-layout-column fusion_builder_column fusion-builder-column-0 fusion_builder_column_1_1 1_1 fusion-one-full fusion-column-first fusion-column-last\" style=\"--awb-padding-bottom:20px;--awb-bg-size:cover;\"><div class=\"fusion-column-wrapper fusion-flex-column-wrapper-legacy\"><div class=\"fusion-sep-clear\"><\/div><div class=\"fusion-separator fusion-full-width-sep\" style=\"margin-left: auto;margin-right: auto;margin-bottom:30px;width:100%;\"><div class=\"fusion-separator-border sep-single sep-solid\" style=\"--awb-height:20px;--awb-amount:20px;--awb-sep-color:#efefef;border-color:#efefef;border-top-width:10px;\"><\/div><\/div><div class=\"fusion-sep-clear\"><\/div><div class=\"fusion-text fusion-text-1\" style=\"--awb-text-transform:none;\"><h1>Actualit\u00e9<\/h1>\n<\/div><div class=\"fusion-clearfix\"><\/div><\/div><\/div><div class=\"fusion-layout-column fusion_builder_column fusion-builder-column-1 fusion_builder_column_1_1 1_1 fusion-one-full fusion-column-first fusion-column-last\" style=\"--awb-bg-size:cover;\"><div class=\"fusion-column-wrapper fusion-flex-column-wrapper-legacy\"><div class=\"fusion-tabs fusion-tabs-1 clean nav-is-justified horizontal-tabs icon-position-left mobile-mode-accordion\" style=\"--awb-title-border-radius-top-left:0px;--awb-title-border-radius-top-right:0px;--awb-title-border-radius-bottom-right:0px;--awb-title-border-radius-bottom-left:0px;--awb-alignment:start;--awb-inactive-color:#ffffff;--awb-background-color:#f7f7f7;--awb-border-color:#ebeaea;--awb-active-border-color:#89bb47;\"><div class=\"nav\"><ul class=\"nav-tabs nav-justified\" role=\"tablist\"><li class=\"active\" role=\"presentation\"><a class=\"tab-link\" data-toggle=\"tab\" role=\"tab\" aria-controls=\"tab-72e9f2d847f76b10bd9\" aria-selected=\"true\" id=\"fusion-tab-2026\" href=\"#tab-72e9f2d847f76b10bd9\"><h4 class=\"fusion-tab-heading\">2026<\/h4><\/a><\/li><li role=\"presentation\"><a class=\"tab-link\" data-toggle=\"tab\" role=\"tab\" aria-controls=\"tab-8af17610dfd5ca8e667\" aria-selected=\"false\" tabindex=\"-1\" id=\"fusion-tab-2025\" href=\"#tab-8af17610dfd5ca8e667\"><h4 class=\"fusion-tab-heading\">2025<\/h4><\/a><\/li><li role=\"presentation\"><a class=\"tab-link\" data-toggle=\"tab\" role=\"tab\" aria-controls=\"tab-f2ac8f525d99ab28864\" aria-selected=\"false\" tabindex=\"-1\" id=\"fusion-tab-archive\" href=\"#tab-f2ac8f525d99ab28864\"><h4 class=\"fusion-tab-heading\">Archive<\/h4><\/a><\/li><\/ul><\/div><div class=\"tab-content\"><div class=\"nav fusion-mobile-tab-nav\"><ul class=\"nav-tabs nav-justified\" role=\"tablist\"><li class=\"active\" role=\"presentation\"><a class=\"tab-link\" data-toggle=\"tab\" role=\"tab\" aria-controls=\"tab-72e9f2d847f76b10bd9\" aria-selected=\"true\" id=\"mobile-fusion-tab-2026\" href=\"#tab-72e9f2d847f76b10bd9\"><h4 class=\"fusion-tab-heading\">2026<\/h4><\/a><\/li><\/ul><\/div><div class=\"tab-pane fade fusion-clearfix in active\" role=\"tabpanel\" tabindex=\"0\" aria-labelledby=\"fusion-tab-2026\" id=\"tab-72e9f2d847f76b10bd9\">\n<div class=\"fusion-blog-shortcode fusion-blog-shortcode-1 fusion-blog-archive fusion-blog-layout-grid-wrapper fusion-blog-no\"><style type=\"text\/css\">.fusion-blog-shortcode-1 .fusion-blog-layout-grid .fusion-post-grid{padding:12.5px;}.fusion-blog-shortcode-1 .fusion-posts-container{margin-left: -12.5px !important; margin-right:-12.5px !important;}<\/style><div class=\"fusion-posts-container fusion-posts-container-no fusion-blog-rollover fusion-blog-layout-grid fusion-blog-layout-grid-3 isotope\" data-pages=\"0\" data-grid-col-space=\"25\" style=\"margin: -12.5px -12.5px 0;min-height:500px;\"><article id=\"blog-1-post-11571\" class=\"fusion-post-grid post-11571 post type-post status-publish format-standard hentry category-2026-fr category-aktuell-fr\">\n<div class=\"fusion-post-wrapper\" style=\"background-color:rgba(247,247,247,1);border:1px solid #ffffff;border-bottom-width:3px;\">\n\n<div class=\"fusion-post-content-wrapper\" style=\"padding:30px 25px 20px 25px;\"><div class=\"fusion-post-content post-content\"><h2 class=\"blog-shortcode-post-title entry-title\"><a href=\"https:\/\/www.sages.ch\/fr\/sages-partenaire-de-cooperation-pour-des-congres-et-des-webinaires\/\">SAGES, partenaire de coop\u00e9ration pour des congr\u00e8s et des webinaires<\/a><\/h2><p class=\"fusion-single-line-meta\"><span class=\"vcard\" style=\"display: none;\"><span class=\"fn\"><a href=\"https:\/\/www.sages.ch\/fr\/author\/admin\/\" title=\"Articles par admin\" rel=\"author\">admin<\/a><\/span><\/span><span class=\"updated\" style=\"display:none;\">2026-03-13T13:56:20+01:00<\/span><span>mars 2026<\/span><span class=\"fusion-inline-sep\">|<\/span><\/p><div class=\"fusion-content-sep sep-single sep-solid\"><\/div><div class=\"fusion-post-content-container\"><p>Au cours des prochains mois, SAGES sera partenaire de coop\u00e9ration de nombreux congr\u00e8s et webinaires \u2013 avec des avantages pour nos membres. Journ\u00e9e d\u2019\u00e9tude en ligne gratuite \u00ab\u202fEinsamkeit im Fokus \u2013 Einsamkeitsph\u00e4nomene in der Sozialen Arbeit erkennen und ihnen professionell [...]<\/p><\/div><\/div><\/div><div class=\"fusion-clearfix\"><\/div><\/div>\n<\/article>\n<article id=\"blog-1-post-11480\" class=\"fusion-post-grid post-11480 post type-post status-publish format-standard hentry category-2026-fr category-aktuell-fr\">\n<div class=\"fusion-post-wrapper\" style=\"background-color:rgba(247,247,247,1);border:1px solid #ffffff;border-bottom-width:3px;\">\n\n<div class=\"fusion-post-content-wrapper\" style=\"padding:30px 25px 20px 25px;\"><div class=\"fusion-post-content post-content\"><h2 class=\"blog-shortcode-post-title entry-title\"><a href=\"https:\/\/www.sages.ch\/fr\/lettre-ouverte-aux-membres-du-grand-conseil-du-canton-de-berne-concernant-la-revision-totale-de-la-loi-sur-laide-sociale\/\">Lettre ouverte aux membres du Grand Conseil du canton de Berne concernant la r\u00e9vision totale de la loi sur l\u2019aide sociale<\/a><\/h2><p class=\"fusion-single-line-meta\"><span class=\"vcard\" style=\"display: none;\"><span class=\"fn\"><a href=\"https:\/\/www.sages.ch\/fr\/author\/admin\/\" title=\"Articles par admin\" rel=\"author\">admin<\/a><\/span><\/span><span class=\"updated\" style=\"display:none;\">2026-03-06T09:36:27+01:00<\/span><span>mars 2026<\/span><span class=\"fusion-inline-sep\">|<\/span><\/p><div class=\"fusion-content-sep sep-single sep-solid\"><\/div><div class=\"fusion-post-content-container\"><p>SAGES soutient la lettre ouverte de nombreux organismes et associations du canton de Berne \u00e0 propos de la r\u00e9vision totale de la loi sur l\u2019aide sociale. Nous saluons les am\u00e9liorations pr\u00e9vues pour les enfants et les jeunes. Dans le m\u00eame [...]<\/p><\/div><\/div><\/div><div class=\"fusion-clearfix\"><\/div><\/div>\n<\/article>\n<article id=\"blog-1-post-11469\" class=\"fusion-post-grid post-11469 post type-post status-publish format-standard hentry category-2026-fr category-aktuell-fr\">\n<div class=\"fusion-post-wrapper\" style=\"background-color:rgba(247,247,247,1);border:1px solid #ffffff;border-bottom-width:3px;\">\n\n<div class=\"fusion-post-content-wrapper\" style=\"padding:30px 25px 20px 25px;\"><div class=\"fusion-post-content post-content\"><h2 class=\"blog-shortcode-post-title entry-title\"><a href=\"https:\/\/www.sages.ch\/fr\/renforcer-la-volonte-des-patient%c2%b7es\/\">Renforcer la volont\u00e9 des patient\u00b7es<\/a><\/h2><p class=\"fusion-single-line-meta\"><span class=\"vcard\" style=\"display: none;\"><span class=\"fn\"><a href=\"https:\/\/www.sages.ch\/fr\/author\/admin\/\" title=\"Articles par admin\" rel=\"author\">admin<\/a><\/span><\/span><span class=\"updated\" style=\"display:none;\">2026-03-13T08:15:24+01:00<\/span><span>mars 2026<\/span><span class=\"fusion-inline-sep\">|<\/span><\/p><div class=\"fusion-content-sep sep-single sep-solid\"><\/div><div class=\"fusion-post-content-container\"><p>Qui d\u00e9cide des mesures m\u00e9dicales lorsque nous ne sommes plus en mesure de le faire nous-m\u00eames ? Quels traitements souhaitons-nous recevoir et lesquels refusons-nous ? La page th\u00e9matique \u00ab Renforcer la volont\u00e9 des patient\u00b7es \u00bb apporte des r\u00e9ponses \u00e0 ces [...]<\/p><\/div><\/div><\/div><div class=\"fusion-clearfix\"><\/div><\/div>\n<\/article>\n<article id=\"blog-1-post-11326\" class=\"fusion-post-grid post-11326 post type-post status-publish format-standard hentry category-2026-fr category-aktuell-fr\">\n<div class=\"fusion-post-wrapper\" style=\"background-color:rgba(247,247,247,1);border:1px solid #ffffff;border-bottom-width:3px;\">\n\n<div class=\"fusion-post-content-wrapper\" style=\"padding:30px 25px 20px 25px;\"><div class=\"fusion-post-content post-content\"><h2 class=\"blog-shortcode-post-title entry-title\"><a href=\"https:\/\/www.sages.ch\/fr\/journee-des-malades-le-1er-mars-2026-autodetermines-et-impliques\/\">Journ\u00e9e des malades le 1er mars 2026 : \u00ab autod\u00e9termin\u00e9s et impliqu\u00e9s \u00bb<\/a><\/h2><p class=\"fusion-single-line-meta\"><span class=\"vcard\" style=\"display: none;\"><span class=\"fn\"><a href=\"https:\/\/www.sages.ch\/fr\/author\/admin\/\" title=\"Articles par admin\" rel=\"author\">admin<\/a><\/span><\/span><span class=\"updated\" style=\"display:none;\">2026-02-13T13:54:24+01:00<\/span><span>f\u00e9vrier 2026<\/span><span class=\"fusion-inline-sep\">|<\/span><\/p><div class=\"fusion-content-sep sep-single sep-solid\"><\/div><div class=\"fusion-post-content-container\"><p>L'autod\u00e9termination et l'implication sont deux notions essentielles pour les personnes malades, en situation de handicap ou \u00e2g\u00e9es. Le travail social intervient pr\u00e9cis\u00e9ment dans ce domaine. Nous renfor\u00e7ons l'autonomie de nos client\u00b7es, favorisons leur participation aux r\u00e9seaux sociaux et les accompagnons [...]<\/p><\/div><\/div><\/div><div class=\"fusion-clearfix\"><\/div><\/div>\n<\/article>\n<article id=\"blog-1-post-11248\" class=\"fusion-post-grid post-11248 post type-post status-publish format-standard hentry category-2026-fr category-aktuell-fr\">\n<div class=\"fusion-post-wrapper\" style=\"background-color:rgba(247,247,247,1);border:1px solid #ffffff;border-bottom-width:3px;\">\n\n<div class=\"fusion-post-content-wrapper\" style=\"padding:30px 25px 20px 25px;\"><div class=\"fusion-post-content post-content\"><h2 class=\"blog-shortcode-post-title entry-title\"><a href=\"https:\/\/www.sages.ch\/fr\/sages-est-maintenant-membre-de-lalliance-gesunde-schweiz-alliance-pour-la-sante-en-suisse\/\">SAGES est maintenant membre de l&rsquo;Alliance \u00ab Gesunde Schweiz \u00bb (Alliance pour la sant\u00e9 en Suisse).<\/a><\/h2><p class=\"fusion-single-line-meta\"><span class=\"vcard\" style=\"display: none;\"><span class=\"fn\"><a href=\"https:\/\/www.sages.ch\/fr\/author\/admin\/\" title=\"Articles par admin\" rel=\"author\">admin<\/a><\/span><\/span><span class=\"updated\" style=\"display:none;\">2026-01-30T14:29:05+01:00<\/span><span>janvier 2026<\/span><span class=\"fusion-inline-sep\">|<\/span><\/p><div class=\"fusion-content-sep sep-single sep-solid\"><\/div><div class=\"fusion-post-content-container\"><p>L'association a \u00e9t\u00e9 admise comme nouveau membre lors de l'assembl\u00e9e g\u00e9n\u00e9rale de l'Alliance pour la sant\u00e9 en Suisse, qui s'est tenue \u00e0 la fin de l'ann\u00e9e 2025. Cette alliance r\u00e9unit des organisations sp\u00e9cialis\u00e9es issues des domaines des soins de sant\u00e9, [...]<\/p><\/div><\/div><\/div><div class=\"fusion-clearfix\"><\/div><\/div>\n<\/article>\n<article id=\"blog-1-post-11399\" class=\"fusion-post-grid post-11399 post type-post status-publish format-standard hentry category-2026-fr category-aktuell-fr category-non-classifiee\">\n<div class=\"fusion-post-wrapper\" style=\"background-color:rgba(247,247,247,1);border:1px solid #ffffff;border-bottom-width:3px;\">\n\n<div class=\"fusion-post-content-wrapper\" style=\"padding:30px 25px 20px 25px;\"><div class=\"fusion-post-content post-content\"><h2 class=\"blog-shortcode-post-title entry-title\"><a href=\"https:\/\/www.sages.ch\/fr\/nouveau-code-de-deontologie-pour-le-travail-social\/\">Nouveau Code de d\u00e9ontologie pour le travail social<\/a><\/h2><p class=\"fusion-single-line-meta\"><span class=\"vcard\" style=\"display: none;\"><span class=\"fn\"><a href=\"https:\/\/www.sages.ch\/fr\/author\/admin\/\" title=\"Articles par admin\" rel=\"author\">admin<\/a><\/span><\/span><span class=\"updated\" style=\"display:none;\">2026-02-20T09:10:15+01:00<\/span><span>janvier 2026<\/span><span class=\"fusion-inline-sep\">|<\/span><\/p><div class=\"fusion-content-sep sep-single sep-solid\"><\/div><div class=\"fusion-post-content-container\"><p>Avec le d\u00e9but de la nouvelle ann\u00e9e, l\u2019association professionnelle du travail social, AvenirSocial, a lanc\u00e9 le nouveau Code de d\u00e9ontologie du travail social en Suisse. Quinze ans apr\u00e8s la publication de la version pr\u00e9c\u00e9dente, cette mise \u00e0 jour va bien [...]<\/p><\/div><\/div><\/div><div class=\"fusion-clearfix\"><\/div><\/div>\n<\/article>\n<article id=\"blog-1-post-11219\" class=\"fusion-post-grid post-11219 post type-post status-publish format-standard hentry category-2026-fr\">\n<div class=\"fusion-post-wrapper\" style=\"background-color:rgba(247,247,247,1);border:1px solid #ffffff;border-bottom-width:3px;\">\n\n<div class=\"fusion-post-content-wrapper\" style=\"padding:30px 25px 20px 25px;\"><div class=\"fusion-post-content post-content\"><h2 class=\"blog-shortcode-post-title entry-title\"><a href=\"https:\/\/www.sages.ch\/fr\/serie-de-webinaires-sur-la-prescription-sociale-aujourdhui-connaissances-impact-et-mise-en-oeuvre\/\">S\u00e9rie de webinaires sur la prescription sociale aujourd\u2019hui \u2013 connaissances, impact et mise en \u0153uvre<\/a><\/h2><p class=\"fusion-single-line-meta\"><span class=\"vcard\" style=\"display: none;\"><span class=\"fn\"><a href=\"https:\/\/www.sages.ch\/fr\/author\/admin\/\" title=\"Articles par admin\" rel=\"author\">admin<\/a><\/span><\/span><span class=\"updated\" style=\"display:none;\">2026-03-13T08:59:18+01:00<\/span><span>janvier 2026<\/span><span class=\"fusion-inline-sep\">|<\/span><\/p><div class=\"fusion-content-sep sep-single sep-solid\"><\/div><div class=\"fusion-post-content-container\"><p>La prescription sociale est un moyen pour les professionnels de la sant\u00e9 de mettre en relation les patients et les patientes avec une s\u00e9rie de services non m\u00e9dicaux dans la communaut\u00e9 afin d'am\u00e9liorer leur sant\u00e9 et leur bien-\u00eatre. Cela peut [...]<\/p><\/div><\/div><\/div><div class=\"fusion-clearfix\"><\/div><\/div>\n<\/article>\n<div class=\"fusion-clearfix\"><\/div><\/div><\/div><\/div><div class=\"nav fusion-mobile-tab-nav\"><ul class=\"nav-tabs nav-justified\" role=\"tablist\"><li role=\"presentation\"><a class=\"tab-link\" data-toggle=\"tab\" role=\"tab\" aria-controls=\"tab-8af17610dfd5ca8e667\" aria-selected=\"false\" tabindex=\"-1\" id=\"mobile-fusion-tab-2025\" href=\"#tab-8af17610dfd5ca8e667\"><h4 class=\"fusion-tab-heading\">2025<\/h4><\/a><\/li><\/ul><\/div><div class=\"tab-pane fade fusion-clearfix\" role=\"tabpanel\" tabindex=\"0\" aria-labelledby=\"fusion-tab-2025\" id=\"tab-d35af1982e0ffcc4e73\"><div class=\"fusion-blog-shortcode fusion-blog-shortcode-2 fusion-blog-archive fusion-blog-layout-grid-wrapper fusion-blog-no\"><style type=\"text\/css\">.fusion-blog-shortcode-2 .fusion-blog-layout-grid .fusion-post-grid{padding:12.5px;}.fusion-blog-shortcode-2 .fusion-posts-container{margin-left: -12.5px !important; margin-right:-12.5px !important;}<\/style><div class=\"fusion-posts-container fusion-posts-container-no fusion-blog-rollover fusion-blog-layout-grid fusion-blog-layout-grid-3 isotope\" data-pages=\"0\" data-grid-col-space=\"25\" style=\"margin: -12.5px -12.5px 0;min-height:500px;\"><article id=\"blog-2-post-10991\" class=\"fusion-post-grid post-10991 post type-post status-publish format-standard has-post-thumbnail hentry category-2025-fr category-aktuell-fr\">\n<div class=\"fusion-post-wrapper\" style=\"background-color:rgba(247,247,247,1);border:1px solid #ffffff;border-bottom-width:3px;\">\n\n\t\t\t<div class=\"fusion-flexslider flexslider fusion-flexslider-loading fusion-post-slideshow\" style=\"border-color:#ffffff;\">\n\t\t<ul class=\"slides\">\n\t\t\t\n\t\t\t\t\t\t\t\t\t\t\t\t\t\t<li><div  class=\"fusion-image-wrapper\" aria-haspopup=\"true\">\n\t\t\t\t<img decoding=\"async\" width=\"1963\" height=\"1274\" src=\"https:\/\/www.sages.ch\/wp-content\/uploads\/2025\/11\/Fachtagung-2025_N.jpg\" class=\"attachment-full size-full wp-post-image\" alt=\"\" srcset=\"https:\/\/www.sages.ch\/wp-content\/uploads\/2025\/11\/Fachtagung-2025_N-200x130.jpg 200w, https:\/\/www.sages.ch\/wp-content\/uploads\/2025\/11\/Fachtagung-2025_N-400x260.jpg 400w, https:\/\/www.sages.ch\/wp-content\/uploads\/2025\/11\/Fachtagung-2025_N-600x389.jpg 600w, https:\/\/www.sages.ch\/wp-content\/uploads\/2025\/11\/Fachtagung-2025_N-800x519.jpg 800w, https:\/\/www.sages.ch\/wp-content\/uploads\/2025\/11\/Fachtagung-2025_N-1200x779.jpg 1200w, https:\/\/www.sages.ch\/wp-content\/uploads\/2025\/11\/Fachtagung-2025_N.jpg 1963w\" sizes=\"(min-width: 2200px) 100vw, (min-width: 784px) 370px, (min-width: 712px) 555px, (min-width: 640px) 712px, \" \/><div class=\"fusion-rollover\">\n\t<div class=\"fusion-rollover-content\">\n\n\t\t\t\t\t\t\t\t\t\t\t\t\t\t<a class=\"fusion-rollover-link\" href=\"https:\/\/www.sages.ch\/fr\/act_4eme-congres-national-de-sages\/\">4\u00e8me congr\u00e8s national de SAGES<\/a>\n\t\t\t\n\t\t\t\t\t\t\t\t\t\t\t\t\t\t\n\t\t\t\t\t\t\t\t\n\t\t\t\t\t\t\t\t\t\t\t\t\t<div class=\"fusion-rollover-sep\"><\/div>\n\t\t\t\t\n\t\t\t\t\t\t\t\t\t\t\t\t\t\t\t\t\t\t<a class=\"fusion-rollover-gallery\" href=\"https:\/\/www.sages.ch\/wp-content\/uploads\/2025\/11\/Fachtagung-2025_N.jpg\" data-options=\"\" data-id=\"10991\" data-rel=\"iLightbox\" data-title=\"Fachtagung 2025_N\" data-caption=\"\">\n\t\t\t\t\t\tGalerie\t\t\t\t\t<\/a>\n\t\t\t\t\t\t\t\t\t\t\t\t\t\t\n\t\t\n\t\t\t\t\t\t\t\t\t\t\t\t<h4 class=\"fusion-rollover-title\">\n\t\t\t\t\t<a class=\"fusion-rollover-title-link\" href=\"https:\/\/www.sages.ch\/fr\/act_4eme-congres-national-de-sages\/\">\n\t\t\t\t\t\t4\u00e8me congr\u00e8s national de SAGES\t\t\t\t\t<\/a>\n\t\t\t\t<\/h4>\n\t\t\t\n\t\t\t\t\t\t\t\t\t\t<div class=\"fusion-rollover-categories\"><a href=\"https:\/\/www.sages.ch\/fr\/category\/2025-fr\/\" rel=\"tag\">2025<\/a>, <a href=\"https:\/\/www.sages.ch\/fr\/category\/aktuell-fr\/\" rel=\"tag\">Aktuell<\/a><\/div>\t\t\t\t\t\n\t\t\n\t\t\t\t\t\t<a class=\"fusion-link-wrapper\" href=\"https:\/\/www.sages.ch\/fr\/act_4eme-congres-national-de-sages\/\" aria-label=\"4\u00e8me congr\u00e8s national de SAGES\"><\/a>\n\t<\/div>\n<\/div>\n<\/div>\n<\/li>\n\t\t\t\n\t\t\t\n\t\t\t\t\t\t\t\t\t\t\t\t\t\t\t\t\t\t\t\t\t\t\t\t\t\t\t\t\t\t\t\t\t\t\t\t\t\t\t\t\t\t\t\t\t\t\t\t\t\t\t\t\t\t\t\t\t\t\t\t\t\t\t\t\t\t\t\t<\/ul>\n\t<\/div>\n\t<div class=\"fusion-post-content-wrapper\" style=\"padding:30px 25px 20px 25px;\"><div class=\"fusion-post-content post-content\"><h2 class=\"blog-shortcode-post-title entry-title\"><a href=\"https:\/\/www.sages.ch\/fr\/act_4eme-congres-national-de-sages\/\">4\u00e8me congr\u00e8s national de SAGES<\/a><\/h2><p class=\"fusion-single-line-meta\"><span class=\"vcard\" style=\"display: none;\"><span class=\"fn\"><a href=\"https:\/\/www.sages.ch\/fr\/author\/admin\/\" title=\"Articles par admin\" rel=\"author\">admin<\/a><\/span><\/span><span class=\"updated\" style=\"display:none;\">2025-11-21T13:06:46+01:00<\/span><span>novembre 2025<\/span><span class=\"fusion-inline-sep\">|<\/span><\/p><div class=\"fusion-content-sep sep-single sep-solid\"><\/div><div class=\"fusion-post-content-container\"><p>Le mercredi 12 novembre 2025, le 4e congr\u00e8s national de SAGES s\u2019est tenu \u00e0 la FHNW \u00e0 Olten sous le th\u00e8me \u00ab Diversit\u00e9 m\u00e9thodologique : repenser les bonnes pratiques \u00bb. Le congr\u00e8s, organis\u00e9 en deux langues (allemand\/fran\u00e7ais), a offert une [...]<\/p><\/div><\/div><\/div><div class=\"fusion-clearfix\"><\/div><\/div>\n<\/article>\n<article id=\"blog-2-post-10817\" class=\"fusion-post-grid post-10817 post type-post status-publish format-standard hentry category-2025-fr category-aktuell-fr\">\n<div class=\"fusion-post-wrapper\" style=\"background-color:rgba(247,247,247,1);border:1px solid #ffffff;border-bottom-width:3px;\">\n\n<div class=\"fusion-post-content-wrapper\" style=\"padding:30px 25px 20px 25px;\"><div class=\"fusion-post-content post-content\"><h2 class=\"blog-shortcode-post-title entry-title\"><a href=\"https:\/\/www.sages.ch\/fr\/call-for-papers-6e-congres-national-sante-pauvrete-travail-precaire-sante-precaire-sortir-de-lengrenage-des-nouvelles-insecurites-sociales\/\">Call for Papers : 6e Congr\u00e8s national \u00ab Sant\u00e9 &#038; pauvret\u00e9 \u00bb Travail pr\u00e9caire, sant\u00e9 pr\u00e9caire : sortir de l\u2019engrenage des nouvelles ins\u00e9curit\u00e9s sociales<\/a><\/h2><p class=\"fusion-single-line-meta\"><span class=\"vcard\" style=\"display: none;\"><span class=\"fn\"><a href=\"https:\/\/www.sages.ch\/fr\/author\/admin\/\" title=\"Articles par admin\" rel=\"author\">admin<\/a><\/span><\/span><span class=\"updated\" style=\"display:none;\">2025-09-19T13:47:48+02:00<\/span><span>septembre 2025<\/span><span class=\"fusion-inline-sep\">|<\/span><\/p><div class=\"fusion-content-sep sep-single sep-solid\"><\/div><div class=\"fusion-post-content-container\"><p>Le 18 juin 2026 se tiendra \u00e0 Berne le congr\u00e8s national \u00ab Sant\u00e9 &amp; pauvret\u00e9 \u00bb. Il sera consacr\u00e9 aux liens entre les nouvelles formes de travail, la pr\u00e9carit\u00e9, la pauvret\u00e9 et la sant\u00e9. Contrats \u00e0 dur\u00e9e d\u00e9termin\u00e9e, temps partiel, [...]<\/p><\/div><\/div><\/div><div class=\"fusion-clearfix\"><\/div><\/div>\n<\/article>\n<article id=\"blog-2-post-10712\" class=\"fusion-post-grid post-10712 post type-post status-publish format-standard hentry category-2025-fr category-aktuell-fr\">\n<div class=\"fusion-post-wrapper\" style=\"background-color:rgba(247,247,247,1);border:1px solid #ffffff;border-bottom-width:3px;\">\n\n<div class=\"fusion-post-content-wrapper\" style=\"padding:30px 25px 20px 25px;\"><div class=\"fusion-post-content post-content\"><h2 class=\"blog-shortcode-post-title entry-title\"><a href=\"https:\/\/www.sages.ch\/fr\/sages-partenaire-specialise-du-2e-congres-national-focus-vieillesse-organise-par-pro-senectute-suisse\/\">SAGES, partenaire sp\u00e9cialis\u00e9 du 2e congr\u00e8s national Focus Vieillesse organis\u00e9 par Pro Senectute Suisse<\/a><\/h2><p class=\"fusion-single-line-meta\"><span class=\"vcard\" style=\"display: none;\"><span class=\"fn\"><a href=\"https:\/\/www.sages.ch\/fr\/author\/admin\/\" title=\"Articles par admin\" rel=\"author\">admin<\/a><\/span><\/span><span class=\"updated\" style=\"display:none;\">2025-08-29T13:19:53+02:00<\/span><span>ao\u00fbt 2025<\/span><span class=\"fusion-inline-sep\">|<\/span><\/p><div class=\"fusion-content-sep sep-single sep-solid\"><\/div><div class=\"fusion-post-content-container\"><p>Le 22 janvier 2026 se tiendra \u00e0 Bienne le 2e Congr\u00e8s national Focus Vieillesse, sur le th\u00e8me \u00ab La d\u00e9mographie, une chance \u2013 Bonnes pratiques et innovation\u00bb. Des personnalit\u00e9s du monde scientifique et politique et des repr\u00e9sentants des autorit\u00e9s \u00e9changeront [...]<\/p><\/div><\/div><\/div><div class=\"fusion-clearfix\"><\/div><\/div>\n<\/article>\n<article id=\"blog-2-post-10613\" class=\"fusion-post-grid post-10613 post type-post status-publish format-standard hentry category-2025-fr category-aktuell-fr\">\n<div class=\"fusion-post-wrapper\" style=\"background-color:rgba(247,247,247,1);border:1px solid #ffffff;border-bottom-width:3px;\">\n\n<div class=\"fusion-post-content-wrapper\" style=\"padding:30px 25px 20px 25px;\"><div class=\"fusion-post-content post-content\"><h2 class=\"blog-shortcode-post-title entry-title\"><a href=\"https:\/\/www.sages.ch\/fr\/le-programme-du-4e-congres-national-de-sages-est-pret\/\">Le programme du 4e congr\u00e8s national de SAGES est pr\u00eat !<\/a><\/h2><p class=\"fusion-single-line-meta\"><span class=\"vcard\" style=\"display: none;\"><span class=\"fn\"><a href=\"https:\/\/www.sages.ch\/fr\/author\/admin\/\" title=\"Articles par admin\" rel=\"author\">admin<\/a><\/span><\/span><span class=\"updated\" style=\"display:none;\">2025-09-19T07:56:29+02:00<\/span><span>ao\u00fbt 2025<\/span><span class=\"fusion-inline-sep\">|<\/span><\/p><div class=\"fusion-content-sep sep-single sep-solid\"><\/div><div class=\"fusion-post-content-container\"><p>Le 4\u1d49 congr\u00e8s national de SAGES se rapproche \u00e0 grands pas, et le programme promet une nouvelle fois une s\u00e9lection vari\u00e9e et passionnante de conf\u00e9rences et d\u2019ateliers. Que vous soyez d\u00e9j\u00e0 membre de SAGES ou simplement curieux de d\u00e9couvrir de [...]<\/p><\/div><\/div><\/div><div class=\"fusion-clearfix\"><\/div><\/div>\n<\/article>\n<article id=\"blog-2-post-10607\" class=\"fusion-post-grid post-10607 post type-post status-publish format-standard hentry category-2025-fr category-aktuell-fr\">\n<div class=\"fusion-post-wrapper\" style=\"background-color:rgba(247,247,247,1);border:1px solid #ffffff;border-bottom-width:3px;\">\n\n<div class=\"fusion-post-content-wrapper\" style=\"padding:30px 25px 20px 25px;\"><div class=\"fusion-post-content post-content\"><h2 class=\"blog-shortcode-post-title entry-title\"><a href=\"https:\/\/www.sages.ch\/fr\/prise-de-position-davenirsocial-et-de-sages-sur-le-demantelement-du-service-social-de-lhopital-de-lile\/\">Prise de position d&rsquo;AvenirSocial et de SAGES sur le d\u00e9mant\u00e8lement du service social de l&rsquo;H\u00f4pital de l&rsquo;Ile<\/a><\/h2><p class=\"fusion-single-line-meta\"><span class=\"vcard\" style=\"display: none;\"><span class=\"fn\"><a href=\"https:\/\/www.sages.ch\/fr\/author\/admin\/\" title=\"Articles par admin\" rel=\"author\">admin<\/a><\/span><\/span><span class=\"updated\" style=\"display:none;\">2025-08-18T07:46:52+02:00<\/span><span>ao\u00fbt 2025<\/span><span class=\"fusion-inline-sep\">|<\/span><\/p><div class=\"fusion-content-sep sep-single sep-solid\"><\/div><div class=\"fusion-post-content-container\"><p>L'Association professionnelle suisse du travail social (AvenirSocial) et l'Association suisse pour le travail social en lien avec la sant\u00e9 (SAGES) sont profond\u00e9ment pr\u00e9occup\u00e9es par la suppression de postes dans le service social de l'H\u00f4pital de l'Ile \u00e0 Berne. Le conseil [...]<\/p><\/div><\/div><\/div><div class=\"fusion-clearfix\"><\/div><\/div>\n<\/article>\n<article id=\"blog-2-post-10509\" class=\"fusion-post-grid post-10509 post type-post status-publish format-standard hentry category-2025-fr category-aktuell-fr\">\n<div class=\"fusion-post-wrapper\" style=\"background-color:rgba(247,247,247,1);border:1px solid #ffffff;border-bottom-width:3px;\">\n\n<div class=\"fusion-post-content-wrapper\" style=\"padding:30px 25px 20px 25px;\"><div class=\"fusion-post-content post-content\"><h2 class=\"blog-shortcode-post-title entry-title\"><a href=\"https:\/\/www.sages.ch\/fr\/participation-a-la-procedure-de-consultation-sur-la-strategie-partielle-soins-palliatifs-du-canton-de-berne\/\">Participation \u00e0 la proc\u00e9dure de consultation sur la strat\u00e9gie partielle \u00ab Soins palliatifs \u00bb du canton de Berne.<\/a><\/h2><p class=\"fusion-single-line-meta\"><span class=\"vcard\" style=\"display: none;\"><span class=\"fn\"><a href=\"https:\/\/www.sages.ch\/fr\/author\/admin\/\" title=\"Articles par admin\" rel=\"author\">admin<\/a><\/span><\/span><span class=\"updated\" style=\"display:none;\">2025-07-04T12:11:46+02:00<\/span><span>juillet 2025<\/span><span class=\"fusion-inline-sep\">|<\/span><\/p><div class=\"fusion-content-sep sep-single sep-solid\"><\/div><div class=\"fusion-post-content-container\"><p>SAGES a pris part \u00e0 la proc\u00e9dure de consultation sur la strat\u00e9gie partielle \u00ab Soins palliatifs \u00bb du canton de Berne en soumettant une prise de position. Dans celle-ci, SAGES souligne notamment l'importance d\u2019une organisation pr\u00e9ventive des soins palliatifs selon [...]<\/p><\/div><\/div><\/div><div class=\"fusion-clearfix\"><\/div><\/div>\n<\/article>\n<article id=\"blog-2-post-10496\" class=\"fusion-post-grid post-10496 post type-post status-publish format-standard hentry category-2025-fr category-aktuell-fr\">\n<div class=\"fusion-post-wrapper\" style=\"background-color:rgba(247,247,247,1);border:1px solid #ffffff;border-bottom-width:3px;\">\n\n<div class=\"fusion-post-content-wrapper\" style=\"padding:30px 25px 20px 25px;\"><div class=\"fusion-post-content post-content\"><h2 class=\"blog-shortcode-post-title entry-title\"><a href=\"https:\/\/www.sages.ch\/fr\/en-tant-que-travailleur%c2%b7euse-social%c2%b7e-clinique-la-certification-eccsw-renforce-votre-identite-professionnelle\/\">En tant que travailleur\u00b7euse social\u00b7e clinique, la certification ECCSW renforce votre identit\u00e9 professionnelle<\/a><\/h2><p class=\"fusion-single-line-meta\"><span class=\"vcard\" style=\"display: none;\"><span class=\"fn\"><a href=\"https:\/\/www.sages.ch\/fr\/author\/admin\/\" title=\"Articles par admin\" rel=\"author\">admin<\/a><\/span><\/span><span class=\"updated\" style=\"display:none;\">2025-06-27T13:48:38+02:00<\/span><span>juin 2025<\/span><span class=\"fusion-inline-sep\">|<\/span><\/p><div class=\"fusion-content-sep sep-single sep-solid\"><\/div><div class=\"fusion-post-content-container\"><p>\u00ab Dans ma carri\u00e8re professionnelle, je me suis toujours consid\u00e9r\u00e9 comme un travailleur social clinique, m\u00eame si je n\u2019ai pas suivi de master sp\u00e9cialis\u00e9, mais un master g\u00e9n\u00e9raliste. Pendant longtemps, je n\u2019ai pas r\u00e9alis\u00e9 qu\u2019il \u00e9tait possible d\u2019obtenir une\u00a0certification de [...]<\/p><\/div><\/div><\/div><div class=\"fusion-clearfix\"><\/div><\/div>\n<\/article>\n<article id=\"blog-2-post-10459\" class=\"fusion-post-grid post-10459 post type-post status-publish format-standard hentry category-2025-fr category-aktuell-fr\">\n<div class=\"fusion-post-wrapper\" style=\"background-color:rgba(247,247,247,1);border:1px solid #ffffff;border-bottom-width:3px;\">\n\n<div class=\"fusion-post-content-wrapper\" style=\"padding:30px 25px 20px 25px;\"><div class=\"fusion-post-content post-content\"><h2 class=\"blog-shortcode-post-title entry-title\"><a href=\"https:\/\/www.sages.ch\/fr\/lettre-ouverte-revision-totale-de-la-loi-sur-laide-sociale-du-canton-de-berne\/\">Lettre ouverte \u2013 R\u00e9vision totale de la loi sur l\u2019aide sociale du Canton de Berne<\/a><\/h2><p class=\"fusion-single-line-meta\"><span class=\"vcard\" style=\"display: none;\"><span class=\"fn\"><a href=\"https:\/\/www.sages.ch\/fr\/author\/admin\/\" title=\"Articles par admin\" rel=\"author\">admin<\/a><\/span><\/span><span class=\"updated\" style=\"display:none;\">2025-06-13T15:00:32+02:00<\/span><span>juin 2025<\/span><span class=\"fusion-inline-sep\">|<\/span><\/p><div class=\"fusion-content-sep sep-single sep-solid\"><\/div><div class=\"fusion-post-content-container\"><p>Une large alliance d'associations professionnelles, d'institutions sociopolitiques et d'organisations juridiques d\u00e9nonce les principaux \u00e9l\u00e9ments de la r\u00e9vision propos\u00e9e dans la loi bernoise sur l'aide sociale. L'appel, qui s'adresse aux membres de la Commission de la sant\u00e9 et des affaires sociales [...]<\/p><\/div><\/div><\/div><div class=\"fusion-clearfix\"><\/div><\/div>\n<\/article>\n<article id=\"blog-2-post-10393\" class=\"fusion-post-grid post-10393 post type-post status-publish format-standard hentry category-2025-fr category-aktuell-fr\">\n<div class=\"fusion-post-wrapper\" style=\"background-color:rgba(247,247,247,1);border:1px solid #ffffff;border-bottom-width:3px;\">\n\n<div class=\"fusion-post-content-wrapper\" style=\"padding:30px 25px 20px 25px;\"><div class=\"fusion-post-content post-content\"><h2 class=\"blog-shortcode-post-title entry-title\"><a href=\"https:\/\/www.sages.ch\/fr\/sante-et-services-sociaux-5-pistes-pour-une-meilleure-collaboration-policy-brief\/\">Sant\u00e9 et services sociaux : 5 pistes pour une meilleure collaboration | Policy Brief<\/a><\/h2><p class=\"fusion-single-line-meta\"><span class=\"vcard\" style=\"display: none;\"><span class=\"fn\"><a href=\"https:\/\/www.sages.ch\/fr\/author\/admin\/\" title=\"Articles par admin\" rel=\"author\">admin<\/a><\/span><\/span><span class=\"updated\" style=\"display:none;\">2025-06-06T12:42:34+02:00<\/span><span>juin 2025<\/span><span class=\"fusion-inline-sep\">|<\/span><\/p><div class=\"fusion-content-sep sep-single sep-solid\"><\/div><div class=\"fusion-post-content-container\"><p>Comment int\u00e9grer plus efficacement les syst\u00e8mes de sant\u00e9 et les syst\u00e8mes sociaux ? Cette question est au c\u0153ur d'un r\u00e9cent policy brief (disponible uniquement en allemand) publi\u00e9e par le Forum suisse des soins int\u00e9gr\u00e9s (fmc) en collaboration avec la\u00a0Fondation Careum.\u00a0s'est [...]<\/p><\/div><\/div><\/div><div class=\"fusion-clearfix\"><\/div><\/div>\n<\/article>\n<article id=\"blog-2-post-10348\" class=\"fusion-post-grid post-10348 post type-post status-publish format-standard has-post-thumbnail hentry category-2025-fr category-aktuell-fr\">\n<div class=\"fusion-post-wrapper\" style=\"background-color:rgba(247,247,247,1);border:1px solid #ffffff;border-bottom-width:3px;\">\n\n\t\t\t<div class=\"fusion-flexslider flexslider fusion-flexslider-loading fusion-post-slideshow\" style=\"border-color:#ffffff;\">\n\t\t<ul class=\"slides\">\n\t\t\t\n\t\t\t\t\t\t\t\t\t\t\t\t\t\t<li><div  class=\"fusion-image-wrapper\" aria-haspopup=\"true\">\n\t\t\t\t<img decoding=\"async\" width=\"725\" height=\"453\" src=\"https:\/\/www.sages.ch\/wp-content\/uploads\/2025\/05\/Fachtagung-FR.png\" class=\"attachment-full size-full wp-post-image\" alt=\"\" srcset=\"https:\/\/www.sages.ch\/wp-content\/uploads\/2025\/05\/Fachtagung-FR-200x125.png 200w, https:\/\/www.sages.ch\/wp-content\/uploads\/2025\/05\/Fachtagung-FR-400x250.png 400w, https:\/\/www.sages.ch\/wp-content\/uploads\/2025\/05\/Fachtagung-FR-600x375.png 600w, https:\/\/www.sages.ch\/wp-content\/uploads\/2025\/05\/Fachtagung-FR.png 725w\" sizes=\"(min-width: 2200px) 100vw, (min-width: 784px) 370px, (min-width: 712px) 555px, (min-width: 640px) 712px, \" \/><div class=\"fusion-rollover\">\n\t<div class=\"fusion-rollover-content\">\n\n\t\t\t\t\t\t\t\t\t\t\t\t\t\t<a class=\"fusion-rollover-link\" href=\"https:\/\/www.sages.ch\/fr\/4e-congres-national-de-sages-travail-social-en-lien-avec-la-sante-des-methodologies-au-service-de-pratiques-innovantes\/\">4e congr\u00e8s national de SAGES : \u00ab Travail social en lien avec la sant\u00e9 : des m\u00e9thodologies au service de pratiques innovantes \u00bb<\/a>\n\t\t\t\n\t\t\t\t\t\t\t\t\t\t\t\t\t\t\n\t\t\t\t\t\t\t\t\n\t\t\t\t\t\t\t\t\t\t\t\t\t<div class=\"fusion-rollover-sep\"><\/div>\n\t\t\t\t\n\t\t\t\t\t\t\t\t\t\t\t\t\t\t\t\t\t\t<a class=\"fusion-rollover-gallery\" href=\"https:\/\/www.sages.ch\/wp-content\/uploads\/2025\/05\/Fachtagung-FR.png\" data-options=\"\" data-id=\"10348\" data-rel=\"iLightbox\" data-title=\"Fachtagung FR\" data-caption=\"\">\n\t\t\t\t\t\tGalerie\t\t\t\t\t<\/a>\n\t\t\t\t\t\t\t\t\t\t\t\t\t\t\n\t\t\n\t\t\t\t\t\t\t\t\t\t\t\t<h4 class=\"fusion-rollover-title\">\n\t\t\t\t\t<a class=\"fusion-rollover-title-link\" href=\"https:\/\/www.sages.ch\/fr\/4e-congres-national-de-sages-travail-social-en-lien-avec-la-sante-des-methodologies-au-service-de-pratiques-innovantes\/\">\n\t\t\t\t\t\t4e congr\u00e8s national de SAGES : \u00ab Travail social en lien avec la sant\u00e9 : des m\u00e9thodologies au service de pratiques innovantes \u00bb\t\t\t\t\t<\/a>\n\t\t\t\t<\/h4>\n\t\t\t\n\t\t\t\t\t\t\t\t\t\t<div class=\"fusion-rollover-categories\"><a href=\"https:\/\/www.sages.ch\/fr\/category\/2025-fr\/\" rel=\"tag\">2025<\/a>, <a href=\"https:\/\/www.sages.ch\/fr\/category\/aktuell-fr\/\" rel=\"tag\">Aktuell<\/a><\/div>\t\t\t\t\t\n\t\t\n\t\t\t\t\t\t<a class=\"fusion-link-wrapper\" href=\"https:\/\/www.sages.ch\/fr\/4e-congres-national-de-sages-travail-social-en-lien-avec-la-sante-des-methodologies-au-service-de-pratiques-innovantes\/\" aria-label=\"4e congr\u00e8s national de SAGES : \u00ab Travail social en lien avec la sant\u00e9 : des m\u00e9thodologies au service de pratiques innovantes \u00bb\"><\/a>\n\t<\/div>\n<\/div>\n<\/div>\n<\/li>\n\t\t\t\n\t\t\t\n\t\t\t\t\t\t\t\t\t\t\t\t\t\t\t\t\t\t\t\t\t\t\t\t\t\t\t\t\t\t\t\t\t\t\t\t\t\t\t\t\t\t\t\t\t\t\t\t\t\t\t\t\t\t\t\t\t\t\t\t\t\t\t\t\t\t\t\t<\/ul>\n\t<\/div>\n\t<div class=\"fusion-post-content-wrapper\" style=\"padding:30px 25px 20px 25px;\"><div class=\"fusion-post-content post-content\"><h2 class=\"blog-shortcode-post-title entry-title\"><a href=\"https:\/\/www.sages.ch\/fr\/4e-congres-national-de-sages-travail-social-en-lien-avec-la-sante-des-methodologies-au-service-de-pratiques-innovantes\/\">4e congr\u00e8s national de SAGES : \u00ab Travail social en lien avec la sant\u00e9 : des m\u00e9thodologies au service de pratiques innovantes \u00bb<\/a><\/h2><p class=\"fusion-single-line-meta\"><span class=\"vcard\" style=\"display: none;\"><span class=\"fn\"><a href=\"https:\/\/www.sages.ch\/fr\/author\/admin\/\" title=\"Articles par admin\" rel=\"author\">admin<\/a><\/span><\/span><span class=\"updated\" style=\"display:none;\">2025-05-23T15:57:57+02:00<\/span><span>mai 2025<\/span><span class=\"fusion-inline-sep\">|<\/span><\/p><div class=\"fusion-content-sep sep-single sep-solid\"><\/div><div class=\"fusion-post-content-container\"><p>Le mercredi 12 novembre 2025, le 4e congr\u00e8s national de SAGES aura lieu \u00e0 la FHNW \u00e0 Olten. Le congr\u00e8s, qui se d\u00e9roulera en deux langues (a\/f), propose aux professionnel\u00b7les du travail social en lien avec la sant\u00e9 un espace [...]<\/p><\/div><\/div><\/div><div class=\"fusion-clearfix\"><\/div><\/div>\n<\/article>\n<article id=\"blog-2-post-10257\" class=\"fusion-post-grid post-10257 post type-post status-publish format-standard hentry category-2025-fr category-aktuell-fr\">\n<div class=\"fusion-post-wrapper\" style=\"background-color:rgba(247,247,247,1);border:1px solid #ffffff;border-bottom-width:3px;\">\n\n<div class=\"fusion-post-content-wrapper\" style=\"padding:30px 25px 20px 25px;\"><div class=\"fusion-post-content post-content\"><h2 class=\"blog-shortcode-post-title entry-title\"><a href=\"https:\/\/www.sages.ch\/fr\/assemblee-generale-de-sages\/\">Assembl\u00e9e g\u00e9n\u00e9rale de SAGES 2025<\/a><\/h2><p class=\"fusion-single-line-meta\"><span class=\"vcard\" style=\"display: none;\"><span class=\"fn\"><a href=\"https:\/\/www.sages.ch\/fr\/author\/admin\/\" title=\"Articles par admin\" rel=\"author\">admin<\/a><\/span><\/span><span class=\"updated\" style=\"display:none;\">2025-05-16T15:57:25+02:00<\/span><span>mai 2025<\/span><span class=\"fusion-inline-sep\">|<\/span><\/p><div class=\"fusion-content-sep sep-single sep-solid\"><\/div><div class=\"fusion-post-content-container\"><p>Le 7 mai 2025, la 8e assembl\u00e9e g\u00e9n\u00e9rale de SAGES s'est tenue dans un format hybride \u00e0 la FHNW \u00e0 Olten. Outre une br\u00e8ve r\u00e9trospective pr\u00e9sent\u00e9e par le secr\u00e9taire g\u00e9n\u00e9ral, les membres ont pu prendre connaissance des comptes annuels positifs [...]<\/p><\/div><\/div><\/div><div class=\"fusion-clearfix\"><\/div><\/div>\n<\/article>\n<article id=\"blog-2-post-10048\" class=\"fusion-post-grid post-10048 post type-post status-publish format-standard hentry category-2025-fr category-aktuell-fr\">\n<div class=\"fusion-post-wrapper\" style=\"background-color:rgba(247,247,247,1);border:1px solid #ffffff;border-bottom-width:3px;\">\n\n<div class=\"fusion-post-content-wrapper\" style=\"padding:30px 25px 20px 25px;\"><div class=\"fusion-post-content post-content\"><h2 class=\"blog-shortcode-post-title entry-title\"><a href=\"https:\/\/www.sages.ch\/fr\/sages-informations-devenements-2\/\">SAGES &#8211; Informations d&rsquo;\u00e9v\u00e9nements<\/a><\/h2><p class=\"fusion-single-line-meta\"><span class=\"vcard\" style=\"display: none;\"><span class=\"fn\"><a href=\"https:\/\/www.sages.ch\/fr\/author\/admin\/\" title=\"Articles par admin\" rel=\"author\">admin<\/a><\/span><\/span><span class=\"updated\" style=\"display:none;\">2025-03-21T12:49:34+01:00<\/span><span>mars 2025<\/span><span class=\"fusion-inline-sep\">|<\/span><\/p><div class=\"fusion-content-sep sep-single sep-solid\"><\/div><div class=\"fusion-post-content-container\"><p>6e Colloque national sp\u00e9cialis\u00e9 GERONTOLOGIE CH \u00abR\u00e9alit\u00e9s de la vieillesse \u2013 diversit\u00e9, in\u00e9galit\u00e9s et similarit\u00e9s\u00bb Quand : Jeudi 4 septembre 2025 Lieu : H\u00f4tel National, Berne Que deviennent nos aspirations et nos contextes de vie dans la vieillesse? Une chose [...]<\/p><\/div><\/div><\/div><div class=\"fusion-clearfix\"><\/div><\/div>\n<\/article>\n<article id=\"blog-2-post-9969\" class=\"fusion-post-grid post-9969 post type-post status-publish format-standard hentry category-2025-fr category-non-classifiee\">\n<div class=\"fusion-post-wrapper\" style=\"background-color:rgba(247,247,247,1);border:1px solid #ffffff;border-bottom-width:3px;\">\n\n<div class=\"fusion-post-content-wrapper\" style=\"padding:30px 25px 20px 25px;\"><div class=\"fusion-post-content post-content\"><h2 class=\"blog-shortcode-post-title entry-title\"><a href=\"https:\/\/www.sages.ch\/fr\/journee-des-malades-2025\/\">Journ\u00e9e des malades 2025<\/a><\/h2><p class=\"fusion-single-line-meta\"><span class=\"vcard\" style=\"display: none;\"><span class=\"fn\"><a href=\"https:\/\/www.sages.ch\/fr\/author\/admin\/\" title=\"Articles par admin\" rel=\"author\">admin<\/a><\/span><\/span><span class=\"updated\" style=\"display:none;\">2025-02-14T11:59:38+01:00<\/span><span>f\u00e9vrier 2025<\/span><span class=\"fusion-inline-sep\">|<\/span><\/p><div class=\"fusion-content-sep sep-single sep-solid\"><\/div><div class=\"fusion-post-content-container\"><p>La \u00abJourn\u00e9e des malades\u00bb figure en bonne place dans le calendrier annuel de la Suisse. La 86e \u00e9dition aura lieu le 2 mars 2025. Derri\u00e8re cette journ\u00e9e se trouve l'association homonyme ui, une fois par an, sensibilise la population \u00e0 [...]<\/p><\/div><\/div><\/div><div class=\"fusion-clearfix\"><\/div><\/div>\n<\/article>\n<article id=\"blog-2-post-9945\" class=\"fusion-post-grid post-9945 post type-post status-publish format-standard hentry category-2025-fr category-non-classifiee\">\n<div class=\"fusion-post-wrapper\" style=\"background-color:rgba(247,247,247,1);border:1px solid #ffffff;border-bottom-width:3px;\">\n\n<div class=\"fusion-post-content-wrapper\" style=\"padding:30px 25px 20px 25px;\"><div class=\"fusion-post-content post-content\"><h2 class=\"blog-shortcode-post-title entry-title\"><a href=\"https:\/\/www.sages.ch\/fr\/nouveau-sages-reseau-partenaire-de-sozialinfo-ch-et-reiso\/\">Nouveau: SAGES, r\u00e9seau partenaire de sozialinfo.ch et REISO<\/a><\/h2><p class=\"fusion-single-line-meta\"><span class=\"vcard\" style=\"display: none;\"><span class=\"fn\"><a href=\"https:\/\/www.sages.ch\/fr\/author\/admin\/\" title=\"Articles par admin\" rel=\"author\">admin<\/a><\/span><\/span><span class=\"updated\" style=\"display:none;\">2025-02-07T14:06:08+01:00<\/span><span>f\u00e9vrier 2025<\/span><span class=\"fusion-inline-sep\">|<\/span><\/p><div class=\"fusion-content-sep sep-single sep-solid\"><\/div><div class=\"fusion-post-content-container\"><p>SAGES est d\u00e9sormais un r\u00e9seau partenaire de sozialinfo.ch et REISO. Nous sommes ainsi reli\u00e9s aux portails d'emploi des deux fournisseurs et pouvons faire r\u00e9f\u00e9rence \u00e0 leurs offres d'emploi pour la Suisse al\u00e9manique et la Suisse romande, en mettant l'accent sur [...]<\/p><\/div><\/div><\/div><div class=\"fusion-clearfix\"><\/div><\/div>\n<\/article>\n<article id=\"blog-2-post-9868\" class=\"fusion-post-grid post-9868 post type-post status-publish format-standard has-post-thumbnail hentry category-2025-fr\">\n<div class=\"fusion-post-wrapper\" style=\"background-color:rgba(247,247,247,1);border:1px solid #ffffff;border-bottom-width:3px;\">\n\n\t\t\t<div class=\"fusion-flexslider flexslider fusion-flexslider-loading fusion-post-slideshow\" style=\"border-color:#ffffff;\">\n\t\t<ul class=\"slides\">\n\t\t\t\n\t\t\t\t\t\t\t\t\t\t\t\t\t\t<li><div  class=\"fusion-image-wrapper\" aria-haspopup=\"true\">\n\t\t\t\t<img decoding=\"async\" width=\"1921\" height=\"794\" src=\"https:\/\/www.sages.ch\/wp-content\/uploads\/2025\/01\/Slider_Tagung_2024_fr.jpg\" class=\"attachment-full size-full wp-post-image\" alt=\"\" srcset=\"https:\/\/www.sages.ch\/wp-content\/uploads\/2025\/01\/Slider_Tagung_2024_fr-200x83.jpg 200w, https:\/\/www.sages.ch\/wp-content\/uploads\/2025\/01\/Slider_Tagung_2024_fr-400x165.jpg 400w, https:\/\/www.sages.ch\/wp-content\/uploads\/2025\/01\/Slider_Tagung_2024_fr-600x248.jpg 600w, https:\/\/www.sages.ch\/wp-content\/uploads\/2025\/01\/Slider_Tagung_2024_fr-800x331.jpg 800w, https:\/\/www.sages.ch\/wp-content\/uploads\/2025\/01\/Slider_Tagung_2024_fr-1200x496.jpg 1200w, https:\/\/www.sages.ch\/wp-content\/uploads\/2025\/01\/Slider_Tagung_2024_fr.jpg 1921w\" sizes=\"(min-width: 2200px) 100vw, (min-width: 784px) 370px, (min-width: 712px) 555px, (min-width: 640px) 712px, \" \/><div class=\"fusion-rollover\">\n\t<div class=\"fusion-rollover-content\">\n\n\t\t\t\t\t\t\t\t\t\t\t\t\t\t<a class=\"fusion-rollover-link\" href=\"https:\/\/www.sages.ch\/fr\/save-the-date-4e-congres-national-de-sages\/\">Save the date : 4e congr\u00e8s national de SAGES<\/a>\n\t\t\t\n\t\t\t\t\t\t\t\t\t\t\t\t\t\t\n\t\t\t\t\t\t\t\t\n\t\t\t\t\t\t\t\t\t\t\t\t\t<div class=\"fusion-rollover-sep\"><\/div>\n\t\t\t\t\n\t\t\t\t\t\t\t\t\t\t\t\t\t\t\t\t\t\t<a class=\"fusion-rollover-gallery\" href=\"https:\/\/www.sages.ch\/wp-content\/uploads\/2025\/01\/Slider_Tagung_2024_fr.jpg\" data-options=\"\" data-id=\"9868\" data-rel=\"iLightbox\" data-title=\"Slider_Tagung_2024_fr\" data-caption=\"\">\n\t\t\t\t\t\tGalerie\t\t\t\t\t<\/a>\n\t\t\t\t\t\t\t\t\t\t\t\t\t\t\n\t\t\n\t\t\t\t\t\t\t\t\t\t\t\t<h4 class=\"fusion-rollover-title\">\n\t\t\t\t\t<a class=\"fusion-rollover-title-link\" href=\"https:\/\/www.sages.ch\/fr\/save-the-date-4e-congres-national-de-sages\/\">\n\t\t\t\t\t\tSave the date : 4e congr\u00e8s national de SAGES\t\t\t\t\t<\/a>\n\t\t\t\t<\/h4>\n\t\t\t\n\t\t\t\t\t\t\t\t\t\t<div class=\"fusion-rollover-categories\"><a href=\"https:\/\/www.sages.ch\/fr\/category\/2025-fr\/\" rel=\"tag\">2025<\/a><\/div>\t\t\t\t\t\n\t\t\n\t\t\t\t\t\t<a class=\"fusion-link-wrapper\" href=\"https:\/\/www.sages.ch\/fr\/save-the-date-4e-congres-national-de-sages\/\" aria-label=\"Save the date : 4e congr\u00e8s national de SAGES\"><\/a>\n\t<\/div>\n<\/div>\n<\/div>\n<\/li>\n\t\t\t\n\t\t\t\n\t\t\t\t\t\t\t\t\t\t\t\t\t\t\t\t\t\t\t\t\t\t\t\t\t\t\t\t\t\t\t\t\t\t\t\t\t\t\t\t\t\t\t\t\t\t\t\t\t\t\t\t\t\t\t\t\t\t\t\t\t\t\t\t\t\t\t\t<\/ul>\n\t<\/div>\n\t<div class=\"fusion-post-content-wrapper\" style=\"padding:30px 25px 20px 25px;\"><div class=\"fusion-post-content post-content\"><h2 class=\"blog-shortcode-post-title entry-title\"><a href=\"https:\/\/www.sages.ch\/fr\/save-the-date-4e-congres-national-de-sages\/\">Save the date : 4e congr\u00e8s national de SAGES<\/a><\/h2><p class=\"fusion-single-line-meta\"><span class=\"vcard\" style=\"display: none;\"><span class=\"fn\"><a href=\"https:\/\/www.sages.ch\/fr\/author\/admin\/\" title=\"Articles par admin\" rel=\"author\">admin<\/a><\/span><\/span><span class=\"updated\" style=\"display:none;\">2025-01-31T15:36:10+01:00<\/span><span>janvier 2025<\/span><span class=\"fusion-inline-sep\">|<\/span><\/p><div class=\"fusion-content-sep sep-single sep-solid\"><\/div><div class=\"fusion-post-content-container\"><p>Nous avons le plaisir de vous inviter au 4\u1d49 congr\u00e8s national de SAGES qui aura lieu le 12 novembre 2025. Sous le th\u00e8me \u00ab Travail social en lien avec la sant\u00e9 : des m\u00e9thodologies au service de pratiques innovantes \u00bb, [...]<\/p><\/div><\/div><\/div><div class=\"fusion-clearfix\"><\/div><\/div>\n<\/article>\n<div class=\"fusion-clearfix\"><\/div><\/div><\/div><\/div><div class=\"nav fusion-mobile-tab-nav\"><ul class=\"nav-tabs nav-justified\" role=\"tablist\"><li role=\"presentation\"><a class=\"tab-link\" data-toggle=\"tab\" role=\"tab\" aria-controls=\"tab-f2ac8f525d99ab28864\" aria-selected=\"false\" tabindex=\"-1\" id=\"mobile-fusion-tab-archive\" href=\"#tab-f2ac8f525d99ab28864\"><h4 class=\"fusion-tab-heading\">Archive<\/h4><\/a><\/li><\/ul><\/div><div class=\"tab-pane fade fusion-clearfix\" role=\"tabpanel\" tabindex=\"0\" aria-labelledby=\"fusion-tab-archive\" id=\"tab-cc49cedf68f9224273d\">\n<div class=\"fusion-blog-shortcode fusion-blog-shortcode-3 fusion-blog-archive fusion-blog-layout-grid-wrapper fusion-blog-no\"><style type=\"text\/css\">.fusion-blog-shortcode-3 .fusion-blog-layout-grid .fusion-post-grid{padding:12.5px;}.fusion-blog-shortcode-3 .fusion-posts-container{margin-left: -12.5px !important; margin-right:-12.5px !important;}<\/style><div class=\"fusion-posts-container fusion-posts-container-no fusion-blog-rollover fusion-blog-layout-grid fusion-blog-layout-grid-3 isotope\" data-pages=\"0\" data-grid-col-space=\"25\" style=\"margin: -12.5px -12.5px 0;min-height:500px;\"><article id=\"blog-3-post-9636\" class=\"fusion-post-grid post-9636 post type-post status-publish format-standard hentry category-2024-fr category-2024-fr-2 category-aktuell-fr\">\n<div class=\"fusion-post-wrapper\" style=\"background-color:rgba(247,247,247,1);border:1px solid #ffffff;border-bottom-width:3px;\">\n\n<div class=\"fusion-post-content-wrapper\" style=\"padding:30px 25px 20px 25px;\"><div class=\"fusion-post-content post-content\"><h2 class=\"blog-shortcode-post-title entry-title\"><a href=\"https:\/\/www.sages.ch\/fr\/travail-social-dans-la-promotion-de-la-sante-et-la-prevention-lancement-dun-groupe-de-travail\/\">Travail social dans la promotion de la sant\u00e9 et la pr\u00e9vention \u2013 lancement d\u2019un groupe de travail<\/a><\/h2><p class=\"fusion-single-line-meta\"><span class=\"vcard\" style=\"display: none;\"><span class=\"fn\"><a href=\"https:\/\/www.sages.ch\/fr\/author\/admin\/\" title=\"Articles par admin\" rel=\"author\">admin<\/a><\/span><\/span><span class=\"updated\" style=\"display:none;\">2024-12-06T09:28:09+01:00<\/span><span>d\u00e9cembre 2024<\/span><span class=\"fusion-inline-sep\">|<\/span><\/p><div class=\"fusion-content-sep sep-single sep-solid\"><\/div><div class=\"fusion-post-content-container\"><p>Nous cherchons des travailleurs\u00b7euses sociaux\u00b7ales int\u00e9ress\u00e9\u00b7e\u00b7s qui travaillent (aussi) dans la promotion de la sant\u00e9 et de la pr\u00e9vention. Cela peut se faire dans le domaine de la sant\u00e9 ou en dehors. Ensemble, nous voulons r\u00e9fl\u00e9chir aux t\u00e2ches et objectifs [...]<\/p><\/div><\/div><\/div><div class=\"fusion-clearfix\"><\/div><\/div>\n<\/article>\n<article id=\"blog-3-post-9130\" class=\"fusion-post-grid post-9130 post type-post status-publish format-standard hentry category-2024-fr category-2024-fr-2 category-aktuell-fr\">\n<div class=\"fusion-post-wrapper\" style=\"background-color:rgba(247,247,247,1);border:1px solid #ffffff;border-bottom-width:3px;\">\n\n<div class=\"fusion-post-content-wrapper\" style=\"padding:30px 25px 20px 25px;\"><div class=\"fusion-post-content post-content\"><h2 class=\"blog-shortcode-post-title entry-title\"><a href=\"https:\/\/www.sages.ch\/fr\/semaine-daction-pour-la-securite-des-patients-2024\/\">Semaine d\u2019action pour la s\u00e9curit\u00e9 des patients 2024<\/a><\/h2><p class=\"fusion-single-line-meta\"><span class=\"vcard\" style=\"display: none;\"><span class=\"fn\"><a href=\"https:\/\/www.sages.ch\/fr\/author\/admin\/\" title=\"Articles par admin\" rel=\"author\">admin<\/a><\/span><\/span><span class=\"updated\" style=\"display:none;\">2024-08-16T07:44:27+02:00<\/span><span>ao\u00fbt 2024<\/span><span class=\"fusion-inline-sep\">|<\/span><\/p><div class=\"fusion-content-sep sep-single sep-solid\"><\/div><div class=\"fusion-post-content-container\"><p>La \u00ab\u00a0semaine d\u2019action pour la s\u00e9curit\u00e9 des patients\u00a0\u00bb aura lieu cette ann\u00e9e du 16 au 20 septembre 2024 sous le slogan \u00ab\u00a0Diagnostic. Une affaire d\u2019\u00e9quipe.\u00a0\u00bb. Un diagnostic ne rel\u00e8ve pas uniquement de la responsabilit\u00e9 d'un\u00b7e seul\u00b7e professionnel\u00b7le. Il faut plut\u00f4t [...]<\/p><\/div><\/div><\/div><div class=\"fusion-clearfix\"><\/div><\/div>\n<\/article>\n<article id=\"blog-3-post-9002\" class=\"fusion-post-grid post-9002 post type-post status-publish format-standard hentry category-2024-fr category-2024-fr-2 category-aktuell-fr\">\n<div class=\"fusion-post-wrapper\" style=\"background-color:rgba(247,247,247,1);border:1px solid #ffffff;border-bottom-width:3px;\">\n\n<div class=\"fusion-post-content-wrapper\" style=\"padding:30px 25px 20px 25px;\"><div class=\"fusion-post-content post-content\"><h2 class=\"blog-shortcode-post-title entry-title\"><a href=\"https:\/\/www.sages.ch\/fr\/sages-informations-devenements\/\">SAGES-Informations d&rsquo;\u00e9v\u00e9nements<\/a><\/h2><p class=\"fusion-single-line-meta\"><span class=\"vcard\" style=\"display: none;\"><span class=\"fn\"><a href=\"https:\/\/www.sages.ch\/fr\/author\/admin\/\" title=\"Articles par admin\" rel=\"author\">admin<\/a><\/span><\/span><span class=\"updated\" style=\"display:none;\">2024-06-21T16:09:48+02:00<\/span><span>juin 2024<\/span><span class=\"fusion-inline-sep\">|<\/span><\/p><div class=\"fusion-content-sep sep-single sep-solid\"><\/div><div class=\"fusion-post-content-container\"><p>5e Colloque national sp\u00e9cialis\u00e9 GERONTOLOGIE CH \u00abTechnologies pour la qualit\u00e9 de vie dans le vieillissement: un tour d\u2019horizon interprofessionnel\u00bb Quand : Jeudi 5 septembre 2024 Lieu : H\u00f4tel National, Berne Les nouvelles technologies marquent de plus en plus notre quotidien. [...]<\/p><\/div><\/div><\/div><div class=\"fusion-clearfix\"><\/div><\/div>\n<\/article>\n<article id=\"blog-3-post-8913\" class=\"fusion-post-grid post-8913 post type-post status-publish format-standard hentry category-2024-fr category-2024-fr-2 category-aktuell-fr\">\n<div class=\"fusion-post-wrapper\" style=\"background-color:rgba(247,247,247,1);border:1px solid #ffffff;border-bottom-width:3px;\">\n\n<div class=\"fusion-post-content-wrapper\" style=\"padding:30px 25px 20px 25px;\"><div class=\"fusion-post-content post-content\"><h2 class=\"blog-shortcode-post-title entry-title\"><a href=\"https:\/\/www.sages.ch\/fr\/une-proposition-courageuse-pour-le-retablissement-du-systeme-de-sante\/\">Une proposition courageuse pour le r\u00e9tablissement du syst\u00e8me de sant\u00e9<\/a><\/h2><p class=\"fusion-single-line-meta\"><span class=\"vcard\" style=\"display: none;\"><span class=\"fn\"><a href=\"https:\/\/www.sages.ch\/fr\/author\/admin\/\" title=\"Articles par admin\" rel=\"author\">admin<\/a><\/span><\/span><span class=\"updated\" style=\"display:none;\">2024-05-31T13:59:08+02:00<\/span><span>mai 2024<\/span><span class=\"fusion-inline-sep\">|<\/span><\/p><div class=\"fusion-content-sep sep-single sep-solid\"><\/div><div class=\"fusion-post-content-container\"><p>Une proposition courageuse pour le r\u00e9tablissement du syst\u00e8me de sant\u00e9 Dans sa prise de position r\u00e9cemment publi\u00e9e, l'Acad\u00e9mie Suisse des sciences m\u00e9dicales (ASSM) reprend l'id\u00e9e d'une loi f\u00e9d\u00e9rale sur la sant\u00e9. Elle propose comme base un article sur la sant\u00e9 [...]<\/p><\/div><\/div><\/div><div class=\"fusion-clearfix\"><\/div><\/div>\n<\/article>\n<article id=\"blog-3-post-8887\" class=\"fusion-post-grid post-8887 post type-post status-publish format-standard hentry category-2024-fr-2 category-2024-fr category-aktuell-fr\">\n<div class=\"fusion-post-wrapper\" style=\"background-color:rgba(247,247,247,1);border:1px solid #ffffff;border-bottom-width:3px;\">\n\n<div class=\"fusion-post-content-wrapper\" style=\"padding:30px 25px 20px 25px;\"><div class=\"fusion-post-content post-content\"><h2 class=\"blog-shortcode-post-title entry-title\"><a href=\"https:\/\/www.sages.ch\/fr\/enquete-dans-le-cadre-de-letude-situation-du-personnel-qualifie-dans-le-domaine-social\/\">Enqu\u00eate dans le cadre de l\u2019\u00e9tude \u00ab Situation du personnel qualifi\u00e9 dans le domaine social \u00bb<\/a><\/h2><p class=\"fusion-single-line-meta\"><span class=\"vcard\" style=\"display: none;\"><span class=\"fn\"><a href=\"https:\/\/www.sages.ch\/fr\/author\/admin\/\" title=\"Articles par admin\" rel=\"author\">admin<\/a><\/span><\/span><span class=\"updated\" style=\"display:none;\">2024-05-24T15:50:46+02:00<\/span><span>mai 2024<\/span><span class=\"fusion-inline-sep\">|<\/span><\/p><div class=\"fusion-content-sep sep-single sep-solid\"><\/div><div class=\"fusion-post-content-container\"><p>SAVOIRSOCIAL\u00a0et\u00a0SASSA, deux associations nationales qui s\u2019engagent en faveur des formations dans le domaine social, ont mandat\u00e9 l\u2019\u00e9tude \u00ab\u00a0Personnel qualifi\u00e9 dans le domaine social 2024\u00a0\u00bb. Elle est r\u00e9alis\u00e9e par le centre de comp\u00e9tences pour la recherche et le conseil Interface. L\u2019enqu\u00eate [...]<\/p><\/div><\/div><\/div><div class=\"fusion-clearfix\"><\/div><\/div>\n<\/article>\n<article id=\"blog-3-post-8815\" class=\"fusion-post-grid post-8815 post type-post status-publish format-standard hentry category-2024-fr category-2024-fr-2 category-aktuell-fr\">\n<div class=\"fusion-post-wrapper\" style=\"background-color:rgba(247,247,247,1);border:1px solid #ffffff;border-bottom-width:3px;\">\n\n<div class=\"fusion-post-content-wrapper\" style=\"padding:30px 25px 20px 25px;\"><div class=\"fusion-post-content post-content\"><h2 class=\"blog-shortcode-post-title entry-title\"><a href=\"https:\/\/www.sages.ch\/fr\/travail-social-dans-les-soins-palliatifs-lancement-dun-groupe-de-travail\/\">Travail social dans les soins palliatifs &#8211; lancement d&rsquo;un groupe de travail<\/a><\/h2><p class=\"fusion-single-line-meta\"><span class=\"vcard\" style=\"display: none;\"><span class=\"fn\"><a href=\"https:\/\/www.sages.ch\/fr\/author\/admin\/\" title=\"Articles par admin\" rel=\"author\">admin<\/a><\/span><\/span><span class=\"updated\" style=\"display:none;\">2024-05-17T10:54:06+02:00<\/span><span>mai 2024<\/span><span class=\"fusion-inline-sep\">|<\/span><\/p><div class=\"fusion-content-sep sep-single sep-solid\"><\/div><div class=\"fusion-post-content-container\"><p>SAGES donne une voix au travail social en lien avec la sant\u00e9 ! Nous cherchons des professionnels-le-s du travail social int\u00e9ress\u00e9s qui travaillent dans le domaine des soins palliatifs ou \u00e0 l'interface avec les soins palliatifs. Avec vous, nous voulons [...]<\/p><\/div><\/div><\/div><div class=\"fusion-clearfix\"><\/div><\/div>\n<\/article>\n<article id=\"blog-3-post-8804\" class=\"fusion-post-grid post-8804 post type-post status-publish format-standard hentry category-2024-fr category-2024-fr-2 category-aktuell-fr\">\n<div class=\"fusion-post-wrapper\" style=\"background-color:rgba(247,247,247,1);border:1px solid #ffffff;border-bottom-width:3px;\">\n\n<div class=\"fusion-post-content-wrapper\" style=\"padding:30px 25px 20px 25px;\"><div class=\"fusion-post-content post-content\"><h2 class=\"blog-shortcode-post-title entry-title\"><a href=\"https:\/\/www.sages.ch\/fr\/approbation-de-la-strategie-de-sages-lors-de-la-7e-assemblee-generale-de-sages\/\">Approbation de la strat\u00e9gie de SAGES lors de la 7e assembl\u00e9e g\u00e9n\u00e9rale de SAGES :<\/a><\/h2><p class=\"fusion-single-line-meta\"><span class=\"vcard\" style=\"display: none;\"><span class=\"fn\"><a href=\"https:\/\/www.sages.ch\/fr\/author\/admin\/\" title=\"Articles par admin\" rel=\"author\">admin<\/a><\/span><\/span><span class=\"updated\" style=\"display:none;\">2024-05-17T09:55:52+02:00<\/span><span>mai 2024<\/span><span class=\"fusion-inline-sep\">|<\/span><\/p><div class=\"fusion-content-sep sep-single sep-solid\"><\/div><div class=\"fusion-post-content-container\"><p>La 7e assembl\u00e9e g\u00e9n\u00e9rale de SAGES a eu lieu fin avril \u00e0 la Fachhochschule Nordwestschweiz (FHNW) \u00e0 Olten. L'\u00e9v\u00e9nement a de nouveau \u00e9t\u00e9 organis\u00e9 de mani\u00e8re hybride et bilingue. Outre les affaires statutaires, marqu\u00e9es par la r\u00e9trospective annuelle, les finances [...]<\/p><\/div><\/div><\/div><div class=\"fusion-clearfix\"><\/div><\/div>\n<\/article>\n<article id=\"blog-3-post-8755\" class=\"fusion-post-grid post-8755 post type-post status-publish format-standard hentry category-2024-fr category-2024-fr-2 category-aktuell-fr\">\n<div class=\"fusion-post-wrapper\" style=\"background-color:rgba(247,247,247,1);border:1px solid #ffffff;border-bottom-width:3px;\">\n\n<div class=\"fusion-post-content-wrapper\" style=\"padding:30px 25px 20px 25px;\"><div class=\"fusion-post-content post-content\"><h2 class=\"blog-shortcode-post-title entry-title\"><a href=\"https:\/\/www.sages.ch\/fr\/etude-qualitative-par-interview-sante-et-social\/\">\u00c9tude qualitative par interview : sant\u00e9 et social<\/a><\/h2><p class=\"fusion-single-line-meta\"><span class=\"vcard\" style=\"display: none;\"><span class=\"fn\"><a href=\"https:\/\/www.sages.ch\/fr\/author\/admin\/\" title=\"Articles par admin\" rel=\"author\">admin<\/a><\/span><\/span><span class=\"updated\" style=\"display:none;\">2024-04-29T08:45:45+02:00<\/span><span>avril 2024<\/span><span class=\"fusion-inline-sep\">|<\/span><\/p><div class=\"fusion-content-sep sep-single sep-solid\"><\/div><div class=\"fusion-post-content-container\"><p>C'est avec plaisir que notre association professionnelle attire l'attention sur l'\u00e9tude de Careum sur les \u00ab D\u00e9fis et opportunit\u00e9s des aspects sociaux dans le syst\u00e8me de sant\u00e9 en tenant particuli\u00e8rement compte de la formation et de la collaboration interprofessionnelles \u00bb. [...]<\/p><\/div><\/div><\/div><div class=\"fusion-clearfix\"><\/div><\/div>\n<\/article>\n<article id=\"blog-3-post-8619\" class=\"fusion-post-grid post-8619 post type-post status-publish format-standard hentry category-2024-fr-2 category-2024-fr category-aktuell-fr\">\n<div class=\"fusion-post-wrapper\" style=\"background-color:rgba(247,247,247,1);border:1px solid #ffffff;border-bottom-width:3px;\">\n\n<div class=\"fusion-post-content-wrapper\" style=\"padding:30px 25px 20px 25px;\"><div class=\"fusion-post-content post-content\"><h2 class=\"blog-shortcode-post-title entry-title\"><a href=\"https:\/\/www.sages.ch\/fr\/la-journee-des-malades-renforcer-la-confiance\/\">La Journ\u00e9e des malades \u00ab\u00a0Renforcer la confiance\u00a0\u00bb<\/a><\/h2><p class=\"fusion-single-line-meta\"><span class=\"vcard\" style=\"display: none;\"><span class=\"fn\"><a href=\"https:\/\/www.sages.ch\/fr\/author\/admin\/\" title=\"Articles par admin\" rel=\"author\">admin<\/a><\/span><\/span><span class=\"updated\" style=\"display:none;\">2024-03-01T09:09:09+01:00<\/span><span>mars 2024<\/span><span class=\"fusion-inline-sep\">|<\/span><\/p><div class=\"fusion-content-sep sep-single sep-solid\"><\/div><div class=\"fusion-post-content-container\"><p>Depuis 85 ans et avec d\u00e9sormais 38 organisations responsables, dont SAGES en fait partie, la Journ\u00e9e des malades donne chaque ann\u00e9e, le premier dimanche de mars, un signal en faveur des personnes malades et handicap\u00e9es en Suisse, en collaboration avec [...]<\/p><\/div><\/div><\/div><div class=\"fusion-clearfix\"><\/div><\/div>\n<\/article>\n<article id=\"blog-3-post-8487\" class=\"fusion-post-grid post-8487 post type-post status-publish format-standard hentry category-2024-fr category-2024-fr-2 category-aktuell-fr\">\n<div class=\"fusion-post-wrapper\" style=\"background-color:rgba(247,247,247,1);border:1px solid #ffffff;border-bottom-width:3px;\">\n\n<div class=\"fusion-post-content-wrapper\" style=\"padding:30px 25px 20px 25px;\"><div class=\"fusion-post-content post-content\"><h2 class=\"blog-shortcode-post-title entry-title\"><a href=\"https:\/\/www.sages.ch\/fr\/damit-die-soziale-dimension-in-der-suchthilfe-und-suchtpraevention-nicht-ins-abseits-geraet\/\">Pour que la dimension sociale dans l&rsquo;aide et la pr\u00e9vention des d\u00e9pendances ne soit pas mise \u00e0 l&rsquo;\u00e9cart<\/a><\/h2><p class=\"fusion-single-line-meta\"><span class=\"vcard\" style=\"display: none;\"><span class=\"fn\"><a href=\"https:\/\/www.sages.ch\/fr\/author\/admin\/\" title=\"Articles par admin\" rel=\"author\">admin<\/a><\/span><\/span><span class=\"updated\" style=\"display:none;\">2024-01-19T09:46:23+01:00<\/span><span>janvier 2024<\/span><span class=\"fusion-inline-sep\">|<\/span><\/p><div class=\"fusion-content-sep sep-single sep-solid\"><\/div><div class=\"fusion-post-content-container\"><p>Les recommandations pour le travail social dans l'aide et la pr\u00e9vention des d\u00e9pendances, publi\u00e9es au nom de la Haute \u00e9cole de travail social FHNW, d'AvenirSocial, de l'Association professionnelle suisse du travail social, du Fachverband Sucht et de l'Association suisse des [...]<\/p><\/div><\/div><\/div><div class=\"fusion-clearfix\"><\/div><\/div>\n<\/article>\n<article id=\"blog-3-post-8476\" class=\"fusion-post-grid post-8476 post type-post status-publish format-standard hentry category-2024-fr category-aktuell-fr\">\n<div class=\"fusion-post-wrapper\" style=\"background-color:rgba(247,247,247,1);border:1px solid #ffffff;border-bottom-width:3px;\">\n\n<div class=\"fusion-post-content-wrapper\" style=\"padding:30px 25px 20px 25px;\"><div class=\"fusion-post-content post-content\"><h2 class=\"blog-shortcode-post-title entry-title\"><a href=\"https:\/\/www.sages.ch\/fr\/participation-de-sages-a-la-procedure-de-consultation-de-la-strategie-partielle-des-soins-integres-du-canton-de-berne\/\">Participation de SAGES \u00e0 la proc\u00e9dure de consultation de la \u00ab\u00a0Strat\u00e9gie partielle des soins int\u00e9gr\u00e9s\u00a0\u00bb du canton de Berne<\/a><\/h2><p class=\"fusion-single-line-meta\"><span class=\"vcard\" style=\"display: none;\"><span class=\"fn\"><a href=\"https:\/\/www.sages.ch\/fr\/author\/admin\/\" title=\"Articles par admin\" rel=\"author\">admin<\/a><\/span><\/span><span class=\"updated\" style=\"display:none;\">2024-02-02T11:42:52+01:00<\/span><span>janvier 2024<\/span><span class=\"fusion-inline-sep\">|<\/span><\/p><div class=\"fusion-content-sep sep-single sep-solid\"><\/div><div class=\"fusion-post-content-container\"><p>Le canton de Berne dispose d'une premi\u00e8re strat\u00e9gie exhaustive en mati\u00e8re de sant\u00e9. Elle montre comment se pr\u00e9sente actuellement le domaine de la sant\u00e9 dans le canton de Berne avec ses forces, ses faiblesses, ses chances et ses risques. La [...]<\/p><\/div><\/div><\/div><div class=\"fusion-clearfix\"><\/div><\/div>\n<\/article>\n<article id=\"blog-3-post-8417\" class=\"fusion-post-grid post-8417 post type-post status-publish format-standard hentry category-2023-fr\">\n<div class=\"fusion-post-wrapper\" style=\"background-color:rgba(247,247,247,1);border:1px solid #ffffff;border-bottom-width:3px;\">\n\n<div class=\"fusion-post-content-wrapper\" style=\"padding:30px 25px 20px 25px;\"><div class=\"fusion-post-content post-content\"><h2 class=\"blog-shortcode-post-title entry-title\"><a href=\"https:\/\/www.sages.ch\/fr\/nouvelle-commission-specialisee-au-sein-de-la-societe-suisse-de-travail-social-ssst\/\">Nouvelle commission sp\u00e9cialis\u00e9e au sein de la Soci\u00e9t\u00e9 Suisse de Travail Social (SSST)<\/a><\/h2><p class=\"fusion-single-line-meta\"><span class=\"vcard\" style=\"display: none;\"><span class=\"fn\"><a href=\"https:\/\/www.sages.ch\/fr\/author\/admin\/\" title=\"Articles par admin\" rel=\"author\">admin<\/a><\/span><\/span><span class=\"updated\" style=\"display:none;\">2023-12-08T13:02:42+01:00<\/span><span>d\u00e9cembre 2023<\/span><span class=\"fusion-inline-sep\">|<\/span><\/p><div class=\"fusion-content-sep sep-single sep-solid\"><\/div><div class=\"fusion-post-content-container\"><p>SAGES a intensifi\u00e9 sa collaboration avec les hautes \u00e9coles sp\u00e9cialis\u00e9es de la Suisse al\u00e9manique et de la Suisse romande et a cr\u00e9\u00e9 un groupe de travail compos\u00e9 de repr\u00e9sentant\u00b7e\u00b7s des hautes \u00e9coles sp\u00e9cialis\u00e9es et de SAGES. Nous sommes tr\u00e8s heureux [...]<\/p><\/div><\/div><\/div><div class=\"fusion-clearfix\"><\/div><\/div>\n<\/article>\n<article id=\"blog-3-post-8269\" class=\"fusion-post-grid post-8269 post type-post status-publish format-standard has-post-thumbnail hentry category-2023-fr\">\n<div class=\"fusion-post-wrapper\" style=\"background-color:rgba(247,247,247,1);border:1px solid #ffffff;border-bottom-width:3px;\">\n\n\t\t\t<div class=\"fusion-flexslider flexslider fusion-flexslider-loading fusion-post-slideshow\" style=\"border-color:#ffffff;\">\n\t\t<ul class=\"slides\">\n\t\t\t\n\t\t\t\t\t\t\t\t\t\t\t\t\t\t<li><div  class=\"fusion-image-wrapper\" aria-haspopup=\"true\">\n\t\t\t\t<img decoding=\"async\" width=\"2560\" height=\"1134\" src=\"https:\/\/www.sages.ch\/wp-content\/uploads\/2023\/11\/SAGES-Fachtagung-scaled.jpg\" class=\"attachment-full size-full wp-post-image\" alt=\"\" srcset=\"https:\/\/www.sages.ch\/wp-content\/uploads\/2023\/11\/SAGES-Fachtagung-200x89.jpg 200w, https:\/\/www.sages.ch\/wp-content\/uploads\/2023\/11\/SAGES-Fachtagung-400x177.jpg 400w, https:\/\/www.sages.ch\/wp-content\/uploads\/2023\/11\/SAGES-Fachtagung-600x266.jpg 600w, https:\/\/www.sages.ch\/wp-content\/uploads\/2023\/11\/SAGES-Fachtagung-800x354.jpg 800w, https:\/\/www.sages.ch\/wp-content\/uploads\/2023\/11\/SAGES-Fachtagung-1200x532.jpg 1200w, https:\/\/www.sages.ch\/wp-content\/uploads\/2023\/11\/SAGES-Fachtagung-scaled.jpg 2560w\" sizes=\"(min-width: 2200px) 100vw, (min-width: 784px) 370px, (min-width: 712px) 555px, (min-width: 640px) 712px, \" \/><div class=\"fusion-rollover\">\n\t<div class=\"fusion-rollover-content\">\n\n\t\t\t\t\t\t\t\t\t\t\t\t\t\t<a class=\"fusion-rollover-link\" href=\"https:\/\/www.sages.ch\/fr\/un-succes-pour-le-3e-congres-national-sages\/\">Un succ\u00e8s pour le 3e congr\u00e8s national SAGES<\/a>\n\t\t\t\n\t\t\t\t\t\t\t\t\t\t\t\t\t\t\n\t\t\t\t\t\t\t\t\n\t\t\t\t\t\t\t\t\t\t\t\t\t<div class=\"fusion-rollover-sep\"><\/div>\n\t\t\t\t\n\t\t\t\t\t\t\t\t\t\t\t\t\t\t\t\t\t\t<a class=\"fusion-rollover-gallery\" href=\"https:\/\/www.sages.ch\/wp-content\/uploads\/2023\/11\/SAGES-Fachtagung-scaled.jpg\" data-options=\"\" data-id=\"8269\" data-rel=\"iLightbox\" data-title=\"SAGES Fachtagung\" data-caption=\"\">\n\t\t\t\t\t\tGalerie\t\t\t\t\t<\/a>\n\t\t\t\t\t\t\t\t\t\t\t\t\t\t\n\t\t\n\t\t\t\t\t\t\t\t\t\t\t\t<h4 class=\"fusion-rollover-title\">\n\t\t\t\t\t<a class=\"fusion-rollover-title-link\" href=\"https:\/\/www.sages.ch\/fr\/un-succes-pour-le-3e-congres-national-sages\/\">\n\t\t\t\t\t\tUn succ\u00e8s pour le 3e congr\u00e8s national SAGES\t\t\t\t\t<\/a>\n\t\t\t\t<\/h4>\n\t\t\t\n\t\t\t\t\t\t\t\t\t\t<div class=\"fusion-rollover-categories\"><a href=\"https:\/\/www.sages.ch\/fr\/category\/2023-fr\/\" rel=\"tag\">2023<\/a><\/div>\t\t\t\t\t\n\t\t\n\t\t\t\t\t\t<a class=\"fusion-link-wrapper\" href=\"https:\/\/www.sages.ch\/fr\/un-succes-pour-le-3e-congres-national-sages\/\" aria-label=\"Un succ\u00e8s pour le 3e congr\u00e8s national SAGES\"><\/a>\n\t<\/div>\n<\/div>\n<\/div>\n<\/li>\n\t\t\t\n\t\t\t\n\t\t\t\t\t\t\t\t\t\t\t\t\t\t\t\t\t\t\t\t\t\t\t\t\t\t\t\t\t\t\t\t\t\t\t\t\t\t\t\t\t\t\t\t\t\t\t\t\t\t\t\t\t\t\t\t\t\t\t\t\t\t\t\t\t\t\t\t<\/ul>\n\t<\/div>\n\t<div class=\"fusion-post-content-wrapper\" style=\"padding:30px 25px 20px 25px;\"><div class=\"fusion-post-content post-content\"><h2 class=\"blog-shortcode-post-title entry-title\"><a href=\"https:\/\/www.sages.ch\/fr\/un-succes-pour-le-3e-congres-national-sages\/\">Un succ\u00e8s pour le 3e congr\u00e8s national SAGES<\/a><\/h2><p class=\"fusion-single-line-meta\"><span class=\"vcard\" style=\"display: none;\"><span class=\"fn\"><a href=\"https:\/\/www.sages.ch\/fr\/author\/admin\/\" title=\"Articles par admin\" rel=\"author\">admin<\/a><\/span><\/span><span class=\"updated\" style=\"display:none;\">2023-11-17T12:28:13+01:00<\/span><span>novembre 2023<\/span><span class=\"fusion-inline-sep\">|<\/span><\/p><div class=\"fusion-content-sep sep-single sep-solid\"><\/div><div class=\"fusion-post-content-container\"><p>Pr\u00e8s de 200 personnes int\u00e9ress\u00e9es se sont r\u00e9unies le 15 novembre 2023 \u00e0 Olten pour le 3e congr\u00e8s national de SAGES, dont la th\u00e9matique \u00e9tait consacr\u00e9e au r\u00f4le et aux t\u00e2ches du travail social au sein des soins int\u00e9gr\u00e9s. Outre [...]<\/p><\/div><\/div><\/div><div class=\"fusion-clearfix\"><\/div><\/div>\n<\/article>\n<article id=\"blog-3-post-7876\" class=\"fusion-post-grid post-7876 post type-post status-publish format-standard hentry category-2023-fr\">\n<div class=\"fusion-post-wrapper\" style=\"background-color:rgba(247,247,247,1);border:1px solid #ffffff;border-bottom-width:3px;\">\n\n<div class=\"fusion-post-content-wrapper\" style=\"padding:30px 25px 20px 25px;\"><div class=\"fusion-post-content post-content\"><h2 class=\"blog-shortcode-post-title entry-title\"><a href=\"https:\/\/www.sages.ch\/fr\/le-programme-du-congres-national-sages-est-la\/\">Le programme du congr\u00e8s national SAGES est l\u00e0 !<\/a><\/h2><p class=\"fusion-single-line-meta\"><span class=\"vcard\" style=\"display: none;\"><span class=\"fn\"><a href=\"https:\/\/www.sages.ch\/fr\/author\/admin\/\" title=\"Articles par admin\" rel=\"author\">admin<\/a><\/span><\/span><span class=\"updated\" style=\"display:none;\">2023-09-15T15:46:05+02:00<\/span><span>ao\u00fbt 2023<\/span><span class=\"fusion-inline-sep\">|<\/span><\/p><div class=\"fusion-content-sep sep-single sep-solid\"><\/div><div class=\"fusion-post-content-container\"><p>Le programme du 3e congr\u00e8s national SAGES est pr\u00eat. Nous avons le plaisir de te pr\u00e9senter un choix vari\u00e9 et passionnant d'expos\u00e9s et d'ateliers. Les membres SAGES b\u00e9n\u00e9ficient de conditions pr\u00e9f\u00e9rentielles. \u203a Programme \u203a Inscription<\/p><\/div><\/div><\/div><div class=\"fusion-clearfix\"><\/div><\/div>\n<\/article>\n<article id=\"blog-3-post-7852\" class=\"fusion-post-grid post-7852 post type-post status-publish format-standard hentry category-2023-fr category-non-classifiee\">\n<div class=\"fusion-post-wrapper\" style=\"background-color:rgba(247,247,247,1);border:1px solid #ffffff;border-bottom-width:3px;\">\n\n<div class=\"fusion-post-content-wrapper\" style=\"padding:30px 25px 20px 25px;\"><div class=\"fusion-post-content post-content\"><h2 class=\"blog-shortcode-post-title entry-title\"><a href=\"https:\/\/www.sages.ch\/fr\/quest-ce-que-la-mad-pride\/\">Mad Pride 2023<\/a><\/h2><p class=\"fusion-single-line-meta\"><span class=\"vcard\" style=\"display: none;\"><span class=\"fn\"><a href=\"https:\/\/www.sages.ch\/fr\/author\/admin\/\" title=\"Articles par admin\" rel=\"author\">admin<\/a><\/span><\/span><span class=\"updated\" style=\"display:none;\">2023-08-18T15:16:12+02:00<\/span><span>ao\u00fbt 2023<\/span><span class=\"fusion-inline-sep\">|<\/span><\/p><div class=\"fusion-content-sep sep-single sep-solid\"><\/div><div class=\"fusion-post-content-container\"><p>La Mad Pride a vu le jour en 1993 \u00e0 Toronto en r\u00e9ponse aux pr\u00e9jug\u00e9s et discriminations envers les personnes souffrant d\u2018une maladie psychique. Depuis lors, la Mad Pride se d\u00e9roule dans de nombreux pays \u2013 pour la 1\u00e8re fois [...]<\/p><\/div><\/div><\/div><div class=\"fusion-clearfix\"><\/div><\/div>\n<\/article>\n<article id=\"blog-3-post-7833\" class=\"fusion-post-grid post-7833 post type-post status-publish format-standard hentry category-2023-fr\">\n<div class=\"fusion-post-wrapper\" style=\"background-color:rgba(247,247,247,1);border:1px solid #ffffff;border-bottom-width:3px;\">\n\n<div class=\"fusion-post-content-wrapper\" style=\"padding:30px 25px 20px 25px;\"><div class=\"fusion-post-content post-content\"><h2 class=\"blog-shortcode-post-title entry-title\"><a href=\"https:\/\/www.sages.ch\/fr\/7833\/\">Coop\u00e9ration entre les professionnel-le-s des soins et du travail social<\/a><\/h2><p class=\"fusion-single-line-meta\"><span class=\"vcard\" style=\"display: none;\"><span class=\"fn\"><a href=\"https:\/\/www.sages.ch\/fr\/author\/admin\/\" title=\"Articles par admin\" rel=\"author\">admin<\/a><\/span><\/span><span class=\"updated\" style=\"display:none;\">2023-08-11T16:40:50+02:00<\/span><span>ao\u00fbt 2023<\/span><span class=\"fusion-inline-sep\">|<\/span><\/p><div class=\"fusion-content-sep sep-single sep-solid\"><\/div><div class=\"fusion-post-content-container\"><p>Dans leur travail, les collaborateurs des services d'aide et de soins \u00e0 domicile sont souvent confront\u00e9s aux probl\u00e8mes sociaux de leurs client-e-s. Leur traitement n\u00e9cessite de nouvelles formes de collaboration. Une \u00e9tude de la Haute \u00e9cole sp\u00e9cialis\u00e9e bernoise BFH, dirig\u00e9e [...]<\/p><\/div><\/div><\/div><div class=\"fusion-clearfix\"><\/div><\/div>\n<\/article>\n<article id=\"blog-3-post-7799\" class=\"fusion-post-grid post-7799 post type-post status-publish format-standard hentry category-2023-fr\">\n<div class=\"fusion-post-wrapper\" style=\"background-color:rgba(247,247,247,1);border:1px solid #ffffff;border-bottom-width:3px;\">\n\n<div class=\"fusion-post-content-wrapper\" style=\"padding:30px 25px 20px 25px;\"><div class=\"fusion-post-content post-content\"><h2 class=\"blog-shortcode-post-title entry-title\"><a href=\"https:\/\/www.sages.ch\/fr\/sages-maintenant-aussi-sur-instagram\/\">SAGES maintenant aussi sur Instagram<\/a><\/h2><p class=\"fusion-single-line-meta\"><span class=\"vcard\" style=\"display: none;\"><span class=\"fn\"><a href=\"https:\/\/www.sages.ch\/fr\/author\/admin\/\" title=\"Articles par admin\" rel=\"author\">admin<\/a><\/span><\/span><span class=\"updated\" style=\"display:none;\">2023-07-21T12:11:48+02:00<\/span><span>juillet 2023<\/span><span class=\"fusion-inline-sep\">|<\/span><\/p><div class=\"fusion-content-sep sep-single sep-solid\"><\/div><div class=\"fusion-post-content-container\"><p>Suis-nous sur Instagram \u00absages.ch\u00bb\u00a0et reste toujours au courant de l'actualit\u00e9. Nous t'invitons \u00e0 commenter, \u00e0 \"liker\" et \u00e0 partager nos posts. Aide-nous \u00e0 repr\u00e9senter et \u00e0 faire ainsi conna\u00eetre davantage le travail social en lien avec la sant\u00e9 sur les [...]<\/p><\/div><\/div><\/div><div class=\"fusion-clearfix\"><\/div><\/div>\n<\/article>\n<article id=\"blog-3-post-7769\" class=\"fusion-post-grid post-7769 post type-post status-publish format-standard hentry category-2023-fr category-non-classifiee\">\n<div class=\"fusion-post-wrapper\" style=\"background-color:rgba(247,247,247,1);border:1px solid #ffffff;border-bottom-width:3px;\">\n\n<div class=\"fusion-post-content-wrapper\" style=\"padding:30px 25px 20px 25px;\"><div class=\"fusion-post-content post-content\"><h2 class=\"blog-shortcode-post-title entry-title\"><a href=\"https:\/\/www.sages.ch\/fr\/inscrivez-vous-maintenant-3e-congres-national-de-sages-soins-integres-role-et-missions-du-travail-social\/\">Inscrivez-vous maintenant : 3e congr\u00e8s national de SAGES : \u00abSoins int\u00e9gr\u00e9s : r\u00f4le et missions du travail social\u00bb<\/a><\/h2><p class=\"fusion-single-line-meta\"><span class=\"vcard\" style=\"display: none;\"><span class=\"fn\"><a href=\"https:\/\/www.sages.ch\/fr\/author\/admin\/\" title=\"Articles par admin\" rel=\"author\">admin<\/a><\/span><\/span><span class=\"updated\" style=\"display:none;\">2023-07-14T14:15:08+02:00<\/span><span>juillet 2023<\/span><span class=\"fusion-inline-sep\">|<\/span><\/p><div class=\"fusion-content-sep sep-single sep-solid\"><\/div><div class=\"fusion-post-content-container\"><p>Le moment est venu, vous pouvez d\u00e8s \u00e0 pr\u00e9sent vous inscrire au 3\u00e8me congr\u00e8s national de SAGES. Cette ann\u00e9e le congr\u00e8s est consacr\u00e9 au th\u00e8me des soins int\u00e9gr\u00e9s. Il s\u2019agira de discuter d\u2019une compr\u00e9hension professionnellement fond\u00e9e des soins int\u00e9gr\u00e9s, dans [...]<\/p><\/div><\/div><\/div><div class=\"fusion-clearfix\"><\/div><\/div>\n<\/article>\n<article id=\"blog-3-post-7597\" class=\"fusion-post-grid post-7597 post type-post status-publish format-standard hentry category-2023-fr category-non-classifiee\">\n<div class=\"fusion-post-wrapper\" style=\"background-color:rgba(247,247,247,1);border:1px solid #ffffff;border-bottom-width:3px;\">\n\n<div class=\"fusion-post-content-wrapper\" style=\"padding:30px 25px 20px 25px;\"><div class=\"fusion-post-content post-content\"><h2 class=\"blog-shortcode-post-title entry-title\"><a href=\"https:\/\/www.sages.ch\/fr\/lavenir-appartient-aux-equipes-interprofessionnelles\/\">L\u2019avenir appartient aux \u00e9quipes interprofessionnelles<\/a><\/h2><p class=\"fusion-single-line-meta\"><span class=\"vcard\" style=\"display: none;\"><span class=\"fn\"><a href=\"https:\/\/www.sages.ch\/fr\/author\/admin\/\" title=\"Articles par admin\" rel=\"author\">admin<\/a><\/span><\/span><span class=\"updated\" style=\"display:none;\">2023-06-18T20:52:41+02:00<\/span><span>juin 2023<\/span><span class=\"fusion-inline-sep\">|<\/span><\/p><div class=\"fusion-content-sep sep-single sep-solid\"><\/div><div class=\"fusion-post-content-container\"><p>De nombreux arguments plaident en faveur de l\u2019int\u00e9gration de travailleuses et travailleurs sociaux dans les soins m\u00e9dicaux de base. Car les cas complexes peuvent \u00eatre mieux pris en charge par des \u00e9quipes interprofessionnelles, estiment Michael Deppeler, m\u00e9decin de famille, et [...]<\/p><\/div><\/div><\/div><div class=\"fusion-clearfix\"><\/div><\/div>\n<\/article>\n<article id=\"blog-3-post-7593\" class=\"fusion-post-grid post-7593 post type-post status-publish format-standard hentry category-2023-fr category-non-classifiee\">\n<div class=\"fusion-post-wrapper\" style=\"background-color:rgba(247,247,247,1);border:1px solid #ffffff;border-bottom-width:3px;\">\n\n<div class=\"fusion-post-content-wrapper\" style=\"padding:30px 25px 20px 25px;\"><div class=\"fusion-post-content post-content\"><h2 class=\"blog-shortcode-post-title entry-title\"><a href=\"https:\/\/www.sages.ch\/fr\/le-travail-social-un-acteur-incontournable-de-la-sante\/\">Le travail social : un acteur incontournable de la sant\u00e9<\/a><\/h2><p class=\"fusion-single-line-meta\"><span class=\"vcard\" style=\"display: none;\"><span class=\"fn\"><a href=\"https:\/\/www.sages.ch\/fr\/author\/admin\/\" title=\"Articles par admin\" rel=\"author\">admin<\/a><\/span><\/span><span class=\"updated\" style=\"display:none;\">2023-06-18T20:53:39+02:00<\/span><span>juin 2023<\/span><span class=\"fusion-inline-sep\">|<\/span><\/p><div class=\"fusion-content-sep sep-single sep-solid\"><\/div><div class=\"fusion-post-content-container\"><p>La prise en compte de la sant\u00e9 dans ses dimensions biopsychosociales fait aujourd\u2019hui l\u2019objet d\u2019un consensus, mais sa mise en \u0153uvre doit encore \u00eatre accentu\u00e9e. Or, le travail social y joue un r\u00f4le pivot, \u00e0 l\u2019interface des champs de la [...]<\/p><\/div><\/div><\/div><div class=\"fusion-clearfix\"><\/div><\/div>\n<\/article>\n<article id=\"blog-3-post-7338\" class=\"fusion-post-grid post-7338 post type-post status-publish format-standard hentry category-2023-fr category-non-classifiee\">\n<div class=\"fusion-post-wrapper\" style=\"background-color:rgba(247,247,247,1);border:1px solid #ffffff;border-bottom-width:3px;\">\n\n<div class=\"fusion-post-content-wrapper\" style=\"padding:30px 25px 20px 25px;\"><div class=\"fusion-post-content post-content\"><h2 class=\"blog-shortcode-post-title entry-title\"><a href=\"https:\/\/www.sages.ch\/fr\/6eme-assemblee-generale-de-sages\/\">6\u00e8me assembl\u00e9e g\u00e9n\u00e9rale de SAGES<\/a><\/h2><p class=\"fusion-single-line-meta\"><span class=\"vcard\" style=\"display: none;\"><span class=\"fn\"><a href=\"https:\/\/www.sages.ch\/fr\/author\/admin\/\" title=\"Articles par admin\" rel=\"author\">admin<\/a><\/span><\/span><span class=\"updated\" style=\"display:none;\">2023-05-26T11:10:21+02:00<\/span><span>mai 2023<\/span><span class=\"fusion-inline-sep\">|<\/span><\/p><div class=\"fusion-content-sep sep-single sep-solid\"><\/div><div class=\"fusion-post-content-container\"><p>La 6e assembl\u00e9e g\u00e9n\u00e9rale de SAGES a eu lieu le mercredi 3 mai 2023 - pour la premi\u00e8re fois de mani\u00e8re hybride et avec une traduction simultan\u00e9e pour nos membres de Suisse romande. Lors de cette assembl\u00e9e bien fr\u00e9quent\u00e9e, les [...]<\/p><\/div><\/div><\/div><div class=\"fusion-clearfix\"><\/div><\/div>\n<\/article>\n<article id=\"blog-3-post-7284\" class=\"fusion-post-grid post-7284 post type-post status-publish format-standard hentry category-2023-fr\">\n<div class=\"fusion-post-wrapper\" style=\"background-color:rgba(247,247,247,1);border:1px solid #ffffff;border-bottom-width:3px;\">\n\n<div class=\"fusion-post-content-wrapper\" style=\"padding:30px 25px 20px 25px;\"><div class=\"fusion-post-content post-content\"><h2 class=\"blog-shortcode-post-title entry-title\"><a href=\"https:\/\/www.sages.ch\/fr\/deux-colloques-en-cooperation-dans-le-mois-de-septembre-2023\/\">Deux colloques en coop\u00e9ration dans le mois de septembre 2023<\/a><\/h2><p class=\"fusion-single-line-meta\"><span class=\"vcard\" style=\"display: none;\"><span class=\"fn\"><a href=\"https:\/\/www.sages.ch\/fr\/author\/admin\/\" title=\"Articles par admin\" rel=\"author\">admin<\/a><\/span><\/span><span class=\"updated\" style=\"display:none;\">2023-05-05T10:21:06+02:00<\/span><span>mai 2023<\/span><span class=\"fusion-inline-sep\">|<\/span><\/p><div class=\"fusion-content-sep sep-single sep-solid\"><\/div><div class=\"fusion-post-content-container\"><p>SAGES se r\u00e9jouit de participer \u00e0 deux autres congr\u00e8s sp\u00e9cialis\u00e9s au mois de septembre en tant que partenaire de coop\u00e9ration. 4\u00e8me Colloque national sp\u00e9cialis\u00e9 GERONTOLOGIE CH \u00abEn route - approches interprofessionnelles pour la mobilit\u00e9 des personnes \u00e2g\u00e9es\u00bb Date : Jeudi, [...]<\/p><\/div><\/div><\/div><div class=\"fusion-clearfix\"><\/div><\/div>\n<\/article>\n<article id=\"blog-3-post-7258\" class=\"fusion-post-grid post-7258 post type-post status-publish format-standard hentry category-2023-fr\">\n<div class=\"fusion-post-wrapper\" style=\"background-color:rgba(247,247,247,1);border:1px solid #ffffff;border-bottom-width:3px;\">\n\n<div class=\"fusion-post-content-wrapper\" style=\"padding:30px 25px 20px 25px;\"><div class=\"fusion-post-content post-content\"><h2 class=\"blog-shortcode-post-title entry-title\"><a href=\"https:\/\/www.sages.ch\/fr\/projet-de-soins-anticipe\/\">Projet de soins anticip\u00e9<\/a><\/h2><p class=\"fusion-single-line-meta\"><span class=\"vcard\" style=\"display: none;\"><span class=\"fn\"><a href=\"https:\/\/www.sages.ch\/fr\/author\/admin\/\" title=\"Articles par admin\" rel=\"author\">admin<\/a><\/span><\/span><span class=\"updated\" style=\"display:none;\">2023-04-28T13:41:26+02:00<\/span><span>avril 2023<\/span><span class=\"fusion-inline-sep\">|<\/span><\/p><div class=\"fusion-content-sep sep-single sep-solid\"><\/div><div class=\"fusion-post-content-container\"><p>Dans le cadre du postulat 18.3384 \"Am\u00e9liorer la prise en charge et le traitement des personnes en fin de vie\", le Conseil f\u00e9d\u00e9ral s'est fix\u00e9 pour objectif d'am\u00e9liorer les conditions-cadres du projet de soins anticip\u00e9 (ProSA) Pour ce faire, il [...]<\/p><\/div><\/div><\/div><div class=\"fusion-clearfix\"><\/div><\/div>\n<\/article>\n<article id=\"blog-3-post-7244\" class=\"fusion-post-grid post-7244 post type-post status-publish format-standard hentry category-2023-fr\">\n<div class=\"fusion-post-wrapper\" style=\"background-color:rgba(247,247,247,1);border:1px solid #ffffff;border-bottom-width:3px;\">\n\n<div class=\"fusion-post-content-wrapper\" style=\"padding:30px 25px 20px 25px;\"><div class=\"fusion-post-content post-content\"><h2 class=\"blog-shortcode-post-title entry-title\"><a href=\"https:\/\/www.sages.ch\/fr\/trois-changements-et-une-consolidation-au-sein-du-comite-sages-a-partir-du-mois-davril-2023\/\">Trois changements et une consolidation au sein du comit\u00e9 SAGES \u00e0 partir du mois d&rsquo;avril 2023 :<\/a><\/h2><p class=\"fusion-single-line-meta\"><span class=\"vcard\" style=\"display: none;\"><span class=\"fn\"><a href=\"https:\/\/www.sages.ch\/fr\/author\/admin\/\" title=\"Articles par admin\" rel=\"author\">admin<\/a><\/span><\/span><span class=\"updated\" style=\"display:none;\">2023-04-28T09:06:29+02:00<\/span><span>avril 2023<\/span><span class=\"fusion-inline-sep\">|<\/span><\/p><div class=\"fusion-content-sep sep-single sep-solid\"><\/div><div class=\"fusion-post-content-container\"><p>Mi-mars, le comit\u00e9 \u00e0 fait ses adieux \u00e0 Cordula Ruf, membre de longue date, qui a quitt\u00e9 le comit\u00e9 de SAGES en raison de son d\u00e9part \u00e0 la retraite. Cordula Ruf \u00e9tait d\u00e9j\u00e0 active au sein du comit\u00e9 au temps [...]<\/p><\/div><\/div><\/div><div class=\"fusion-clearfix\"><\/div><\/div>\n<\/article>\n<article id=\"blog-3-post-6900\" class=\"fusion-post-grid post-6900 post type-post status-publish format-standard has-post-thumbnail hentry category-2023-fr\">\n<div class=\"fusion-post-wrapper\" style=\"background-color:rgba(247,247,247,1);border:1px solid #ffffff;border-bottom-width:3px;\">\n\n\t\t\t<div class=\"fusion-flexslider flexslider fusion-flexslider-loading fusion-post-slideshow\" style=\"border-color:#ffffff;\">\n\t\t<ul class=\"slides\">\n\t\t\t\n\t\t\t\t\t\t\t\t\t\t\t\t\t\t<li><div  class=\"fusion-image-wrapper\" aria-haspopup=\"true\">\n\t\t\t\t<img decoding=\"async\" width=\"1200\" height=\"627\" src=\"https:\/\/www.sages.ch\/wp-content\/uploads\/2023\/02\/TDK_Hannes_Luethi_Social_Media_F-.png\" class=\"attachment-full size-full wp-post-image\" alt=\"\" srcset=\"https:\/\/www.sages.ch\/wp-content\/uploads\/2023\/02\/TDK_Hannes_Luethi_Social_Media_F--200x105.png 200w, https:\/\/www.sages.ch\/wp-content\/uploads\/2023\/02\/TDK_Hannes_Luethi_Social_Media_F--400x209.png 400w, https:\/\/www.sages.ch\/wp-content\/uploads\/2023\/02\/TDK_Hannes_Luethi_Social_Media_F--600x314.png 600w, https:\/\/www.sages.ch\/wp-content\/uploads\/2023\/02\/TDK_Hannes_Luethi_Social_Media_F--800x418.png 800w, https:\/\/www.sages.ch\/wp-content\/uploads\/2023\/02\/TDK_Hannes_Luethi_Social_Media_F-.png 1200w\" sizes=\"(min-width: 2200px) 100vw, (min-width: 784px) 370px, (min-width: 712px) 555px, (min-width: 640px) 712px, \" \/><div class=\"fusion-rollover\">\n\t<div class=\"fusion-rollover-content\">\n\n\t\t\t\t\t\t\t\t\t\t\t\t\t\t<a class=\"fusion-rollover-link\" href=\"https:\/\/www.sages.ch\/fr\/journee-des-malades-2023-avancons-tous-ensemble\/\">Journ\u00e9e des malades 2023 \u00abAvan\u00e7ons tous ensemble\u00bb<\/a>\n\t\t\t\n\t\t\t\t\t\t\t\t\t\t\t\t\t\t\n\t\t\t\t\t\t\t\t\n\t\t\t\t\t\t\t\t\t\t\t\t\t<div class=\"fusion-rollover-sep\"><\/div>\n\t\t\t\t\n\t\t\t\t\t\t\t\t\t\t\t\t\t\t\t\t\t\t<a class=\"fusion-rollover-gallery\" href=\"https:\/\/www.sages.ch\/wp-content\/uploads\/2023\/02\/TDK_Hannes_Luethi_Social_Media_F-.png\" data-options=\"\" data-id=\"6900\" data-rel=\"iLightbox\" data-title=\"TDK_Hannes_L\u00fcthi_Social_Media_F\" data-caption=\"\">\n\t\t\t\t\t\tGalerie\t\t\t\t\t<\/a>\n\t\t\t\t\t\t\t\t\t\t\t\t\t\t\n\t\t\n\t\t\t\t\t\t\t\t\t\t\t\t<h4 class=\"fusion-rollover-title\">\n\t\t\t\t\t<a class=\"fusion-rollover-title-link\" href=\"https:\/\/www.sages.ch\/fr\/journee-des-malades-2023-avancons-tous-ensemble\/\">\n\t\t\t\t\t\tJourn\u00e9e des malades 2023 \u00abAvan\u00e7ons tous ensemble\u00bb\t\t\t\t\t<\/a>\n\t\t\t\t<\/h4>\n\t\t\t\n\t\t\t\t\t\t\t\t\t\t<div class=\"fusion-rollover-categories\"><a href=\"https:\/\/www.sages.ch\/fr\/category\/2023-fr\/\" rel=\"tag\">2023<\/a><\/div>\t\t\t\t\t\n\t\t\n\t\t\t\t\t\t<a class=\"fusion-link-wrapper\" href=\"https:\/\/www.sages.ch\/fr\/journee-des-malades-2023-avancons-tous-ensemble\/\" aria-label=\"Journ\u00e9e des malades 2023 \u00abAvan\u00e7ons tous ensemble\u00bb\"><\/a>\n\t<\/div>\n<\/div>\n<\/div>\n<\/li>\n\t\t\t\n\t\t\t\n\t\t\t\t\t\t\t\t\t\t\t\t\t\t\t\t\t\t\t\t\t\t\t\t\t\t\t\t\t\t\t\t\t\t\t\t\t\t\t\t\t\t\t\t\t\t\t\t\t\t\t\t\t\t\t\t\t\t\t\t\t\t\t\t\t\t\t\t<\/ul>\n\t<\/div>\n\t<div class=\"fusion-post-content-wrapper\" style=\"padding:30px 25px 20px 25px;\"><div class=\"fusion-post-content post-content\"><h2 class=\"blog-shortcode-post-title entry-title\"><a href=\"https:\/\/www.sages.ch\/fr\/journee-des-malades-2023-avancons-tous-ensemble\/\">Journ\u00e9e des malades 2023 \u00abAvan\u00e7ons tous ensemble\u00bb<\/a><\/h2><p class=\"fusion-single-line-meta\"><span class=\"vcard\" style=\"display: none;\"><span class=\"fn\"><a href=\"https:\/\/www.sages.ch\/fr\/author\/admin\/\" title=\"Articles par admin\" rel=\"author\">admin<\/a><\/span><\/span><span class=\"updated\" style=\"display:none;\">2023-02-03T15:58:37+01:00<\/span><span>f\u00e9vrier 2023<\/span><span class=\"fusion-inline-sep\">|<\/span><\/p><div class=\"fusion-content-sep sep-single sep-solid\"><\/div><div class=\"fusion-post-content-container\"><p>Les 35 organisations qui soutiennent l\u2019association de la Journ\u00e9e des malades, dont SAGES en fait partie, cheminent ensemble depuis des ann\u00e9es. Ce jour-l\u00e0, avec le concours de la pr\u00e9sidente ou du pr\u00e9sident de la Conf\u00e9d\u00e9ration, elles focalisent l\u2019attention sur les [...]<\/p><\/div><\/div><\/div><div class=\"fusion-clearfix\"><\/div><\/div>\n<\/article>\n<article id=\"blog-3-post-6887\" class=\"fusion-post-grid post-6887 post type-post status-publish format-standard hentry category-2023-fr\">\n<div class=\"fusion-post-wrapper\" style=\"background-color:rgba(247,247,247,1);border:1px solid #ffffff;border-bottom-width:3px;\">\n\n<div class=\"fusion-post-content-wrapper\" style=\"padding:30px 25px 20px 25px;\"><div class=\"fusion-post-content post-content\"><h2 class=\"blog-shortcode-post-title entry-title\"><a href=\"https:\/\/www.sages.ch\/fr\/deux-congres-en-cooperation-dans-le-mois-de-juin-2023\/\">Deux congr\u00e8s en coop\u00e9ration dans le mois de juin 2023<\/a><\/h2><p class=\"fusion-single-line-meta\"><span class=\"vcard\" style=\"display: none;\"><span class=\"fn\"><a href=\"https:\/\/www.sages.ch\/fr\/author\/admin\/\" title=\"Articles par admin\" rel=\"author\">admin<\/a><\/span><\/span><span class=\"updated\" style=\"display:none;\">2023-02-03T10:02:53+01:00<\/span><span>f\u00e9vrier 2023<\/span><span class=\"fusion-inline-sep\">|<\/span><\/p><div class=\"fusion-content-sep sep-single sep-solid\"><\/div><div class=\"fusion-post-content-container\"><p>SAGES se r\u00e9jouit de participer en tant que partenaire de coop\u00e9ration \u00e0 deux congr\u00e8s professionnels bien \u00e9tablis qui se tiendront en juin. 5e congr\u00e8s national Sant\u00e9 et pauvret\u00e9 Quand : Mercredi 7 juin 2023 Lieu : Berne Le congr\u00e8s du [...]<\/p><\/div><\/div><\/div><div class=\"fusion-clearfix\"><\/div><\/div>\n<\/article>\n<article id=\"blog-3-post-6849\" class=\"fusion-post-grid post-6849 post type-post status-publish format-standard hentry category-2023-fr\">\n<div class=\"fusion-post-wrapper\" style=\"background-color:rgba(247,247,247,1);border:1px solid #ffffff;border-bottom-width:3px;\">\n\n<div class=\"fusion-post-content-wrapper\" style=\"padding:30px 25px 20px 25px;\"><div class=\"fusion-post-content post-content\"><h2 class=\"blog-shortcode-post-title entry-title\"><a href=\"https:\/\/www.sages.ch\/fr\/changement-au-comite-de-sages-au-1er-janvier-2023\/\">Changement au comit\u00e9 de SAGES au 1er janvier 2023<\/a><\/h2><p class=\"fusion-single-line-meta\"><span class=\"vcard\" style=\"display: none;\"><span class=\"fn\"><a href=\"https:\/\/www.sages.ch\/fr\/author\/admin\/\" title=\"Articles par admin\" rel=\"author\">admin<\/a><\/span><\/span><span class=\"updated\" style=\"display:none;\">2023-01-27T15:28:20+01:00<\/span><span>janvier 2023<\/span><span class=\"fusion-inline-sep\">|<\/span><\/p><div class=\"fusion-content-sep sep-single sep-solid\"><\/div><div class=\"fusion-post-content-container\"><p>A partir du 1er janvier 2023, il y aura un changement au sein du comit\u00e9 de SAGES. Andrea Kaspar quitte le comit\u00e9 SAGES apr\u00e8s une collaboration de longue date en raison d'un changement de travail. Elle a \u00e9t\u00e9 officiellement remerci\u00e9e [...]<\/p><\/div><\/div><\/div><div class=\"fusion-clearfix\"><\/div><\/div>\n<\/article>\n<article id=\"blog-3-post-6666\" class=\"fusion-post-grid post-6666 post type-post status-publish format-standard has-post-thumbnail hentry category-2022-fr\">\n<div class=\"fusion-post-wrapper\" style=\"background-color:rgba(247,247,247,1);border:1px solid #ffffff;border-bottom-width:3px;\">\n\n\t\t\t<div class=\"fusion-flexslider flexslider fusion-flexslider-loading fusion-post-slideshow\" style=\"border-color:#ffffff;\">\n\t\t<ul class=\"slides\">\n\t\t\t\n\t\t\t\t\t\t\t\t\t\t\t\t\t\t<li><div  class=\"fusion-image-wrapper\" aria-haspopup=\"true\">\n\t\t\t\t<img decoding=\"async\" width=\"2560\" height=\"1703\" src=\"https:\/\/www.sages.ch\/wp-content\/uploads\/2022\/12\/Bild-SRK-Fachtagung-scaled.jpg\" class=\"attachment-full size-full wp-post-image\" alt=\"\" srcset=\"https:\/\/www.sages.ch\/wp-content\/uploads\/2022\/12\/Bild-SRK-Fachtagung-200x133.jpg 200w, https:\/\/www.sages.ch\/wp-content\/uploads\/2022\/12\/Bild-SRK-Fachtagung-400x266.jpg 400w, https:\/\/www.sages.ch\/wp-content\/uploads\/2022\/12\/Bild-SRK-Fachtagung-600x399.jpg 600w, https:\/\/www.sages.ch\/wp-content\/uploads\/2022\/12\/Bild-SRK-Fachtagung-800x532.jpg 800w, https:\/\/www.sages.ch\/wp-content\/uploads\/2022\/12\/Bild-SRK-Fachtagung-1200x798.jpg 1200w, https:\/\/www.sages.ch\/wp-content\/uploads\/2022\/12\/Bild-SRK-Fachtagung-scaled.jpg 2560w\" sizes=\"(min-width: 2200px) 100vw, (min-width: 784px) 370px, (min-width: 712px) 555px, (min-width: 640px) 712px, \" \/><div class=\"fusion-rollover\">\n\t<div class=\"fusion-rollover-content\">\n\n\t\t\t\t\t\t\t\t\t\t\t\t\t\t<a class=\"fusion-rollover-link\" href=\"https:\/\/www.sages.ch\/fr\/impliquer-les-personnes-defavorisees\/\">Impliquer les personnes d\u00e9favoris\u00e9es<\/a>\n\t\t\t\n\t\t\t\t\t\t\t\t\t\t\t\t\t\t\n\t\t\t\t\t\t\t\t\n\t\t\t\t\t\t\t\t\t\t\t\t\t<div class=\"fusion-rollover-sep\"><\/div>\n\t\t\t\t\n\t\t\t\t\t\t\t\t\t\t\t\t\t\t\t\t\t\t<a class=\"fusion-rollover-gallery\" href=\"https:\/\/www.sages.ch\/wp-content\/uploads\/2022\/12\/Bild-SRK-Fachtagung-scaled.jpg\" data-options=\"\" data-id=\"6666\" data-rel=\"iLightbox\" data-title=\"Bild SRK Fachtagung\" data-caption=\"\">\n\t\t\t\t\t\tGalerie\t\t\t\t\t<\/a>\n\t\t\t\t\t\t\t\t\t\t\t\t\t\t\n\t\t\n\t\t\t\t\t\t\t\t\t\t\t\t<h4 class=\"fusion-rollover-title\">\n\t\t\t\t\t<a class=\"fusion-rollover-title-link\" href=\"https:\/\/www.sages.ch\/fr\/impliquer-les-personnes-defavorisees\/\">\n\t\t\t\t\t\tImpliquer les personnes d\u00e9favoris\u00e9es\t\t\t\t\t<\/a>\n\t\t\t\t<\/h4>\n\t\t\t\n\t\t\t\t\t\t\t\t\t\t<div class=\"fusion-rollover-categories\"><a href=\"https:\/\/www.sages.ch\/fr\/category\/2022-fr\/\" rel=\"tag\">2022<\/a><\/div>\t\t\t\t\t\n\t\t\n\t\t\t\t\t\t<a class=\"fusion-link-wrapper\" href=\"https:\/\/www.sages.ch\/fr\/impliquer-les-personnes-defavorisees\/\" aria-label=\"Impliquer les personnes d\u00e9favoris\u00e9es\"><\/a>\n\t<\/div>\n<\/div>\n<\/div>\n<\/li>\n\t\t\t\n\t\t\t\n\t\t\t\t\t\t\t\t\t\t\t\t\t\t\t\t\t\t\t\t\t\t\t\t\t\t\t\t\t\t\t\t\t\t\t\t\t\t\t\t\t\t\t\t\t\t\t\t\t\t\t\t\t\t\t\t\t\t\t\t\t\t\t\t\t\t\t\t<\/ul>\n\t<\/div>\n\t<div class=\"fusion-post-content-wrapper\" style=\"padding:30px 25px 20px 25px;\"><div class=\"fusion-post-content post-content\"><h2 class=\"blog-shortcode-post-title entry-title\"><a href=\"https:\/\/www.sages.ch\/fr\/impliquer-les-personnes-defavorisees\/\">Impliquer les personnes d\u00e9favoris\u00e9es<\/a><\/h2><p class=\"fusion-single-line-meta\"><span class=\"vcard\" style=\"display: none;\"><span class=\"fn\"><a href=\"https:\/\/www.sages.ch\/fr\/author\/admin\/\" title=\"Articles par admin\" rel=\"author\">admin<\/a><\/span><\/span><span class=\"updated\" style=\"display:none;\">2022-12-09T09:53:39+01:00<\/span><span>d\u00e9cembre 2022<\/span><span class=\"fusion-inline-sep\">|<\/span><\/p><div class=\"fusion-content-sep sep-single sep-solid\"><\/div><div class=\"fusion-post-content-container\"><p>Depuis trois ans, les crises se succ\u00e8dent. Ce n\u2019est qu\u2019en faisant front commun qu\u2019une soci\u00e9t\u00e9 peut surmonter une telle situation. Pour ce faire, les personnes d\u00e9favoris\u00e9es doivent elles aussi avoir acc\u00e8s aux informations et aux offres d\u2019aide. A l\u2019occasion de [...]<\/p><\/div><\/div><\/div><div class=\"fusion-clearfix\"><\/div><\/div>\n<\/article>\n<article id=\"blog-3-post-6590\" class=\"fusion-post-grid post-6590 post type-post status-publish format-standard hentry category-2022-fr\">\n<div class=\"fusion-post-wrapper\" style=\"background-color:rgba(247,247,247,1);border:1px solid #ffffff;border-bottom-width:3px;\">\n\n<div class=\"fusion-post-content-wrapper\" style=\"padding:30px 25px 20px 25px;\"><div class=\"fusion-post-content post-content\"><h2 class=\"blog-shortcode-post-title entry-title\"><a href=\"https:\/\/www.sages.ch\/fr\/relaxant-lors-de-la-journee-mondiale-de-lutte-contre-le-sida-du-1er-decembre\/\">Relaxant. Lors de la Journ\u00e9e mondiale de lutte contre le sida du 1er d\u00e9cembre<\/a><\/h2><p class=\"fusion-single-line-meta\"><span class=\"vcard\" style=\"display: none;\"><span class=\"fn\"><a href=\"https:\/\/www.sages.ch\/fr\/author\/admin\/\" title=\"Articles par admin\" rel=\"author\">admin<\/a><\/span><\/span><span class=\"updated\" style=\"display:none;\">2022-12-10T23:07:09+01:00<\/span><span>novembre 2022<\/span><span class=\"fusion-inline-sep\">|<\/span><\/p><div class=\"fusion-content-sep sep-single sep-solid\"><\/div><div class=\"fusion-post-content-container\"><p>Le 1er d\u00e9cembre est d\u00e9cr\u00e9t\u00e9 Journ\u00e9e mondiale de lutte contre le sida chaque ann\u00e9e depuis 1988. Ce jour-l\u00e0, un appel est lanc\u00e9 \u00e0 la solidarit\u00e9 envers les personnes vivant avec le VIH. Les annonces ont \u00e9t\u00e9 les plus nombreuses dans [...]<\/p><\/div><\/div><\/div><div class=\"fusion-clearfix\"><\/div><\/div>\n<\/article>\n<article id=\"blog-3-post-6497\" class=\"fusion-post-grid post-6497 post type-post status-publish format-standard hentry category-2020-fr\">\n<div class=\"fusion-post-wrapper\" style=\"background-color:rgba(247,247,247,1);border:1px solid #ffffff;border-bottom-width:3px;\">\n\n<div class=\"fusion-post-content-wrapper\" style=\"padding:30px 25px 20px 25px;\"><div class=\"fusion-post-content post-content\"><h2 class=\"blog-shortcode-post-title entry-title\"><a href=\"https:\/\/www.sages.ch\/fr\/nouveau-membre-du-comite-sages\/\">Nouveau membre du comit\u00e9 SAGES<\/a><\/h2><p class=\"fusion-single-line-meta\"><span class=\"vcard\" style=\"display: none;\"><span class=\"fn\"><a href=\"https:\/\/www.sages.ch\/fr\/author\/admin\/\" title=\"Articles par admin\" rel=\"author\">admin<\/a><\/span><\/span><span class=\"updated\" style=\"display:none;\">2022-12-11T12:07:01+01:00<\/span><span>octobre 2022<\/span><span class=\"fusion-inline-sep\">|<\/span><\/p><div class=\"fusion-content-sep sep-single sep-solid\"><\/div><div class=\"fusion-post-content-container\"><p>Notre association a le plaisir d'accueillir un nouveau membre au sein du comit\u00e9. Barbara Marti, de la HESB, vient d\u00e8s \u00e0 pr\u00e9sent renforcer le domaine sp\u00e9cifique des d\u00e9pendances chez SAGES. Apr\u00e8s sa formation initiale de laborantine m\u00e9dicale, Barbara Marti a [...]<\/p><\/div><\/div><\/div><div class=\"fusion-clearfix\"><\/div><\/div>\n<\/article>\n<article id=\"blog-3-post-6407\" class=\"fusion-post-grid post-6407 post type-post status-publish format-standard hentry category-2020-fr\">\n<div class=\"fusion-post-wrapper\" style=\"background-color:rgba(247,247,247,1);border:1px solid #ffffff;border-bottom-width:3px;\">\n\n<div class=\"fusion-post-content-wrapper\" style=\"padding:30px 25px 20px 25px;\"><div class=\"fusion-post-content post-content\"><h2 class=\"blog-shortcode-post-title entry-title\"><a href=\"https:\/\/www.sages.ch\/fr\/cooperation-avec-la-conference-nationale-de-la-crs-atteindre-les-personnes-defavorisees-lecons-apprises-en-temps-de-crise\/\">Coop\u00e9ration avec la conf\u00e9rence nationale de la CRS : Atteindre les personnes d\u00e9favoris\u00e9es: le\u00e7ons apprises en temps de crise<\/a><\/h2><p class=\"fusion-single-line-meta\"><span class=\"vcard\" style=\"display: none;\"><span class=\"fn\"><a href=\"https:\/\/www.sages.ch\/fr\/author\/admin\/\" title=\"Articles par admin\" rel=\"author\">admin<\/a><\/span><\/span><span class=\"updated\" style=\"display:none;\">2022-12-11T12:07:01+01:00<\/span><span>septembre 2022<\/span><span class=\"fusion-inline-sep\">|<\/span><\/p><div class=\"fusion-content-sep sep-single sep-solid\"><\/div><div class=\"fusion-post-content-container\"><p>La Conf\u00e9rence nationale est organis\u00e9e par la Croix-Rouge suisse (CRS) en collaboration avec l\u2019Office f\u00e9d\u00e9ral de la sant\u00e9 (OFSP), migesplus, Femmes-Tische &amp; Hommes-Tische ainsi que l\u2019Association suisse pour le travail social dans le domaine de la sant\u00e9 (SAGES). Ensemble, nous [...]<\/p><\/div><\/div><\/div><div class=\"fusion-clearfix\"><\/div><\/div>\n<\/article>\n<article id=\"blog-3-post-6384\" class=\"fusion-post-grid post-6384 post type-post status-publish format-standard hentry category-2020-fr\">\n<div class=\"fusion-post-wrapper\" style=\"background-color:rgba(247,247,247,1);border:1px solid #ffffff;border-bottom-width:3px;\">\n\n<div class=\"fusion-post-content-wrapper\" style=\"padding:30px 25px 20px 25px;\"><div class=\"fusion-post-content post-content\"><h2 class=\"blog-shortcode-post-title entry-title\"><a href=\"https:\/\/www.sages.ch\/fr\/la-collaboration-entre-medecins-et-travailleurs-et-travailleuses-sociales-apporte-beaucoup-a-toutes-les-personnes-concernees\/\">La collaboration entre m\u00e9decins et travailleurs et travailleuses social(e)s apporte beaucoup \u00e0 toutes les personnes concern\u00e9es.<\/a><\/h2><p class=\"fusion-single-line-meta\"><span class=\"vcard\" style=\"display: none;\"><span class=\"fn\"><a href=\"https:\/\/www.sages.ch\/fr\/author\/admin\/\" title=\"Articles par admin\" rel=\"author\">admin<\/a><\/span><\/span><span class=\"updated\" style=\"display:none;\">2022-12-11T12:07:02+01:00<\/span><span>septembre 2022<\/span><span class=\"fusion-inline-sep\">|<\/span><\/p><div class=\"fusion-content-sep sep-single sep-solid\"><\/div><div class=\"fusion-post-content-container\"><p>La collaboration entre les m\u00e9decins et les travailleurs \/ travailleuses social(e)s apporte beaucoup \u00e0 toutes les personnes concern\u00e9es, comme le montre une \u00e9tude de la Haute \u00e9cole sp\u00e9cialis\u00e9e bernoise (HESB). Pourtant, sa mise en \u0153uvre reste fragile. Lisez l'article sp\u00e9cialis\u00e9 [...]<\/p><\/div><\/div><\/div><div class=\"fusion-clearfix\"><\/div><\/div>\n<\/article>\n<article id=\"blog-3-post-6304\" class=\"fusion-post-grid post-6304 post type-post status-publish format-standard hentry category-2020-fr\">\n<div class=\"fusion-post-wrapper\" style=\"background-color:rgba(247,247,247,1);border:1px solid #ffffff;border-bottom-width:3px;\">\n\n<div class=\"fusion-post-content-wrapper\" style=\"padding:30px 25px 20px 25px;\"><div class=\"fusion-post-content post-content\"><h2 class=\"blog-shortcode-post-title entry-title\"><a href=\"https:\/\/www.sages.ch\/fr\/cooperation-avec-le-19e-congres-annuel-du-reseau-case-management\/\">Coop\u00e9ration avec le 19\u00e9me congr\u00e8s annuel du r\u00e9seau Case Management<\/a><\/h2><p class=\"fusion-single-line-meta\"><span class=\"vcard\" style=\"display: none;\"><span class=\"fn\"><a href=\"https:\/\/www.sages.ch\/fr\/author\/admin\/\" title=\"Articles par admin\" rel=\"author\">admin<\/a><\/span><\/span><span class=\"updated\" style=\"display:none;\">2022-12-11T12:07:02+01:00<\/span><span>ao\u00fbt 2022<\/span><span class=\"fusion-inline-sep\">|<\/span><\/p><div class=\"fusion-content-sep sep-single sep-solid\"><\/div><div class=\"fusion-post-content-container\"><p>Au cours des derni\u00e8res 2 \u00bd ann\u00e9es, la pand\u00e9mie du coronavirus a marqu\u00e9 notre vie quotidienne. Les m\u00e9dias et les scientifiques n'ont cess\u00e9 de rapporter que la charge psychique de la population avait fortement augment\u00e9 durant cette p\u00e9riode. D'une part, [...]<\/p><\/div><\/div><\/div><div class=\"fusion-clearfix\"><\/div><\/div>\n<\/article>\n<article id=\"blog-3-post-6280\" class=\"fusion-post-grid post-6280 post type-post status-publish format-standard hentry category-2022-fr\">\n<div class=\"fusion-post-wrapper\" style=\"background-color:rgba(247,247,247,1);border:1px solid #ffffff;border-bottom-width:3px;\">\n\n<div class=\"fusion-post-content-wrapper\" style=\"padding:30px 25px 20px 25px;\"><div class=\"fusion-post-content post-content\"><h2 class=\"blog-shortcode-post-title entry-title\"><a href=\"https:\/\/www.sages.ch\/fr\/canton-zh-consultation-sociale-a-partir-du-2023-dans-la-loi-sur-la-planification-et-le-financement-des-hopitaux\/\">Canton ZH : Consultation sociale \u00e0 partir du 2023 dans la loi sur la planification et le financement des h\u00f4pitaux<\/a><\/h2><p class=\"fusion-single-line-meta\"><span class=\"vcard\" style=\"display: none;\"><span class=\"fn\"><a href=\"https:\/\/www.sages.ch\/fr\/author\/admin\/\" title=\"Articles par admin\" rel=\"author\">admin<\/a><\/span><\/span><span class=\"updated\" style=\"display:none;\">2022-12-11T12:08:07+01:00<\/span><span>juillet 2022<\/span><span class=\"fusion-inline-sep\">|<\/span><\/p><div class=\"fusion-content-sep sep-single sep-solid\"><\/div><div class=\"fusion-post-content-container\"><p>Pour qu'un h\u00f4pital puisse r\u00e9pondre aux exigences des patient-e-s et aux demandes de la soci\u00e9t\u00e9 en mati\u00e8re de soins de la population, diff\u00e9rentes professions travaillent en \u00e9troite collaboration. L'une d'entre elles est le travail social hospitalier. Dans le cadre de [...]<\/p><\/div><\/div><\/div><div class=\"fusion-clearfix\"><\/div><\/div>\n<\/article>\n<article id=\"blog-3-post-6253\" class=\"fusion-post-grid post-6253 post type-post status-publish format-standard hentry category-2022-fr\">\n<div class=\"fusion-post-wrapper\" style=\"background-color:rgba(247,247,247,1);border:1px solid #ffffff;border-bottom-width:3px;\">\n\n<div class=\"fusion-post-content-wrapper\" style=\"padding:30px 25px 20px 25px;\"><div class=\"fusion-post-content post-content\"><h2 class=\"blog-shortcode-post-title entry-title\"><a href=\"https:\/\/www.sages.ch\/fr\/travail-social-et-dependances-role-et-impact-deux-elements-cles-de-la-conception-dinterventions-professionnelles\/\">Travail social et d\u00e9pendances : R\u00f4le et impact &#8211; deux \u00e9l\u00e9ments cl\u00e9s de la conception d&rsquo;interventions professionnelles<\/a><\/h2><p class=\"fusion-single-line-meta\"><span class=\"vcard\" style=\"display: none;\"><span class=\"fn\"><a href=\"https:\/\/www.sages.ch\/fr\/author\/admin\/\" title=\"Articles par admin\" rel=\"author\">admin<\/a><\/span><\/span><span class=\"updated\" style=\"display:none;\">2022-12-11T12:08:07+01:00<\/span><span>juin 2022<\/span><span class=\"fusion-inline-sep\">|<\/span><\/p><div class=\"fusion-content-sep sep-single sep-solid\"><\/div><div class=\"fusion-post-content-container\"><p>Cette contribution est une invitation \u00e0 une r\u00e9flexion collective concernant le travail social dans le domaine de l'aide aux personnes souffrant de d\u00e9pendances, qui est consid\u00e9r\u00e9e comme prometteuse dans le contexte des d\u00e9veloppements actuels. Le r\u00f4le et l'impact constituent les [...]<\/p><\/div><\/div><\/div><div class=\"fusion-clearfix\"><\/div><\/div>\n<\/article>\n<article id=\"blog-3-post-6226\" class=\"fusion-post-grid post-6226 post type-post status-publish format-standard hentry category-2022-fr\">\n<div class=\"fusion-post-wrapper\" style=\"background-color:rgba(247,247,247,1);border:1px solid #ffffff;border-bottom-width:3px;\">\n\n<div class=\"fusion-post-content-wrapper\" style=\"padding:30px 25px 20px 25px;\"><div class=\"fusion-post-content post-content\"><h2 class=\"blog-shortcode-post-title entry-title\"><a href=\"https:\/\/www.sages.ch\/fr\/quel-impact-reel-ont-les-competences-en-matiere-de-sante-sur-la-sante\/\">Quel impact r\u00e9el ont les comp\u00e9tences en mati\u00e8re de sant\u00e9 sur la sant\u00e9 ?<\/a><\/h2><p class=\"fusion-single-line-meta\"><span class=\"vcard\" style=\"display: none;\"><span class=\"fn\"><a href=\"https:\/\/www.sages.ch\/fr\/author\/admin\/\" title=\"Articles par admin\" rel=\"author\">admin<\/a><\/span><\/span><span class=\"updated\" style=\"display:none;\">2022-12-11T12:08:08+01:00<\/span><span>juin 2022<\/span><span class=\"fusion-inline-sep\">|<\/span><\/p><div class=\"fusion-content-sep sep-single sep-solid\"><\/div><div class=\"fusion-post-content-container\"><p>Au cours des dix derni\u00e8res ann\u00e9es, la responsabilit\u00e9 en mati\u00e8re de sant\u00e9 a \u00e9t\u00e9 de plus en plus attribu\u00e9e \u00e0 l'individu. Mais l'individu est-il vraiment ma\u00eetre de sa propre sant\u00e9 ? Une \u00e9tude sur les comp\u00e9tences en mati\u00e8re de sant\u00e9 [...]<\/p><\/div><\/div><\/div><div class=\"fusion-clearfix\"><\/div><\/div>\n<\/article>\n<article id=\"blog-3-post-6209\" class=\"fusion-post-grid post-6209 post type-post status-publish format-standard hentry category-2022-fr\">\n<div class=\"fusion-post-wrapper\" style=\"background-color:rgba(247,247,247,1);border:1px solid #ffffff;border-bottom-width:3px;\">\n\n<div class=\"fusion-post-content-wrapper\" style=\"padding:30px 25px 20px 25px;\"><div class=\"fusion-post-content post-content\"><h2 class=\"blog-shortcode-post-title entry-title\"><a href=\"https:\/\/www.sages.ch\/fr\/changement-au-sein-du-comite-sages-au-1er-juin-2022\/\">Changement au sein du comit\u00e9 SAGES au 1er juin 2022<\/a><\/h2><p class=\"fusion-single-line-meta\"><span class=\"vcard\" style=\"display: none;\"><span class=\"fn\"><a href=\"https:\/\/www.sages.ch\/fr\/author\/admin\/\" title=\"Articles par admin\" rel=\"author\">admin<\/a><\/span><\/span><span class=\"updated\" style=\"display:none;\">2022-12-11T12:08:08+01:00<\/span><span>juin 2022<\/span><span class=\"fusion-inline-sep\">|<\/span><\/p><div class=\"fusion-content-sep sep-single sep-solid\"><\/div><div class=\"fusion-post-content-container\"><p>A partir du 1er juin 2022, il y aura un changement au sein du comit\u00e9 SAGES. Monika von Burg du Bureau de conseil \u00e0 Bienne quitte le comit\u00e9 SAGES fin mai 2022 en raison d'un changement de poste. Elle a [...]<\/p><\/div><\/div><\/div><div class=\"fusion-clearfix\"><\/div><\/div>\n<\/article>\n<article id=\"blog-3-post-6162\" class=\"fusion-post-grid post-6162 post type-post status-publish format-standard hentry category-2022-fr\">\n<div class=\"fusion-post-wrapper\" style=\"background-color:rgba(247,247,247,1);border:1px solid #ffffff;border-bottom-width:3px;\">\n\n<div class=\"fusion-post-content-wrapper\" style=\"padding:30px 25px 20px 25px;\"><div class=\"fusion-post-content post-content\"><h2 class=\"blog-shortcode-post-title entry-title\"><a href=\"https:\/\/www.sages.ch\/fr\/la-promotion-des-soins-de-sante-primaires-peut-reduire-les-couts-de-la-sante\/\">La promotion des soins de sant\u00e9 primaires peut r\u00e9duire les co\u00fbts de la sant\u00e9<\/a><\/h2><p class=\"fusion-single-line-meta\"><span class=\"vcard\" style=\"display: none;\"><span class=\"fn\"><a href=\"https:\/\/www.sages.ch\/fr\/author\/admin\/\" title=\"Articles par admin\" rel=\"author\">admin<\/a><\/span><\/span><span class=\"updated\" style=\"display:none;\">2022-12-11T12:08:09+01:00<\/span><span>juin 2022<\/span><span class=\"fusion-inline-sep\">|<\/span><\/p><div class=\"fusion-content-sep sep-single sep-solid\"><\/div><div class=\"fusion-post-content-container\"><p>\"Aussi paradoxal que cela puisse para\u00eetre, des soins m\u00e9dicaux co\u00fbteux deviennent moins chers lorsque l'acc\u00e8s \u00e0 ces m\u00eames soins est simplifi\u00e9. Le mot-cl\u00e9 est la pr\u00e9vention des maladies - c'est-\u00e0-dire le d\u00e9pistage et la pr\u00e9vention pr\u00e9coce des biographies de maladie\". [...]<\/p><\/div><\/div><\/div><div class=\"fusion-clearfix\"><\/div><\/div>\n<\/article>\n<article id=\"blog-3-post-6146\" class=\"fusion-post-grid post-6146 post type-post status-publish format-standard hentry category-2022-fr\">\n<div class=\"fusion-post-wrapper\" style=\"background-color:rgba(247,247,247,1);border:1px solid #ffffff;border-bottom-width:3px;\">\n\n<div class=\"fusion-post-content-wrapper\" style=\"padding:30px 25px 20px 25px;\"><div class=\"fusion-post-content post-content\"><h2 class=\"blog-shortcode-post-title entry-title\"><a href=\"https:\/\/www.sages.ch\/fr\/verzicht-auf-gesundheitsleistungen-in-der-schweiz-praevalenz-einflussfaktoren-und-folgen\/\">Verzicht auf Gesundheitsleistungen in der Schweiz: Pr\u00e4valenz, Einflussfaktoren und Folgen<\/a><\/h2><p class=\"fusion-single-line-meta\"><span class=\"vcard\" style=\"display: none;\"><span class=\"fn\"><a href=\"https:\/\/www.sages.ch\/fr\/author\/admin\/\" title=\"Articles par admin\" rel=\"author\">admin<\/a><\/span><\/span><span class=\"updated\" style=\"display:none;\">2022-12-11T12:08:09+01:00<\/span><span>mai 2022<\/span><span class=\"fusion-inline-sep\">|<\/span><\/p><div class=\"fusion-content-sep sep-single sep-solid\"><\/div><div class=\"fusion-post-content-container\"><p>Die M\u00f6glichkeit, wenn n\u00f6tig Gesundheitsleistungen in Anspruch zu nehmen, ist entscheidend f\u00fcr die Verbesserung und Erhaltung von Gesundheit und Lebensqualit\u00e4t. In der Schweiz hat das Krankenversicherungsgesetz das Ziel, eine umfassende Gesundheitsversorgung f\u00fcr alle Einwohnerinnen und Einwohner zu gew\u00e4hrleisten. Eine k\u00fcrzlich [...]<\/p><\/div><\/div><\/div><div class=\"fusion-clearfix\"><\/div><\/div>\n<\/article>\n<article id=\"blog-3-post-6121\" class=\"fusion-post-grid post-6121 post type-post status-publish format-standard hentry category-2022-fr\">\n<div class=\"fusion-post-wrapper\" style=\"background-color:rgba(247,247,247,1);border:1px solid #ffffff;border-bottom-width:3px;\">\n\n<div class=\"fusion-post-content-wrapper\" style=\"padding:30px 25px 20px 25px;\"><div class=\"fusion-post-content post-content\"><h2 class=\"blog-shortcode-post-title entry-title\"><a href=\"https:\/\/www.sages.ch\/fr\/programm-soziale-arbeit-und-sucht-entwicklung-von-empfehlungen-und-neues-fachseminar-als-naechste-teilprojekte\/\">Programm Soziale Arbeit und Sucht: Entwicklung von Empfehlungen und neues Fachseminar als n\u00e4chste Teilprojekte<\/a><\/h2><p class=\"fusion-single-line-meta\"><span class=\"vcard\" style=\"display: none;\"><span class=\"fn\"><a href=\"https:\/\/www.sages.ch\/fr\/author\/admin\/\" title=\"Articles par admin\" rel=\"author\">admin<\/a><\/span><\/span><span class=\"updated\" style=\"display:none;\">2022-12-11T12:08:10+01:00<\/span><span>mai 2022<\/span><span class=\"fusion-inline-sep\">|<\/span><\/p><div class=\"fusion-content-sep sep-single sep-solid\"><\/div><div class=\"fusion-post-content-container\"><p>Am 23. M\u00e4rz 2022 fand die Fachtagung \u00abSoziale Arbeit und Sucht \u2013 Praxis und Wissenschaft im Dialog\u00bb mit \u00fcber 200 Teilnehmenden an der FHNW in Olten statt (s\u00e4mtliche Pr\u00e4sentationen sind online). Die Fachtagung war der Kick Off zur Lancierung eines [...]<\/p><\/div><\/div><\/div><div class=\"fusion-clearfix\"><\/div><\/div>\n<\/article>\n<article id=\"blog-3-post-6042\" class=\"fusion-post-grid post-6042 post type-post status-publish format-standard has-post-thumbnail hentry category-2022-fr\">\n<div class=\"fusion-post-wrapper\" style=\"background-color:rgba(247,247,247,1);border:1px solid #ffffff;border-bottom-width:3px;\">\n\n\t\t\t<div class=\"fusion-flexslider flexslider fusion-flexslider-loading fusion-post-slideshow\" style=\"border-color:#ffffff;\">\n\t\t<ul class=\"slides\">\n\t\t\t\n\t\t\t\t\t\t\t\t\t\t\t\t\t\t<li><div  class=\"fusion-image-wrapper\" aria-haspopup=\"true\">\n\t\t\t\t<img decoding=\"async\" width=\"1217\" height=\"914\" src=\"https:\/\/www.sages.ch\/wp-content\/uploads\/2022\/05\/Foto-LA-und-TF-MV-2022.jpg\" class=\"attachment-full size-full wp-post-image\" alt=\"\" srcset=\"https:\/\/www.sages.ch\/wp-content\/uploads\/2022\/05\/Foto-LA-und-TF-MV-2022-200x150.jpg 200w, https:\/\/www.sages.ch\/wp-content\/uploads\/2022\/05\/Foto-LA-und-TF-MV-2022-400x300.jpg 400w, https:\/\/www.sages.ch\/wp-content\/uploads\/2022\/05\/Foto-LA-und-TF-MV-2022-600x451.jpg 600w, https:\/\/www.sages.ch\/wp-content\/uploads\/2022\/05\/Foto-LA-und-TF-MV-2022-800x601.jpg 800w, https:\/\/www.sages.ch\/wp-content\/uploads\/2022\/05\/Foto-LA-und-TF-MV-2022-1200x901.jpg 1200w, https:\/\/www.sages.ch\/wp-content\/uploads\/2022\/05\/Foto-LA-und-TF-MV-2022.jpg 1217w\" sizes=\"(min-width: 2200px) 100vw, (min-width: 784px) 370px, (min-width: 712px) 555px, (min-width: 640px) 712px, \" \/><div class=\"fusion-rollover\">\n\t<div class=\"fusion-rollover-content\">\n\n\t\t\t\t\t\t\t\t\t\t\t\t\t\t<a class=\"fusion-rollover-link\" href=\"https:\/\/www.sages.ch\/fr\/sages-mitgliederversammlung-2022-ernennung-von-lisa-aeberhard-zum-sages-ehrenmitglied\/\">SAGES-Mitgliederversammlung 2022: Ernennung von Lisa Aeberhard zum SAGES-Ehrenmitglied<\/a>\n\t\t\t\n\t\t\t\t\t\t\t\t\t\t\t\t\t\t\n\t\t\t\t\t\t\t\t\n\t\t\t\t\t\t\t\t\t\t\t\t\t<div class=\"fusion-rollover-sep\"><\/div>\n\t\t\t\t\n\t\t\t\t\t\t\t\t\t\t\t\t\t\t\t\t\t\t<a class=\"fusion-rollover-gallery\" href=\"https:\/\/www.sages.ch\/wp-content\/uploads\/2022\/05\/Foto-LA-und-TF-MV-2022.jpg\" data-options=\"\" data-id=\"6042\" data-rel=\"iLightbox\" data-title=\"Foto LA und TF MV 2022\" data-caption=\"\">\n\t\t\t\t\t\tGalerie\t\t\t\t\t<\/a>\n\t\t\t\t\t\t\t\t\t\t\t\t\t\t\n\t\t\n\t\t\t\t\t\t\t\t\t\t\t\t<h4 class=\"fusion-rollover-title\">\n\t\t\t\t\t<a class=\"fusion-rollover-title-link\" href=\"https:\/\/www.sages.ch\/fr\/sages-mitgliederversammlung-2022-ernennung-von-lisa-aeberhard-zum-sages-ehrenmitglied\/\">\n\t\t\t\t\t\tSAGES-Mitgliederversammlung 2022: Ernennung von Lisa Aeberhard zum SAGES-Ehrenmitglied\t\t\t\t\t<\/a>\n\t\t\t\t<\/h4>\n\t\t\t\n\t\t\t\t\t\t\t\t\t\t<div class=\"fusion-rollover-categories\"><a href=\"https:\/\/www.sages.ch\/fr\/category\/2022-fr\/\" rel=\"tag\">2022<\/a><\/div>\t\t\t\t\t\n\t\t\n\t\t\t\t\t\t<a class=\"fusion-link-wrapper\" href=\"https:\/\/www.sages.ch\/fr\/sages-mitgliederversammlung-2022-ernennung-von-lisa-aeberhard-zum-sages-ehrenmitglied\/\" aria-label=\"SAGES-Mitgliederversammlung 2022: Ernennung von Lisa Aeberhard zum SAGES-Ehrenmitglied\"><\/a>\n\t<\/div>\n<\/div>\n<\/div>\n<\/li>\n\t\t\t\n\t\t\t\n\t\t\t\t\t\t\t\t\t\t\t\t\t\t\t\t\t\t\t\t\t\t\t\t\t\t\t\t\t\t\t\t\t\t\t\t\t\t\t\t\t\t\t\t\t\t\t\t\t\t\t\t\t\t\t\t\t\t\t\t\t\t\t\t\t\t\t\t<\/ul>\n\t<\/div>\n\t<div class=\"fusion-post-content-wrapper\" style=\"padding:30px 25px 20px 25px;\"><div class=\"fusion-post-content post-content\"><h2 class=\"blog-shortcode-post-title entry-title\"><a href=\"https:\/\/www.sages.ch\/fr\/sages-mitgliederversammlung-2022-ernennung-von-lisa-aeberhard-zum-sages-ehrenmitglied\/\">SAGES-Mitgliederversammlung 2022: Ernennung von Lisa Aeberhard zum SAGES-Ehrenmitglied<\/a><\/h2><p class=\"fusion-single-line-meta\"><span class=\"vcard\" style=\"display: none;\"><span class=\"fn\"><a href=\"https:\/\/www.sages.ch\/fr\/author\/admin\/\" title=\"Articles par admin\" rel=\"author\">admin<\/a><\/span><\/span><span class=\"updated\" style=\"display:none;\">2022-12-11T12:08:10+01:00<\/span><span>mai 2022<\/span><span class=\"fusion-inline-sep\">|<\/span><\/p><div class=\"fusion-content-sep sep-single sep-solid\"><\/div><div class=\"fusion-post-content-container\"><p>Die 5. SAGES-Mitgliederversammlung hat am 9. Mai 2022 nach der letztj\u00e4hrigen virtuellen Durchf\u00fchrung wieder in physischer Form an der FHNW in Olten stattgefunden. Neben den statutarischen Gesch\u00e4ften galt es zum einen, die beiden neuen Vorstandsmitglieder Suzanne Lischer von der HSLU [...]<\/p><\/div><\/div><\/div><div class=\"fusion-clearfix\"><\/div><\/div>\n<\/article>\n<article id=\"blog-3-post-5909\" class=\"fusion-post-grid post-5909 post type-post status-publish format-standard hentry category-2022-fr\">\n<div class=\"fusion-post-wrapper\" style=\"background-color:rgba(247,247,247,1);border:1px solid #ffffff;border-bottom-width:3px;\">\n\n<div class=\"fusion-post-content-wrapper\" style=\"padding:30px 25px 20px 25px;\"><div class=\"fusion-post-content post-content\"><h2 class=\"blog-shortcode-post-title entry-title\"><a href=\"https:\/\/www.sages.ch\/fr\/sages-neu-mitherausgeber-der-fachzeitschrift-klinische-sozialarbeit-zeitschrift-fuer-psychosoziale-praxis-und-forschung\/\">SAGES neu Mitherausgeber der Fachzeitschrift \u00abKlinische Sozialarbeit. Zeitschrift f\u00fcr psychosoziale Praxis und Forschung\u00bb<\/a><\/h2><p class=\"fusion-single-line-meta\"><span class=\"vcard\" style=\"display: none;\"><span class=\"fn\"><a href=\"https:\/\/www.sages.ch\/fr\/author\/admin\/\" title=\"Articles par admin\" rel=\"author\">admin<\/a><\/span><\/span><span class=\"updated\" style=\"display:none;\">2022-12-11T12:09:42+01:00<\/span><span>avril 2022<\/span><span class=\"fusion-inline-sep\">|<\/span><\/p><div class=\"fusion-content-sep sep-single sep-solid\"><\/div><div class=\"fusion-post-content-container\"><p>Seit April 2022 ist SAGES neu Mitherausgeber der Fachzeitschrift \u00abKlinische Sozialarbeit. Zeitschrift f\u00fcr psychosoziale Praxis und Forschung\u00bb. Die Zeitschrift ist ein Gemeinschaftsprojekt der Deutschen Vereinigung f\u00fcr Soziale Arbeit im Gesundheitswesen e. V. (DVSG) mit dem European Centre for Clinical Social [...]<\/p><\/div><\/div><\/div><div class=\"fusion-clearfix\"><\/div><\/div>\n<\/article>\n<article id=\"blog-3-post-5904\" class=\"fusion-post-grid post-5904 post type-post status-publish format-standard hentry category-2022-fr\">\n<div class=\"fusion-post-wrapper\" style=\"background-color:rgba(247,247,247,1);border:1px solid #ffffff;border-bottom-width:3px;\">\n\n<div class=\"fusion-post-content-wrapper\" style=\"padding:30px 25px 20px 25px;\"><div class=\"fusion-post-content post-content\"><h2 class=\"blog-shortcode-post-title entry-title\"><a href=\"https:\/\/www.sages.ch\/fr\/wechsel-im-sages-vorstand-per-1-april-2022\/\">Wechsel im SAGES-Vorstand per 1. April 2022<\/a><\/h2><p class=\"fusion-single-line-meta\"><span class=\"vcard\" style=\"display: none;\"><span class=\"fn\"><a href=\"https:\/\/www.sages.ch\/fr\/author\/admin\/\" title=\"Articles par admin\" rel=\"author\">admin<\/a><\/span><\/span><span class=\"updated\" style=\"display:none;\">2022-12-11T12:09:50+01:00<\/span><span>avril 2022<\/span><span class=\"fusion-inline-sep\">|<\/span><\/p><div class=\"fusion-content-sep sep-single sep-solid\"><\/div><div class=\"fusion-post-content-container\"><p>Ende M\u00e4rz wurde das langj\u00e4hrige SAGES-Vorstandsmitglied Martin Hug an seiner letzten Sitzung aus dem Vorstand und dem Fachbereich Psychiatrie verabschiedet. Martin Hug wird seinen wohlverdienten beruflichen Ruhestand antreten. Seine Nachfolgerin ist Annalotte Wurst. Sie arbeitet in der Integrierten Psychiatrie Winterthur [...]<\/p><\/div><\/div><\/div><div class=\"fusion-clearfix\"><\/div><\/div>\n<\/article>\n<article id=\"blog-3-post-5806\" class=\"fusion-post-grid post-5806 post type-post status-publish format-standard hentry category-2022-fr\">\n<div class=\"fusion-post-wrapper\" style=\"background-color:rgba(247,247,247,1);border:1px solid #ffffff;border-bottom-width:3px;\">\n\n<div class=\"fusion-post-content-wrapper\" style=\"padding:30px 25px 20px 25px;\"><div class=\"fusion-post-content post-content\"><h2 class=\"blog-shortcode-post-title entry-title\"><a href=\"https:\/\/www.sages.ch\/fr\/forschungsprojekt-soziale-arbeit-in-der-arztpraxis\/\">Forschungsprojekt Soziale Arbeit in der Arztpraxis<\/a><\/h2><p class=\"fusion-single-line-meta\"><span class=\"vcard\" style=\"display: none;\"><span class=\"fn\"><a href=\"https:\/\/www.sages.ch\/fr\/author\/admin\/\" title=\"Articles par admin\" rel=\"author\">admin<\/a><\/span><\/span><span class=\"updated\" style=\"display:none;\">2022-12-11T12:09:58+01:00<\/span><span>mars 2022<\/span><span class=\"fusion-inline-sep\">|<\/span><\/p><div class=\"fusion-content-sep sep-single sep-solid\"><\/div><div class=\"fusion-post-content-container\"><p>Soziale Arbeit in der Arztpraxis ist in der Schweiz ein weitgehend unbekanntes Arbeitsfeld der Sozialen Arbeit. Zusammen mit vier Praxispartnerinnen hat die BFH unter der Projektleitung von SAGES-Vorstandsmitglied Ren\u00e9 R\u00fcegg die organisatorischen Grundlagen erarbeitet sowie eine Nutzen- und Wirkungsanalyse durchgef\u00fchrt. [...]<\/p><\/div><\/div><\/div><div class=\"fusion-clearfix\"><\/div><\/div>\n<\/article>\n<article id=\"blog-3-post-5802\" class=\"fusion-post-grid post-5802 post type-post status-publish format-standard hentry category-2022-fr\">\n<div class=\"fusion-post-wrapper\" style=\"background-color:rgba(247,247,247,1);border:1px solid #ffffff;border-bottom-width:3px;\">\n\n<div class=\"fusion-post-content-wrapper\" style=\"padding:30px 25px 20px 25px;\"><div class=\"fusion-post-content post-content\"><h2 class=\"blog-shortcode-post-title entry-title\"><a href=\"https:\/\/www.sages.ch\/fr\/soziale-arbeit-in-der-suchthilfe\/\">Soziale Arbeit in der Suchthilfe<\/a><\/h2><p class=\"fusion-single-line-meta\"><span class=\"vcard\" style=\"display: none;\"><span class=\"fn\"><a href=\"https:\/\/www.sages.ch\/fr\/author\/admin\/\" title=\"Articles par admin\" rel=\"author\">admin<\/a><\/span><\/span><span class=\"updated\" style=\"display:none;\">2022-12-11T12:10:13+01:00<\/span><span>mars 2022<\/span><span class=\"fusion-inline-sep\">|<\/span><\/p><div class=\"fusion-content-sep sep-single sep-solid\"><\/div><div class=\"fusion-post-content-container\"><p>Die soziale Dimension kommt in der Suchtarbeit oft zu kurz. Wie kann Sucht im Rahmen eines bio-psycho-sozialen Verst\u00e4ndnisses wieder verst\u00e4rkt auch als soziales Problem verstanden und behandelt werden? Dieser Frage widmete sich die Tagung \u00abSoziale Arbeit und Sucht\u00bb, bei welcher [...]<\/p><\/div><\/div><\/div><div class=\"fusion-clearfix\"><\/div><\/div>\n<\/article>\n<article id=\"blog-3-post-5765\" class=\"fusion-post-grid post-5765 post type-post status-publish format-standard hentry category-2022-fr\">\n<div class=\"fusion-post-wrapper\" style=\"background-color:rgba(247,247,247,1);border:1px solid #ffffff;border-bottom-width:3px;\">\n\n<div class=\"fusion-post-content-wrapper\" style=\"padding:30px 25px 20px 25px;\"><div class=\"fusion-post-content post-content\"><h2 class=\"blog-shortcode-post-title entry-title\"><a href=\"https:\/\/www.sages.ch\/fr\/erweiterung-der-sages-geschaeftsstelle\/\">Erweiterung der SAGES-Gesch\u00e4ftsstelle<\/a><\/h2><p class=\"fusion-single-line-meta\"><span class=\"vcard\" style=\"display: none;\"><span class=\"fn\"><a href=\"https:\/\/www.sages.ch\/fr\/author\/admin\/\" title=\"Articles par admin\" rel=\"author\">admin<\/a><\/span><\/span><span class=\"updated\" style=\"display:none;\">2022-12-11T12:10:22+01:00<\/span><span>mars 2022<\/span><span class=\"fusion-inline-sep\">|<\/span><\/p><div class=\"fusion-content-sep sep-single sep-solid\"><\/div><div class=\"fusion-post-content-container\"><p>Ab Mitte M\u00e4rz wird die SAGES-Gesch\u00e4ftsstelle mit einer neuen Mitarbeiterin erweitert. Wir freuen uns sehr, Sandra Cavadini als Assistentin Gesch\u00e4ftsf\u00fchrung bei uns begr\u00fcssen zu d\u00fcrfen. Bis Anfangs 2021 war Sandra Cavadini als Management Assistant bei Swisscom in Bern t\u00e4tig. In [...]<\/p><\/div><\/div><\/div><div class=\"fusion-clearfix\"><\/div><\/div>\n<\/article>\n<article id=\"blog-3-post-5756\" class=\"fusion-post-grid post-5756 post type-post status-publish format-standard hentry category-2022-fr\">\n<div class=\"fusion-post-wrapper\" style=\"background-color:rgba(247,247,247,1);border:1px solid #ffffff;border-bottom-width:3px;\">\n\n<div class=\"fusion-post-content-wrapper\" style=\"padding:30px 25px 20px 25px;\"><div class=\"fusion-post-content post-content\"><h2 class=\"blog-shortcode-post-title entry-title\"><a href=\"https:\/\/www.sages.ch\/fr\/gesundheitskompetenz-in-herausfordernden-kontexten\/\">Gesundheitskompetenz in herausfordernden Kontexten<\/a><\/h2><p class=\"fusion-single-line-meta\"><span class=\"vcard\" style=\"display: none;\"><span class=\"fn\"><a href=\"https:\/\/www.sages.ch\/fr\/author\/admin\/\" title=\"Articles par admin\" rel=\"author\">admin<\/a><\/span><\/span><span class=\"updated\" style=\"display:none;\">2022-12-11T12:10:36+01:00<\/span><span>mars 2022<\/span><span class=\"fusion-inline-sep\">|<\/span><\/p><div class=\"fusion-content-sep sep-single sep-solid\"><\/div><div class=\"fusion-post-content-container\"><p>Eine Bedarfsanalyse zur F\u00f6rderung der Gesundheitskompetenz bei Menschen in schwierigen Lebenslagen durch sozialberatende Stellen Menschen in herausfordernden Lebenslagen f\u00e4llt es oft auch schwer, sich gesund zu verhalten. Sozialberatende Organisationen k\u00f6nnten sie erreichen und ihre Gesundheitskompetenz f\u00f6rdern. Laut der Studie \u00abGesundheitskompetenz [...]<\/p><\/div><\/div><\/div><div class=\"fusion-clearfix\"><\/div><\/div>\n<\/article>\n<article id=\"blog-3-post-5707\" class=\"fusion-post-grid post-5707 post type-post status-publish format-standard hentry category-2022-fr\">\n<div class=\"fusion-post-wrapper\" style=\"background-color:rgba(247,247,247,1);border:1px solid #ffffff;border-bottom-width:3px;\">\n\n<div class=\"fusion-post-content-wrapper\" style=\"padding:30px 25px 20px 25px;\"><div class=\"fusion-post-content post-content\"><h2 class=\"blog-shortcode-post-title entry-title\"><a href=\"https:\/\/www.sages.ch\/fr\/zusammenhang-von-psychosozialen-faktoren-und-nicht-uebertragbaren-krankheiten-eine-literaturuebersicht\/\">Zusammenhang von psychosozialen Faktoren und nicht  \u00fcbertragbaren Krankheiten: eine Literatur\u00fcbersicht<\/a><\/h2><p class=\"fusion-single-line-meta\"><span class=\"vcard\" style=\"display: none;\"><span class=\"fn\"><a href=\"https:\/\/www.sages.ch\/fr\/author\/admin\/\" title=\"Articles par admin\" rel=\"author\">admin<\/a><\/span><\/span><span class=\"updated\" style=\"display:none;\">2022-12-11T12:11:03+01:00<\/span><span>f\u00e9vrier 2022<\/span><span class=\"fusion-inline-sep\">|<\/span><\/p><div class=\"fusion-content-sep sep-single sep-solid\"><\/div><div class=\"fusion-post-content-container\"><p>Nicht\u00fcbertragbare Krankheiten (NCDs) sind laut der Weltgesundheitsorganisation die h\u00e4ufigste Todesursache weltweit. In der Schweiz sind mehr als 2 Millionen Menschen von NCDs betroffen, welche 80% der Gesundheitskosten verursachen. Im Auftrag des Bundesamtes f\u00fcr Gesundheit (BAG) hat die Universit\u00e4t Freiburg eine [...]<\/p><\/div><\/div><\/div><div class=\"fusion-clearfix\"><\/div><\/div>\n<\/article>\n<article id=\"blog-3-post-5683\" class=\"fusion-post-grid post-5683 post type-post status-publish format-standard hentry category-2022-fr\">\n<div class=\"fusion-post-wrapper\" style=\"background-color:rgba(247,247,247,1);border:1px solid #ffffff;border-bottom-width:3px;\">\n\n<div class=\"fusion-post-content-wrapper\" style=\"padding:30px 25px 20px 25px;\"><div class=\"fusion-post-content post-content\"><h2 class=\"blog-shortcode-post-title entry-title\"><a href=\"https:\/\/www.sages.ch\/fr\/auswirkungen-von-covid-19-zur-situation-von-sozialarbeitenden-im-gesundheitswesen-in-der-schweiz\/\">Auswirkungen von COVID-19: Zur Situation von Sozialarbeitenden im Gesundheitswesen in der Schweiz<\/a><\/h2><p class=\"fusion-single-line-meta\"><span class=\"vcard\" style=\"display: none;\"><span class=\"fn\"><a href=\"https:\/\/www.sages.ch\/fr\/author\/admin\/\" title=\"Articles par admin\" rel=\"author\">admin<\/a><\/span><\/span><span class=\"updated\" style=\"display:none;\">2022-12-11T12:11:13+01:00<\/span><span>f\u00e9vrier 2022<\/span><span class=\"fusion-inline-sep\">|<\/span><\/p><div class=\"fusion-content-sep sep-single sep-solid\"><\/div><div class=\"fusion-post-content-container\"><p>Die Auswirkungen der COVID-19-Pandemie sind auch in allen T\u00e4tigkeitsfeldern der Sozialen Arbeit zu sp\u00fcren. Die Ergebnisse einer Studie zur\u00a0Arbeitssituation, Belastung und Gesundheit von Sozialarbeitenden in der Schweiz zeigen zusammenfassend: Die Fachpersonen der Sozialen Arbeit\u00a0stellen sich den damit verbundenen Herausforderungen mit [...]<\/p><\/div><\/div><\/div><div class=\"fusion-clearfix\"><\/div><\/div>\n<\/article>\n<article id=\"blog-3-post-5598\" class=\"fusion-post-grid post-5598 post type-post status-publish format-standard hentry category-2022-fr\">\n<div class=\"fusion-post-wrapper\" style=\"background-color:rgba(247,247,247,1);border:1px solid #ffffff;border-bottom-width:3px;\">\n\n<div class=\"fusion-post-content-wrapper\" style=\"padding:30px 25px 20px 25px;\"><div class=\"fusion-post-content post-content\"><h2 class=\"blog-shortcode-post-title entry-title\"><a href=\"https:\/\/www.sages.ch\/fr\/tag-der-kranken-2022\/\">Tag der Kranken 2022<\/a><\/h2><p class=\"fusion-single-line-meta\"><span class=\"vcard\" style=\"display: none;\"><span class=\"fn\"><a href=\"https:\/\/www.sages.ch\/fr\/author\/admin\/\" title=\"Articles par admin\" rel=\"author\">admin<\/a><\/span><\/span><span class=\"updated\" style=\"display:none;\">2022-12-11T12:11:25+01:00<\/span><span>janvier 2022<\/span><span class=\"fusion-inline-sep\">|<\/span><\/p><div class=\"fusion-content-sep sep-single sep-solid\"><\/div><div class=\"fusion-post-content-container\"><p>Am 6. M\u00e4rz 2022, dem \u00abTag der Kranken\u00bb, finden in der ganzen Schweiz Veranstaltungen und Aktionen statt. Mit dem Motto \u00abLebe dein Leben\u00bb m\u00f6chte angeregt werden, den Blick auf das Positive zu richten sowie kranke und gesunde Menschen zu ermutigen, [...]<\/p><\/div><\/div><\/div><div class=\"fusion-clearfix\"><\/div><\/div>\n<\/article>\n<article id=\"blog-3-post-5662\" class=\"fusion-post-grid post-5662 post type-post status-publish format-standard hentry category-2022-fr\">\n<div class=\"fusion-post-wrapper\" style=\"background-color:rgba(247,247,247,1);border:1px solid #ffffff;border-bottom-width:3px;\">\n\n<div class=\"fusion-post-content-wrapper\" style=\"padding:30px 25px 20px 25px;\"><div class=\"fusion-post-content post-content\"><h2 class=\"blog-shortcode-post-title entry-title\"><a href=\"https:\/\/www.sages.ch\/fr\/wechsel-im-sages-vorstand-per-1-januar-2022\/\">Wechsel im SAGES-Vorstand per 1. Januar 2022<\/a><\/h2><p class=\"fusion-single-line-meta\"><span class=\"vcard\" style=\"display: none;\"><span class=\"fn\"><a href=\"https:\/\/www.sages.ch\/fr\/author\/admin\/\" title=\"Articles par admin\" rel=\"author\">admin<\/a><\/span><\/span><span class=\"updated\" style=\"display:none;\">2022-12-11T12:11:36+01:00<\/span><span>janvier 2022<\/span><span class=\"fusion-inline-sep\">|<\/span><\/p><div class=\"fusion-content-sep sep-single sep-solid\"><\/div><div class=\"fusion-post-content-container\"><p>Mit dem Jahreswechsel hat sich das langj\u00e4hrige SAGES-Vorstandsmitglied Elke Brusa aus dem SAGES-Vorstand und dem SAGES-Fachbereich Bildung und Forschung verabschiedet. In ihre Fussstapfen tritt Suzanne Lischer, welche wie Elke Brusa an der HSLU t\u00e4tig ist. Suzanne Lischer ist diplomierte Sozialarbeiterin. [...]<\/p><\/div><\/div><\/div><div class=\"fusion-clearfix\"><\/div><\/div>\n<\/article>\n<article id=\"blog-3-post-4704\" class=\"fusion-post-grid post-4704 post type-post status-publish format-standard hentry category-2020-fr\">\n<div class=\"fusion-post-wrapper\" style=\"background-color:rgba(247,247,247,1);border:1px solid #ffffff;border-bottom-width:3px;\">\n\n<div class=\"fusion-post-content-wrapper\" style=\"padding:30px 25px 20px 25px;\"><div class=\"fusion-post-content post-content\"><h2 class=\"blog-shortcode-post-title entry-title\"><a href=\"https:\/\/www.sages.ch\/fr\/studie-soziale-arbeit-in-der-covid-19-pandemie\/\">Studie \u00abSoziale Arbeit in der Covid-19-Pandemie\u00bb<\/a><\/h2><p class=\"fusion-single-line-meta\"><span class=\"vcard\" style=\"display: none;\"><span class=\"fn\"><a href=\"https:\/\/www.sages.ch\/fr\/author\/admin\/\" title=\"Articles par admin\" rel=\"author\">admin<\/a><\/span><\/span><span class=\"updated\" style=\"display:none;\">2022-12-11T11:54:07+01:00<\/span><span>d\u00e9cembre 2020<\/span><span class=\"fusion-inline-sep\">|<\/span><\/p><div class=\"fusion-content-sep sep-single sep-solid\"><\/div><div class=\"fusion-post-content-container\"><p>SAGES m\u00f6chte auf die Studie \u00abSoziale Arbeit in der Covid-19-Pandemie\u00bb hinweisen. Diese Studie wird als eine Kooperation zwischen dem Institut f\u00fcr Soziale Arbeit und Gesundheit der Hochschule f\u00fcr Soziale Arbeit an der FHNW und AvenirSocial, Berufsverband Soziale Arbeit Schweiz, durchgef\u00fchrt. [...]<\/p><\/div><\/div><\/div><div class=\"fusion-clearfix\"><\/div><\/div>\n<\/article>\n<article id=\"blog-3-post-4697\" class=\"fusion-post-grid post-4697 post type-post status-publish format-standard hentry category-2020-fr\">\n<div class=\"fusion-post-wrapper\" style=\"background-color:rgba(247,247,247,1);border:1px solid #ffffff;border-bottom-width:3px;\">\n\n<div class=\"fusion-post-content-wrapper\" style=\"padding:30px 25px 20px 25px;\"><div class=\"fusion-post-content post-content\"><h2 class=\"blog-shortcode-post-title entry-title\"><a href=\"https:\/\/www.sages.ch\/fr\/die-integrierte-versorgung-in-der-schweiz-rueckblick-ueber-die-letzten-25-jahre-und-ausblick-in-die-zukunft\/\">Die Integrierte Versorgung in der Schweiz \u2013 R\u00fcckblick \u00fcber die letzten 25 Jahre und Ausblick in die Zukunft<\/a><\/h2><p class=\"fusion-single-line-meta\"><span class=\"vcard\" style=\"display: none;\"><span class=\"fn\"><a href=\"https:\/\/www.sages.ch\/fr\/author\/admin\/\" title=\"Articles par admin\" rel=\"author\">admin<\/a><\/span><\/span><span class=\"updated\" style=\"display:none;\">2022-12-11T11:54:20+01:00<\/span><span>d\u00e9cembre 2020<\/span><span class=\"fusion-inline-sep\">|<\/span><\/p><div class=\"fusion-content-sep sep-single sep-solid\"><\/div><div class=\"fusion-post-content-container\"><p>Interview mit der fmc Pr\u00e4sidentin Frau Ursula Koch. Im Interview nimmt Frau Koch Stellung zur Entwicklung der integrierten Versorgung in der Schweiz. \u203a Zum Interview<\/p><\/div><\/div><\/div><div class=\"fusion-clearfix\"><\/div><\/div>\n<\/article>\n<article id=\"blog-3-post-4670\" class=\"fusion-post-grid post-4670 post type-post status-publish format-standard has-post-thumbnail hentry category-2020-fr\">\n<div class=\"fusion-post-wrapper\" style=\"background-color:rgba(247,247,247,1);border:1px solid #ffffff;border-bottom-width:3px;\">\n\n\t\t\t<div class=\"fusion-flexslider flexslider fusion-flexslider-loading fusion-post-slideshow\" style=\"border-color:#ffffff;\">\n\t\t<ul class=\"slides\">\n\t\t\t\n\t\t\t\t\t\t\t\t\t\t\t\t\t\t<li><div  class=\"fusion-image-wrapper\" aria-haspopup=\"true\">\n\t\t\t\t<img decoding=\"async\" width=\"995\" height=\"408\" src=\"https:\/\/www.sages.ch\/wp-content\/uploads\/2020\/12\/dar\u00fcber-reden.png\" class=\"attachment-full size-full wp-post-image\" alt=\"\" srcset=\"https:\/\/www.sages.ch\/wp-content\/uploads\/2020\/12\/dar\u00fcber-reden-200x82.png 200w, https:\/\/www.sages.ch\/wp-content\/uploads\/2020\/12\/dar\u00fcber-reden-400x164.png 400w, https:\/\/www.sages.ch\/wp-content\/uploads\/2020\/12\/dar\u00fcber-reden-600x246.png 600w, https:\/\/www.sages.ch\/wp-content\/uploads\/2020\/12\/dar\u00fcber-reden-800x328.png 800w, https:\/\/www.sages.ch\/wp-content\/uploads\/2020\/12\/dar\u00fcber-reden.png 995w\" sizes=\"(min-width: 2200px) 100vw, (min-width: 784px) 370px, (min-width: 712px) 555px, (min-width: 640px) 712px, \" \/><div class=\"fusion-rollover\">\n\t<div class=\"fusion-rollover-content\">\n\n\t\t\t\t\t\t\t\t\t\t\t\t\t\t<a class=\"fusion-rollover-link\" href=\"https:\/\/www.sages.ch\/fr\/darueber-reden-hilfe-finden-am-10-dezember-ist-aktionstag-zur-psychischen-gesundheit-in-zeiten-von-corona\/\">\u00abDar\u00fcber reden. Hilfe finden\u00bb: Am 10. Dezember ist Aktionstag zur psychischen Gesundheit in Zeiten von Corona<\/a>\n\t\t\t\n\t\t\t\t\t\t\t\t\t\t\t\t\t\t\n\t\t\t\t\t\t\t\t\n\t\t\t\t\t\t\t\t\t\t\t\t\t<div class=\"fusion-rollover-sep\"><\/div>\n\t\t\t\t\n\t\t\t\t\t\t\t\t\t\t\t\t\t\t\t\t\t\t<a class=\"fusion-rollover-gallery\" href=\"https:\/\/www.sages.ch\/wp-content\/uploads\/2020\/12\/dar\u00fcber-reden.png\" data-options=\"\" data-id=\"4670\" data-rel=\"iLightbox\" data-title=\"dar\u00fcber reden\" data-caption=\"\">\n\t\t\t\t\t\tGalerie\t\t\t\t\t<\/a>\n\t\t\t\t\t\t\t\t\t\t\t\t\t\t\n\t\t\n\t\t\t\t\t\t\t\t\t\t\t\t<h4 class=\"fusion-rollover-title\">\n\t\t\t\t\t<a class=\"fusion-rollover-title-link\" href=\"https:\/\/www.sages.ch\/fr\/darueber-reden-hilfe-finden-am-10-dezember-ist-aktionstag-zur-psychischen-gesundheit-in-zeiten-von-corona\/\">\n\t\t\t\t\t\t\u00abDar\u00fcber reden. Hilfe finden\u00bb: Am 10. Dezember ist Aktionstag zur psychischen Gesundheit in Zeiten von Corona\t\t\t\t\t<\/a>\n\t\t\t\t<\/h4>\n\t\t\t\n\t\t\t\t\t\t\t\t\t\t<div class=\"fusion-rollover-categories\"><a href=\"https:\/\/www.sages.ch\/fr\/category\/2020-fr\/\" rel=\"tag\">2020<\/a><\/div>\t\t\t\t\t\n\t\t\n\t\t\t\t\t\t<a class=\"fusion-link-wrapper\" href=\"https:\/\/www.sages.ch\/fr\/darueber-reden-hilfe-finden-am-10-dezember-ist-aktionstag-zur-psychischen-gesundheit-in-zeiten-von-corona\/\" aria-label=\"\u00abDar\u00fcber reden. Hilfe finden\u00bb: Am 10. Dezember ist Aktionstag zur psychischen Gesundheit in Zeiten von Corona\"><\/a>\n\t<\/div>\n<\/div>\n<\/div>\n<\/li>\n\t\t\t\n\t\t\t\n\t\t\t\t\t\t\t\t\t\t\t\t\t\t\t\t\t\t\t\t\t\t\t\t\t\t\t\t\t\t\t\t\t\t\t\t\t\t\t\t\t\t\t\t\t\t\t\t\t\t\t\t\t\t\t\t\t\t\t\t\t\t\t\t\t\t\t\t<\/ul>\n\t<\/div>\n\t<div class=\"fusion-post-content-wrapper\" style=\"padding:30px 25px 20px 25px;\"><div class=\"fusion-post-content post-content\"><h2 class=\"blog-shortcode-post-title entry-title\"><a href=\"https:\/\/www.sages.ch\/fr\/darueber-reden-hilfe-finden-am-10-dezember-ist-aktionstag-zur-psychischen-gesundheit-in-zeiten-von-corona\/\">\u00abDar\u00fcber reden. Hilfe finden\u00bb: Am 10. Dezember ist Aktionstag zur psychischen Gesundheit in Zeiten von Corona<\/a><\/h2><p class=\"fusion-single-line-meta\"><span class=\"vcard\" style=\"display: none;\"><span class=\"fn\"><a href=\"https:\/\/www.sages.ch\/fr\/author\/admin\/\" title=\"Articles par admin\" rel=\"author\">admin<\/a><\/span><\/span><span class=\"updated\" style=\"display:none;\">2022-12-11T12:44:27+01:00<\/span><span>d\u00e9cembre 2020<\/span><span class=\"fusion-inline-sep\">|<\/span><\/p><div class=\"fusion-content-sep sep-single sep-solid\"><\/div><div class=\"fusion-post-content-container\"><p>Fehlende soziale Kontakte, wirtschaftliche Sorgen, existenzielle \u00c4ngste, der Tod einer nahestehenden Person \u2013 die Corona-Krise verunsichert viele Menschen und kann dazu f\u00fchren, dass das Leben aus dem Gleichgewicht ger\u00e4t. Am Donnerstag, 10. Dezember, macht ein schweizweiter Aktionstag auf die Folgen [...]<\/p><\/div><\/div><\/div><div class=\"fusion-clearfix\"><\/div><\/div>\n<\/article>\n<article id=\"blog-3-post-4687\" class=\"fusion-post-grid post-4687 post type-post status-publish format-standard hentry category-2020-fr category-non-classifiee\">\n<div class=\"fusion-post-wrapper\" style=\"background-color:rgba(247,247,247,1);border:1px solid #ffffff;border-bottom-width:3px;\">\n\n<div class=\"fusion-post-content-wrapper\" style=\"padding:30px 25px 20px 25px;\"><div class=\"fusion-post-content post-content\"><h2 class=\"blog-shortcode-post-title entry-title\"><a href=\"https:\/\/www.sages.ch\/fr\/soziale-lage-und-spitalaufenthalte-aufgrund-chronischer-erkrankungen\/\">Soziale Lage und Spitalaufenthalte aufgrund chronischer Erkrankungen<\/a><\/h2><p class=\"fusion-single-line-meta\"><span class=\"vcard\" style=\"display: none;\"><span class=\"fn\"><a href=\"https:\/\/www.sages.ch\/fr\/author\/admin\/\" title=\"Articles par admin\" rel=\"author\">admin<\/a><\/span><\/span><span class=\"updated\" style=\"display:none;\">2022-12-11T12:44:27+01:00<\/span><span>d\u00e9cembre 2020<\/span><span class=\"fusion-inline-sep\">|<\/span><\/p><div class=\"fusion-content-sep sep-single sep-solid\"><\/div><div class=\"fusion-post-content-container\"><p>Im Rahmen des NFP 74-Projektes \u00abSoziale Ungleichheiten und Hospitalisationen in der Schweiz\u00bb (SIHOS) wurde f\u00fcr eine repr\u00e4sentative Stichprobe der Schweizer Bev\u00f6lkerung eine Datenbank erstellt, die u.a. demografische und sozio\u00f6konomische Variablen sowie Merkmale von Spitalaufenthalten enth\u00e4lt. Dazu wurden nationale Gesundheits- und [...]<\/p><\/div><\/div><\/div><div class=\"fusion-clearfix\"><\/div><\/div>\n<\/article>\n<article id=\"blog-3-post-4664\" class=\"fusion-post-grid post-4664 post type-post status-publish format-standard hentry category-2020-fr category-non-classifiee\">\n<div class=\"fusion-post-wrapper\" style=\"background-color:rgba(247,247,247,1);border:1px solid #ffffff;border-bottom-width:3px;\">\n\n<div class=\"fusion-post-content-wrapper\" style=\"padding:30px 25px 20px 25px;\"><div class=\"fusion-post-content post-content\"><h2 class=\"blog-shortcode-post-title entry-title\"><a href=\"https:\/\/www.sages.ch\/fr\/hohe-selbstzahlungen-bei-der-gesundheit-wer-bleibt-aussen-vor\/\">Hohe Selbstzahlungen bei der Gesundheit: Wer bleibt aussen vor?<\/a><\/h2><p class=\"fusion-single-line-meta\"><span class=\"vcard\" style=\"display: none;\"><span class=\"fn\"><a href=\"https:\/\/www.sages.ch\/fr\/author\/admin\/\" title=\"Articles par admin\" rel=\"author\">admin<\/a><\/span><\/span><span class=\"updated\" style=\"display:none;\">2022-12-11T12:44:27+01:00<\/span><span>d\u00e9cembre 2020<\/span><span class=\"fusion-inline-sep\">|<\/span><\/p><div class=\"fusion-content-sep sep-single sep-solid\"><\/div><div class=\"fusion-post-content-container\"><p>Menschen in finanziell prek\u00e4ren Verh\u00e4ltnissen verzichten h\u00e4ufig auf Leistungen der Gesundheitsversorgung, obwohl diese obligatorisch versichert sind. Auch nutzen sie seltener Vorsorgem\u00f6glichkeiten. Warum tun sie das? Und warum tragen Versicherte in der Schweiz generell einen im internationalen Vergleich sehr hohen Anteil [...]<\/p><\/div><\/div><\/div><div class=\"fusion-clearfix\"><\/div><\/div>\n<\/article>\n<article id=\"blog-3-post-4654\" class=\"fusion-post-grid post-4654 post type-post status-publish format-standard hentry category-2020-fr category-non-classifiee\">\n<div class=\"fusion-post-wrapper\" style=\"background-color:rgba(247,247,247,1);border:1px solid #ffffff;border-bottom-width:3px;\">\n\n<div class=\"fusion-post-content-wrapper\" style=\"padding:30px 25px 20px 25px;\"><div class=\"fusion-post-content post-content\"><h2 class=\"blog-shortcode-post-title entry-title\"><a href=\"https:\/\/www.sages.ch\/fr\/2-kooperationstagungen-im-januar-neu-im-onlineformat\/\">2 Kooperationstagungen im Januar neu im Onlineformat<\/a><\/h2><p class=\"fusion-single-line-meta\"><span class=\"vcard\" style=\"display: none;\"><span class=\"fn\"><a href=\"https:\/\/www.sages.ch\/fr\/author\/admin\/\" title=\"Articles par admin\" rel=\"author\">admin<\/a><\/span><\/span><span class=\"updated\" style=\"display:none;\">2022-12-11T12:44:28+01:00<\/span><span>novembre 2020<\/span><span class=\"fusion-inline-sep\">|<\/span><\/p><div class=\"fusion-content-sep sep-single sep-solid\"><\/div><div class=\"fusion-post-content-container\"><p>Sowohl die 4. Nationale Tagung Gesundheit &amp; Armut von Donnerstag, 21. Januar 2021, als auch die 2. Nationale Fachtagung von GERONTOLOGIE CH von Montag, 25. Januar 2021, werden neu online durchgef\u00fchrt. SAGES ist bei beiden Tagungen Kooperationspartner, unsere Mitglieder profitieren [...]<\/p><\/div><\/div><\/div><div class=\"fusion-clearfix\"><\/div><\/div>\n<\/article>\n<article id=\"blog-3-post-4643\" class=\"fusion-post-grid post-4643 post type-post status-publish format-standard hentry category-2020-fr category-non-classifiee\">\n<div class=\"fusion-post-wrapper\" style=\"background-color:rgba(247,247,247,1);border:1px solid #ffffff;border-bottom-width:3px;\">\n\n<div class=\"fusion-post-content-wrapper\" style=\"padding:30px 25px 20px 25px;\"><div class=\"fusion-post-content post-content\"><h2 class=\"blog-shortcode-post-title entry-title\"><a href=\"https:\/\/www.sages.ch\/fr\/teilnahme-am-vernehmlassungsverfahren-zur-aenderung-des-bundesgesetzes-vom-18-maerz-1994-ueber-die-krankenversicherung\/\">Teilnahme am Vernehmlassungsverfahren zur \u00c4nderung des Bundesgesetzes vom 18. M\u00e4rz 1994 \u00fcber die Krankenversicherung<\/a><\/h2><p class=\"fusion-single-line-meta\"><span class=\"vcard\" style=\"display: none;\"><span class=\"fn\"><a href=\"https:\/\/www.sages.ch\/fr\/author\/admin\/\" title=\"Articles par admin\" rel=\"author\">admin<\/a><\/span><\/span><span class=\"updated\" style=\"display:none;\">2022-12-11T12:44:28+01:00<\/span><span>novembre 2020<\/span><span class=\"fusion-inline-sep\">|<\/span><\/p><div class=\"fusion-content-sep sep-single sep-solid\"><\/div><div class=\"fusion-post-content-container\"><p>SAGES hat mit einer Stellungnahme am\u00a0 Vernehmlassungsverfahren zur \u00c4nderung des Bundesgesetzes vom 18. M\u00e4rz 1994 \u00fcber die Krankenversicherung (Massnahmen zur Kostend\u00e4mpfung \u2013 Paket 2) teilgenommen. Darin fordern wir, dass die Zulassungsvoraussetzungen f\u00fcr die Netzwerke zur koordinierten Versorgung zwingend das Vorhandensein [...]<\/p><\/div><\/div><\/div><div class=\"fusion-clearfix\"><\/div><\/div>\n<\/article>\n<article id=\"blog-3-post-4625\" class=\"fusion-post-grid post-4625 post type-post status-publish format-standard hentry category-2020-fr category-non-classifiee\">\n<div class=\"fusion-post-wrapper\" style=\"background-color:rgba(247,247,247,1);border:1px solid #ffffff;border-bottom-width:3px;\">\n\n<div class=\"fusion-post-content-wrapper\" style=\"padding:30px 25px 20px 25px;\"><div class=\"fusion-post-content post-content\"><h2 class=\"blog-shortcode-post-title entry-title\"><a href=\"https:\/\/www.sages.ch\/fr\/studie-zu-den-erfolgsbedingungen-bei-der-etablierung-interprofessioneller-zusammenarbeit-an-der-schnittstelle-zwischen-gesundheitswesen-und-sozialhilfe\/\">Studie zu den Erfolgsbedingungen bei der Etablierung interprofessioneller Zusammenarbeit an der Schnittstelle zwischen Gesundheitswesen und Sozialhilfe<\/a><\/h2><p class=\"fusion-single-line-meta\"><span class=\"vcard\" style=\"display: none;\"><span class=\"fn\"><a href=\"https:\/\/www.sages.ch\/fr\/author\/admin\/\" title=\"Articles par admin\" rel=\"author\">admin<\/a><\/span><\/span><span class=\"updated\" style=\"display:none;\">2022-12-11T12:44:29+01:00<\/span><span>octobre 2020<\/span><span class=\"fusion-inline-sep\">|<\/span><\/p><div class=\"fusion-content-sep sep-single sep-solid\"><\/div><div class=\"fusion-post-content-container\"><p>Welche Einflussfaktoren beg\u00fcnstigen oder hemmen die Umsetzung von interprofessioneller Zusammenarbeit an der Schnittstelle zwischen Gesundheitswesen und Sozialhilfe? Wie k\u00f6nnen hemmende Faktoren \u00fcberwunden werden? Die Studie gibt Antworten. In der Praxis st\u00f6sst interprofessionelles Management an den Schnittstellen zwischen Sozial- und Gesundheitswesen [...]<\/p><\/div><\/div><\/div><div class=\"fusion-clearfix\"><\/div><\/div>\n<\/article>\n<article id=\"blog-3-post-4600\" class=\"fusion-post-grid post-4600 post type-post status-publish format-standard hentry category-2020-fr category-non-classifiee\">\n<div class=\"fusion-post-wrapper\" style=\"background-color:rgba(247,247,247,1);border:1px solid #ffffff;border-bottom-width:3px;\">\n\n<div class=\"fusion-post-content-wrapper\" style=\"padding:30px 25px 20px 25px;\"><div class=\"fusion-post-content post-content\"><h2 class=\"blog-shortcode-post-title entry-title\"><a href=\"https:\/\/www.sages.ch\/fr\/gesundheitsbezogene-register-als-chance-fuer-praxis-und-forschung-der-klinischen-sozialarbeit\/\">Gesundheitsbezogene Register als Chance f\u00fcr Praxis und Forschung der Klinischen Sozialarbeit<\/a><\/h2><p class=\"fusion-single-line-meta\"><span class=\"vcard\" style=\"display: none;\"><span class=\"fn\"><a href=\"https:\/\/www.sages.ch\/fr\/author\/admin\/\" title=\"Articles par admin\" rel=\"author\">admin<\/a><\/span><\/span><span class=\"updated\" style=\"display:none;\">2022-12-11T12:44:29+01:00<\/span><span>octobre 2020<\/span><span class=\"fusion-inline-sep\">|<\/span><\/p><div class=\"fusion-content-sep sep-single sep-solid\"><\/div><div class=\"fusion-post-content-container\"><p>\u00abGesundheitsbezogene Register sind eine systematische, organisierte Sammlung von einheitlichen Daten einer Gruppe von Menschen, die durch eine bestimmte Erkrankung, einen Zustand, eine Exposition oder eine medizinische Leistung definiert ist (Steck et al. 2019). Sie k\u00f6nnen f\u00fcr klinische (beispielsweise zum Identifizieren [...]<\/p><\/div><\/div><\/div><div class=\"fusion-clearfix\"><\/div><\/div>\n<\/article>\n<article id=\"blog-3-post-4593\" class=\"fusion-post-grid post-4593 post type-post status-publish format-standard hentry category-2020-fr category-non-classifiee\">\n<div class=\"fusion-post-wrapper\" style=\"background-color:rgba(247,247,247,1);border:1px solid #ffffff;border-bottom-width:3px;\">\n\n<div class=\"fusion-post-content-wrapper\" style=\"padding:30px 25px 20px 25px;\"><div class=\"fusion-post-content post-content\"><h2 class=\"blog-shortcode-post-title entry-title\"><a href=\"https:\/\/www.sages.ch\/fr\/gemeinsam-mit-dem-gesundheitspersonal-protestwoche-vom-26-bis-31-oktober-2020-2\/\">Gemeinsam mit dem Gesundheitspersonal &#8211; Protestwoche vom 26. bis 31. Oktober 2020<\/a><\/h2><p class=\"fusion-single-line-meta\"><span class=\"vcard\" style=\"display: none;\"><span class=\"fn\"><a href=\"https:\/\/www.sages.ch\/fr\/author\/admin\/\" title=\"Articles par admin\" rel=\"author\">admin<\/a><\/span><\/span><span class=\"updated\" style=\"display:none;\">2022-12-11T12:44:29+01:00<\/span><span>octobre 2020<\/span><span class=\"fusion-inline-sep\">|<\/span><\/p><div class=\"fusion-content-sep sep-single sep-solid\"><\/div><div class=\"fusion-post-content-container\"><p>SAGES ist dem \u00abB\u00fcndnis Gesundheit\u00bb beigetreten, welches von der Gewerkschaft VPOD, dem Schweizer Berufsverband der Pflegefachfrauen und Pflegefachm\u00e4nner SBK und der Gewerkschaft SYNA gegr\u00fcndet wurde. Daneben sind folgende, im Gesundheitsbereich t\u00e4tige Organisationen im B\u00fcndnis vertreten: 1. Unia 2. SCIV - [...]<\/p><\/div><\/div><\/div><div class=\"fusion-clearfix\"><\/div><\/div>\n<\/article>\n<article id=\"blog-3-post-4583\" class=\"fusion-post-grid post-4583 post type-post status-publish format-standard hentry category-2020-fr category-non-classifiee\">\n<div class=\"fusion-post-wrapper\" style=\"background-color:rgba(247,247,247,1);border:1px solid #ffffff;border-bottom-width:3px;\">\n\n<div class=\"fusion-post-content-wrapper\" style=\"padding:30px 25px 20px 25px;\"><div class=\"fusion-post-content post-content\"><h2 class=\"blog-shortcode-post-title entry-title\"><a href=\"https:\/\/www.sages.ch\/fr\/gemeinsam-mit-dem-gesundheitspersonal-protestwoche-vom-26-bis-31-oktober-2020\/\">Gemeinsam mit dem Gesundheitspersonal &#8211; Protestwoche vom 26. bis 31. Oktober 2020<\/a><\/h2><p class=\"fusion-single-line-meta\"><span class=\"vcard\" style=\"display: none;\"><span class=\"fn\"><a href=\"https:\/\/www.sages.ch\/fr\/author\/admin\/\" title=\"Articles par admin\" rel=\"author\">admin<\/a><\/span><\/span><span class=\"updated\" style=\"display:none;\">2022-12-11T12:44:30+01:00<\/span><span>octobre 2020<\/span><span class=\"fusion-inline-sep\">|<\/span><\/p><div class=\"fusion-content-sep sep-single sep-solid\"><\/div><div class=\"fusion-post-content-container\"><p>SAGES ist dem \u00abB\u00fcndnis Gesundheit\u00bb beigetreten, welches von der Gewerkschaft VPOD, dem Schweizer Berufsverband der Pflegefachfrauen und Pflegefachm\u00e4nner SBK und der Gewerkschaft SYNA gegr\u00fcndet wurde. Daneben sind folgende, im Gesundheitsbereich t\u00e4tige Organisationen im B\u00fcndnis vertreten: 1. Unia 2. SCIV - [...]<\/p><\/div><\/div><\/div><div class=\"fusion-clearfix\"><\/div><\/div>\n<\/article>\n<article id=\"blog-3-post-4573\" class=\"fusion-post-grid post-4573 post type-post status-publish format-standard hentry category-2020-fr category-non-classifiee\">\n<div class=\"fusion-post-wrapper\" style=\"background-color:rgba(247,247,247,1);border:1px solid #ffffff;border-bottom-width:3px;\">\n\n<div class=\"fusion-post-content-wrapper\" style=\"padding:30px 25px 20px 25px;\"><div class=\"fusion-post-content post-content\"><h2 class=\"blog-shortcode-post-title entry-title\"><a href=\"https:\/\/www.sages.ch\/fr\/bessere-behandlung-durch-sozialberatung-in-der-hausarztpraxis\/\">Bessere Behandlung durch Sozialberatung in der Hausarztpraxis<\/a><\/h2><p class=\"fusion-single-line-meta\"><span class=\"vcard\" style=\"display: none;\"><span class=\"fn\"><a href=\"https:\/\/www.sages.ch\/fr\/author\/admin\/\" title=\"Articles par admin\" rel=\"author\">admin<\/a><\/span><\/span><span class=\"updated\" style=\"display:none;\">2022-12-11T12:44:30+01:00<\/span><span>octobre 2020<\/span><span class=\"fusion-inline-sep\">|<\/span><\/p><div class=\"fusion-content-sep sep-single sep-solid\"><\/div><div class=\"fusion-post-content-container\"><p>In der haus\u00e4rztlichen Grundversorgung stellt Sozialberatung bis jetzt eine absolute Ausnahme dar, obschon robuste Evidenz darauf hinweist, dass genau hier soziale Probleme, welche das Behandlungsergebnis gef\u00e4hrden, zuallererst zutage treten und erfolgreich angegangen werden k\u00f6nnten. Ein anderer Ausdruck f\u00fcr das Ein\u00adbeziehen [...]<\/p><\/div><\/div><\/div><div class=\"fusion-clearfix\"><\/div><\/div>\n<\/article>\n<article id=\"blog-3-post-4567\" class=\"fusion-post-grid post-4567 post type-post status-publish format-standard hentry category-2020-fr category-non-classifiee\">\n<div class=\"fusion-post-wrapper\" style=\"background-color:rgba(247,247,247,1);border:1px solid #ffffff;border-bottom-width:3px;\">\n\n<div class=\"fusion-post-content-wrapper\" style=\"padding:30px 25px 20px 25px;\"><div class=\"fusion-post-content post-content\"><h2 class=\"blog-shortcode-post-title entry-title\"><a href=\"https:\/\/www.sages.ch\/fr\/on-world-mental-health-day-the-international-federation-of-social-workers-calls-for-mental-health-for-all\/\">On World Mental Health Day, the International Federation of Social Workers calls for Mental Health for All<\/a><\/h2><p class=\"fusion-single-line-meta\"><span class=\"vcard\" style=\"display: none;\"><span class=\"fn\"><a href=\"https:\/\/www.sages.ch\/fr\/author\/admin\/\" title=\"Articles par admin\" rel=\"author\">admin<\/a><\/span><\/span><span class=\"updated\" style=\"display:none;\">2022-12-11T12:44:31+01:00<\/span><span>octobre 2020<\/span><span class=\"fusion-inline-sep\">|<\/span><\/p><div class=\"fusion-content-sep sep-single sep-solid\"><\/div><div class=\"fusion-post-content-container\"><p>Am 10. Oktober, dem Welttag der psychischen Gesundheit, unterst\u00fctzt die Internationale F\u00f6deration der Sozialarbeiter (IFSW) die diesj\u00e4hrige Forderung nach mehr Investitionen in die psychische Gesundheitsversorgung und einem besseren Zugang zu psychischer Gesundheitsversorgung. Lesen Sie dazu das Statement des SAGES-Ehrenmitglieds Bruno [...]<\/p><\/div><\/div><\/div><div class=\"fusion-clearfix\"><\/div><\/div>\n<\/article>\n<article id=\"blog-3-post-4556\" class=\"fusion-post-grid post-4556 post type-post status-publish format-standard hentry category-2020-fr category-non-classifiee\">\n<div class=\"fusion-post-wrapper\" style=\"background-color:rgba(247,247,247,1);border:1px solid #ffffff;border-bottom-width:3px;\">\n\n<div class=\"fusion-post-content-wrapper\" style=\"padding:30px 25px 20px 25px;\"><div class=\"fusion-post-content post-content\"><h2 class=\"blog-shortcode-post-title entry-title\"><a href=\"https:\/\/www.sages.ch\/fr\/charta-2-0-interprofessionelle-zusammenarbeit-im-gesundheitswesen\/\">Charta 2.0 \u00abInterprofessionelle Zusammenarbeit im Gesundheitswesen\u00bb<\/a><\/h2><p class=\"fusion-single-line-meta\"><span class=\"vcard\" style=\"display: none;\"><span class=\"fn\"><a href=\"https:\/\/www.sages.ch\/fr\/author\/admin\/\" title=\"Articles par admin\" rel=\"author\">admin<\/a><\/span><\/span><span class=\"updated\" style=\"display:none;\">2022-12-11T12:44:31+01:00<\/span><span>septembre 2020<\/span><span class=\"fusion-inline-sep\">|<\/span><\/p><div class=\"fusion-content-sep sep-single sep-solid\"><\/div><div class=\"fusion-post-content-container\"><p>\u00dcberzeugt, dass die gelingende interprofessionelle Zusammenarbeit immer mehr zum Erfolgsfaktor im Gesundheitswesen wird, ver\u00f6ffentlichte die SAMW 2014 die erste Charta \u00abZusammenarbeit der Fachleute im Gesundheitswesen\u00bb. Unterdessen wurden in der Schweiz zahlreiche Initiativen und Projekte zur interprofessionellen Zusammenarbeit und interprofessionellen Bildung [...]<\/p><\/div><\/div><\/div><div class=\"fusion-clearfix\"><\/div><\/div>\n<\/article>\n<article id=\"blog-3-post-4549\" class=\"fusion-post-grid post-4549 post type-post status-publish format-standard hentry category-2020-fr category-non-classifiee\">\n<div class=\"fusion-post-wrapper\" style=\"background-color:rgba(247,247,247,1);border:1px solid #ffffff;border-bottom-width:3px;\">\n\n<div class=\"fusion-post-content-wrapper\" style=\"padding:30px 25px 20px 25px;\"><div class=\"fusion-post-content post-content\"><h2 class=\"blog-shortcode-post-title entry-title\"><a href=\"https:\/\/www.sages.ch\/fr\/die-fruehe-kindheit-ist-das-wichtigste-interventionsfeld-der-praevention\/\">\u00abDie fr\u00fche Kindheit ist das wichtigste Interventionsfeld der Pr\u00e4vention\u00bb<\/a><\/h2><p class=\"fusion-single-line-meta\"><span class=\"vcard\" style=\"display: none;\"><span class=\"fn\"><a href=\"https:\/\/www.sages.ch\/fr\/author\/admin\/\" title=\"Articles par admin\" rel=\"author\">admin<\/a><\/span><\/span><span class=\"updated\" style=\"display:none;\">2022-12-11T12:44:32+01:00<\/span><span>septembre 2020<\/span><span class=\"fusion-inline-sep\">|<\/span><\/p><div class=\"fusion-content-sep sep-single sep-solid\"><\/div><div class=\"fusion-post-content-container\"><p>Im Dezember 2019 hat der Bundesrat die neue gesundheitliche Gesamtstrategie \u00abGesundheit 2030\u00bb verabschiedet, welche die Entwicklung des schweizerischen Gesundheitssystems im kommenden Jahrzehnt mitbestimmen wird. In der Gesamtstrategie ist unter dem Ziel \u00abGesund \u00e4lter werden\u00bb auch die Gesundheit der Kinder und [...]<\/p><\/div><\/div><\/div><div class=\"fusion-clearfix\"><\/div><\/div>\n<\/article>\n<article id=\"blog-3-post-4545\" class=\"fusion-post-grid post-4545 post type-post status-publish format-standard hentry category-2020-fr category-non-classifiee\">\n<div class=\"fusion-post-wrapper\" style=\"background-color:rgba(247,247,247,1);border:1px solid #ffffff;border-bottom-width:3px;\">\n\n<div class=\"fusion-post-content-wrapper\" style=\"padding:30px 25px 20px 25px;\"><div class=\"fusion-post-content post-content\"><h2 class=\"blog-shortcode-post-title entry-title\"><a href=\"https:\/\/www.sages.ch\/fr\/gute-lebensqualitaet-bis-ans-lebensende-bundesrat-will-palliative-care-weiter-foerdern\/\">Gute Lebensqualit\u00e4t bis ans Lebensende: Bundesrat will Palliative Care weiter f\u00f6rdern<\/a><\/h2><p class=\"fusion-single-line-meta\"><span class=\"vcard\" style=\"display: none;\"><span class=\"fn\"><a href=\"https:\/\/www.sages.ch\/fr\/author\/admin\/\" title=\"Articles par admin\" rel=\"author\">admin<\/a><\/span><\/span><span class=\"updated\" style=\"display:none;\">2022-12-11T12:44:32+01:00<\/span><span>septembre 2020<\/span><span class=\"fusion-inline-sep\">|<\/span><\/p><div class=\"fusion-content-sep sep-single sep-solid\"><\/div><div class=\"fusion-post-content-container\"><p>Der Bundesrat will die Betreuung und Behandlung von Menschen am Lebensende weiter verbessern. Der Zugang zu den Angeboten der Palliative Care soll f\u00fcr alle Menschen in der Schweiz m\u00f6glich sein, unabh\u00e4ngig von Diagnose oder Wohnort. Zudem sollen Fachpersonen die Patientinnen [...]<\/p><\/div><\/div><\/div><div class=\"fusion-clearfix\"><\/div><\/div>\n<\/article>\n<article id=\"blog-3-post-4530\" class=\"fusion-post-grid post-4530 post type-post status-publish format-standard hentry category-2020-fr category-non-classifiee\">\n<div class=\"fusion-post-wrapper\" style=\"background-color:rgba(247,247,247,1);border:1px solid #ffffff;border-bottom-width:3px;\">\n\n<div class=\"fusion-post-content-wrapper\" style=\"padding:30px 25px 20px 25px;\"><div class=\"fusion-post-content post-content\"><h2 class=\"blog-shortcode-post-title entry-title\"><a href=\"https:\/\/www.sages.ch\/fr\/sages-mitgliederversammlung-2020-mit-abstand-maske-und-2-neuen-vorstandsmitgliedern\/\">3. SAGES-Mitgliederversammlung 2020: Mit Abstand, Maske und 2 neuen Vorstandsmitgliedern<\/a><\/h2><p class=\"fusion-single-line-meta\"><span class=\"vcard\" style=\"display: none;\"><span class=\"fn\"><a href=\"https:\/\/www.sages.ch\/fr\/author\/admin\/\" title=\"Articles par admin\" rel=\"author\">admin<\/a><\/span><\/span><span class=\"updated\" style=\"display:none;\">2022-12-11T12:45:03+01:00<\/span><span>septembre 2020<\/span><span class=\"fusion-inline-sep\">|<\/span><\/p><div class=\"fusion-content-sep sep-single sep-solid\"><\/div><div class=\"fusion-post-content-container\"><p>Am Montag, 7. September 2020 fand die 3. SAGES-Mitgliederversammlung in den R\u00e4umlichkeiten der FHNW in Olten statt. Zur Freude des Pr\u00e4sidiums, des Vorstands und der Gesch\u00e4ftsstelle sind der Einladung trotz speziellen, mittlerweile jedoch bereits gewohnten, Bedingungen zahlreiche Mitglieder gefolgt. Nach [...]<\/p><\/div><\/div><\/div><div class=\"fusion-clearfix\"><\/div><\/div>\n<\/article>\n<article id=\"blog-3-post-4512\" class=\"fusion-post-grid post-4512 post type-post status-publish format-standard hentry category-2020-fr category-non-classifiee\">\n<div class=\"fusion-post-wrapper\" style=\"background-color:rgba(247,247,247,1);border:1px solid #ffffff;border-bottom-width:3px;\">\n\n<div class=\"fusion-post-content-wrapper\" style=\"padding:30px 25px 20px 25px;\"><div class=\"fusion-post-content post-content\"><h2 class=\"blog-shortcode-post-title entry-title\"><a href=\"https:\/\/www.sages.ch\/fr\/umfrage-zur-weiterentwicklung-des-berufskodex-soziale-arbeit-schweiz\/\">Umfrage zur Weiterentwicklung des Berufskodex Soziale Arbeit Schweiz<\/a><\/h2><p class=\"fusion-single-line-meta\"><span class=\"vcard\" style=\"display: none;\"><span class=\"fn\"><a href=\"https:\/\/www.sages.ch\/fr\/author\/admin\/\" title=\"Articles par admin\" rel=\"author\">admin<\/a><\/span><\/span><span class=\"updated\" style=\"display:none;\">2022-12-11T12:45:04+01:00<\/span><span>septembre 2020<\/span><span class=\"fusion-inline-sep\">|<\/span><\/p><div class=\"fusion-content-sep sep-single sep-solid\"><\/div><div class=\"fusion-post-content-container\"><p>Der aktuell g\u00fcltige Berufskodex Soziale Arbeit Schweiz aus dem Jahr 2010 muss weiterentwickelt und an die neue Definition der Sozialen Arbeit des IFSW (International Federation of Social Workers) angepasst werden. Im Zuge dieser Anpassung bietet sich die Gelegenheit, weitere \u00c4nderungen [...]<\/p><\/div><\/div><\/div><div class=\"fusion-clearfix\"><\/div><\/div>\n<\/article>\n<article id=\"blog-3-post-4494\" class=\"fusion-post-grid post-4494 post type-post status-publish format-standard hentry category-2020-fr category-non-classifiee\">\n<div class=\"fusion-post-wrapper\" style=\"background-color:rgba(247,247,247,1);border:1px solid #ffffff;border-bottom-width:3px;\">\n\n<div class=\"fusion-post-content-wrapper\" style=\"padding:30px 25px 20px 25px;\"><div class=\"fusion-post-content post-content\"><h2 class=\"blog-shortcode-post-title entry-title\"><a href=\"https:\/\/www.sages.ch\/fr\/wegweiser-fuer-gute-betreuung-im-alter\/\">Wegweiser f\u00fcr gute Betreuung im Alter<\/a><\/h2><p class=\"fusion-single-line-meta\"><span class=\"vcard\" style=\"display: none;\"><span class=\"fn\"><a href=\"https:\/\/www.sages.ch\/fr\/author\/admin\/\" title=\"Articles par admin\" rel=\"author\">admin<\/a><\/span><\/span><span class=\"updated\" style=\"display:none;\">2022-12-11T12:45:05+01:00<\/span><span>ao\u00fbt 2020<\/span><span class=\"fusion-inline-sep\">|<\/span><\/p><div class=\"fusion-content-sep sep-single sep-solid\"><\/div><div class=\"fusion-post-content-container\"><p>Die Betreuung und die Pflege \u00e4lterer Menschen sind neben der gesicherten Finanzierung der Altersvorsorge zentrale Themen der Alterspolitik in der Schweiz. Das Bundesgesetz zur Krankenversicherung unterscheidet zwischen pflegerischen und betreuerischen Leistungen. F\u00fcr die Pflege wurden Leistungen definiert, die gesetzlich geregelt [...]<\/p><\/div><\/div><\/div><div class=\"fusion-clearfix\"><\/div><\/div>\n<\/article>\n<article id=\"blog-3-post-4475\" class=\"fusion-post-grid post-4475 post type-post status-publish format-standard hentry category-2020-fr category-non-classifiee\">\n<div class=\"fusion-post-wrapper\" style=\"background-color:rgba(247,247,247,1);border:1px solid #ffffff;border-bottom-width:3px;\">\n\n<div class=\"fusion-post-content-wrapper\" style=\"padding:30px 25px 20px 25px;\"><div class=\"fusion-post-content post-content\"><h2 class=\"blog-shortcode-post-title entry-title\"><a href=\"https:\/\/www.sages.ch\/fr\/hintergrundgespraech-zwischen-dem-schweizer-forum-fuer-integrierte-versorgung-und-sages\/\">Hintergrundgespr\u00e4ch zwischen dem Schweizer Forum f\u00fcr Integrierte Versorgung und SAGES<\/a><\/h2><p class=\"fusion-single-line-meta\"><span class=\"vcard\" style=\"display: none;\"><span class=\"fn\"><a href=\"https:\/\/www.sages.ch\/fr\/author\/admin\/\" title=\"Articles par admin\" rel=\"author\">admin<\/a><\/span><\/span><span class=\"updated\" style=\"display:none;\">2022-12-11T12:45:07+01:00<\/span><span>ao\u00fbt 2020<\/span><span class=\"fusion-inline-sep\">|<\/span><\/p><div class=\"fusion-content-sep sep-single sep-solid\"><\/div><div class=\"fusion-post-content-container\"><p>In regelm\u00e4ssigen Abst\u00e4nden f\u00fchrt das fmc (Schweizer Forum f\u00fcr Integrierte Versorgung) mit ausgew\u00e4hlten Akteuren Hintergrundgespr\u00e4che zu aktuellen Themen und ihrer Rolle innerhalb der Integrierten Versorgung. Aus aktuellem Anlass wurden die Hintergrundinterviews digital mittels Zoom-Konferenz durchgef\u00fchrt und besch\u00e4ftigen sich zudem mit [...]<\/p><\/div><\/div><\/div><div class=\"fusion-clearfix\"><\/div><\/div>\n<\/article>\n<article id=\"blog-3-post-4447\" class=\"fusion-post-grid post-4447 post type-post status-publish format-standard hentry category-2020-fr category-non-classifiee\">\n<div class=\"fusion-post-wrapper\" style=\"background-color:rgba(247,247,247,1);border:1px solid #ffffff;border-bottom-width:3px;\">\n\n<div class=\"fusion-post-content-wrapper\" style=\"padding:30px 25px 20px 25px;\"><div class=\"fusion-post-content post-content\"><h2 class=\"blog-shortcode-post-title entry-title\"><a href=\"https:\/\/www.sages.ch\/fr\/soziale-ressourcen-foerderung-sozialer-ressourcen-als-wichtiger-beitrag-fuer-die-psychische-gesundheit-und-eine-hohe-lebensqualitaet\/\">Soziale Ressourcen &#8211; F\u00f6rderung sozialer Ressourcen als wichtiger Beitrag f\u00fcr die psychische Gesundheit und eine hohe Lebensqualit\u00e4t<\/a><\/h2><p class=\"fusion-single-line-meta\"><span class=\"vcard\" style=\"display: none;\"><span class=\"fn\"><a href=\"https:\/\/www.sages.ch\/fr\/author\/admin\/\" title=\"Articles par admin\" rel=\"author\">admin<\/a><\/span><\/span><span class=\"updated\" style=\"display:none;\">2022-12-11T12:45:07+01:00<\/span><span>juillet 2020<\/span><span class=\"fusion-inline-sep\">|<\/span><\/p><div class=\"fusion-content-sep sep-single sep-solid\"><\/div><div class=\"fusion-post-content-container\"><p>Gesundheitsf\u00f6rderung Schweiz hat im Grundlagenbericht \u00abPsychische Gesundheit \u00fcber die Lebensspanne\u00bb die soziale Unterst\u00fctzung als zentrale externe Ressource identifiziert. Soziale Unterst\u00fctzung ist eine wichtige Dimension der sozialen Ressourcen und wirkt zusammen mit der zentralen internen Ressource, der Selbstwirksamkeit (also der \u00dcberzeugung, [...]<\/p><\/div><\/div><\/div><div class=\"fusion-clearfix\"><\/div><\/div>\n<\/article>\n<article id=\"blog-3-post-4457\" class=\"fusion-post-grid post-4457 post type-post status-publish format-standard hentry category-2020-fr category-non-classifiee\">\n<div class=\"fusion-post-wrapper\" style=\"background-color:rgba(247,247,247,1);border:1px solid #ffffff;border-bottom-width:3px;\">\n\n<div class=\"fusion-post-content-wrapper\" style=\"padding:30px 25px 20px 25px;\"><div class=\"fusion-post-content post-content\"><h2 class=\"blog-shortcode-post-title entry-title\"><a href=\"https:\/\/www.sages.ch\/fr\/broschuere-und-arbeitspapier-zum-thema-lebenskompetenzen-im-alter-und-kommunikative-hilfsmittel-zur-foerderung-der-psychischen-gesundheit-von-betreuenden-angehoerigen\/\">Brosch\u00fcre und Arbeitspapier zum Thema Lebenskompetenzen im Alter und kommunikative Hilfsmittel zur F\u00f6rderung der psychischen Gesundheit von betreuenden Angeh\u00f6rigen<\/a><\/h2><p class=\"fusion-single-line-meta\"><span class=\"vcard\" style=\"display: none;\"><span class=\"fn\"><a href=\"https:\/\/www.sages.ch\/fr\/author\/admin\/\" title=\"Articles par admin\" rel=\"author\">admin<\/a><\/span><\/span><span class=\"updated\" style=\"display:none;\">2022-12-11T12:45:08+01:00<\/span><span>juillet 2020<\/span><span class=\"fusion-inline-sep\">|<\/span><\/p><div class=\"fusion-content-sep sep-single sep-solid\"><\/div><div class=\"fusion-post-content-container\"><p>Die Brosch\u00fcre \u00abLebenskompetenzen und psychische Gesundheit im Alter\u00bb bietet eine Orientierungshilfe f\u00fcr Projekt- und Programmleitende zu Interventionsm\u00f6glichkeiten f\u00fcr die F\u00f6rderung von Lebenskompetenzen bei \u00e4lteren Menschen. Das entsprechende Arbeitspapier enth\u00e4lt weiterf\u00fchrende Grundlagen. \u203a Brosch\u00fcre \u203a Arbeitspapier In Form eines Infoblatts werden [...]<\/p><\/div><\/div><\/div><div class=\"fusion-clearfix\"><\/div><\/div>\n<\/article>\n<article id=\"blog-3-post-4388\" class=\"fusion-post-grid post-4388 post type-post status-publish format-standard hentry category-2020-fr category-non-classifiee\">\n<div class=\"fusion-post-wrapper\" style=\"background-color:rgba(247,247,247,1);border:1px solid #ffffff;border-bottom-width:3px;\">\n\n<div class=\"fusion-post-content-wrapper\" style=\"padding:30px 25px 20px 25px;\"><div class=\"fusion-post-content post-content\"><h2 class=\"blog-shortcode-post-title entry-title\"><a href=\"https:\/\/www.sages.ch\/fr\/chancengleichheit-in-der-gesundheitsfoerderung-und-praevention\/\">Chancengleichheit in der Gesundheitsf\u00f6rderung und Pr\u00e4vention<\/a><\/h2><p class=\"fusion-single-line-meta\"><span class=\"vcard\" style=\"display: none;\"><span class=\"fn\"><a href=\"https:\/\/www.sages.ch\/fr\/author\/admin\/\" title=\"Articles par admin\" rel=\"author\">admin<\/a><\/span><\/span><span class=\"updated\" style=\"display:none;\">2022-12-11T12:45:08+01:00<\/span><span>juin 2020<\/span><span class=\"fusion-inline-sep\">|<\/span><\/p><div class=\"fusion-content-sep sep-single sep-solid\"><\/div><div class=\"fusion-post-content-container\"><p>Auch w\u00e4hrend der Covid-19-Pandemie ist zu beobachten, was im Gesundheitsbereich seit langem beschrieben wird: Menschen sind \u2013 je nach Geschlecht, Herkunft, Bildung und Einkommen \u2013 unterschiedlich stark von Krankheiten und ihren Auswirkungen betroffen. Die Verteilung von Gesundheit und Krankheit folgt [...]<\/p><\/div><\/div><\/div><div class=\"fusion-clearfix\"><\/div><\/div>\n<\/article>\n<article id=\"blog-3-post-4407\" class=\"fusion-post-grid post-4407 post type-post status-publish format-standard hentry category-2020-fr category-non-classifiee\">\n<div class=\"fusion-post-wrapper\" style=\"background-color:rgba(247,247,247,1);border:1px solid #ffffff;border-bottom-width:3px;\">\n\n<div class=\"fusion-post-content-wrapper\" style=\"padding:30px 25px 20px 25px;\"><div class=\"fusion-post-content post-content\"><h2 class=\"blog-shortcode-post-title entry-title\"><a href=\"https:\/\/www.sages.ch\/fr\/interview-mit-dr-ursula-koch-neue-fmc-praesidentin\/\">Interview mit Dr. Ursula Koch \u2013 neue fmc Pr\u00e4sidentin<\/a><\/h2><p class=\"fusion-single-line-meta\"><span class=\"vcard\" style=\"display: none;\"><span class=\"fn\"><a href=\"https:\/\/www.sages.ch\/fr\/author\/admin\/\" title=\"Articles par admin\" rel=\"author\">admin<\/a><\/span><\/span><span class=\"updated\" style=\"display:none;\">2022-12-11T12:45:09+01:00<\/span><span>juin 2020<\/span><span class=\"fusion-inline-sep\">|<\/span><\/p><div class=\"fusion-content-sep sep-single sep-solid\"><\/div><div class=\"fusion-post-content-container\"><p>An der fmc Mitgliederversammlung vom 08. Juni wurde Frau Dr. Ursula Koch als neue Pr\u00e4sidentin gew\u00e4hlt. Zusammen mit dem Vorstand und dem strategischen Beirat soll das fmc fortgef\u00fchrt, weiterentwickelt und damit ein Beitrag zur F\u00f6rderung der Integrierten Versorgung geleistet werden. [...]<\/p><\/div><\/div><\/div><div class=\"fusion-clearfix\"><\/div><\/div>\n<\/article>\n<article id=\"blog-3-post-4366\" class=\"fusion-post-grid post-4366 post type-post status-publish format-standard hentry category-2020-fr category-non-classifiee\">\n<div class=\"fusion-post-wrapper\" style=\"background-color:rgba(247,247,247,1);border:1px solid #ffffff;border-bottom-width:3px;\">\n\n<div class=\"fusion-post-content-wrapper\" style=\"padding:30px 25px 20px 25px;\"><div class=\"fusion-post-content post-content\"><h2 class=\"blog-shortcode-post-title entry-title\"><a href=\"https:\/\/www.sages.ch\/fr\/verschoben-2-nationale-fachtagung-von-gerontologie-ch-autonomie-dank-innovation-best-practice-modelle-im-dienste-der-senioren\/\">VERSCHOBEN: 2. Nationale Fachtagung von GERONTOLOGIE CH: \u00abAutonomie dank Innovation!? Best Practice-Modelle im Dienste der Senioren\u00bb<\/a><\/h2><p class=\"fusion-single-line-meta\"><span class=\"vcard\" style=\"display: none;\"><span class=\"fn\"><a href=\"https:\/\/www.sages.ch\/fr\/author\/admin\/\" title=\"Articles par admin\" rel=\"author\">admin<\/a><\/span><\/span><span class=\"updated\" style=\"display:none;\">2022-12-11T12:45:10+01:00<\/span><span>mai 2020<\/span><span class=\"fusion-inline-sep\">|<\/span><\/p><div class=\"fusion-content-sep sep-single sep-solid\"><\/div><div class=\"fusion-post-content-container\"><p>Aufgrund der anhaltend unsicheren Situation bez\u00fcglich Coronavirus wurde die 2. Nationale Fachtagung von GERONTOLOGIE CH, bei welcher unser Fachverband als Partnerorganisation auftritt, verschoben. Neues Tagungs-Datum ist der 25.01.2021. Die Tagung findet neu in Olten im Hotel Arte statt. Die SAGES-Mitglieder [...]<\/p><\/div><\/div><\/div><div class=\"fusion-clearfix\"><\/div><\/div>\n<\/article>\n<article id=\"blog-3-post-4355\" class=\"fusion-post-grid post-4355 post type-post status-publish format-standard hentry category-2020-fr category-non-classifiee\">\n<div class=\"fusion-post-wrapper\" style=\"background-color:rgba(247,247,247,1);border:1px solid #ffffff;border-bottom-width:3px;\">\n\n<div class=\"fusion-post-content-wrapper\" style=\"padding:30px 25px 20px 25px;\"><div class=\"fusion-post-content post-content\"><h2 class=\"blog-shortcode-post-title entry-title\"><a href=\"https:\/\/www.sages.ch\/fr\/individuelle-praemienverbilligungen-bundesrat-will-kantonsbeitrag-an-gesundheitskosten-knuepfen\/\">Individuelle Pr\u00e4mienverbilligungen: Bundesrat will Kantonsbeitrag an Gesundheitskosten kn\u00fcpfen<\/a><\/h2><p class=\"fusion-single-line-meta\"><span class=\"vcard\" style=\"display: none;\"><span class=\"fn\"><a href=\"https:\/\/www.sages.ch\/fr\/author\/admin\/\" title=\"Articles par admin\" rel=\"author\">admin<\/a><\/span><\/span><span class=\"updated\" style=\"display:none;\">2022-12-11T12:45:10+01:00<\/span><span>mai 2020<\/span><span class=\"fusion-inline-sep\">|<\/span><\/p><div class=\"fusion-content-sep sep-single sep-solid\"><\/div><div class=\"fusion-post-content-container\"><p>Der Bundesrat lehnt die Volksinitiative der Sozialdemokratischen Partei ab, \u00abMaximal 10% des Einkommens f\u00fcr die Krankenkassenpr\u00e4mien (Pr\u00e4mien-Entlastungs-Initiative)\u00bb. Er ist sich bewusst, dass die Pr\u00e4mien eine bedeutende Belastung f\u00fcr die Haushalte darstellen, kritisiert aber, dass die Initiative die Kostenproblematik ausser Acht [...]<\/p><\/div><\/div><\/div><div class=\"fusion-clearfix\"><\/div><\/div>\n<\/article>\n<article id=\"blog-3-post-4351\" class=\"fusion-post-grid post-4351 post type-post status-publish format-standard hentry category-2020-fr category-non-classifiee\">\n<div class=\"fusion-post-wrapper\" style=\"background-color:rgba(247,247,247,1);border:1px solid #ffffff;border-bottom-width:3px;\">\n\n<div class=\"fusion-post-content-wrapper\" style=\"padding:30px 25px 20px 25px;\"><div class=\"fusion-post-content post-content\"><h2 class=\"blog-shortcode-post-title entry-title\"><a href=\"https:\/\/www.sages.ch\/fr\/kostendaempfung-im-gesundheitswesen-bundesrat-fuer-die-einfuehrung-einer-zielvorgabe\/\">Kostend\u00e4mpfung im Gesundheitswesen: Bundesrat f\u00fcr die Einf\u00fchrung einer Zielvorgabe<\/a><\/h2><p class=\"fusion-single-line-meta\"><span class=\"vcard\" style=\"display: none;\"><span class=\"fn\"><a href=\"https:\/\/www.sages.ch\/fr\/author\/admin\/\" title=\"Articles par admin\" rel=\"author\">admin<\/a><\/span><\/span><span class=\"updated\" style=\"display:none;\">2022-12-11T12:45:11+01:00<\/span><span>mai 2020<\/span><span class=\"fusion-inline-sep\">|<\/span><\/p><div class=\"fusion-content-sep sep-single sep-solid\"><\/div><div class=\"fusion-post-content-container\"><p>Der Bundesrat teilt grunds\u00e4tzlich das Anliegen der Volksinitiative \u00abF\u00fcr tiefere Pr\u00e4mien \u2013 Kostenbremse im Gesundheitswesen (Kostenbremse-Initiative)\u00bb der Christlich-Demokratischen Volkspartei (CVP), das Kostenwachstum im Gesundheitswesen zu begrenzen. Der von der Initiative vorgeschlagene Mechanismus ist aber zu starr, deshalb lehnt er die [...]<\/p><\/div><\/div><\/div><div class=\"fusion-clearfix\"><\/div><\/div>\n<\/article>\n<article id=\"blog-3-post-4340\" class=\"fusion-post-grid post-4340 post type-post status-publish format-standard hentry category-2020-fr category-non-classifiee\">\n<div class=\"fusion-post-wrapper\" style=\"background-color:rgba(247,247,247,1);border:1px solid #ffffff;border-bottom-width:3px;\">\n\n<div class=\"fusion-post-content-wrapper\" style=\"padding:30px 25px 20px 25px;\"><div class=\"fusion-post-content post-content\"><h2 class=\"blog-shortcode-post-title entry-title\"><a href=\"https:\/\/www.sages.ch\/fr\/schwarze-listen-leistungssperren-medizinischer-versorgung-aufgrund-nicht-bezahlter-praemien-und-kostenbeteiligungen\/\">\u00abSchwarze Listen\u00bb \u2013 Leistungssperren medizinischer Versorgung aufgrund nicht bezahlter Pr\u00e4mien und Kostenbeteiligungen<\/a><\/h2><p class=\"fusion-single-line-meta\"><span class=\"vcard\" style=\"display: none;\"><span class=\"fn\"><a href=\"https:\/\/www.sages.ch\/fr\/author\/admin\/\" title=\"Articles par admin\" rel=\"author\">admin<\/a><\/span><\/span><span class=\"updated\" style=\"display:none;\">2022-12-11T12:45:12+01:00<\/span><span>mai 2020<\/span><span class=\"fusion-inline-sep\">|<\/span><\/p><div class=\"fusion-content-sep sep-single sep-solid\"><\/div><div class=\"fusion-post-content-container\"><p>Die Zahl der Personen, die ihre Krankenkassenpr\u00e4mie nicht bezahlen, steigt an. Dies f\u00fchrt zu hohen Kostenforderungen an die Kantone, die gesetzlich verpflichtet sind, 85 Prozent der offenen Forderungen f\u00fcr medizinische Leistungen an die Krankenkassen zu bezahlen. Mit dem Ziel, die [...]<\/p><\/div><\/div><\/div><div class=\"fusion-clearfix\"><\/div><\/div>\n<\/article>\n<article id=\"blog-3-post-4299\" class=\"fusion-post-grid post-4299 post type-post status-publish format-standard hentry category-2020-fr category-non-classifiee\">\n<div class=\"fusion-post-wrapper\" style=\"background-color:rgba(247,247,247,1);border:1px solid #ffffff;border-bottom-width:3px;\">\n\n<div class=\"fusion-post-content-wrapper\" style=\"padding:30px 25px 20px 25px;\"><div class=\"fusion-post-content post-content\"><h2 class=\"blog-shortcode-post-title entry-title\"><a href=\"https:\/\/www.sages.ch\/fr\/zwei-neue-gesichter-im-sages-vorstand\/\">Zwei neue Gesichter im SAGES-Vorstand<\/a><\/h2><p class=\"fusion-single-line-meta\"><span class=\"vcard\" style=\"display: none;\"><span class=\"fn\"><a href=\"https:\/\/www.sages.ch\/fr\/author\/admin\/\" title=\"Articles par admin\" rel=\"author\">admin<\/a><\/span><\/span><span class=\"updated\" style=\"display:none;\">2022-12-11T12:45:13+01:00<\/span><span>mai 2020<\/span><span class=\"fusion-inline-sep\">|<\/span><\/p><div class=\"fusion-content-sep sep-single sep-solid\"><\/div><div class=\"fusion-post-content-container\"><p>Der Fachverband freut sich sehr, 2 neue Vorstandsmitglieder in den eigenen Reihen begr\u00fcssen zu d\u00fcrfen. Sie vertreten den neu in den Fachverband integrierten Fachbereich \u00abSoziale Arbeit in der Arztpraxis\u00bb.\u00a0Es sind dies: Monika von Burg: Sie hat als gelernte Buchh\u00e4ndlerin ein [...]<\/p><\/div><\/div><\/div><div class=\"fusion-clearfix\"><\/div><\/div>\n<\/article>\n<article id=\"blog-3-post-4271\" class=\"fusion-post-grid post-4271 post type-post status-publish format-standard hentry category-2020-fr category-non-classifiee\">\n<div class=\"fusion-post-wrapper\" style=\"background-color:rgba(247,247,247,1);border:1px solid #ffffff;border-bottom-width:3px;\">\n\n<div class=\"fusion-post-content-wrapper\" style=\"padding:30px 25px 20px 25px;\"><div class=\"fusion-post-content post-content\"><h2 class=\"blog-shortcode-post-title entry-title\"><a href=\"https:\/\/www.sages.ch\/fr\/sages-als-kooperationspartner-bei-der-2-nationalen-fachtagung-autonomie-dank-innovation-best-practice-modelle-im-dienste-der-senioren-von-gerontologie-ch\/\">SAGES als Kooperationspartner bei der 2. Nationalen Fachtagung \u00abAutonomie dank Innovation!? Best Practice-Modelle im Dienste der Senioren\u00bb von GERONTOLOGIE CH<\/a><\/h2><p class=\"fusion-single-line-meta\"><span class=\"vcard\" style=\"display: none;\"><span class=\"fn\"><a href=\"https:\/\/www.sages.ch\/fr\/author\/admin\/\" title=\"Articles par admin\" rel=\"author\">admin<\/a><\/span><\/span><span class=\"updated\" style=\"display:none;\">2022-12-11T12:45:13+01:00<\/span><span>mai 2020<\/span><span class=\"fusion-inline-sep\">|<\/span><\/p><div class=\"fusion-content-sep sep-single sep-solid\"><\/div><div class=\"fusion-post-content-container\"><p>SAGES wird bei der 2. Nationalen Fachtagung von GERONTOLOGIE CH als Kooperationspartner auftreten. Die Tagung findet unter dem Titel \u00abAutonomie dank Innovation!? Best Practice-Modelle im Dienste der Senioren\u00bb statt. Dank der Kooperation k\u00f6nnen SAGES-Mitglieder zu einem reduzierten Tarif an der [...]<\/p><\/div><\/div><\/div><div class=\"fusion-clearfix\"><\/div><\/div>\n<\/article>\n<article id=\"blog-3-post-4239\" class=\"fusion-post-grid post-4239 post type-post status-publish format-standard hentry category-2020-fr category-non-classifiee\">\n<div class=\"fusion-post-wrapper\" style=\"background-color:rgba(247,247,247,1);border:1px solid #ffffff;border-bottom-width:3px;\">\n\n<div class=\"fusion-post-content-wrapper\" style=\"padding:30px 25px 20px 25px;\"><div class=\"fusion-post-content post-content\"><h2 class=\"blog-shortcode-post-title entry-title\"><a href=\"https:\/\/www.sages.ch\/fr\/sages-jahresbericht-2019\/\">SAGES-Jahresbericht 2019<\/a><\/h2><p class=\"fusion-single-line-meta\"><span class=\"vcard\" style=\"display: none;\"><span class=\"fn\"><a href=\"https:\/\/www.sages.ch\/fr\/author\/admin\/\" title=\"Articles par admin\" rel=\"author\">admin<\/a><\/span><\/span><span class=\"updated\" style=\"display:none;\">2022-12-11T12:45:14+01:00<\/span><span>mai 2020<\/span><span class=\"fusion-inline-sep\">|<\/span><\/p><div class=\"fusion-content-sep sep-single sep-solid\"><\/div><div class=\"fusion-post-content-container\"><p>Der Fachverband hat ein erfolgreiches Jahr 2019 hinter sich. Gerne geben wir in unserem Jahresbericht 2019 einen kleinen R\u00fcckblick zu den T\u00e4tigkeiten des Fachverbandes. Der Jahresbericht muss noch von der Mitgliederversammlung, welche aufgrund der Coronakrise von Ende April auf Anfang [...]<\/p><\/div><\/div><\/div><div class=\"fusion-clearfix\"><\/div><\/div>\n<\/article>\n<article id=\"blog-3-post-4218\" class=\"fusion-post-grid post-4218 post type-post status-publish format-standard hentry category-2020-fr category-non-classifiee\">\n<div class=\"fusion-post-wrapper\" style=\"background-color:rgba(247,247,247,1);border:1px solid #ffffff;border-bottom-width:3px;\">\n\n<div class=\"fusion-post-content-wrapper\" style=\"padding:30px 25px 20px 25px;\"><div class=\"fusion-post-content post-content\"><h2 class=\"blog-shortcode-post-title entry-title\"><a href=\"https:\/\/www.sages.ch\/fr\/dvsg-newsletter-2-2020\/\">DVSG-Newsletter 2\/2020<\/a><\/h2><p class=\"fusion-single-line-meta\"><span class=\"vcard\" style=\"display: none;\"><span class=\"fn\"><a href=\"https:\/\/www.sages.ch\/fr\/author\/admin\/\" title=\"Articles par admin\" rel=\"author\">admin<\/a><\/span><\/span><span class=\"updated\" style=\"display:none;\">2022-12-11T12:45:15+01:00<\/span><span>mai 2020<\/span><span class=\"fusion-inline-sep\">|<\/span><\/p><div class=\"fusion-content-sep sep-single sep-solid\"><\/div><div class=\"fusion-post-content-container\"><p>Gerne macht unser Fachverband auf den neusten Newsletter der Deutschen Vereinigung f\u00fcr Soziale Arbeit im Gesundheitswesen aufmerksam. Darin enthalten sind aktuelle Informationen zu den ver\u00e4nderten Bedingungen der Sozialen Arbeit im Gesundheitswesen zu Zeiten der Corona-Pandemie. \u203a Newsletter<\/p><\/div><\/div><\/div><div class=\"fusion-clearfix\"><\/div><\/div>\n<\/article>\n<article id=\"blog-3-post-4207\" class=\"fusion-post-grid post-4207 post type-post status-publish format-standard hentry category-2020-fr category-non-classifiee\">\n<div class=\"fusion-post-wrapper\" style=\"background-color:rgba(247,247,247,1);border:1px solid #ffffff;border-bottom-width:3px;\">\n\n<div class=\"fusion-post-content-wrapper\" style=\"padding:30px 25px 20px 25px;\"><div class=\"fusion-post-content post-content\"><h2 class=\"blog-shortcode-post-title entry-title\"><a href=\"https:\/\/www.sages.ch\/fr\/projekt-h2020-me-we-treffen-neu-online\/\">Projekt H2020 Me-We: Treffen neu online<\/a><\/h2><p class=\"fusion-single-line-meta\"><span class=\"vcard\" style=\"display: none;\"><span class=\"fn\"><a href=\"https:\/\/www.sages.ch\/fr\/author\/admin\/\" title=\"Articles par admin\" rel=\"author\">admin<\/a><\/span><\/span><span class=\"updated\" style=\"display:none;\">2022-12-11T12:45:15+01:00<\/span><span>avril 2020<\/span><span class=\"fusion-inline-sep\">|<\/span><\/p><div class=\"fusion-content-sep sep-single sep-solid\"><\/div><div class=\"fusion-post-content-container\"><p>Die Careum Hochschule Gesundheit\u00a0 ist weiterhin auf der Suche nach 15-17 j\u00e4hrigen Young Carers, welche ein Unterst\u00fctzungsangebot in Anspruch nehmen m\u00f6chten. Aufgrund der Coronakrise werden die Treffen neu online stattfinden. F\u00fcr viele Jugendliche mit Betreuungsaufgaben ist mit der Schliessung von [...]<\/p><\/div><\/div><\/div><div class=\"fusion-clearfix\"><\/div><\/div>\n<\/article>\n<article id=\"blog-3-post-4165\" class=\"fusion-post-grid post-4165 post type-post status-publish format-standard hentry category-2020-fr category-non-classifiee\">\n<div class=\"fusion-post-wrapper\" style=\"background-color:rgba(247,247,247,1);border:1px solid #ffffff;border-bottom-width:3px;\">\n\n<div class=\"fusion-post-content-wrapper\" style=\"padding:30px 25px 20px 25px;\"><div class=\"fusion-post-content post-content\"><h2 class=\"blog-shortcode-post-title entry-title\"><a href=\"https:\/\/www.sages.ch\/fr\/sages-medienmitteilung-soziale-arbeit-im-gesundheitswesen-zu-zeiten-von-covid-19\/\">SAGES-Medienmitteilung: Soziale Arbeit im Gesundheitswesen zu Zeiten von COVID-19<\/a><\/h2><p class=\"fusion-single-line-meta\"><span class=\"vcard\" style=\"display: none;\"><span class=\"fn\"><a href=\"https:\/\/www.sages.ch\/fr\/author\/admin\/\" title=\"Articles par admin\" rel=\"author\">admin<\/a><\/span><\/span><span class=\"updated\" style=\"display:none;\">2022-12-11T12:45:16+01:00<\/span><span>avril 2020<\/span><span class=\"fusion-inline-sep\">|<\/span><\/p><div class=\"fusion-content-sep sep-single sep-solid\"><\/div><div class=\"fusion-post-content-container\"><p>Das Gesundheitswesen ist aufgrund der aktuellen Situation mit COVID-19 ausserordentlich stark gefordert. Neben \u00c4rztinnen, dem Pflegepersonal und weiteren im Gesundheitswesen ans\u00e4ssigen Berufsgruppen betrifft dies auch die Sozialarbeiter*innen. Unter erschwerten Bedingungen und mit einem verminderten Zugang zu den Klient*innen muss die [...]<\/p><\/div><\/div><\/div><div class=\"fusion-clearfix\"><\/div><\/div>\n<\/article>\n<article id=\"blog-3-post-4098\" class=\"fusion-post-grid post-4098 post type-post status-publish format-standard hentry category-2020-fr category-non-classifiee\">\n<div class=\"fusion-post-wrapper\" style=\"background-color:rgba(247,247,247,1);border:1px solid #ffffff;border-bottom-width:3px;\">\n\n<div class=\"fusion-post-content-wrapper\" style=\"padding:30px 25px 20px 25px;\"><div class=\"fusion-post-content post-content\"><h2 class=\"blog-shortcode-post-title entry-title\"><a href=\"https:\/\/www.sages.ch\/fr\/wenn-die-angehoerigen-nicht-auffindbar-sind\/\">Wenn die Angeh\u00f6rigen nicht auffindbar sind<\/a><\/h2><p class=\"fusion-single-line-meta\"><span class=\"vcard\" style=\"display: none;\"><span class=\"fn\"><a href=\"https:\/\/www.sages.ch\/fr\/author\/admin\/\" title=\"Articles par admin\" rel=\"author\">admin<\/a><\/span><\/span><span class=\"updated\" style=\"display:none;\">2022-12-11T12:45:16+01:00<\/span><span>avril 2020<\/span><span class=\"fusion-inline-sep\">|<\/span><\/p><div class=\"fusion-content-sep sep-single sep-solid\"><\/div><div class=\"fusion-post-content-container\"><p>Das Coronavirus f\u00fchrt leider auch zum Abbruch von Familienkontakten. Im Besondern bei Familien, die in unterschiedlichen L\u00e4ndern leben. Um das Leiden und die Ungewissheit der Familien zu lindern, ist direkte Kommunikation mit den Familien wichtig, gerade wenn es sich um [...]<\/p><\/div><\/div><\/div><div class=\"fusion-clearfix\"><\/div><\/div>\n<\/article>\n<article id=\"blog-3-post-4058\" class=\"fusion-post-grid post-4058 post type-post status-publish format-standard hentry category-2020-fr category-non-classifiee\">\n<div class=\"fusion-post-wrapper\" style=\"background-color:rgba(247,247,247,1);border:1px solid #ffffff;border-bottom-width:3px;\">\n\n<div class=\"fusion-post-content-wrapper\" style=\"padding:30px 25px 20px 25px;\"><div class=\"fusion-post-content post-content\"><h2 class=\"blog-shortcode-post-title entry-title\"><a href=\"https:\/\/www.sages.ch\/fr\/verschoben-4-nationale-tagung-gesundheit-armut-2020-von-donnerstag-18-juni-2020\/\">VERSCHOBEN: 4. Nationale Tagung Gesundheit &#038; Armut 2020 von Donnerstag, 18. Juni 2020<\/a><\/h2><p class=\"fusion-single-line-meta\"><span class=\"vcard\" style=\"display: none;\"><span class=\"fn\"><a href=\"https:\/\/www.sages.ch\/fr\/author\/admin\/\" title=\"Articles par admin\" rel=\"author\">admin<\/a><\/span><\/span><span class=\"updated\" style=\"display:none;\">2022-12-11T12:45:17+01:00<\/span><span>avril 2020<\/span><span class=\"fusion-inline-sep\">|<\/span><\/p><div class=\"fusion-content-sep sep-single sep-solid\"><\/div><div class=\"fusion-post-content-container\"><p>Aufgrund der anhaltend unklaren Situation bez\u00fcglich Coronavirus wurde die Tagung Gesundheit &amp; Armut, bei welcher unser Fachverband als Partnerorganisation auftritt, verschoben. Neues Tagungs-Datum ist der 21.01.2021. Die 4. Nationale Tagung Gesundheit &amp; Armut findet unter dem Titel \u00abVerzicht und Entbehrung: [...]<\/p><\/div><\/div><\/div><div class=\"fusion-clearfix\"><\/div><\/div>\n<\/article>\n<article id=\"blog-3-post-4135\" class=\"fusion-post-grid post-4135 post type-post status-publish format-standard hentry category-2020-fr category-non-classifiee\">\n<div class=\"fusion-post-wrapper\" style=\"background-color:rgba(247,247,247,1);border:1px solid #ffffff;border-bottom-width:3px;\">\n\n<div class=\"fusion-post-content-wrapper\" style=\"padding:30px 25px 20px 25px;\"><div class=\"fusion-post-content post-content\"><h2 class=\"blog-shortcode-post-title entry-title\"><a href=\"https:\/\/www.sages.ch\/fr\/aenderung-des-fachverband-kuerzels-sages-neu-gross-geschrieben\/\">\u00c4nderung des Fachverband-K\u00fcrzels: SAGES neu gross geschrieben<\/a><\/h2><p class=\"fusion-single-line-meta\"><span class=\"vcard\" style=\"display: none;\"><span class=\"fn\"><a href=\"https:\/\/www.sages.ch\/fr\/author\/admin\/\" title=\"Articles par admin\" rel=\"author\">admin<\/a><\/span><\/span><span class=\"updated\" style=\"display:none;\">2022-12-11T12:46:08+01:00<\/span><span>avril 2020<\/span><span class=\"fusion-inline-sep\">|<\/span><\/p><div class=\"fusion-content-sep sep-single sep-solid\"><\/div><div class=\"fusion-post-content-container\"><p>Der Vorstand hat an der letzten Sitzung Ende M\u00e4rz auf Antrag der Gesch\u00e4ftsf\u00fchrung entschieden, das K\u00fcrzel unseres Fachverbandes im Fliesstext per sofort gross zu schreiben (SAGES). Zum einen erfolgt der Entscheid aufgrund der Tatsache, dass in der franz\u00f6sischen \u00dcbersetzung die [...]<\/p><\/div><\/div><\/div><div class=\"fusion-clearfix\"><\/div><\/div>\n<\/article>\n<article id=\"blog-3-post-4039\" class=\"fusion-post-grid post-4039 post type-post status-publish format-standard hentry category-2020-fr category-non-classifiee\">\n<div class=\"fusion-post-wrapper\" style=\"background-color:rgba(247,247,247,1);border:1px solid #ffffff;border-bottom-width:3px;\">\n\n<div class=\"fusion-post-content-wrapper\" style=\"padding:30px 25px 20px 25px;\"><div class=\"fusion-post-content post-content\"><h2 class=\"blog-shortcode-post-title entry-title\"><a href=\"https:\/\/www.sages.ch\/fr\/coronavirus-beitraege-mit-bezug-zur-sozialen-arbeit-und-seco-broschuere-arbeiten-zu-hause-homeoffice\/\">Coronavirus: Beitr\u00e4ge mit Bezug zur Sozialen Arbeit und Seco-Brosch\u00fcre \u00abArbeiten zu Hause \u2013 Homeoffice\u00bb<\/a><\/h2><p class=\"fusion-single-line-meta\"><span class=\"vcard\" style=\"display: none;\"><span class=\"fn\"><a href=\"https:\/\/www.sages.ch\/fr\/author\/admin\/\" title=\"Articles par admin\" rel=\"author\">admin<\/a><\/span><\/span><span class=\"updated\" style=\"display:none;\">2022-12-11T12:46:09+01:00<\/span><span>mars 2020<\/span><span class=\"fusion-inline-sep\">|<\/span><\/p><div class=\"fusion-content-sep sep-single sep-solid\"><\/div><div class=\"fusion-post-content-container\"><p>Gerne macht unser Fachverband im Zusammenhang mit dem Coronavirus auf die Berichterstattung von sozialinfo.ch sowie die Seco-Brosch\u00fcre \u00abArbeiten zu Hause \u2013 Homeoffice\u00bb aufmerksam. Berichterstattung von sozialinfo.ch: Die Flut an Nachrichten zum Corona-Virus macht es oft schwierig, den \u00dcberblick zu behalten [...]<\/p><\/div><\/div><\/div><div class=\"fusion-clearfix\"><\/div><\/div>\n<\/article>\n<article id=\"blog-3-post-4028\" class=\"fusion-post-grid post-4028 post type-post status-publish format-standard hentry category-2020-fr category-non-classifiee\">\n<div class=\"fusion-post-wrapper\" style=\"background-color:rgba(247,247,247,1);border:1px solid #ffffff;border-bottom-width:3px;\">\n\n<div class=\"fusion-post-content-wrapper\" style=\"padding:30px 25px 20px 25px;\"><div class=\"fusion-post-content post-content\"><h2 class=\"blog-shortcode-post-title entry-title\"><a href=\"https:\/\/www.sages.ch\/fr\/verschoben-3-sages-mitgliederversammlung-vom-mittwoch-22-april-2020\/\">VERSCHOBEN: 3. sages-Mitgliederversammlung vom Mittwoch, 22. April 2020<\/a><\/h2><p class=\"fusion-single-line-meta\"><span class=\"vcard\" style=\"display: none;\"><span class=\"fn\"><a href=\"https:\/\/www.sages.ch\/fr\/author\/admin\/\" title=\"Articles par admin\" rel=\"author\">admin<\/a><\/span><\/span><span class=\"updated\" style=\"display:none;\">2022-12-11T12:46:10+01:00<\/span><span>mars 2020<\/span><span class=\"fusion-inline-sep\">|<\/span><\/p><div class=\"fusion-content-sep sep-single sep-solid\"><\/div><div class=\"fusion-post-content-container\"><p>Aufgrund der neuen Weisungen des Bundesrates vom 13.03.2020 wurde entschieden, die sages-Mitgliederversammlung vom Mittwoch, 22. April 2020 zu verschieben! Aufgrund der nicht absch\u00e4tzbaren Entwicklung des Corona-Virus in den n\u00e4chsten Monaten wurde das neue Datum der Mitgliederversammlung auf nach den Sommerferien [...]<\/p><\/div><\/div><\/div><div class=\"fusion-clearfix\"><\/div><\/div>\n<\/article>\n<article id=\"blog-3-post-4017\" class=\"fusion-post-grid post-4017 post type-post status-publish format-standard hentry category-2020-fr category-non-classifiee\">\n<div class=\"fusion-post-wrapper\" style=\"background-color:rgba(247,247,247,1);border:1px solid #ffffff;border-bottom-width:3px;\">\n\n<div class=\"fusion-post-content-wrapper\" style=\"padding:30px 25px 20px 25px;\"><div class=\"fusion-post-content post-content\"><h2 class=\"blog-shortcode-post-title entry-title\"><a href=\"https:\/\/www.sages.ch\/fr\/soziale-arbeit-und-das-nachhaltigkeitsziel-gesundheit\/\">Soziale Arbeit und das Nachhaltigkeitsziel Gesundheit<\/a><\/h2><p class=\"fusion-single-line-meta\"><span class=\"vcard\" style=\"display: none;\"><span class=\"fn\"><a href=\"https:\/\/www.sages.ch\/fr\/author\/admin\/\" title=\"Articles par admin\" rel=\"author\">admin<\/a><\/span><\/span><span class=\"updated\" style=\"display:none;\">2022-12-11T12:46:11+01:00<\/span><span>mars 2020<\/span><span class=\"fusion-inline-sep\">|<\/span><\/p><div class=\"fusion-content-sep sep-single sep-solid\"><\/div><div class=\"fusion-post-content-container\"><p>sages-Ehrenmitglied Bruno Keel hat f\u00fcr unseren Fachverband an der 9. Weltkonferenz f\u00fcr Soziale Arbeit im Gesundheitswesen in York (GB) teilgenommen. Daraus entstanden ist ein Artikel in der aktuellsten Ausgabe von SozialAktuell unter dem Titel \"Soziale Arbeit und das Nachhaltigkeitsziel Gesundheit\". [...]<\/p><\/div><\/div><\/div><div class=\"fusion-clearfix\"><\/div><\/div>\n<\/article>\n<article id=\"blog-3-post-4009\" class=\"fusion-post-grid post-4009 post type-post status-publish format-standard hentry category-2020-fr category-non-classifiee\">\n<div class=\"fusion-post-wrapper\" style=\"background-color:rgba(247,247,247,1);border:1px solid #ffffff;border-bottom-width:3px;\">\n\n<div class=\"fusion-post-content-wrapper\" style=\"padding:30px 25px 20px 25px;\"><div class=\"fusion-post-content post-content\"><h2 class=\"blog-shortcode-post-title entry-title\"><a href=\"https:\/\/www.sages.ch\/fr\/das-frei-verfuegbare-einkommen-aelterer-menschen-in-der-schweiz-eine-vergleichende-studie-unter-beruecksichtigung-des-pflege-und-betreuungsbedarfs\/\">Das frei verf\u00fcgbare Einkommen \u00e4lterer Menschen in der Schweiz &#8211; Eine vergleichende Studie unter Ber\u00fccksichtigung des Pflege- und Betreuungsbedarfs<\/a><\/h2><p class=\"fusion-single-line-meta\"><span class=\"vcard\" style=\"display: none;\"><span class=\"fn\"><a href=\"https:\/\/www.sages.ch\/fr\/author\/admin\/\" title=\"Articles par admin\" rel=\"author\">admin<\/a><\/span><\/span><span class=\"updated\" style=\"display:none;\">2022-12-11T12:46:12+01:00<\/span><span>mars 2020<\/span><span class=\"fusion-inline-sep\">|<\/span><\/p><div class=\"fusion-content-sep sep-single sep-solid\"><\/div><div class=\"fusion-post-content-container\"><p>Die vorliegende Studie vom November 2019 legt den Fokus auf die Rentnerhaushalte. Sie untersucht, wie gesundheitliche Ver\u00e4nderungen im Alter das individuelle Budget beeinflussen. Erstmals liefert eine Studie realistische Zahlen f\u00fcr alle Kantonshauptorte. Dieser Blick ins Portemonnaie ist wichtig, da die [...]<\/p><\/div><\/div><\/div><div class=\"fusion-clearfix\"><\/div><\/div>\n<\/article>\n<article id=\"blog-3-post-4004\" class=\"fusion-post-grid post-4004 post type-post status-publish format-standard hentry category-2020-fr category-non-classifiee\">\n<div class=\"fusion-post-wrapper\" style=\"background-color:rgba(247,247,247,1);border:1px solid #ffffff;border-bottom-width:3px;\">\n\n<div class=\"fusion-post-content-wrapper\" style=\"padding:30px 25px 20px 25px;\"><div class=\"fusion-post-content post-content\"><h2 class=\"blog-shortcode-post-title entry-title\"><a href=\"https:\/\/www.sages.ch\/fr\/projekt-h2020-me-we\/\">Projekt H2020 Me-We<\/a><\/h2><p class=\"fusion-single-line-meta\"><span class=\"vcard\" style=\"display: none;\"><span class=\"fn\"><a href=\"https:\/\/www.sages.ch\/fr\/author\/admin\/\" title=\"Articles par admin\" rel=\"author\">admin<\/a><\/span><\/span><span class=\"updated\" style=\"display:none;\">2022-12-11T12:46:12+01:00<\/span><span>f\u00e9vrier 2020<\/span><span class=\"fusion-inline-sep\">|<\/span><\/p><div class=\"fusion-content-sep sep-single sep-solid\"><\/div><div class=\"fusion-post-content-container\"><p>Jugendliche, die Familienmitglieder pflegen oder betreuen, werden international als Young Carers (YCs) bezeichnet. Ihre Rolle und Aufgaben k\u00f6nnen sowohl unmittelbare, als auch langfristige Auswirkungen auf ihre psychische Gesundheit, ihr Wohlbefinden und ihre Entwicklung haben. In der Schule und beruflichen Bildung [...]<\/p><\/div><\/div><\/div><div class=\"fusion-clearfix\"><\/div><\/div>\n<\/article>\n<article id=\"blog-3-post-3987\" class=\"fusion-post-grid post-3987 post type-post status-publish format-standard hentry category-2020-fr category-non-classifiee\">\n<div class=\"fusion-post-wrapper\" style=\"background-color:rgba(247,247,247,1);border:1px solid #ffffff;border-bottom-width:3px;\">\n\n<div class=\"fusion-post-content-wrapper\" style=\"padding:30px 25px 20px 25px;\"><div class=\"fusion-post-content post-content\"><h2 class=\"blog-shortcode-post-title entry-title\"><a href=\"https:\/\/www.sages.ch\/fr\/dvsg-newsletter-1-2020\/\">DVSG-Newsletter 1\/2020<\/a><\/h2><p class=\"fusion-single-line-meta\"><span class=\"vcard\" style=\"display: none;\"><span class=\"fn\"><a href=\"https:\/\/www.sages.ch\/fr\/author\/admin\/\" title=\"Articles par admin\" rel=\"author\">admin<\/a><\/span><\/span><span class=\"updated\" style=\"display:none;\">2022-12-11T12:46:13+01:00<\/span><span>f\u00e9vrier 2020<\/span><span class=\"fusion-inline-sep\">|<\/span><\/p><div class=\"fusion-content-sep sep-single sep-solid\"><\/div><div class=\"fusion-post-content-container\"><p>Gerne macht unser Fachverband auf den neusten Newsletter der Deutschen Vereinigung f\u00fcr Soziale Arbeit im Gesundheitswesen aufmerksam. Darin sind u.A. Informationen zur Neuauflage \"Produkt\u2013 und Leistungsbeschreibung der Sozialen Arbeit im Gesundheitswesen\" sowie zur Neuver\u00f6ffentlichung des \"Handbuchs der Sozialen Arbeit zu [...]<\/p><\/div><\/div><\/div><div class=\"fusion-clearfix\"><\/div><\/div>\n<\/article>\n<article id=\"blog-3-post-3982\" class=\"fusion-post-grid post-3982 post type-post status-publish format-standard hentry category-2020-fr category-non-classifiee\">\n<div class=\"fusion-post-wrapper\" style=\"background-color:rgba(247,247,247,1);border:1px solid #ffffff;border-bottom-width:3px;\">\n\n<div class=\"fusion-post-content-wrapper\" style=\"padding:30px 25px 20px 25px;\"><div class=\"fusion-post-content post-content\"><h2 class=\"blog-shortcode-post-title entry-title\"><a href=\"https:\/\/www.sages.ch\/fr\/gesundheit-taschenstatistik-2019\/\">Gesundheit: Taschenstatistik 2019<\/a><\/h2><p class=\"fusion-single-line-meta\"><span class=\"vcard\" style=\"display: none;\"><span class=\"fn\"><a href=\"https:\/\/www.sages.ch\/fr\/author\/admin\/\" title=\"Articles par admin\" rel=\"author\">admin<\/a><\/span><\/span><span class=\"updated\" style=\"display:none;\">2022-12-11T12:46:14+01:00<\/span><span>f\u00e9vrier 2020<\/span><span class=\"fusion-inline-sep\">|<\/span><\/p><div class=\"fusion-content-sep sep-single sep-solid\"><\/div><div class=\"fusion-post-content-container\"><p>Die neue Ausgabe der Taschenstatistik pr\u00e4sentiert anhand von 53 Grafiken und Karten die j\u00fcngsten Daten zum Gesundheitszustand der Bev\u00f6lkerung und dessen Bestimmungsfaktoren. Die Taschenstatistik gibt zudem einen \u00dcberblick \u00fcber die verschiedenen Sektoren des Gesundheitssystems, deren Ressourcen sowie die bezogenen Leistungen. [...]<\/p><\/div><\/div><\/div><div class=\"fusion-clearfix\"><\/div><\/div>\n<\/article>\n<article id=\"blog-3-post-3961\" class=\"fusion-post-grid post-3961 post type-post status-publish format-standard hentry category-2020-fr category-non-classifiee\">\n<div class=\"fusion-post-wrapper\" style=\"background-color:rgba(247,247,247,1);border:1px solid #ffffff;border-bottom-width:3px;\">\n\n<div class=\"fusion-post-content-wrapper\" style=\"padding:30px 25px 20px 25px;\"><div class=\"fusion-post-content post-content\"><h2 class=\"blog-shortcode-post-title entry-title\"><a href=\"https:\/\/www.sages.ch\/fr\/social-prescribing\/\">Social Prescribing<\/a><\/h2><p class=\"fusion-single-line-meta\"><span class=\"vcard\" style=\"display: none;\"><span class=\"fn\"><a href=\"https:\/\/www.sages.ch\/fr\/author\/admin\/\" title=\"Articles par admin\" rel=\"author\">admin<\/a><\/span><\/span><span class=\"updated\" style=\"display:none;\">2022-12-11T12:46:14+01:00<\/span><span>f\u00e9vrier 2020<\/span><span class=\"fusion-inline-sep\">|<\/span><\/p><div class=\"fusion-content-sep sep-single sep-solid\"><\/div><div class=\"fusion-post-content-container\"><p>In seinem Artikel in der Schweizerischen \u00c4rztezeitung hebt Herr Prof. Dr. med. Hans Stalder (Mitglied der Redaktion) das soziales Wohlbefinden auf dieselbe Ebene wie physische und psychische Parameter. Er schreibt:\u00a0\"F\u00fcr letztere verf\u00fcgen wir heute \u00fcber fundierte Diagnose- und Behandlungsmethoden; dies [...]<\/p><\/div><\/div><\/div><div class=\"fusion-clearfix\"><\/div><\/div>\n<\/article>\n<article id=\"blog-3-post-3954\" class=\"fusion-post-grid post-3954 post type-post status-publish format-standard hentry category-2020-fr category-non-classifiee\">\n<div class=\"fusion-post-wrapper\" style=\"background-color:rgba(247,247,247,1);border:1px solid #ffffff;border-bottom-width:3px;\">\n\n<div class=\"fusion-post-content-wrapper\" style=\"padding:30px 25px 20px 25px;\"><div class=\"fusion-post-content post-content\"><h2 class=\"blog-shortcode-post-title entry-title\"><a href=\"https:\/\/www.sages.ch\/fr\/anmelden-fuer-die-4-nationale-tagung-gesundheit-armut\/\">Anmelden f\u00fcr die 4. Nationale Tagung Gesundheit &#038; Armut!<\/a><\/h2><p class=\"fusion-single-line-meta\"><span class=\"vcard\" style=\"display: none;\"><span class=\"fn\"><a href=\"https:\/\/www.sages.ch\/fr\/author\/admin\/\" title=\"Articles par admin\" rel=\"author\">admin<\/a><\/span><\/span><span class=\"updated\" style=\"display:none;\">2022-12-11T12:46:15+01:00<\/span><span>f\u00e9vrier 2020<\/span><span class=\"fusion-inline-sep\">|<\/span><\/p><div class=\"fusion-content-sep sep-single sep-solid\"><\/div><div class=\"fusion-post-content-container\"><p>Ab sofort kann man sich f\u00fcr die 4. Nationale Tagung Gesundheit &amp; Armut anmelden! Diese findet am 18.06.2020 unter dem Titel \u00abVerzicht und Entbehrung: Wenn Armutsbetroffene Gesundheitsleistungen nicht in Anspruch nehmen\u00bb in der Eventfabrik in Bern statt. sages-Mitglieder profitieren von [...]<\/p><\/div><\/div><\/div><div class=\"fusion-clearfix\"><\/div><\/div>\n<\/article>\n<article id=\"blog-3-post-3935\" class=\"fusion-post-grid post-3935 post type-post status-publish format-standard hentry category-2020-fr category-non-classifiee\">\n<div class=\"fusion-post-wrapper\" style=\"background-color:rgba(247,247,247,1);border:1px solid #ffffff;border-bottom-width:3px;\">\n\n<div class=\"fusion-post-content-wrapper\" style=\"padding:30px 25px 20px 25px;\"><div class=\"fusion-post-content post-content\"><h2 class=\"blog-shortcode-post-title entry-title\"><a href=\"https:\/\/www.sages.ch\/fr\/neuer-fachbereich-soziale-arbeit-in-der-arztpraxis-auf-die-webseite-integriert\/\">Neuer Fachbereich \u00abSoziale Arbeit in der Arztpraxis\u00bb auf die Webseite integriert<\/a><\/h2><p class=\"fusion-single-line-meta\"><span class=\"vcard\" style=\"display: none;\"><span class=\"fn\"><a href=\"https:\/\/www.sages.ch\/fr\/author\/admin\/\" title=\"Articles par admin\" rel=\"author\">admin<\/a><\/span><\/span><span class=\"updated\" style=\"display:none;\">2022-12-11T12:46:16+01:00<\/span><span>janvier 2020<\/span><span class=\"fusion-inline-sep\">|<\/span><\/p><div class=\"fusion-content-sep sep-single sep-solid\"><\/div><div class=\"fusion-post-content-container\"><p>An der letzten Vorstandssitzung vom vergangenen Jahr, wurde, f\u00fcr eine im Vorfeld bereits sehr aktive Fachgruppe Sozialarbeitender, die Gr\u00fcndung des neuen sages-Fachbereichs \"Soziale Arbeit in der Arztpraxis\" beschlossen. Nachdem der Fachbereich bereits seit Anfang Jahr in den Mitgliederbereich der sages-Webseite [...]<\/p><\/div><\/div><\/div><div class=\"fusion-clearfix\"><\/div><\/div>\n<\/article>\n<article id=\"blog-3-post-3942\" class=\"fusion-post-grid post-3942 post type-post status-publish format-standard hentry category-2020-fr category-non-classifiee\">\n<div class=\"fusion-post-wrapper\" style=\"background-color:rgba(247,247,247,1);border:1px solid #ffffff;border-bottom-width:3px;\">\n\n<div class=\"fusion-post-content-wrapper\" style=\"padding:30px 25px 20px 25px;\"><div class=\"fusion-post-content post-content\"><h2 class=\"blog-shortcode-post-title entry-title\"><a href=\"https:\/\/www.sages.ch\/fr\/jugendliche-sollen-bei-ihrer-behandlung-mitreden\/\">Jugendliche sollen bei ihrer Behandlung mitreden<\/a><\/h2><p class=\"fusion-single-line-meta\"><span class=\"vcard\" style=\"display: none;\"><span class=\"fn\"><a href=\"https:\/\/www.sages.ch\/fr\/author\/admin\/\" title=\"Articles par admin\" rel=\"author\">admin<\/a><\/span><\/span><span class=\"updated\" style=\"display:none;\">2022-12-11T12:46:16+01:00<\/span><span>janvier 2020<\/span><span class=\"fusion-inline-sep\">|<\/span><\/p><div class=\"fusion-content-sep sep-single sep-solid\"><\/div><div class=\"fusion-post-content-container\"><p>Wenn Kinder und Jugendliche schwer erkranken \u2013 was d\u00fcrfen sie selber entscheiden? Spectra, das Fachmagazin des BAG, widmet sich dieser Frage. Neu erg\u00e4nzen Podcasts die bisherigen Print- und Online-Kan\u00e4le. In den ersten beiden Podcast-Folgen von spectra kommen junge, von einer [...]<\/p><\/div><\/div><\/div><div class=\"fusion-clearfix\"><\/div><\/div>\n<\/article>\n<article id=\"blog-3-post-3907\" class=\"fusion-post-grid post-3907 post type-post status-publish format-standard hentry category-2020-fr category-non-classifiee\">\n<div class=\"fusion-post-wrapper\" style=\"background-color:rgba(247,247,247,1);border:1px solid #ffffff;border-bottom-width:3px;\">\n\n<div class=\"fusion-post-content-wrapper\" style=\"padding:30px 25px 20px 25px;\"><div class=\"fusion-post-content post-content\"><h2 class=\"blog-shortcode-post-title entry-title\"><a href=\"https:\/\/www.sages.ch\/fr\/innosuisse-unterstuetzt-projekt-des-neuen-fachbereichs-soziale-arbeit-in-der-arztpraxis\/\">Innosuisse unterst\u00fctzt Projekt des neuen Fachbereichs \u00abSoziale Arbeit in der Arztpraxis\u00bb<\/a><\/h2><p class=\"fusion-single-line-meta\"><span class=\"vcard\" style=\"display: none;\"><span class=\"fn\"><a href=\"https:\/\/www.sages.ch\/fr\/author\/admin\/\" title=\"Articles par admin\" rel=\"author\">admin<\/a><\/span><\/span><span class=\"updated\" style=\"display:none;\">2022-12-11T12:46:17+01:00<\/span><span>janvier 2020<\/span><span class=\"fusion-inline-sep\">|<\/span><\/p><div class=\"fusion-content-sep sep-single sep-solid\"><\/div><div class=\"fusion-post-content-container\"><p>Die Forschung \u00fcber gesundheitliche Ungleichheit zeigt deutlich: Soziale und finanzielle Faktoren geh\u00f6ren zu den gr\u00f6ssten Determinanten von Gesundheit. Mit \u00e4usserlich medizinischen Anliegen und verborgenen finanziellen, sozialen oder pers\u00f6nlichen Krisen ist die Haus\u00e4rztin\/der Hausarzt oft die erste Ansprechperson. Als Vertrauensperson verf\u00fcgt [...]<\/p><\/div><\/div><\/div><div class=\"fusion-clearfix\"><\/div><\/div>\n<\/article>\n<article id=\"blog-3-post-3871\" class=\"fusion-post-grid post-3871 post type-post status-publish format-standard hentry category-2020-fr category-non-classifiee\">\n<div class=\"fusion-post-wrapper\" style=\"background-color:rgba(247,247,247,1);border:1px solid #ffffff;border-bottom-width:3px;\">\n\n<div class=\"fusion-post-content-wrapper\" style=\"padding:30px 25px 20px 25px;\"><div class=\"fusion-post-content post-content\"><h2 class=\"blog-shortcode-post-title entry-title\"><a href=\"https:\/\/www.sages.ch\/fr\/integrating-social-care-into-the-delivery-of-health-care\/\">Integrating Social Care Into the Delivery of Health Care<\/a><\/h2><p class=\"fusion-single-line-meta\"><span class=\"vcard\" style=\"display: none;\"><span class=\"fn\"><a href=\"https:\/\/www.sages.ch\/fr\/author\/admin\/\" title=\"Articles par admin\" rel=\"author\">admin<\/a><\/span><\/span><span class=\"updated\" style=\"display:none;\">2022-12-11T12:46:17+01:00<\/span><span>janvier 2020<\/span><span class=\"fusion-inline-sep\">|<\/span><\/p><div class=\"fusion-content-sep sep-single sep-solid\"><\/div><div class=\"fusion-post-content-container\"><p>Es ist seit langem bekannt, dass soziale Indikatoren einen wesentlichen Einfluss auf die Gesundheit haben. Folglich mehren sich Stimmen, die eine st\u00e4rkere Verzahnung von Medical Care und Social Care fordern. Ein Artikel im JAMA zeigt m\u00f6gliche Wege. \u203a Artikel (englisch)<\/p><\/div><\/div><\/div><div class=\"fusion-clearfix\"><\/div><\/div>\n<\/article>\n<article id=\"blog-3-post-3821\" class=\"fusion-post-grid post-3821 post type-post status-publish format-standard hentry category-2019-fr category-non-classifiee\">\n<div class=\"fusion-post-wrapper\" style=\"background-color:rgba(247,247,247,1);border:1px solid #ffffff;border-bottom-width:3px;\">\n\n<div class=\"fusion-post-content-wrapper\" style=\"padding:30px 25px 20px 25px;\"><div class=\"fusion-post-content post-content\"><h2 class=\"blog-shortcode-post-title entry-title\"><a href=\"https:\/\/www.sages.ch\/fr\/dvsg-newsletter-2-2019-2\/\">DVSG-Newsletter 3\/2019<\/a><\/h2><p class=\"fusion-single-line-meta\"><span class=\"vcard\" style=\"display: none;\"><span class=\"fn\"><a href=\"https:\/\/www.sages.ch\/fr\/author\/admin\/\" title=\"Articles par admin\" rel=\"author\">admin<\/a><\/span><\/span><span class=\"updated\" style=\"display:none;\">2022-12-11T12:46:42+01:00<\/span><span>d\u00e9cembre 2019<\/span><span class=\"fusion-inline-sep\">|<\/span><\/p><div class=\"fusion-content-sep sep-single sep-solid\"><\/div><div class=\"fusion-post-content-container\"><p>Gerne macht unser Fachverband an dieser Stelle auf den Newsletter der Deutschen Vereinigung f\u00fcr Soziale Arbeit im Gesundheitswesen aufmerksam. \u203a Newsletter<\/p><\/div><\/div><\/div><div class=\"fusion-clearfix\"><\/div><\/div>\n<\/article>\n<article id=\"blog-3-post-3792\" class=\"fusion-post-grid post-3792 post type-post status-publish format-standard hentry category-2019-fr\">\n<div class=\"fusion-post-wrapper\" style=\"background-color:rgba(247,247,247,1);border:1px solid #ffffff;border-bottom-width:3px;\">\n\n<div class=\"fusion-post-content-wrapper\" style=\"padding:30px 25px 20px 25px;\"><div class=\"fusion-post-content post-content\"><h2 class=\"blog-shortcode-post-title entry-title\"><a href=\"https:\/\/www.sages.ch\/fr\/bundesrat-setzt-in-seiner-strategie-gesundheit2030-neue-schwerpunkte\/\">Bundesrat setzt in seiner Strategie Gesundheit2030 neue Schwerpunkte<\/a><\/h2><p class=\"fusion-single-line-meta\"><span class=\"vcard\" style=\"display: none;\"><span class=\"fn\"><a href=\"https:\/\/www.sages.ch\/fr\/author\/admin\/\" title=\"Articles par admin\" rel=\"author\">admin<\/a><\/span><\/span><span class=\"updated\" style=\"display:none;\">2022-12-11T12:46:43+01:00<\/span><span>d\u00e9cembre 2019<\/span><span class=\"fusion-inline-sep\">|<\/span><\/p><div class=\"fusion-content-sep sep-single sep-solid\"><\/div><div class=\"fusion-post-content-container\"><p> Alle Menschen in der Schweiz sollen auch zuk\u00fcnftig von einem guten und bezahlbaren Gesundheitssystem profitieren. In seiner am 6. Dezember 2019 verabschiedeten Strategie f\u00fcr die Jahre 2020 bis 2030 zeigt der Bundesrat auf, wie er in der Gesundheitspolitik mit [...]<\/p><\/div><\/div><\/div><div class=\"fusion-clearfix\"><\/div><\/div>\n<\/article>\n<article id=\"blog-3-post-3796\" class=\"fusion-post-grid post-3796 post type-post status-publish format-standard hentry category-2019-fr\">\n<div class=\"fusion-post-wrapper\" style=\"background-color:rgba(247,247,247,1);border:1px solid #ffffff;border-bottom-width:3px;\">\n\n<div class=\"fusion-post-content-wrapper\" style=\"padding:30px 25px 20px 25px;\"><div class=\"fusion-post-content post-content\"><h2 class=\"blog-shortcode-post-title entry-title\"><a href=\"https:\/\/www.sages.ch\/fr\/bundesrat-lehnt-die-initiative-kinder-und-jugendliche-ohne-tabakwerbung-ab-will-aber-den-jugendschutz-verstaerken\/\">Bundesrat lehnt die Initiative \u00abKinder und Jugendliche ohne Tabakwerbung\u00bb ab, will aber den Jugendschutz verst\u00e4rken<\/a><\/h2><p class=\"fusion-single-line-meta\"><span class=\"vcard\" style=\"display: none;\"><span class=\"fn\"><a href=\"https:\/\/www.sages.ch\/fr\/author\/admin\/\" title=\"Articles par admin\" rel=\"author\">admin<\/a><\/span><\/span><span class=\"updated\" style=\"display:none;\">2022-12-11T12:46:43+01:00<\/span><span>d\u00e9cembre 2019<\/span><span class=\"fusion-inline-sep\">|<\/span><\/p><div class=\"fusion-content-sep sep-single sep-solid\"><\/div><div class=\"fusion-post-content-container\"><p> Der Bundesrat empfiehlt, die Volksinitiative \u00abJa zum Schutz der Kinder und Jugendlichen vor Tabakwerbung\u00bb abzulehnen. Dies hat er an seiner Sitzung vom 6. Dezember 2019 beschlossen. Sie geht seiner Ansicht nach zu weit. Der Bundesrat will aber die Bev\u00f6lkerung [...]<\/p><\/div><\/div><\/div><div class=\"fusion-clearfix\"><\/div><\/div>\n<\/article>\n<article id=\"blog-3-post-3771\" class=\"fusion-post-grid post-3771 post type-post status-publish format-standard hentry category-2019-fr\">\n<div class=\"fusion-post-wrapper\" style=\"background-color:rgba(247,247,247,1);border:1px solid #ffffff;border-bottom-width:3px;\">\n\n<div class=\"fusion-post-content-wrapper\" style=\"padding:30px 25px 20px 25px;\"><div class=\"fusion-post-content post-content\"><h2 class=\"blog-shortcode-post-title entry-title\"><a href=\"https:\/\/www.sages.ch\/fr\/sages-webseite-uebersetzung-und-neuer-mitgliederbereich\/\">sages-Webseite: \u00dcbersetzung und neuer Mitgliederbereich<\/a><\/h2><p class=\"fusion-single-line-meta\"><span class=\"vcard\" style=\"display: none;\"><span class=\"fn\"><a href=\"https:\/\/www.sages.ch\/fr\/author\/admin\/\" title=\"Articles par admin\" rel=\"author\">admin<\/a><\/span><\/span><span class=\"updated\" style=\"display:none;\">2022-12-11T12:46:43+01:00<\/span><span>d\u00e9cembre 2019<\/span><span class=\"fusion-inline-sep\">|<\/span><\/p><div class=\"fusion-content-sep sep-single sep-solid\"><\/div><div class=\"fusion-post-content-container\"><p> Wir haben die zentralen Elemente und Dokumente unserer Webseite ins Franz\u00f6sische \u00fcbersetzt. Damit m\u00f6chten wir die Sozialarbeiterinnen und Sozialarbeiter im Gesundheitswesen der franz\u00f6sischsprachigen Schweiz erreichen und ihnen erm\u00f6glichen, in unserem Fachverband mitzuarbeiten. Einige Bereiche der Webseite sind aktuell nur [...]<\/p><\/div><\/div><\/div><div class=\"fusion-clearfix\"><\/div><\/div>\n<\/article>\n<article id=\"blog-3-post-3780\" class=\"fusion-post-grid post-3780 post type-post status-publish format-standard hentry category-2019-fr\">\n<div class=\"fusion-post-wrapper\" style=\"background-color:rgba(247,247,247,1);border:1px solid #ffffff;border-bottom-width:3px;\">\n\n<div class=\"fusion-post-content-wrapper\" style=\"padding:30px 25px 20px 25px;\"><div class=\"fusion-post-content post-content\"><h2 class=\"blog-shortcode-post-title entry-title\"><a href=\"https:\/\/www.sages.ch\/fr\/die-ohnmacht-der-patientin-oder-warum-es-viel-staerkere-patientinnenorganisationen-braucht\/\">Die (Ohn)Macht der Patientin \u2013 oder warum es viel st\u00e4rkere Patientinnenorganisationen braucht<\/a><\/h2><p class=\"fusion-single-line-meta\"><span class=\"vcard\" style=\"display: none;\"><span class=\"fn\"><a href=\"https:\/\/www.sages.ch\/fr\/author\/admin\/\" title=\"Articles par admin\" rel=\"author\">admin<\/a><\/span><\/span><span class=\"updated\" style=\"display:none;\">2022-12-11T12:46:43+01:00<\/span><span>d\u00e9cembre 2019<\/span><span class=\"fusion-inline-sep\">|<\/span><\/p><div class=\"fusion-content-sep sep-single sep-solid\"><\/div><div class=\"fusion-post-content-container\"><p> Wie viel Macht hat die Patientin? Diese heutzutage oft gestellte Frage l\u00e4sst vermuten, dass es zu wenig ist. \u00abViel zu wenig\u00bb, findet Susanne Hochuli, Pr\u00e4sidentin der SPO Stiftung Patientenorganisation. Sie will die Kr\u00e4fte b\u00fcndeln, \u00fcber die Patientinnen und Patienten [...]<\/p><\/div><\/div><\/div><div class=\"fusion-clearfix\"><\/div><\/div>\n<\/article>\n<article id=\"blog-3-post-3762\" class=\"fusion-post-grid post-3762 post type-post status-publish format-standard hentry category-2019-fr category-non-classifiee\">\n<div class=\"fusion-post-wrapper\" style=\"background-color:rgba(247,247,247,1);border:1px solid #ffffff;border-bottom-width:3px;\">\n\n<div class=\"fusion-post-content-wrapper\" style=\"padding:30px 25px 20px 25px;\"><div class=\"fusion-post-content post-content\"><h2 class=\"blog-shortcode-post-title entry-title\"><a href=\"https:\/\/www.sages.ch\/fr\/kinder-und-behinderung-2017\/\">Kinder und Behinderung 2017<\/a><\/h2><p class=\"fusion-single-line-meta\"><span class=\"vcard\" style=\"display: none;\"><span class=\"fn\"><a href=\"https:\/\/www.sages.ch\/fr\/author\/admin\/\" title=\"Articles par admin\" rel=\"author\">admin<\/a><\/span><\/span><span class=\"updated\" style=\"display:none;\">2022-12-11T12:46:44+01:00<\/span><span>d\u00e9cembre 2019<\/span><span class=\"fusion-inline-sep\">|<\/span><\/p><div class=\"fusion-content-sep sep-single sep-solid\"><\/div><div class=\"fusion-post-content-container\"><p> 5% der Kinder leben mit einer Behinderung, 1% ist stark eingeschr\u00e4nkt In der Schweiz lebten 2017 rund 54 000 Kinder mit einer Behinderung. Jedes f\u00fcnfte dieser Kinder war in seiner F\u00e4higkeit beeintr\u00e4chtigt, so zu leben wie andere gleichaltrige Kinder. [...]<\/p><\/div><\/div><\/div><div class=\"fusion-clearfix\"><\/div><\/div>\n<\/article>\n<article id=\"blog-3-post-3521\" class=\"fusion-post-grid post-3521 post type-post status-publish format-standard hentry category-2019-fr category-non-classifiee\">\n<div class=\"fusion-post-wrapper\" style=\"background-color:rgba(247,247,247,1);border:1px solid #ffffff;border-bottom-width:3px;\">\n\n<div class=\"fusion-post-content-wrapper\" style=\"padding:30px 25px 20px 25px;\"><div class=\"fusion-post-content post-content\"><h2 class=\"blog-shortcode-post-title entry-title\"><a href=\"https:\/\/www.sages.ch\/fr\/psychische-gesundheit-kennzahlen-2017\/\">Psychische Gesundheit: Kennzahlen 2017<\/a><\/h2><p class=\"fusion-single-line-meta\"><span class=\"vcard\" style=\"display: none;\"><span class=\"fn\"><a href=\"https:\/\/www.sages.ch\/fr\/author\/admin\/\" title=\"Articles par admin\" rel=\"author\">admin<\/a><\/span><\/span><span class=\"updated\" style=\"display:none;\">2022-12-11T12:47:10+01:00<\/span><span>novembre 2019<\/span><span class=\"fusion-inline-sep\">|<\/span><\/p><div class=\"fusion-content-sep sep-single sep-solid\"><\/div><div class=\"fusion-post-content-container\"><p> Das Bulletin gibt anhand weniger Indikatoren einen \u00dcberblick \u00fcber die psychische Gesundheit, die Inanspruchnahme von Leistungen zur Behandlung psychischer Krankheiten und deren Kosten in der Schweiz. Mit dem Ziel, die zeitliche Entwicklung m\u00f6glichst l\u00fcckenlos abzubilden, werden Indikatoren pr\u00e4sentiert, deren [...]<\/p><\/div><\/div><\/div><div class=\"fusion-clearfix\"><\/div><\/div>\n<\/article>\n<article id=\"blog-3-post-3463\" class=\"fusion-post-grid post-3463 post type-post status-publish format-standard hentry category-2019-fr category-non-classifiee\">\n<div class=\"fusion-post-wrapper\" style=\"background-color:rgba(247,247,247,1);border:1px solid #ffffff;border-bottom-width:3px;\">\n\n<div class=\"fusion-post-content-wrapper\" style=\"padding:30px 25px 20px 25px;\"><div class=\"fusion-post-content post-content\"><h2 class=\"blog-shortcode-post-title entry-title\"><a href=\"https:\/\/www.sages.ch\/fr\/2018-wurden-682-millionen-franken-fuer-pflege-zu-hause-oder-in-pflegeheimen-aus-eigener-tasche-bezahlt\/\">2018 wurden 682 Millionen Franken f\u00fcr Pflege zu Hause oder in Pflegeheimen aus eigener Tasche bezahlt<\/a><\/h2><p class=\"fusion-single-line-meta\"><span class=\"vcard\" style=\"display: none;\"><span class=\"fn\"><a href=\"https:\/\/www.sages.ch\/fr\/author\/admin\/\" title=\"Articles par admin\" rel=\"author\">admin<\/a><\/span><\/span><span class=\"updated\" style=\"display:none;\">2022-12-11T12:47:10+01:00<\/span><span>novembre 2019<\/span><span class=\"fusion-inline-sep\">|<\/span><\/p><div class=\"fusion-content-sep sep-single sep-solid\"><\/div><div class=\"fusion-post-content-container\"><p> Wie aus der Statistik der Hilfe und Pflege zu Hause (Spitex) und der Statistik der sozialmedizinischen Institutionen des Bundesamtes f\u00fcr Statistik (BFS) hervorgeht, wurden Ende 2018 in den 1566 Alters- und Pflegeheimen der Schweiz 89 865 Langzeitaufenthalterinnen und -aufenthalter [...]<\/p><\/div><\/div><\/div><div class=\"fusion-clearfix\"><\/div><\/div>\n<\/article>\n<article id=\"blog-3-post-3020\" class=\"fusion-post-grid post-3020 post type-post status-publish format-standard hentry category-2019-fr category-non-classifiee\">\n<div class=\"fusion-post-wrapper\" style=\"background-color:rgba(247,247,247,1);border:1px solid #ffffff;border-bottom-width:3px;\">\n\n<div class=\"fusion-post-content-wrapper\" style=\"padding:30px 25px 20px 25px;\"><div class=\"fusion-post-content post-content\"><h2 class=\"blog-shortcode-post-title entry-title\"><a href=\"https:\/\/www.sages.ch\/fr\/podcast-krankenkasse-wechseln-tipps-fuer-junge-erwachsene\/\">Podcast: Krankenkasse wechseln &#8211; Tipps f\u00fcr junge Erwachsene<\/a><\/h2><p class=\"fusion-single-line-meta\"><span class=\"vcard\" style=\"display: none;\"><span class=\"fn\"><a href=\"https:\/\/www.sages.ch\/fr\/author\/admin\/\" title=\"Articles par admin\" rel=\"author\">admin<\/a><\/span><\/span><span class=\"updated\" style=\"display:none;\">2022-12-11T12:47:11+01:00<\/span><span>novembre 2019<\/span><span class=\"fusion-inline-sep\">|<\/span><\/p><div class=\"fusion-content-sep sep-single sep-solid\"><\/div><div class=\"fusion-post-content-container\"><p>Die Krankenkasse wechseln \u2013 es frisst viel Zeit und kann grad f\u00fcr junge Menschen, die es zum ersten Mal machen, unglaublich m\u00fchsam sein. SRF Virus schafft Abhilfe: mit dem Podcast \u00abKompass\u00bb, in welchem\u00a0 Orientierungshilfen rund um Leben, Job, Bildung und [...]<\/p><\/div><\/div><\/div><div class=\"fusion-clearfix\"><\/div><\/div>\n<\/article>\n<article id=\"blog-3-post-3453\" class=\"fusion-post-grid post-3453 post type-post status-publish format-standard hentry category-2019-fr category-non-classifiee\">\n<div class=\"fusion-post-wrapper\" style=\"background-color:rgba(247,247,247,1);border:1px solid #ffffff;border-bottom-width:3px;\">\n\n<div class=\"fusion-post-content-wrapper\" style=\"padding:30px 25px 20px 25px;\"><div class=\"fusion-post-content post-content\"><h2 class=\"blog-shortcode-post-title entry-title\"><a href=\"https:\/\/www.sages.ch\/fr\/gesundheit-im-alter-ungleichheiten-je-nach-sozialem-status\/\">Gesundheit im Alter: Ungleichheiten je nach sozialem Status<\/a><\/h2><p class=\"fusion-single-line-meta\"><span class=\"vcard\" style=\"display: none;\"><span class=\"fn\"><a href=\"https:\/\/www.sages.ch\/fr\/author\/admin\/\" title=\"Articles par admin\" rel=\"author\">admin<\/a><\/span><\/span><span class=\"updated\" style=\"display:none;\">2022-12-11T12:47:11+01:00<\/span><span>novembre 2019<\/span><span class=\"fusion-inline-sep\">|<\/span><\/p><div class=\"fusion-content-sep sep-single sep-solid\"><\/div><div class=\"fusion-post-content-container\"><p>Soziale Ungleichheiten wirken sich auch im Alter auf die Gesundheit aus. Personen ab 55 Jahren mit einer Terti\u00e4rausbildung weisen einen besseren allgemeinen Gesundheitszustand und ein besseres Gesundheitsverhalten auf als Personen ohne nachobligatorische Ausbildung. Sie verf\u00fcgen zudem h\u00e4ufiger \u00fcber psychosoziale Ressourcen [...]<\/p><\/div><\/div><\/div><div class=\"fusion-clearfix\"><\/div><\/div>\n<\/article>\n<article id=\"blog-3-post-3450\" class=\"fusion-post-grid post-3450 post type-post status-publish format-standard hentry category-2019-fr category-non-classifiee\">\n<div class=\"fusion-post-wrapper\" style=\"background-color:rgba(247,247,247,1);border:1px solid #ffffff;border-bottom-width:3px;\">\n\n<div class=\"fusion-post-content-wrapper\" style=\"padding:30px 25px 20px 25px;\"><div class=\"fusion-post-content post-content\"><h2 class=\"blog-shortcode-post-title entry-title\"><a href=\"https:\/\/www.sages.ch\/fr\/foerderprogramm-entlastungsangebote-fuer-betreuende-angehoerige\/\">F\u00f6rderprogramm \u00abEntlastungsangebote f\u00fcr betreuende Angeh\u00f6rige\u00bb<\/a><\/h2><p class=\"fusion-single-line-meta\"><span class=\"vcard\" style=\"display: none;\"><span class=\"fn\"><a href=\"https:\/\/www.sages.ch\/fr\/author\/admin\/\" title=\"Articles par admin\" rel=\"author\">admin<\/a><\/span><\/span><span class=\"updated\" style=\"display:none;\">2022-12-11T12:47:11+01:00<\/span><span>novembre 2019<\/span><span class=\"fusion-inline-sep\">|<\/span><\/p><div class=\"fusion-content-sep sep-single sep-solid\"><\/div><div class=\"fusion-post-content-container\"><p>Das F\u00f6rderprogramm \u00abEntlastungsangebote f\u00fcr betreuende Angeh\u00f6rige\u00bb des Bundesamtes f\u00fcr Gesundheit erforscht von 2017 bis 2020 die Situation und die Bed\u00fcrfnisse von betreuenden und pflegenden Angeh\u00f6rigen. Dies soll der Weiterentwicklung von Entlastungsangeboten dienen; mit dem Ziel, dass\u00a0betreuende Angeh\u00f6rige ihre Erwerbst\u00e4tigkeit beibehalten [...]<\/p><\/div><\/div><\/div><div class=\"fusion-clearfix\"><\/div><\/div>\n<\/article>\n<article id=\"blog-3-post-3447\" class=\"fusion-post-grid post-3447 post type-post status-publish format-standard hentry category-2019-fr category-non-classifiee\">\n<div class=\"fusion-post-wrapper\" style=\"background-color:rgba(247,247,247,1);border:1px solid #ffffff;border-bottom-width:3px;\">\n\n<div class=\"fusion-post-content-wrapper\" style=\"padding:30px 25px 20px 25px;\"><div class=\"fusion-post-content post-content\"><h2 class=\"blog-shortcode-post-title entry-title\"><a href=\"https:\/\/www.sages.ch\/fr\/interprofessioneller-cas-qualitaet-in-der-medizin\/\">Interprofessioneller CAS \u00abQualit\u00e4t in der Medizin\u00bb<\/a><\/h2><p class=\"fusion-single-line-meta\"><span class=\"vcard\" style=\"display: none;\"><span class=\"fn\"><a href=\"https:\/\/www.sages.ch\/fr\/author\/admin\/\" title=\"Articles par admin\" rel=\"author\">admin<\/a><\/span><\/span><span class=\"updated\" style=\"display:none;\">2022-12-11T12:47:12+01:00<\/span><span>octobre 2019<\/span><span class=\"fusion-inline-sep\">|<\/span><\/p><div class=\"fusion-content-sep sep-single sep-solid\"><\/div><div class=\"fusion-post-content-container\"><p>Die SAQM hat ein interprofessionelles, sektoren\u00fcbergreifendes Fortbildungsangebot zum Thema \u00abQualit\u00e4t in der Medizin f\u00fcr die patientennahe Arbeitspraxis\u00bb entwickelt. Der Studiengang wird als CAS-Lehrgang in Kooperation mit der Berner Fachhochschule Gesundheit angeboten. Ziel des Kurses ist, Gesundheitsfachleuten einen sichereren Umgang mit [...]<\/p><\/div><\/div><\/div><div class=\"fusion-clearfix\"><\/div><\/div>\n<\/article>\n<article id=\"blog-3-post-3444\" class=\"fusion-post-grid post-3444 post type-post status-publish format-standard hentry category-2019-fr category-non-classifiee\">\n<div class=\"fusion-post-wrapper\" style=\"background-color:rgba(247,247,247,1);border:1px solid #ffffff;border-bottom-width:3px;\">\n\n<div class=\"fusion-post-content-wrapper\" style=\"padding:30px 25px 20px 25px;\"><div class=\"fusion-post-content post-content\"><h2 class=\"blog-shortcode-post-title entry-title\"><a href=\"https:\/\/www.sages.ch\/fr\/dvsg-newsletter-2-2019\/\">DVSG-Newsletter 2\/2019<\/a><\/h2><p class=\"fusion-single-line-meta\"><span class=\"vcard\" style=\"display: none;\"><span class=\"fn\"><a href=\"https:\/\/www.sages.ch\/fr\/author\/admin\/\" title=\"Articles par admin\" rel=\"author\">admin<\/a><\/span><\/span><span class=\"updated\" style=\"display:none;\">2022-12-11T12:47:12+01:00<\/span><span>octobre 2019<\/span><span class=\"fusion-inline-sep\">|<\/span><\/p><div class=\"fusion-content-sep sep-single sep-solid\"><\/div><div class=\"fusion-post-content-container\"><p>Gerne macht unser Fachverband an dieser Stelle auf den Newsletter der Deutschen Vereinigung f\u00fcr Soziale Arbeit im Gesundheitswesen aufmerksam. \u203a Flyer \u203a Webseite<\/p><\/div><\/div><\/div><div class=\"fusion-clearfix\"><\/div><\/div>\n<\/article>\n<article id=\"blog-3-post-3434\" class=\"fusion-post-grid post-3434 post type-post status-publish format-standard hentry category-2019-fr\">\n<div class=\"fusion-post-wrapper\" style=\"background-color:rgba(247,247,247,1);border:1px solid #ffffff;border-bottom-width:3px;\">\n\n<div class=\"fusion-post-content-wrapper\" style=\"padding:30px 25px 20px 25px;\"><div class=\"fusion-post-content post-content\"><h2 class=\"blog-shortcode-post-title entry-title\"><a href=\"https:\/\/www.sages.ch\/fr\/stadtlandreha\/\">StadtLandReha<\/a><\/h2><p class=\"fusion-single-line-meta\"><span class=\"vcard\" style=\"display: none;\"><span class=\"fn\"><a href=\"https:\/\/www.sages.ch\/fr\/author\/admin\/\" title=\"Articles par admin\" rel=\"author\">admin<\/a><\/span><\/span><span class=\"updated\" style=\"display:none;\">2022-12-11T12:47:13+01:00<\/span><span>septembre 2019<\/span><span class=\"fusion-inline-sep\">|<\/span><\/p><div class=\"fusion-content-sep sep-single sep-solid\"><\/div><div class=\"fusion-post-content-container\"><p>Die Internetseite StadtLandReha hat zum Ziel, Transparenz im gesundheitlichen Versorgungswesen der Schweiz zu\u00a0entwickeln und zu f\u00f6rdern.\u00a0\u00a0Sie bietet einen einfachen Zugang zur Datenbank des station\u00e4ren Rehabilitationswesens der Schweiz f\u00fcr Zuweiser und Konsumenten. Ausserdem bietet sie eine \u00dcbersicht aller auf den kantonalen [...]<\/p><\/div><\/div><\/div><div class=\"fusion-clearfix\"><\/div><\/div>\n<\/article>\n<article id=\"blog-3-post-3440\" class=\"fusion-post-grid post-3440 post type-post status-publish format-standard hentry category-2019-fr category-non-classifiee\">\n<div class=\"fusion-post-wrapper\" style=\"background-color:rgba(247,247,247,1);border:1px solid #ffffff;border-bottom-width:3px;\">\n\n<div class=\"fusion-post-content-wrapper\" style=\"padding:30px 25px 20px 25px;\"><div class=\"fusion-post-content post-content\"><h2 class=\"blog-shortcode-post-title entry-title\"><a href=\"https:\/\/www.sages.ch\/fr\/nationale-demenzstrategie\/\">Nationale Demenzstrategie<\/a><\/h2><p class=\"fusion-single-line-meta\"><span class=\"vcard\" style=\"display: none;\"><span class=\"fn\"><a href=\"https:\/\/www.sages.ch\/fr\/author\/admin\/\" title=\"Articles par admin\" rel=\"author\">admin<\/a><\/span><\/span><span class=\"updated\" style=\"display:none;\">2022-12-11T12:47:13+01:00<\/span><span>septembre 2019<\/span><span class=\"fusion-inline-sep\">|<\/span><\/p><div class=\"fusion-content-sep sep-single sep-solid\"><\/div><div class=\"fusion-post-content-container\"><p>Im Rahmen der Nationalen Demenzstrategie hat eine Expertinnen- und Expertengruppe im Auftrag der Schweizerischen Gesellschaft f\u00fcr Alterspsychiatrie und -psychotherapie (SGAP) sowie Haus- und Kinder\u00e4rzte Schweiz (mfe) Empfehlungen in den Bereichen Fr\u00fcherkennung, Diagnostik, und Behandlung f\u00fcr die Grundversorgung erarbeitet. Ein zentraler [...]<\/p><\/div><\/div><\/div><div class=\"fusion-clearfix\"><\/div><\/div>\n<\/article>\n<article id=\"blog-3-post-3437\" class=\"fusion-post-grid post-3437 post type-post status-publish format-standard hentry category-2019-fr\">\n<div class=\"fusion-post-wrapper\" style=\"background-color:rgba(247,247,247,1);border:1px solid #ffffff;border-bottom-width:3px;\">\n\n<div class=\"fusion-post-content-wrapper\" style=\"padding:30px 25px 20px 25px;\"><div class=\"fusion-post-content post-content\"><h2 class=\"blog-shortcode-post-title entry-title\"><a href=\"https:\/\/www.sages.ch\/fr\/always-on-wie-erleben-jugendliche-das-staendige-online-sein\/\">Always on. Wie erleben Jugendliche das st\u00e4ndige Online-Sein?<\/a><\/h2><p class=\"fusion-single-line-meta\"><span class=\"vcard\" style=\"display: none;\"><span class=\"fn\"><a href=\"https:\/\/www.sages.ch\/fr\/author\/admin\/\" title=\"Articles par admin\" rel=\"author\">admin<\/a><\/span><\/span><span class=\"updated\" style=\"display:none;\">2022-12-11T12:47:13+01:00<\/span><span>septembre 2019<\/span><span class=\"fusion-inline-sep\">|<\/span><\/p><div class=\"fusion-content-sep sep-single sep-solid\"><\/div><div class=\"fusion-post-content-container\"><p>Im Auftrag der EKKJ f\u00fchrte die Hochschule f\u00fcr Soziale Arbeit FHNW eine repr\u00e4sentative Umfrage bei 1001 Jugendlichen zwischen 16 und 25 Jahren sowie einer Vergleichsgruppe von 390 Personen im Alter von 40 bis 55 Jahren durch. Die Fragen bezogen sich [...]<\/p><\/div><\/div><\/div><div class=\"fusion-clearfix\"><\/div><\/div>\n<\/article>\n<article id=\"blog-3-post-3430\" class=\"fusion-post-grid post-3430 post type-post status-publish format-standard hentry category-2019-fr category-non-classifiee\">\n<div class=\"fusion-post-wrapper\" style=\"background-color:rgba(247,247,247,1);border:1px solid #ffffff;border-bottom-width:3px;\">\n\n<div class=\"fusion-post-content-wrapper\" style=\"padding:30px 25px 20px 25px;\"><div class=\"fusion-post-content post-content\"><h2 class=\"blog-shortcode-post-title entry-title\"><a href=\"https:\/\/www.sages.ch\/fr\/jugendliche-und-junge-erwachsene-als-betreuende-und-pflegende-angehoerige-young-carers-fuer-interviews-gesucht\/\">Jugendliche und junge Erwachsene als betreuende und pflegende Angeh\u00f6rige &#8211; Young Carers f\u00fcr Interviews gesucht<\/a><\/h2><p class=\"fusion-single-line-meta\"><span class=\"vcard\" style=\"display: none;\"><span class=\"fn\"><a href=\"https:\/\/www.sages.ch\/fr\/author\/admin\/\" title=\"Articles par admin\" rel=\"author\">admin<\/a><\/span><\/span><span class=\"updated\" style=\"display:none;\">2022-12-11T12:47:14+01:00<\/span><span>ao\u00fbt 2019<\/span><span class=\"fusion-inline-sep\">|<\/span><\/p><div class=\"fusion-content-sep sep-single sep-solid\"><\/div><div class=\"fusion-post-content-container\"><p>Gerne m\u00f6chte sages auf ein laufendes Forschungsprojekt aufmerksam machen: Viele junge Menschen unterst\u00fctzen eine nahestehende Person, die Hilfe braucht, z.B. wegen chronischer Krankheit, Sucht, Depression, Beeintr\u00e4chtigung, Altersgebrechen. Die Careum Hochschule Gesundheit f\u00fchrt Interviews durch mit jungen Menschen im Alter von [...]<\/p><\/div><\/div><\/div><div class=\"fusion-clearfix\"><\/div><\/div>\n<\/article>\n<article id=\"blog-3-post-3425\" class=\"fusion-post-grid post-3425 post type-post status-publish format-standard hentry category-2019-fr category-non-classifiee\">\n<div class=\"fusion-post-wrapper\" style=\"background-color:rgba(247,247,247,1);border:1px solid #ffffff;border-bottom-width:3px;\">\n\n<div class=\"fusion-post-content-wrapper\" style=\"padding:30px 25px 20px 25px;\"><div class=\"fusion-post-content post-content\"><h2 class=\"blog-shortcode-post-title entry-title\"><a href=\"https:\/\/www.sages.ch\/fr\/sages-als-partnerorganisation-an-der-4-nationalen-tagung-gesundheit-armut-2020\/\">sages als Partnerorganisation an der 4. Nationalen Tagung Gesundheit &#038; Armut 2020<\/a><\/h2><p class=\"fusion-single-line-meta\"><span class=\"vcard\" style=\"display: none;\"><span class=\"fn\"><a href=\"https:\/\/www.sages.ch\/fr\/author\/admin\/\" title=\"Articles par admin\" rel=\"author\">admin<\/a><\/span><\/span><span class=\"updated\" style=\"display:none;\">2022-12-11T12:47:14+01:00<\/span><span>ao\u00fbt 2019<\/span><span class=\"fusion-inline-sep\">|<\/span><\/p><div class=\"fusion-content-sep sep-single sep-solid\"><\/div><div class=\"fusion-post-content-container\"><p>Am 18. Juni 2020 findet die 4. Nationale Tagung Gesundheit &amp; Armut in Bern statt. sages wird\u00a0an der Tagung\u00a0als Partnerorganisation auftreten und diese unterst\u00fctzen. Die sages-Mitglieder haben damit die M\u00f6glichkeit, zu einem reduzierten Preis an der Tagung teilzunehmen! Wir w\u00fcrden [...]<\/p><\/div><\/div><\/div><div class=\"fusion-clearfix\"><\/div><\/div>\n<\/article>\n<article id=\"blog-3-post-3422\" class=\"fusion-post-grid post-3422 post type-post status-publish format-standard hentry category-2019-fr category-non-classifiee\">\n<div class=\"fusion-post-wrapper\" style=\"background-color:rgba(247,247,247,1);border:1px solid #ffffff;border-bottom-width:3px;\">\n\n<div class=\"fusion-post-content-wrapper\" style=\"padding:30px 25px 20px 25px;\"><div class=\"fusion-post-content post-content\"><h2 class=\"blog-shortcode-post-title entry-title\"><a href=\"https:\/\/www.sages.ch\/fr\/sages-beitrag-im-sozialaktuell-vom-wert-gesundheitsbezogener-sozialer-arbeit\/\">sages-Beitrag im SozialAktuell &#8211; Vom Wert gesundheitsbezogener Sozialer Arbeit<\/a><\/h2><p class=\"fusion-single-line-meta\"><span class=\"vcard\" style=\"display: none;\"><span class=\"fn\"><a href=\"https:\/\/www.sages.ch\/fr\/author\/admin\/\" title=\"Articles par admin\" rel=\"author\">admin<\/a><\/span><\/span><span class=\"updated\" style=\"display:none;\">2022-12-11T12:47:14+01:00<\/span><span>juillet 2019<\/span><span class=\"fusion-inline-sep\">|<\/span><\/p><div class=\"fusion-content-sep sep-single sep-solid\"><\/div><div class=\"fusion-post-content-container\"><p>F\u00fcr seine 1. Nationale Fachtagung vom 3. April 2019 stellte der Schweizerische Fachverband Soziale Arbeit im Gesundheitswesen (sages) die Frage: \u00abWas ist Soziale Arbeit wert?\u00bb 166\u00a0Teilnehmende suchten und diskutierten dazu angeregt unterschiedliche Antworten. Lesen Sie dazu den Bericht vom sages-Vorstandsmitglied [...]<\/p><\/div><\/div><\/div><div class=\"fusion-clearfix\"><\/div><\/div>\n<\/article>\n<article id=\"blog-3-post-3418\" class=\"fusion-post-grid post-3418 post type-post status-publish format-standard hentry category-2019-fr category-non-classifiee\">\n<div class=\"fusion-post-wrapper\" style=\"background-color:rgba(247,247,247,1);border:1px solid #ffffff;border-bottom-width:3px;\">\n\n<div class=\"fusion-post-content-wrapper\" style=\"padding:30px 25px 20px 25px;\"><div class=\"fusion-post-content post-content\"><h2 class=\"blog-shortcode-post-title entry-title\"><a href=\"https:\/\/www.sages.ch\/fr\/neue-wege-der-praxis-soziale-arbeit-in-der-hausarztmedizin\/\">Neue Wege der Praxis: Soziale Arbeit in der Hausarztmedizin<\/a><\/h2><p class=\"fusion-single-line-meta\"><span class=\"vcard\" style=\"display: none;\"><span class=\"fn\"><a href=\"https:\/\/www.sages.ch\/fr\/author\/admin\/\" title=\"Articles par admin\" rel=\"author\">admin<\/a><\/span><\/span><span class=\"updated\" style=\"display:none;\">2022-12-11T12:47:15+01:00<\/span><span>juin 2019<\/span><span class=\"fusion-inline-sep\">|<\/span><\/p><div class=\"fusion-content-sep sep-single sep-solid\"><\/div><div class=\"fusion-post-content-container\"><p>Wenngleich noch um Anerkennung gerungen wird, konnte sich die Soziale Arbeit in diversen Bereichen der Gesundheitsversorgung etablieren. Soziale Arbeit in der Hausarztmedizin hingegen \u00fcbersteigt noch immer die Vorstellungskraft vieler Fachleute. Grund genug, dem neuen Arbeitsfeld auf die Spur zu gehen [...]<\/p><\/div><\/div><\/div><div class=\"fusion-clearfix\"><\/div><\/div>\n<\/article>\n<article id=\"blog-3-post-3415\" class=\"fusion-post-grid post-3415 post type-post status-publish format-standard hentry category-2019-fr category-non-classifiee\">\n<div class=\"fusion-post-wrapper\" style=\"background-color:rgba(247,247,247,1);border:1px solid #ffffff;border-bottom-width:3px;\">\n\n<div class=\"fusion-post-content-wrapper\" style=\"padding:30px 25px 20px 25px;\"><div class=\"fusion-post-content post-content\"><h2 class=\"blog-shortcode-post-title entry-title\"><a href=\"https:\/\/www.sages.ch\/fr\/kontaktstelle-demenz-ein-pilotprojekt-im-kanton-bern\/\">Kontaktstelle Demenz \u2013 ein Pilotprojekt im Kanton Bern<\/a><\/h2><p class=\"fusion-single-line-meta\"><span class=\"vcard\" style=\"display: none;\"><span class=\"fn\"><a href=\"https:\/\/www.sages.ch\/fr\/author\/admin\/\" title=\"Articles par admin\" rel=\"author\">admin<\/a><\/span><\/span><span class=\"updated\" style=\"display:none;\">2022-12-11T12:47:15+01:00<\/span><span>mai 2019<\/span><span class=\"fusion-inline-sep\">|<\/span><\/p><div class=\"fusion-content-sep sep-single sep-solid\"><\/div><div class=\"fusion-post-content-container\"><p>\u201eWissen Sie nicht, wohin Sie sich mit Ihren Anliegen wenden sollen? Bringt die Krankheit Ihr Leben aus dem Gleichgewicht?\u201c Diese Fragen finden sich auf dem Angebotsflyer des Projekts Kontaktstelle Demenz, welches mit einer ersten Laufzeit von 2017 bis 2019 durch [...]<\/p><\/div><\/div><\/div><div class=\"fusion-clearfix\"><\/div><\/div>\n<\/article>\n<article id=\"blog-3-post-3411\" class=\"fusion-post-grid post-3411 post type-post status-publish format-standard hentry category-2019-fr category-non-classifiee\">\n<div class=\"fusion-post-wrapper\" style=\"background-color:rgba(247,247,247,1);border:1px solid #ffffff;border-bottom-width:3px;\">\n\n<div class=\"fusion-post-content-wrapper\" style=\"padding:30px 25px 20px 25px;\"><div class=\"fusion-post-content post-content\"><h2 class=\"blog-shortcode-post-title entry-title\"><a href=\"https:\/\/www.sages.ch\/fr\/paxion\/\">Paxion<\/a><\/h2><p class=\"fusion-single-line-meta\"><span class=\"vcard\" style=\"display: none;\"><span class=\"fn\"><a href=\"https:\/\/www.sages.ch\/fr\/author\/admin\/\" title=\"Articles par admin\" rel=\"author\">admin<\/a><\/span><\/span><span class=\"updated\" style=\"display:none;\">2022-12-11T12:47:16+01:00<\/span><span>mai 2019<\/span><span class=\"fusion-inline-sep\">|<\/span><\/p><div class=\"fusion-content-sep sep-single sep-solid\"><\/div><div class=\"fusion-post-content-container\"><p>In der Schweiz sind 50 bis 60 % der Asylsuchenden und Fl\u00fcchtlinge von Traumafolge-St\u00f6rungen betroffen. Es gibt zu wenig Therapiepl\u00e4tze, zudem werden die Dolmetscher-Kosten von den Krankenkassen nicht \u00fcbernommen. Um dem etwas entgegenzusetzen, haben politische Fl\u00fcchtlinge gemeinsam mit Fachleuten der [...]<\/p><\/div><\/div><\/div><div class=\"fusion-clearfix\"><\/div><\/div>\n<\/article>\n<article id=\"blog-3-post-3406\" class=\"fusion-post-grid post-3406 post type-post status-publish format-standard hentry category-2019-fr category-non-classifiee\">\n<div class=\"fusion-post-wrapper\" style=\"background-color:rgba(247,247,247,1);border:1px solid #ffffff;border-bottom-width:3px;\">\n\n<div class=\"fusion-post-content-wrapper\" style=\"padding:30px 25px 20px 25px;\"><div class=\"fusion-post-content post-content\"><h2 class=\"blog-shortcode-post-title entry-title\"><a href=\"https:\/\/www.sages.ch\/fr\/erfolgreiche-1-nationale-sages-tagung\/\">Erfolgreiche 1. Nationale sages-Tagung<\/a><\/h2><p class=\"fusion-single-line-meta\"><span class=\"vcard\" style=\"display: none;\"><span class=\"fn\"><a href=\"https:\/\/www.sages.ch\/fr\/author\/admin\/\" title=\"Articles par admin\" rel=\"author\">admin<\/a><\/span><\/span><span class=\"updated\" style=\"display:none;\">2022-12-11T12:47:16+01:00<\/span><span>avril 2019<\/span><span class=\"fusion-inline-sep\">|<\/span><\/p><div class=\"fusion-content-sep sep-single sep-solid\"><\/div><div class=\"fusion-post-content-container\"><p>Am 3. April 2019 fand an der Fachhochschule Nordwestschweiz in Olten die 1. Nationale sages-Tagung statt. Unter dem Titel \"Was ist die Soziale Arbeit wert? - Soziale Arbeit im Gesundheitswesen im Kontext der \u00d6konomisierung\" startete die Tagung mit einer kontroversen [...]<\/p><\/div><\/div><\/div><div class=\"fusion-clearfix\"><\/div><\/div>\n<\/article>\n<article id=\"blog-3-post-3403\" class=\"fusion-post-grid post-3403 post type-post status-publish format-standard hentry category-2019-fr category-non-classifiee\">\n<div class=\"fusion-post-wrapper\" style=\"background-color:rgba(247,247,247,1);border:1px solid #ffffff;border-bottom-width:3px;\">\n\n<div class=\"fusion-post-content-wrapper\" style=\"padding:30px 25px 20px 25px;\"><div class=\"fusion-post-content post-content\"><h2 class=\"blog-shortcode-post-title entry-title\"><a href=\"https:\/\/www.sages.ch\/fr\/manoss-projekt\/\">MANOSS Projekt<\/a><\/h2><p class=\"fusion-single-line-meta\"><span class=\"vcard\" style=\"display: none;\"><span class=\"fn\"><a href=\"https:\/\/www.sages.ch\/fr\/author\/admin\/\" title=\"Articles par admin\" rel=\"author\">admin<\/a><\/span><\/span><span class=\"updated\" style=\"display:none;\">2022-12-11T12:47:16+01:00<\/span><span>avril 2019<\/span><span class=\"fusion-inline-sep\">|<\/span><\/p><div class=\"fusion-content-sep sep-single sep-solid\"><\/div><div class=\"fusion-post-content-container\"><p>Menschen, welche mit einer seltenen Erkrankung wie Systemsklerose leben, haben h\u00e4ufig ungen\u00fcgenden Zugang zu einer spezialisierten Gesundheitsversorgung und m\u00fcssen viele Folgen der Erkrankung im h\u00e4uslichen Umfeld bew\u00e4ltigen. Heute weiss man, dass ein koordiniertes und fachkompetentes Management der chronischen Erkrankung, ein [...]<\/p><\/div><\/div><\/div><div class=\"fusion-clearfix\"><\/div><\/div>\n<\/article>\n<article id=\"blog-3-post-3400\" class=\"fusion-post-grid post-3400 post type-post status-publish format-standard hentry category-2019-fr category-non-classifiee\">\n<div class=\"fusion-post-wrapper\" style=\"background-color:rgba(247,247,247,1);border:1px solid #ffffff;border-bottom-width:3px;\">\n\n<div class=\"fusion-post-content-wrapper\" style=\"padding:30px 25px 20px 25px;\"><div class=\"fusion-post-content post-content\"><h2 class=\"blog-shortcode-post-title entry-title\"><a href=\"https:\/\/www.sages.ch\/fr\/zivildienstleistende-eine-ressource-fuer-pflegende-angehoerige-und-ihre-naechsten-zu-hause\/\">Zivildienstleistende: Eine Ressource f\u00fcr pflegende Angeh\u00f6rige und ihre N\u00e4chsten zu Hause?<\/a><\/h2><p class=\"fusion-single-line-meta\"><span class=\"vcard\" style=\"display: none;\"><span class=\"fn\"><a href=\"https:\/\/www.sages.ch\/fr\/author\/admin\/\" title=\"Articles par admin\" rel=\"author\">admin<\/a><\/span><\/span><span class=\"updated\" style=\"display:none;\">2022-12-11T12:47:17+01:00<\/span><span>avril 2019<\/span><span class=\"fusion-inline-sep\">|<\/span><\/p><div class=\"fusion-content-sep sep-single sep-solid\"><\/div><div class=\"fusion-post-content-container\"><p>Die Careum Hochschule Gesundheit sondiert im Auftrag des Bundesamtes f\u00fcr Zivildienst, was pflegende Angeh\u00f6rige und ihre N\u00e4chsten zum Einsatz von Zivildienstleistenden (Zivis) im Privathaushalt denken. Hier k\u00f6nnten \u00abhelfende H\u00e4nde\u00bb der Zivis m\u00f6glicherweise eine Ressource sein, jedoch unter strikter Vorgabe der [...]<\/p><\/div><\/div><\/div><div class=\"fusion-clearfix\"><\/div><\/div>\n<\/article>\n<article id=\"blog-3-post-3394\" class=\"fusion-post-grid post-3394 post type-post status-publish format-standard hentry category-2019-fr category-non-classifiee\">\n<div class=\"fusion-post-wrapper\" style=\"background-color:rgba(247,247,247,1);border:1px solid #ffffff;border-bottom-width:3px;\">\n\n<div class=\"fusion-post-content-wrapper\" style=\"padding:30px 25px 20px 25px;\"><div class=\"fusion-post-content post-content\"><h2 class=\"blog-shortcode-post-title entry-title\"><a href=\"https:\/\/www.sages.ch\/fr\/bruno-keel-vom-generalsekretaer-der-international-federation-of-social-workers-ifsw-zum-representative-to-the-united-nations-in-genf-ernannt\/\">Bruno Keel vom Generalsekret\u00e4r der International Federation of Social Workers (IFSW) zum Representative to the United Nations in Genf ernannt<\/a><\/h2><p class=\"fusion-single-line-meta\"><span class=\"vcard\" style=\"display: none;\"><span class=\"fn\"><a href=\"https:\/\/www.sages.ch\/fr\/author\/admin\/\" title=\"Articles par admin\" rel=\"author\">admin<\/a><\/span><\/span><span class=\"updated\" style=\"display:none;\">2022-12-11T12:47:17+01:00<\/span><span>mars 2019<\/span><span class=\"fusion-inline-sep\">|<\/span><\/p><div class=\"fusion-content-sep sep-single sep-solid\"><\/div><div class=\"fusion-post-content-container\"><p>Unser sages-Ehrenmitglied, Bruno Keel, wurde im Januar 2019\u00a0 vom Generalsekret\u00e4r der International Federation of Social Workers (IFSW) zum Representative to the United Nations in Genf ernannt. Bruno Keel ist zust\u00e4ndig f\u00fcr das Themengebiet Gesundheit, Armut, Soziale Arbeit und WHO. Die [...]<\/p><\/div><\/div><\/div><div class=\"fusion-clearfix\"><\/div><\/div>\n<\/article>\n<article id=\"blog-3-post-3391\" class=\"fusion-post-grid post-3391 post type-post status-publish format-standard hentry category-2019-fr category-non-classifiee\">\n<div class=\"fusion-post-wrapper\" style=\"background-color:rgba(247,247,247,1);border:1px solid #ffffff;border-bottom-width:3px;\">\n\n<div class=\"fusion-post-content-wrapper\" style=\"padding:30px 25px 20px 25px;\"><div class=\"fusion-post-content post-content\"><h2 class=\"blog-shortcode-post-title entry-title\"><a href=\"https:\/\/www.sages.ch\/fr\/praemienentlastungs-initiative\/\">Pr\u00e4mienentlastungs-Initiative<\/a><\/h2><p class=\"fusion-single-line-meta\"><span class=\"vcard\" style=\"display: none;\"><span class=\"fn\"><a href=\"https:\/\/www.sages.ch\/fr\/author\/admin\/\" title=\"Articles par admin\" rel=\"author\">admin<\/a><\/span><\/span><span class=\"updated\" style=\"display:none;\">2022-12-11T12:48:40+01:00<\/span><span>mars 2019<\/span><span class=\"fusion-inline-sep\">|<\/span><\/p><div class=\"fusion-content-sep sep-single sep-solid\"><\/div><div class=\"fusion-post-content-container\"><p>Die Krankenkassenpr\u00e4mien sind in den vergangenen Jahren deutlich st\u00e4rker gestiegen als L\u00f6hne und Renten. Das stellt f\u00fcr viele Menschen ein grosses Problem dar. Da die Grundversicherung \u00fcber Kopfpr\u00e4mien finanziert wird, zahlen alle die gleichen Pr\u00e4mien, unabh\u00e4ngig vom Einkommen. Das heisst: [...]<\/p><\/div><\/div><\/div><div class=\"fusion-clearfix\"><\/div><\/div>\n<\/article>\n<article id=\"blog-3-post-3387\" class=\"fusion-post-grid post-3387 post type-post status-publish format-standard hentry category-2019-fr category-non-classifiee\">\n<div class=\"fusion-post-wrapper\" style=\"background-color:rgba(247,247,247,1);border:1px solid #ffffff;border-bottom-width:3px;\">\n\n<div class=\"fusion-post-content-wrapper\" style=\"padding:30px 25px 20px 25px;\"><div class=\"fusion-post-content post-content\"><h2 class=\"blog-shortcode-post-title entry-title\"><a href=\"https:\/\/www.sages.ch\/fr\/fallpauschalen-in-der-schweiz-kein-rueckgang-der-liegezeiten-aber-mehr-rehospitalisierungen\/\">Fallpauschalen in der Schweiz: Kein R\u00fcckgang der Liegezeiten, aber mehr Rehospitalisierungen<\/a><\/h2><p class=\"fusion-single-line-meta\"><span class=\"vcard\" style=\"display: none;\"><span class=\"fn\"><a href=\"https:\/\/www.sages.ch\/fr\/author\/admin\/\" title=\"Articles par admin\" rel=\"author\">admin<\/a><\/span><\/span><span class=\"updated\" style=\"display:none;\">2022-12-11T12:48:41+01:00<\/span><span>f\u00e9vrier 2019<\/span><span class=\"fusion-inline-sep\">|<\/span><\/p><div class=\"fusion-content-sep sep-single sep-solid\"><\/div><div class=\"fusion-post-content-container\"><p>Basel \u2013 Die Einf\u00fchrung des Fall\u00adpauschalensystems zur Verg\u00fctung von\u00a0Krankenhaus\u00adleistungen hat in der Schweiz nicht zu dem erwarteten R\u00fcckgang der Liegezeiten der Patienten gef\u00fchrt. Laut einer Analyse in\u00a0JAMA Network Open\u00a0(2019; doi:\u00a010.1001\/jamanetworkopen.2018.8332) kam es jedoch zu einem Anstieg der Rehospitalisierungen sowie kurioserweise [...]<\/p><\/div><\/div><\/div><div class=\"fusion-clearfix\"><\/div><\/div>\n<\/article>\n<article id=\"blog-3-post-3384\" class=\"fusion-post-grid post-3384 post type-post status-publish format-standard hentry category-2019-fr category-non-classifiee\">\n<div class=\"fusion-post-wrapper\" style=\"background-color:rgba(247,247,247,1);border:1px solid #ffffff;border-bottom-width:3px;\">\n\n<div class=\"fusion-post-content-wrapper\" style=\"padding:30px 25px 20px 25px;\"><div class=\"fusion-post-content post-content\"><h2 class=\"blog-shortcode-post-title entry-title\"><a href=\"https:\/\/www.sages.ch\/fr\/kinder-von-suchtkranken-eltern\/\">Kinder von Suchtkranken Eltern<\/a><\/h2><p class=\"fusion-single-line-meta\"><span class=\"vcard\" style=\"display: none;\"><span class=\"fn\"><a href=\"https:\/\/www.sages.ch\/fr\/author\/admin\/\" title=\"Articles par admin\" rel=\"author\">admin<\/a><\/span><\/span><span class=\"updated\" style=\"display:none;\">2022-12-11T12:48:41+01:00<\/span><span>janvier 2019<\/span><span class=\"fusion-inline-sep\">|<\/span><\/p><div class=\"fusion-content-sep sep-single sep-solid\"><\/div><div class=\"fusion-post-content-container\"><p>In der Schweiz wachsen mehr als 100\u2019000 Kinder in Familien auf, in der ein Elternteil vom Alkohol oder einer anderen Substanz abh\u00e4ngig ist. Geben wird diesen Kindern eine Stimme! Brechen wir das Tabu und machen wir die Situation und die [...]<\/p><\/div><\/div><\/div><div class=\"fusion-clearfix\"><\/div><\/div>\n<\/article>\n<article id=\"blog-3-post-3381\" class=\"fusion-post-grid post-3381 post type-post status-publish format-standard hentry category-2019-fr\">\n<div class=\"fusion-post-wrapper\" style=\"background-color:rgba(247,247,247,1);border:1px solid #ffffff;border-bottom-width:3px;\">\n\n<div class=\"fusion-post-content-wrapper\" style=\"padding:30px 25px 20px 25px;\"><div class=\"fusion-post-content post-content\"><h2 class=\"blog-shortcode-post-title entry-title\"><a href=\"https:\/\/www.sages.ch\/fr\/schweizer-eid\/\">Schweizer Eid<\/a><\/h2><p class=\"fusion-single-line-meta\"><span class=\"vcard\" style=\"display: none;\"><span class=\"fn\"><a href=\"https:\/\/www.sages.ch\/fr\/author\/admin\/\" title=\"Articles par admin\" rel=\"author\">admin<\/a><\/span><\/span><span class=\"updated\" style=\"display:none;\">2022-12-11T12:48:41+01:00<\/span><span>janvier 2019<\/span><span class=\"fusion-inline-sep\">|<\/span><\/p><div class=\"fusion-content-sep sep-single sep-solid\"><\/div><div class=\"fusion-post-content-container\"><p>Der Schwei\u00adzer Eid ist in al\u00adler Mun\u00adde. Auch in Deutsch\u00adland und in den Nie\u00adder\u00adlan\u00adden ist die\u00adser Eid in Fach\u00adkrei\u00adsen be\u00adreits gut auf\u00adge\u00adnom\u00admen wor\u00adden. Ent\u00adwi\u00adckelt im Lau\u00adfe einer mehr\u00adj\u00e4h\u00adri\u00adgen Zu\u00adsam\u00admen\u00adar\u00adbeit von einer in\u00adter\u00adpro\u00adfes\u00adsi\u00ado\u00adnell zu\u00adsam\u00admen\u00adge\u00adsetz\u00adten Eid\u00adkom\u00admis\u00adsi\u00adon der Stif\u00adtung Dia\u00adlog Ethik, m\u00f6ch\u00adte er [...]<\/p><\/div><\/div><\/div><div class=\"fusion-clearfix\"><\/div><\/div>\n<\/article>\n<article id=\"blog-3-post-3378\" class=\"fusion-post-grid post-3378 post type-post status-publish format-standard hentry category-2019-fr\">\n<div class=\"fusion-post-wrapper\" style=\"background-color:rgba(247,247,247,1);border:1px solid #ffffff;border-bottom-width:3px;\">\n\n<div class=\"fusion-post-content-wrapper\" style=\"padding:30px 25px 20px 25px;\"><div class=\"fusion-post-content post-content\"><h2 class=\"blog-shortcode-post-title entry-title\"><a href=\"https:\/\/www.sages.ch\/fr\/ausfuehrungsrecht-zum-gesundheitsberufegesetz-gesbg-vom-30-september-2016\/\">Ausf\u00fchrungsrecht zum Gesundheitsberufegesetz (GesBG) vom 30. September 2016<\/a><\/h2><p class=\"fusion-single-line-meta\"><span class=\"vcard\" style=\"display: none;\"><span class=\"fn\"><a href=\"https:\/\/www.sages.ch\/fr\/author\/admin\/\" title=\"Articles par admin\" rel=\"author\">admin<\/a><\/span><\/span><span class=\"updated\" style=\"display:none;\">2022-12-11T12:48:42+01:00<\/span><span>janvier 2019<\/span><span class=\"fusion-inline-sep\">|<\/span><\/p><div class=\"fusion-content-sep sep-single sep-solid\"><\/div><div class=\"fusion-post-content-container\"><p>sages hat an der Vernehmlassung zum Ausf\u00fchrungsrecht zum Gesundheitsberufegesetz (GesBG) vom 30. September 2016\u00a0teilgenommen und eine Stellungnahme eingereicht. Darin fordert der Fachverband, dass Absolventinnen und Absolventen der aktuell definierten Gesundheitsberufe f\u00e4hig sein m\u00fcssen,\u00a0psychosoziale Belastungssituationen der zu behandelnden Personen und deren [...]<\/p><\/div><\/div><\/div><div class=\"fusion-clearfix\"><\/div><\/div>\n<\/article>\n<article id=\"blog-3-post-3375\" class=\"fusion-post-grid post-3375 post type-post status-publish format-standard hentry category-2019-fr category-non-classifiee\">\n<div class=\"fusion-post-wrapper\" style=\"background-color:rgba(247,247,247,1);border:1px solid #ffffff;border-bottom-width:3px;\">\n\n<div class=\"fusion-post-content-wrapper\" style=\"padding:30px 25px 20px 25px;\"><div class=\"fusion-post-content post-content\"><h2 class=\"blog-shortcode-post-title entry-title\"><a href=\"https:\/\/www.sages.ch\/fr\/zugang-zu-med-fachliteratur\/\">Zugang zu med. Fachliteratur<\/a><\/h2><p class=\"fusion-single-line-meta\"><span class=\"vcard\" style=\"display: none;\"><span class=\"fn\"><a href=\"https:\/\/www.sages.ch\/fr\/author\/admin\/\" title=\"Articles par admin\" rel=\"author\">admin<\/a><\/span><\/span><span class=\"updated\" style=\"display:none;\">2022-12-11T12:48:42+01:00<\/span><span>janvier 2019<\/span><span class=\"fusion-inline-sep\">|<\/span><\/p><div class=\"fusion-content-sep sep-single sep-solid\"><\/div><div class=\"fusion-post-content-container\"><p>Erkenntnisse aus der Wissenschaft sind entscheidend f\u00fcr die Praxis. Behandelnde \u00c4rztinnen und \u00c4rzte sollten ihre Patienten stets auf Basis der aktuellsten zur Verf\u00fcgung stehenden Daten im Sinne der \u00abevidence-based medicine\u00bb versorgen. Daf\u00fcr braucht es Zugang zu Informationen von hoher Qualit\u00e4t. [...]<\/p><\/div><\/div><\/div><div class=\"fusion-clearfix\"><\/div><\/div>\n<\/article>\n<article id=\"blog-3-post-3372\" class=\"fusion-post-grid post-3372 post type-post status-publish format-standard hentry category-2019-fr category-non-classifiee\">\n<div class=\"fusion-post-wrapper\" style=\"background-color:rgba(247,247,247,1);border:1px solid #ffffff;border-bottom-width:3px;\">\n\n<div class=\"fusion-post-content-wrapper\" style=\"padding:30px 25px 20px 25px;\"><div class=\"fusion-post-content post-content\"><h2 class=\"blog-shortcode-post-title entry-title\"><a href=\"https:\/\/www.sages.ch\/fr\/das-projekt-keine-daheimnisse\/\">Das Projekt \u00ab\u00a0Keine Daheimnisse\u00a0\u00bb<\/a><\/h2><p class=\"fusion-single-line-meta\"><span class=\"vcard\" style=\"display: none;\"><span class=\"fn\"><a href=\"https:\/\/www.sages.ch\/fr\/author\/admin\/\" title=\"Articles par admin\" rel=\"author\">admin<\/a><\/span><\/span><span class=\"updated\" style=\"display:none;\">2022-12-11T12:48:42+01:00<\/span><span>janvier 2019<\/span><span class=\"fusion-inline-sep\">|<\/span><\/p><div class=\"fusion-content-sep sep-single sep-solid\"><\/div><div class=\"fusion-post-content-container\"><p>Das Projekt \u201eKeine Daheimnisse\" will Kinder und Jugendliche als Multiplikatorinnen und Multiplikatoren partizipativ aktivieren und so zur Sensibilisierung und Enttabuisierung des Themas K\u00f6rperstrafen beitragen. Im Vergleich zu anderen Kinderprojekten richtet sich \u201eKeine Daheimnisse\" an eine \u00e4ltere prim\u00e4re Zielgruppe (10 bis [...]<\/p><\/div><\/div><\/div><div class=\"fusion-clearfix\"><\/div><\/div>\n<\/article>\n<article id=\"blog-3-post-3369\" class=\"fusion-post-grid post-3369 post type-post status-publish format-standard hentry category-2018-fr\">\n<div class=\"fusion-post-wrapper\" style=\"background-color:rgba(247,247,247,1);border:1px solid #ffffff;border-bottom-width:3px;\">\n\n<div class=\"fusion-post-content-wrapper\" style=\"padding:30px 25px 20px 25px;\"><div class=\"fusion-post-content post-content\"><h2 class=\"blog-shortcode-post-title entry-title\"><a href=\"https:\/\/www.sages.ch\/fr\/die-anfaenge-der-spital-sozialarbeit\/\">Die Anf\u00e4nge der Spital-Sozialarbeit<\/a><\/h2><p class=\"fusion-single-line-meta\"><span class=\"vcard\" style=\"display: none;\"><span class=\"fn\"><a href=\"https:\/\/www.sages.ch\/fr\/author\/admin\/\" title=\"Articles par admin\" rel=\"author\">admin<\/a><\/span><\/span><span class=\"updated\" style=\"display:none;\">2022-12-11T11:57:11+01:00<\/span><span>d\u00e9cembre 2018<\/span><span class=\"fusion-inline-sep\">|<\/span><\/p><div class=\"fusion-content-sep sep-single sep-solid\"><\/div><div class=\"fusion-post-content-container\"><p>Bruno Keel, Leiter Sozialdienst Spital Emmental\u00a0und sages-Ehrenmitglied, hat in zweij\u00e4hriger Freizeitarbeit das Standardwerk der Sozialen Arbeit im Spital von Ida Cannon vom Amerikanischen ins Deutsche \u00fcbersetzt und unter dem Titel \u201eSoziale Arbeit im Krankenhaus \u2013 Medizin und Soziales verbinden\u201c herausgegeben. [...]<\/p><\/div><\/div><\/div><div class=\"fusion-clearfix\"><\/div><\/div>\n<\/article>\n<article id=\"blog-3-post-3364\" class=\"fusion-post-grid post-3364 post type-post status-publish format-standard hentry category-2018-fr\">\n<div class=\"fusion-post-wrapper\" style=\"background-color:rgba(247,247,247,1);border:1px solid #ffffff;border-bottom-width:3px;\">\n\n<div class=\"fusion-post-content-wrapper\" style=\"padding:30px 25px 20px 25px;\"><div class=\"fusion-post-content post-content\"><h2 class=\"blog-shortcode-post-title entry-title\"><a href=\"https:\/\/www.sages.ch\/fr\/aenderung-der-atsv-ausfuehrungsbestimmungen-zur-ueberwachung-von-versicherten-observation\/\">\u00c4nderung der ATSV &#8211; Ausf\u00fchrungsbestimmungen zur \u00dcberwachung von Versicherten (Observation)<\/a><\/h2><p class=\"fusion-single-line-meta\"><span class=\"vcard\" style=\"display: none;\"><span class=\"fn\"><a href=\"https:\/\/www.sages.ch\/fr\/author\/admin\/\" title=\"Articles par admin\" rel=\"author\">admin<\/a><\/span><\/span><span class=\"updated\" style=\"display:none;\">2022-12-11T11:57:29+01:00<\/span><span>d\u00e9cembre 2018<\/span><span class=\"fusion-inline-sep\">|<\/span><\/p><div class=\"fusion-content-sep sep-single sep-solid\"><\/div><div class=\"fusion-post-content-container\"><p>Der Bundesrat hat an seiner Sitzung vom 21. September 2018 die Verordnungsbestimmungen f\u00fcr Observationen durch die Sozialversicherungen in die Vernehmlassung gegeben. Dabei geht es insbesondere um die Anforderungen an die Spezialistinnen und Spezialisten, die mit verdeckten Beobachtungen betraut werden, aber [...]<\/p><\/div><\/div><\/div><div class=\"fusion-clearfix\"><\/div><\/div>\n<\/article>\n<article id=\"blog-3-post-3361\" class=\"fusion-post-grid post-3361 post type-post status-publish format-standard hentry category-2018-fr category-non-classifiee\">\n<div class=\"fusion-post-wrapper\" style=\"background-color:rgba(247,247,247,1);border:1px solid #ffffff;border-bottom-width:3px;\">\n\n<div class=\"fusion-post-content-wrapper\" style=\"padding:30px 25px 20px 25px;\"><div class=\"fusion-post-content post-content\"><h2 class=\"blog-shortcode-post-title entry-title\"><a href=\"https:\/\/www.sages.ch\/fr\/sprachfreies-arbeitsmaterial-vom-blauen-kreuz\/\">Sprachfreies Arbeitsmaterial vom Blauen Kreuz<\/a><\/h2><p class=\"fusion-single-line-meta\"><span class=\"vcard\" style=\"display: none;\"><span class=\"fn\"><a href=\"https:\/\/www.sages.ch\/fr\/author\/admin\/\" title=\"Articles par admin\" rel=\"author\">admin<\/a><\/span><\/span><span class=\"updated\" style=\"display:none;\">2022-12-11T12:49:10+01:00<\/span><span>d\u00e9cembre 2018<\/span><span class=\"fusion-inline-sep\">|<\/span><\/p><div class=\"fusion-content-sep sep-single sep-solid\"><\/div><div class=\"fusion-post-content-container\"><p>Das Blaue Kreuz Bern- Solothurn- Freiburg bietet den Bezugspersonen im Migrationsbereich neu die M\u00f6glichkeit, Alkohol trotz Sprachbarrieren zum Thema zu machen. Das visuell gepr\u00e4gte Arbeitsmaterial f\u00f6rdert einen gesunden Umgang und erleichtert das Ansprechen. \u203a\u00a0Brosch\u00fcre<\/p><\/div><\/div><\/div><div class=\"fusion-clearfix\"><\/div><\/div>\n<\/article>\n<article id=\"blog-3-post-3357\" class=\"fusion-post-grid post-3357 post type-post status-publish format-standard hentry category-2018-fr category-non-classifiee\">\n<div class=\"fusion-post-wrapper\" style=\"background-color:rgba(247,247,247,1);border:1px solid #ffffff;border-bottom-width:3px;\">\n\n<div class=\"fusion-post-content-wrapper\" style=\"padding:30px 25px 20px 25px;\"><div class=\"fusion-post-content post-content\"><h2 class=\"blog-shortcode-post-title entry-title\"><a href=\"https:\/\/www.sages.ch\/fr\/wissensplattform-alterundsucht-ch\/\">Wissensplattform AlterundSucht.ch<\/a><\/h2><p class=\"fusion-single-line-meta\"><span class=\"vcard\" style=\"display: none;\"><span class=\"fn\"><a href=\"https:\/\/www.sages.ch\/fr\/author\/admin\/\" title=\"Articles par admin\" rel=\"author\">admin<\/a><\/span><\/span><span class=\"updated\" style=\"display:none;\">2022-12-11T12:49:10+01:00<\/span><span>d\u00e9cembre 2018<\/span><span class=\"fusion-inline-sep\">|<\/span><\/p><div class=\"fusion-content-sep sep-single sep-solid\"><\/div><div class=\"fusion-post-content-container\"><p>Das neue barrierefreie Design ist optimiert f\u00fcr die Zielgruppe 55+ sowie f\u00fcr eine Nutzung \u00fcber mobile Ger\u00e4te. F\u00fcr alle Zielgruppen sind neu Informationen und Wissensgrundlagen zu Medikamentenkonsum und Sucht im Alter erh\u00e4ltlich. F\u00fcr Fachleute steht neu eine Rubrik mit News, [...]<\/p><\/div><\/div><\/div><div class=\"fusion-clearfix\"><\/div><\/div>\n<\/article>\n<article id=\"blog-3-post-3353\" class=\"fusion-post-grid post-3353 post type-post status-publish format-standard hentry category-2018-fr category-non-classifiee\">\n<div class=\"fusion-post-wrapper\" style=\"background-color:rgba(247,247,247,1);border:1px solid #ffffff;border-bottom-width:3px;\">\n\n<div class=\"fusion-post-content-wrapper\" style=\"padding:30px 25px 20px 25px;\"><div class=\"fusion-post-content post-content\"><h2 class=\"blog-shortcode-post-title entry-title\"><a href=\"https:\/\/www.sages.ch\/fr\/klinische-soziale-arbeit-als-beispiel-best-practice-am-symposium-better-chronic-care\/\">Klinische Soziale Arbeit als Beispiel \u201eBest-Practice\u201c am Symposium Better Chronic Care<\/a><\/h2><p class=\"fusion-single-line-meta\"><span class=\"vcard\" style=\"display: none;\"><span class=\"fn\"><a href=\"https:\/\/www.sages.ch\/fr\/author\/admin\/\" title=\"Articles par admin\" rel=\"author\">admin<\/a><\/span><\/span><span class=\"updated\" style=\"display:none;\">2022-12-11T12:49:10+01:00<\/span><span>d\u00e9cembre 2018<\/span><span class=\"fusion-inline-sep\">|<\/span><\/p><div class=\"fusion-content-sep sep-single sep-solid\"><\/div><div class=\"fusion-post-content-container\"><p>Die Schweizerische Akademie Medizinischer Wissenschaften SAMW, das Bundesamt f\u00fcr Gesundheit BAG und die Plattform Interprofessionalit\u00e4t f\u00fchrten am 27. November 2018 im Kursaal Bern eine gemeinsame Tagung \u00abInterprofessionalit\u00e4t im Gesundheitssystem\u00bb mit \u00a0Fokus auf chronische Erkrankungen durch. An diesem Anlass war auch [...]<\/p><\/div><\/div><\/div><div class=\"fusion-clearfix\"><\/div><\/div>\n<\/article>\n<article id=\"blog-3-post-3349\" class=\"fusion-post-grid post-3349 post type-post status-publish format-standard hentry category-2018-fr category-non-classifiee\">\n<div class=\"fusion-post-wrapper\" style=\"background-color:rgba(247,247,247,1);border:1px solid #ffffff;border-bottom-width:3px;\">\n\n<div class=\"fusion-post-content-wrapper\" style=\"padding:30px 25px 20px 25px;\"><div class=\"fusion-post-content post-content\"><h2 class=\"blog-shortcode-post-title entry-title\"><a href=\"https:\/\/www.sages.ch\/fr\/foerderprogramm-entlastungsangebote-fuer-betreuende-angehoerige-2\/\">F\u00f6rderprogramm \u00abEntlastungsangebote f\u00fcr betreuende Angeh\u00f6rige\u00bb<\/a><\/h2><p class=\"fusion-single-line-meta\"><span class=\"vcard\" style=\"display: none;\"><span class=\"fn\"><a href=\"https:\/\/www.sages.ch\/fr\/author\/admin\/\" title=\"Articles par admin\" rel=\"author\">admin<\/a><\/span><\/span><span class=\"updated\" style=\"display:none;\">2022-12-11T12:49:11+01:00<\/span><span>d\u00e9cembre 2018<\/span><span class=\"fusion-inline-sep\">|<\/span><\/p><div class=\"fusion-content-sep sep-single sep-solid\"><\/div><div class=\"fusion-post-content-container\"><p>Ein Forschungsprojekt des Bundesamtes f\u00fcr Gesundheit (BAG) hat begonnen, darunter eine Online-Umfrage f\u00fcr betreuende und pflegende Angeh\u00f6rige. Alle Personen, die eine nahestehende Person begleiten oder begleitet haben, die auf Grund einer Krankheit, eines Unfalls, einer Behinderung oder altersbedingt auf Unterst\u00fctzung [...]<\/p><\/div><\/div><\/div><div class=\"fusion-clearfix\"><\/div><\/div>\n<\/article>\n<article id=\"blog-3-post-3346\" class=\"fusion-post-grid post-3346 post type-post status-publish format-standard hentry category-2018-fr category-non-classifiee\">\n<div class=\"fusion-post-wrapper\" style=\"background-color:rgba(247,247,247,1);border:1px solid #ffffff;border-bottom-width:3px;\">\n\n<div class=\"fusion-post-content-wrapper\" style=\"padding:30px 25px 20px 25px;\"><div class=\"fusion-post-content post-content\"><h2 class=\"blog-shortcode-post-title entry-title\"><a href=\"https:\/\/www.sages.ch\/fr\/vernehmlassung-zum-bundesgesetz-ueber-die-verbesserung-der-vereinbarkeit-von-erwerbstaetigkeit-und-angehoerigenbetreuung\/\">Vernehmlassung zum Bundesgesetz \u00fcber die Verbesserung der Vereinbarkeit von Erwerbst\u00e4tigkeit und Angeh\u00f6rigenbetreuung<\/a><\/h2><p class=\"fusion-single-line-meta\"><span class=\"vcard\" style=\"display: none;\"><span class=\"fn\"><a href=\"https:\/\/www.sages.ch\/fr\/author\/admin\/\" title=\"Articles par admin\" rel=\"author\">admin<\/a><\/span><\/span><span class=\"updated\" style=\"display:none;\">2022-12-11T12:49:11+01:00<\/span><span>novembre 2018<\/span><span class=\"fusion-inline-sep\">|<\/span><\/p><div class=\"fusion-content-sep sep-single sep-solid\"><\/div><div class=\"fusion-post-content-container\"><p>Erste Schritte in die richtige Richtung, aber das ist nur der Anfang: Die IG Betreuende und pflegende Angeh\u00f6rige unterst\u00fctzt die Absicht des Bundesrates die Vereinbarkeit von Erwerbst\u00e4tigkeit und Angeh\u00f6rigenbetreuung zu verbessern. Weitere Unterst\u00fctzungsangebote zur Entlastung von betreuenden und pflegenden Angeh\u00f6rigen [...]<\/p><\/div><\/div><\/div><div class=\"fusion-clearfix\"><\/div><\/div>\n<\/article>\n<article id=\"blog-3-post-3341\" class=\"fusion-post-grid post-3341 post type-post status-publish format-standard hentry category-2018-fr category-non-classifiee\">\n<div class=\"fusion-post-wrapper\" style=\"background-color:rgba(247,247,247,1);border:1px solid #ffffff;border-bottom-width:3px;\">\n\n<div class=\"fusion-post-content-wrapper\" style=\"padding:30px 25px 20px 25px;\"><div class=\"fusion-post-content post-content\"><h2 class=\"blog-shortcode-post-title entry-title\"><a href=\"https:\/\/www.sages.ch\/fr\/monam-das-monitoring-system-sucht-und-ncd\/\">MonAM \u2013 das Monitoring-System Sucht und NCD<\/a><\/h2><p class=\"fusion-single-line-meta\"><span class=\"vcard\" style=\"display: none;\"><span class=\"fn\"><a href=\"https:\/\/www.sages.ch\/fr\/author\/admin\/\" title=\"Articles par admin\" rel=\"author\">admin<\/a><\/span><\/span><span class=\"updated\" style=\"display:none;\">2022-12-11T12:49:12+01:00<\/span><span>novembre 2018<\/span><span class=\"fusion-inline-sep\">|<\/span><\/p><div class=\"fusion-content-sep sep-single sep-solid\"><\/div><div class=\"fusion-post-content-container\"><p>In der Schweiz stellen nicht\u00fcbertragbare Krankheiten (NCD) und Sucht eine grosse Herausforderung f\u00fcr die \u00f6ffentliche Gesundheit dar. Die MonAM-Website pr\u00e4sentiert die Kennzahlen zu diesen Themen: Aktuelle Daten aus verl\u00e4sslichen Quellen k\u00f6nnen interaktiv eingesehen werden. Das Obsan verwaltet die Website im [...]<\/p><\/div><\/div><\/div><div class=\"fusion-clearfix\"><\/div><\/div>\n<\/article>\n<article id=\"blog-3-post-3338\" class=\"fusion-post-grid post-3338 post type-post status-publish format-standard hentry category-2018-fr category-non-classifiee\">\n<div class=\"fusion-post-wrapper\" style=\"background-color:rgba(247,247,247,1);border:1px solid #ffffff;border-bottom-width:3px;\">\n\n<div class=\"fusion-post-content-wrapper\" style=\"padding:30px 25px 20px 25px;\"><div class=\"fusion-post-content post-content\"><h2 class=\"blog-shortcode-post-title entry-title\"><a href=\"https:\/\/www.sages.ch\/fr\/kampagne-wie-gehts-dir\/\">Kampagne \u00abWie geht&rsquo;s dir?\u00bb<\/a><\/h2><p class=\"fusion-single-line-meta\"><span class=\"vcard\" style=\"display: none;\"><span class=\"fn\"><a href=\"https:\/\/www.sages.ch\/fr\/author\/admin\/\" title=\"Articles par admin\" rel=\"author\">admin<\/a><\/span><\/span><span class=\"updated\" style=\"display:none;\">2022-12-11T12:49:12+01:00<\/span><span>novembre 2018<\/span><span class=\"fusion-inline-sep\">|<\/span><\/p><div class=\"fusion-content-sep sep-single sep-solid\"><\/div><div class=\"fusion-post-content-container\"><p>Die Neuauflage der 2014 lancierten Kampagne \u00abWie geht\u2019s dir?\u00bb von den Deutschschweizer Kantonen und Pro Mente Sana im Auftrag von Gesundheitsf\u00f6rderung Schweiz will noch st\u00e4rker f\u00fcr einen offeneren Umgang mit dem Thema \u00abpsychische Gesundheit\u00bb sensibilisieren. \u203a\u00a0Medienmitteilung \u203a Webseite<\/p><\/div><\/div><\/div><div class=\"fusion-clearfix\"><\/div><\/div>\n<\/article>\n<article id=\"blog-3-post-3333\" class=\"fusion-post-grid post-3333 post type-post status-publish format-standard hentry category-2018-fr category-non-classifiee\">\n<div class=\"fusion-post-wrapper\" style=\"background-color:rgba(247,247,247,1);border:1px solid #ffffff;border-bottom-width:3px;\">\n\n<div class=\"fusion-post-content-wrapper\" style=\"padding:30px 25px 20px 25px;\"><div class=\"fusion-post-content post-content\"><h2 class=\"blog-shortcode-post-title entry-title\"><a href=\"https:\/\/www.sages.ch\/fr\/unterstuetzung-der-abstimmungsempfehlungen-von-avenirsocial\/\">Unterst\u00fctzung der Abstimmungsempfehlungen von AvenirSocial<\/a><\/h2><p class=\"fusion-single-line-meta\"><span class=\"vcard\" style=\"display: none;\"><span class=\"fn\"><a href=\"https:\/\/www.sages.ch\/fr\/author\/admin\/\" title=\"Articles par admin\" rel=\"author\">admin<\/a><\/span><\/span><span class=\"updated\" style=\"display:none;\">2022-12-11T12:49:12+01:00<\/span><span>novembre 2018<\/span><span class=\"fusion-inline-sep\">|<\/span><\/p><div class=\"fusion-content-sep sep-single sep-solid\"><\/div><div class=\"fusion-post-content-container\"><p>sages unterst\u00fctzt die Abstimmungsempfehlungen von AvenirSocial zu den \u00c4nderungen des Bundesgesetzes \u00fcber den Allgemeinen Teil des Sozialversicherungsrechts (Gesetzliche Grundlage f\u00fcr die \u00dcberwachung von Versicherten) sowie zu der Selbstbestimmungsinitiative (Volksinitiative \u00abSchweizer Recht statt fremde Richter\u00bb). Gerne verweisen wir dabei auf die [...]<\/p><\/div><\/div><\/div><div class=\"fusion-clearfix\"><\/div><\/div>\n<\/article>\n<article id=\"blog-3-post-3329\" class=\"fusion-post-grid post-3329 post type-post status-publish format-standard hentry category-2018-fr category-non-classifiee\">\n<div class=\"fusion-post-wrapper\" style=\"background-color:rgba(247,247,247,1);border:1px solid #ffffff;border-bottom-width:3px;\">\n\n<div class=\"fusion-post-content-wrapper\" style=\"padding:30px 25px 20px 25px;\"><div class=\"fusion-post-content post-content\"><h2 class=\"blog-shortcode-post-title entry-title\"><a href=\"https:\/\/www.sages.ch\/fr\/buchvernissage-mit-apero\/\">Buchvernissage mit Ap\u00e9ro<\/a><\/h2><p class=\"fusion-single-line-meta\"><span class=\"vcard\" style=\"display: none;\"><span class=\"fn\"><a href=\"https:\/\/www.sages.ch\/fr\/author\/admin\/\" title=\"Articles par admin\" rel=\"author\">admin<\/a><\/span><\/span><span class=\"updated\" style=\"display:none;\">2022-12-11T12:49:12+01:00<\/span><span>octobre 2018<\/span><span class=\"fusion-inline-sep\">|<\/span><\/p><div class=\"fusion-content-sep sep-single sep-solid\"><\/div><div class=\"fusion-post-content-container\"><p>Das Spital Emmental und sages\u00a0m\u00f6chten Sie herzlich zur Buchvernissage mit Ap\u00e9ro einladen. Wann: Donnerstag, 29.11.2018, 17 Uhr Wo: Kurslokal Spital Burgdorf (Haus 2, Erdgeschoss) Bruno Keel, Leiter Sozialdienst und sages-Ehrenmitglied, hat in zweij\u00e4hriger Freizeitarbeit das Standardwerk der Sozialen Arbeit im [...]<\/p><\/div><\/div><\/div><div class=\"fusion-clearfix\"><\/div><\/div>\n<\/article>\n<article id=\"blog-3-post-3326\" class=\"fusion-post-grid post-3326 post type-post status-publish format-standard hentry category-2018-fr category-non-classifiee\">\n<div class=\"fusion-post-wrapper\" style=\"background-color:rgba(247,247,247,1);border:1px solid #ffffff;border-bottom-width:3px;\">\n\n<div class=\"fusion-post-content-wrapper\" style=\"padding:30px 25px 20px 25px;\"><div class=\"fusion-post-content post-content\"><h2 class=\"blog-shortcode-post-title entry-title\"><a href=\"https:\/\/www.sages.ch\/fr\/sages-tagung-am-03-april-2019\/\">sages-Tagung am 03. April 2019<\/a><\/h2><p class=\"fusion-single-line-meta\"><span class=\"vcard\" style=\"display: none;\"><span class=\"fn\"><a href=\"https:\/\/www.sages.ch\/fr\/author\/admin\/\" title=\"Articles par admin\" rel=\"author\">admin<\/a><\/span><\/span><span class=\"updated\" style=\"display:none;\">2022-12-11T12:49:13+01:00<\/span><span>octobre 2018<\/span><span class=\"fusion-inline-sep\">|<\/span><\/p><div class=\"fusion-content-sep sep-single sep-solid\"><\/div><div class=\"fusion-post-content-container\"><p>Am 3. April 2019 findet f\u00fcr alle Interessierten die erste sages-Tagung an der FHNW in Olten statt. Unter dem Titel \u00abWas ist die Soziale Arbeit wert? - Soziale Arbeit im Gesundheitswesen im Kontext der \u00d6konomisierung\u00bb erwartet Sie ein vielseitiges Programm [...]<\/p><\/div><\/div><\/div><div class=\"fusion-clearfix\"><\/div><\/div>\n<\/article>\n<article id=\"blog-3-post-3321\" class=\"fusion-post-grid post-3321 post type-post status-publish format-standard hentry category-2018-fr category-non-classifiee\">\n<div class=\"fusion-post-wrapper\" style=\"background-color:rgba(247,247,247,1);border:1px solid #ffffff;border-bottom-width:3px;\">\n\n<div class=\"fusion-post-content-wrapper\" style=\"padding:30px 25px 20px 25px;\"><div class=\"fusion-post-content post-content\"><h2 class=\"blog-shortcode-post-title entry-title\"><a href=\"https:\/\/www.sages.ch\/fr\/vernehmlassung-zu-09-528-parlamentarische-initiative-finanzierung-der-gesundheitsleistungen-aus-einer-hand-einfuehrung-des-monismus\/\">Vernehmlassung zu 09.528 Parlamentarische Initiative. Finanzierung der Gesundheitsleistungen aus einer Hand. Einf\u00fchrung des Monismus<\/a><\/h2><p class=\"fusion-single-line-meta\"><span class=\"vcard\" style=\"display: none;\"><span class=\"fn\"><a href=\"https:\/\/www.sages.ch\/fr\/author\/admin\/\" title=\"Articles par admin\" rel=\"author\">admin<\/a><\/span><\/span><span class=\"updated\" style=\"display:none;\">2022-12-11T12:49:13+01:00<\/span><span>septembre 2018<\/span><span class=\"fusion-inline-sep\">|<\/span><\/p><div class=\"fusion-content-sep sep-single sep-solid\"><\/div><div class=\"fusion-post-content-container\"><p>sages hat an der Vernehmlassung teilgenommen und Mitte September eine Stellungnahme eingereicht. Die Stellungnahme kann im Mitgliederbereich der Homepage eingesehen werden.<\/p><\/div><\/div><\/div><div class=\"fusion-clearfix\"><\/div><\/div>\n<\/article>\n<article id=\"blog-3-post-3317\" class=\"fusion-post-grid post-3317 post type-post status-publish format-standard hentry category-2018-fr category-non-classifiee\">\n<div class=\"fusion-post-wrapper\" style=\"background-color:rgba(247,247,247,1);border:1px solid #ffffff;border-bottom-width:3px;\">\n\n<div class=\"fusion-post-content-wrapper\" style=\"padding:30px 25px 20px 25px;\"><div class=\"fusion-post-content post-content\"><h2 class=\"blog-shortcode-post-title entry-title\"><a href=\"https:\/\/www.sages.ch\/fr\/exorbitante-medikamentenpreise-33103-menschen-fordern-den-bundesrat-zum-handeln-auf\/\">Exorbitante Medikamentenpreise: 33&rsquo;103 Menschen fordern den Bundesrat zum Handeln auf<\/a><\/h2><p class=\"fusion-single-line-meta\"><span class=\"vcard\" style=\"display: none;\"><span class=\"fn\"><a href=\"https:\/\/www.sages.ch\/fr\/author\/admin\/\" title=\"Articles par admin\" rel=\"author\">admin<\/a><\/span><\/span><span class=\"updated\" style=\"display:none;\">2022-12-11T12:49:54+01:00<\/span><span>septembre 2018<\/span><span class=\"fusion-inline-sep\">|<\/span><\/p><div class=\"fusion-content-sep sep-single sep-solid\"><\/div><div class=\"fusion-post-content-container\"><p>Public Eye hat dem Gesundheitsminister Alain Berset in Bern eine \u00fcberdimensionale Arzneimittelschachtel \u00fcbergeben. Der Bundesrat wird aufgefordert,\u00a0endlich gegen die exorbitanten Preise von Medikamenten vorzugehen. Heilungschancen d\u00fcrfen keine Geldfrage sein. Weder in der Schweiz noch sonstwo. Die Kampagne wurde breit unterst\u00fctzt, [...]<\/p><\/div><\/div><\/div><div class=\"fusion-clearfix\"><\/div><\/div>\n<\/article>\n<article id=\"blog-3-post-3313\" class=\"fusion-post-grid post-3313 post type-post status-publish format-standard hentry category-2018-fr category-non-classifiee\">\n<div class=\"fusion-post-wrapper\" style=\"background-color:rgba(247,247,247,1);border:1px solid #ffffff;border-bottom-width:3px;\">\n\n<div class=\"fusion-post-content-wrapper\" style=\"padding:30px 25px 20px 25px;\"><div class=\"fusion-post-content post-content\"><h2 class=\"blog-shortcode-post-title entry-title\"><a href=\"https:\/\/www.sages.ch\/fr\/neues-leitbild-soziale-arbeit-im-gesundheitswesen\/\">Neues Leitbild Soziale Arbeit im Gesundheitswesen<\/a><\/h2><p class=\"fusion-single-line-meta\"><span class=\"vcard\" style=\"display: none;\"><span class=\"fn\"><a href=\"https:\/\/www.sages.ch\/fr\/author\/admin\/\" title=\"Articles par admin\" rel=\"author\">admin<\/a><\/span><\/span><span class=\"updated\" style=\"display:none;\">2022-12-11T12:49:55+01:00<\/span><span>septembre 2018<\/span><span class=\"fusion-inline-sep\">|<\/span><\/p><div class=\"fusion-content-sep sep-single sep-solid\"><\/div><div class=\"fusion-post-content-container\"><p>An der Dezembersitzung des sages-Vorstandes vom vergangenen Jahr wurde zum ersten Mal \u00fcber die Anpassung des alten \u00abBerufsbildes der Professionellen Sozialer Arbeit, Arbeitsfeld Gesundheitswesen\u00bb diskutiert. Unser Co-Pr\u00e4sident, Tom Friedli, stellte damals einen ersten Entwurf eines neuen Leitbildes vor. In der [...]<\/p><\/div><\/div><\/div><div class=\"fusion-clearfix\"><\/div><\/div>\n<\/article>\n<article id=\"blog-3-post-3310\" class=\"fusion-post-grid post-3310 post type-post status-publish format-standard hentry category-2018-fr category-non-classifiee\">\n<div class=\"fusion-post-wrapper\" style=\"background-color:rgba(247,247,247,1);border:1px solid #ffffff;border-bottom-width:3px;\">\n\n<div class=\"fusion-post-content-wrapper\" style=\"padding:30px 25px 20px 25px;\"><div class=\"fusion-post-content post-content\"><h2 class=\"blog-shortcode-post-title entry-title\"><a href=\"https:\/\/www.sages.ch\/fr\/keine-daheimnisse-erhebe-deine-stimme-gegen-koerperstrafen-und-hole-hilfe\/\">\u201eKeine Daheimnisse \u2013 Erhebe Deine Stimme gegen K\u00f6rperstrafen und hole Hilfe!\u201c<\/a><\/h2><p class=\"fusion-single-line-meta\"><span class=\"vcard\" style=\"display: none;\"><span class=\"fn\"><a href=\"https:\/\/www.sages.ch\/fr\/author\/admin\/\" title=\"Articles par admin\" rel=\"author\">admin<\/a><\/span><\/span><span class=\"updated\" style=\"display:none;\">2022-12-11T12:49:55+01:00<\/span><span>ao\u00fbt 2018<\/span><span class=\"fusion-inline-sep\">|<\/span><\/p><div class=\"fusion-content-sep sep-single sep-solid\"><\/div><div class=\"fusion-post-content-container\"><p>K\u00f6rperstrafen und verwandte Formen h\u00e4uslicher Gewalt sind epidemisch in der Schweiz - rund 20% aller Kinder und Jugendlichen sind davon betroffen. Sie beeintr\u00e4chtigen die psychische Gesundheit der Betroffenen teilweise einschneidend, k\u00f6nnen zu (auto-) aggressiven und depressiven Zust\u00e4nden f\u00fchren und vermindern [...]<\/p><\/div><\/div><\/div><div class=\"fusion-clearfix\"><\/div><\/div>\n<\/article>\n<article id=\"blog-3-post-3307\" class=\"fusion-post-grid post-3307 post type-post status-publish format-standard hentry category-2018-fr category-non-classifiee\">\n<div class=\"fusion-post-wrapper\" style=\"background-color:rgba(247,247,247,1);border:1px solid #ffffff;border-bottom-width:3px;\">\n\n<div class=\"fusion-post-content-wrapper\" style=\"padding:30px 25px 20px 25px;\"><div class=\"fusion-post-content post-content\"><h2 class=\"blog-shortcode-post-title entry-title\"><a href=\"https:\/\/www.sages.ch\/fr\/kampagne-fuer-bezahlbare-medikamente\/\">Kampagne f\u00fcr bezahlbare Medikamente<\/a><\/h2><p class=\"fusion-single-line-meta\"><span class=\"vcard\" style=\"display: none;\"><span class=\"fn\"><a href=\"https:\/\/www.sages.ch\/fr\/author\/admin\/\" title=\"Articles par admin\" rel=\"author\">admin<\/a><\/span><\/span><span class=\"updated\" style=\"display:none;\">2022-12-11T12:49:55+01:00<\/span><span>juillet 2018<\/span><span class=\"fusion-inline-sep\">|<\/span><\/p><div class=\"fusion-content-sep sep-single sep-solid\"><\/div><div class=\"fusion-post-content-container\"><p>Weltweit haben mehr als 2 Milliarden Menschen keinen Zugang zu essentiellen Medikamenten. Dieses Problem betrifft nicht nur Entwicklungsl\u00e4nder, sondern auch reiche L\u00e4nder wie die Schweiz. Die Ursache: Die Explosion der Medikamentenpreise. Dank Patenten k\u00f6nnen die Pharmaunternehmen die Preise nach Belieben [...]<\/p><\/div><\/div><\/div><div class=\"fusion-clearfix\"><\/div><\/div>\n<\/article>\n<article id=\"blog-3-post-3303\" class=\"fusion-post-grid post-3303 post type-post status-publish format-standard hentry category-2018-fr category-non-classifiee\">\n<div class=\"fusion-post-wrapper\" style=\"background-color:rgba(247,247,247,1);border:1px solid #ffffff;border-bottom-width:3px;\">\n\n<div class=\"fusion-post-content-wrapper\" style=\"padding:30px 25px 20px 25px;\"><div class=\"fusion-post-content post-content\"><h2 class=\"blog-shortcode-post-title entry-title\"><a href=\"https:\/\/www.sages.ch\/fr\/eidgenoessische-volksinitiative-ja-zum-schutz-der-kinder-und-jugendlichen-vor-tabakwerbung\/\">Eidgen\u00f6ssische Volksinitiative \u00abJa zum Schutz der Kinder und Jugendlichen vor Tabakwerbung\u00bb<\/a><\/h2><p class=\"fusion-single-line-meta\"><span class=\"vcard\" style=\"display: none;\"><span class=\"fn\"><a href=\"https:\/\/www.sages.ch\/fr\/author\/admin\/\" title=\"Articles par admin\" rel=\"author\">admin<\/a><\/span><\/span><span class=\"updated\" style=\"display:none;\">2022-12-11T12:49:55+01:00<\/span><span>juillet 2018<\/span><span class=\"fusion-inline-sep\">|<\/span><\/p><div class=\"fusion-content-sep sep-single sep-solid\"><\/div><div class=\"fusion-post-content-container\"><p>Rauchen sch\u00e4digt die Gesundheit, verursacht schwere Krankheiten und belastet die Gesellschaft mit hohen Folgekosten. Die grosse Mehrheit der Rauchenden beginnt im jugendlichen Alter mit dem Konsum. Die Werbung spielt dabei eine zentrale Rolle. Mit\u00a0der Volksinitiative soll erreicht werden, dass Kinder [...]<\/p><\/div><\/div><\/div><div class=\"fusion-clearfix\"><\/div><\/div>\n<\/article>\n<article id=\"blog-3-post-3299\" class=\"fusion-post-grid post-3299 post type-post status-publish format-standard hentry category-2018-fr category-non-classifiee\">\n<div class=\"fusion-post-wrapper\" style=\"background-color:rgba(247,247,247,1);border:1px solid #ffffff;border-bottom-width:3px;\">\n\n<div class=\"fusion-post-content-wrapper\" style=\"padding:30px 25px 20px 25px;\"><div class=\"fusion-post-content post-content\"><h2 class=\"blog-shortcode-post-title entry-title\"><a href=\"https:\/\/www.sages.ch\/fr\/konsum-gefluechteter-menschen\/\">Konsum gefl\u00fcchteter Menschen<\/a><\/h2><p class=\"fusion-single-line-meta\"><span class=\"vcard\" style=\"display: none;\"><span class=\"fn\"><a href=\"https:\/\/www.sages.ch\/fr\/author\/admin\/\" title=\"Articles par admin\" rel=\"author\">admin<\/a><\/span><\/span><span class=\"updated\" style=\"display:none;\">2022-12-11T12:49:56+01:00<\/span><span>juin 2018<\/span><span class=\"fusion-inline-sep\">|<\/span><\/p><div class=\"fusion-content-sep sep-single sep-solid\"><\/div><div class=\"fusion-post-content-container\"><p>Menschen, die gefl\u00fcchtet sind, leben in einer mehrfach belastenden Situation, der sie nicht selten durch den Konsum psychoaktiver Substanzen entfliehen. Die Frage, wie Asylzentren und Hilfsorganisationen auf der einen und Suchtpr\u00e4vention und Suchthilfe auf der anderen Seite damit umgehen, ist [...]<\/p><\/div><\/div><\/div><div class=\"fusion-clearfix\"><\/div><\/div>\n<\/article>\n<article id=\"blog-3-post-3296\" class=\"fusion-post-grid post-3296 post type-post status-publish format-standard hentry category-2018-fr category-non-classifiee\">\n<div class=\"fusion-post-wrapper\" style=\"background-color:rgba(247,247,247,1);border:1px solid #ffffff;border-bottom-width:3px;\">\n\n<div class=\"fusion-post-content-wrapper\" style=\"padding:30px 25px 20px 25px;\"><div class=\"fusion-post-content post-content\"><h2 class=\"blog-shortcode-post-title entry-title\"><a href=\"https:\/\/www.sages.ch\/fr\/workshop-visualisieren-im-begleitungsprozess\/\">Workshop &#8211; Visualisieren im Begleitungsprozess<\/a><\/h2><p class=\"fusion-single-line-meta\"><span class=\"vcard\" style=\"display: none;\"><span class=\"fn\"><a href=\"https:\/\/www.sages.ch\/fr\/author\/admin\/\" title=\"Articles par admin\" rel=\"author\">admin<\/a><\/span><\/span><span class=\"updated\" style=\"display:none;\">2022-12-11T12:49:56+01:00<\/span><span>juin 2018<\/span><span class=\"fusion-inline-sep\">|<\/span><\/p><div class=\"fusion-content-sep sep-single sep-solid\"><\/div><div class=\"fusion-post-content-container\"><p>Bilder beeinflussen unsere Gedanken, Gef\u00fchle und Entscheidungen. Bilder sind schneller und direkter als Worte. Eine Vision oder L\u00f6sung entsteht nat\u00fcrlich und im Augenblick. Visualisieren unterst\u00fctzt den Coach bei seiner Arbeit. Visualisiert der Coach das Anliegen des Kunden, widerspiegelt das Bild [...]<\/p><\/div><\/div><\/div><div class=\"fusion-clearfix\"><\/div><\/div>\n<\/article>\n<article id=\"blog-3-post-3293\" class=\"fusion-post-grid post-3293 post type-post status-publish format-standard hentry category-2018-fr category-non-classifiee\">\n<div class=\"fusion-post-wrapper\" style=\"background-color:rgba(247,247,247,1);border:1px solid #ffffff;border-bottom-width:3px;\">\n\n<div class=\"fusion-post-content-wrapper\" style=\"padding:30px 25px 20px 25px;\"><div class=\"fusion-post-content post-content\"><h2 class=\"blog-shortcode-post-title entry-title\"><a href=\"https:\/\/www.sages.ch\/fr\/sages-mitgliederversammlung\/\">sages-Mitgliederversammlung<\/a><\/h2><p class=\"fusion-single-line-meta\"><span class=\"vcard\" style=\"display: none;\"><span class=\"fn\"><a href=\"https:\/\/www.sages.ch\/fr\/author\/admin\/\" title=\"Articles par admin\" rel=\"author\">admin<\/a><\/span><\/span><span class=\"updated\" style=\"display:none;\">2022-12-11T12:49:56+01:00<\/span><span>mai 2018<\/span><span class=\"fusion-inline-sep\">|<\/span><\/p><div class=\"fusion-content-sep sep-single sep-solid\"><\/div><div class=\"fusion-post-content-container\"><p>Am Mittwoch, 25.04.2018, fand die erste sages-Mitgliederversammlung an der Fachhochschule in Olten statt. Alle Informationen der Versammlung sind f\u00fcr die Mitglieder im Mitgliederbereich der Homepage hinterlegt.<\/p><\/div><\/div><\/div><div class=\"fusion-clearfix\"><\/div><\/div>\n<\/article>\n<article id=\"blog-3-post-3290\" class=\"fusion-post-grid post-3290 post type-post status-publish format-standard hentry category-2018-fr category-non-classifiee\">\n<div class=\"fusion-post-wrapper\" style=\"background-color:rgba(247,247,247,1);border:1px solid #ffffff;border-bottom-width:3px;\">\n\n<div class=\"fusion-post-content-wrapper\" style=\"padding:30px 25px 20px 25px;\"><div class=\"fusion-post-content post-content\"><h2 class=\"blog-shortcode-post-title entry-title\"><a href=\"https:\/\/www.sages.ch\/fr\/fortbildung-team-up-intervention\/\">Fortbildung Team up-Intervention<\/a><\/h2><p class=\"fusion-single-line-meta\"><span class=\"vcard\" style=\"display: none;\"><span class=\"fn\"><a href=\"https:\/\/www.sages.ch\/fr\/author\/admin\/\" title=\"Articles par admin\" rel=\"author\">admin<\/a><\/span><\/span><span class=\"updated\" style=\"display:none;\">2022-12-11T12:49:57+01:00<\/span><span>avril 2018<\/span><span class=\"fusion-inline-sep\">|<\/span><\/p><div class=\"fusion-content-sep sep-single sep-solid\"><\/div><div class=\"fusion-post-content-container\"><p>Fortbildungshinweis: Diese Intervention kann Leben retten. Sie kann manchmal recht intensiv verlaufen. Wenn Sie sich gewohnt sind, mit Systemen zu arbeiten, werden Sie aber froh sein, darauf zur\u00fcckgreifen zu k\u00f6nnen, auch wenn Sie die Intervention eher selten in ihrem vollen [...]<\/p><\/div><\/div><\/div><div class=\"fusion-clearfix\"><\/div><\/div>\n<\/article>\n<article id=\"blog-3-post-3287\" class=\"fusion-post-grid post-3287 post type-post status-publish format-standard hentry category-2018-fr category-non-classifiee\">\n<div class=\"fusion-post-wrapper\" style=\"background-color:rgba(247,247,247,1);border:1px solid #ffffff;border-bottom-width:3px;\">\n\n<div class=\"fusion-post-content-wrapper\" style=\"padding:30px 25px 20px 25px;\"><div class=\"fusion-post-content post-content\"><h2 class=\"blog-shortcode-post-title entry-title\"><a href=\"https:\/\/www.sages.ch\/fr\/veranstaltung-psyche-und-schlaf\/\">Veranstaltung: Psyche und Schlaf<\/a><\/h2><p class=\"fusion-single-line-meta\"><span class=\"vcard\" style=\"display: none;\"><span class=\"fn\"><a href=\"https:\/\/www.sages.ch\/fr\/author\/admin\/\" title=\"Articles par admin\" rel=\"author\">admin<\/a><\/span><\/span><span class=\"updated\" style=\"display:none;\">2022-12-11T12:49:57+01:00<\/span><span>avril 2018<\/span><span class=\"fusion-inline-sep\">|<\/span><\/p><div class=\"fusion-content-sep sep-single sep-solid\"><\/div><div class=\"fusion-post-content-container\"><p>Mit \u201eFokus Psyche\u201c lanciert der Sozialdienst der Universit\u00e4ren Psychiatrischen Dienste UPD am 30. Mai, 18.30 bis 20.00 Uhr, eine neue Reihe von Vortr\u00e4gen zu Themen rund um die psychische Gesundheit. Die Publikumsvortr\u00e4ge sind \u00f6ffentlich und kostenlos. Der erste Anlass findet [...]<\/p><\/div><\/div><\/div><div class=\"fusion-clearfix\"><\/div><\/div>\n<\/article>\n<article id=\"blog-3-post-3282\" class=\"fusion-post-grid post-3282 post type-post status-publish format-standard hentry category-2018-fr category-non-classifiee\">\n<div class=\"fusion-post-wrapper\" style=\"background-color:rgba(247,247,247,1);border:1px solid #ffffff;border-bottom-width:3px;\">\n\n<div class=\"fusion-post-content-wrapper\" style=\"padding:30px 25px 20px 25px;\"><div class=\"fusion-post-content post-content\"><h2 class=\"blog-shortcode-post-title entry-title\"><a href=\"https:\/\/www.sages.ch\/fr\/sozialkonferenz-upd\/\">Sozialkonferenz UPD<\/a><\/h2><p class=\"fusion-single-line-meta\"><span class=\"vcard\" style=\"display: none;\"><span class=\"fn\"><a href=\"https:\/\/www.sages.ch\/fr\/author\/admin\/\" title=\"Articles par admin\" rel=\"author\">admin<\/a><\/span><\/span><span class=\"updated\" style=\"display:none;\">2022-12-11T12:49:58+01:00<\/span><span>avril 2018<\/span><span class=\"fusion-inline-sep\">|<\/span><\/p><div class=\"fusion-content-sep sep-single sep-solid\"><\/div><div class=\"fusion-post-content-container\"><p>Gerne informieren wir Sie \u00fcber die zweite Sozialkonferenz des Sozialdienstes UPD, am Dienstag, 5.Juni 2018,\u00a0zum Schwerpunktthema \"Ethik, Macht und Zwang\". Wir bitten Sie, die Anmeldungen mit Angaben von Namen, Vornamen, Institution und Berufsbezeichnung bis am 29. Mai 2018 an folgende [...]<\/p><\/div><\/div><\/div><div class=\"fusion-clearfix\"><\/div><\/div>\n<\/article>\n<article id=\"blog-3-post-3279\" class=\"fusion-post-grid post-3279 post type-post status-publish format-standard hentry category-2018-fr category-non-classifiee\">\n<div class=\"fusion-post-wrapper\" style=\"background-color:rgba(247,247,247,1);border:1px solid #ffffff;border-bottom-width:3px;\">\n\n<div class=\"fusion-post-content-wrapper\" style=\"padding:30px 25px 20px 25px;\"><div class=\"fusion-post-content post-content\"><h2 class=\"blog-shortcode-post-title entry-title\"><a href=\"https:\/\/www.sages.ch\/fr\/interview-mit-regisseur-des-skos-films-fuer-die-nationale-tagung-gesundheit-armut\/\">Interview mit Regisseur des SKOS-Films f\u00fcr die Nationale Tagung Gesundheit &#038; Armut<\/a><\/h2><p class=\"fusion-single-line-meta\"><span class=\"vcard\" style=\"display: none;\"><span class=\"fn\"><a href=\"https:\/\/www.sages.ch\/fr\/author\/admin\/\" title=\"Articles par admin\" rel=\"author\">admin<\/a><\/span><\/span><span class=\"updated\" style=\"display:none;\">2022-12-11T12:49:58+01:00<\/span><span>avril 2018<\/span><span class=\"fusion-inline-sep\">|<\/span><\/p><div class=\"fusion-content-sep sep-single sep-solid\"><\/div><div class=\"fusion-post-content-container\"><p>An der 3. Nationalen Tagung Gesundheit &amp; Armut am 22. Juni feiert ein besonderer Film Premiere. Weil die Tagung die ungleiche Verteilung von Gesundheitschancen in unserer Gesellschaft diskutiert, portraitiert eine Kurzdokumentation Menschen, die t\u00e4glich sehr pers\u00f6nlich mit dem Arm- und [...]<\/p><\/div><\/div><\/div><div class=\"fusion-clearfix\"><\/div><\/div>\n<\/article>\n<article id=\"blog-3-post-3276\" class=\"fusion-post-grid post-3276 post type-post status-publish format-standard hentry category-2018-fr category-non-classifiee\">\n<div class=\"fusion-post-wrapper\" style=\"background-color:rgba(247,247,247,1);border:1px solid #ffffff;border-bottom-width:3px;\">\n\n<div class=\"fusion-post-content-wrapper\" style=\"padding:30px 25px 20px 25px;\"><div class=\"fusion-post-content post-content\"><h2 class=\"blog-shortcode-post-title entry-title\"><a href=\"https:\/\/www.sages.ch\/fr\/programm-zur-8-fachtagung-klinische-sozialarbeit-2018\/\">Programm zur 8. Fachtagung Klinische Sozialarbeit 2018<\/a><\/h2><p class=\"fusion-single-line-meta\"><span class=\"vcard\" style=\"display: none;\"><span class=\"fn\"><a href=\"https:\/\/www.sages.ch\/fr\/author\/admin\/\" title=\"Articles par admin\" rel=\"author\">admin<\/a><\/span><\/span><span class=\"updated\" style=\"display:none;\">2022-12-11T12:49:58+01:00<\/span><span>mars 2018<\/span><span class=\"fusion-inline-sep\">|<\/span><\/p><div class=\"fusion-content-sep sep-single sep-solid\"><\/div><div class=\"fusion-post-content-container\"><p>Gerne informieren wir Sie \u00fcber das Programm der Tagung, an welcher sages als Kooperationspartner auftritt. Anmeldefrist ist der 30. Mai 2018. \u203a\u00a0Tagung<\/p><\/div><\/div><\/div><div class=\"fusion-clearfix\"><\/div><\/div>\n<\/article>\n<article id=\"blog-3-post-3273\" class=\"fusion-post-grid post-3273 post type-post status-publish format-standard hentry category-2018-fr category-non-classifiee\">\n<div class=\"fusion-post-wrapper\" style=\"background-color:rgba(247,247,247,1);border:1px solid #ffffff;border-bottom-width:3px;\">\n\n<div class=\"fusion-post-content-wrapper\" style=\"padding:30px 25px 20px 25px;\"><div class=\"fusion-post-content post-content\"><h2 class=\"blog-shortcode-post-title entry-title\"><a href=\"https:\/\/www.sages.ch\/fr\/lehrgaenge-cas-das-und-mas-in-psychoonkologie\/\">Lehrg\u00e4nge CAS, DAS und MAS in Psychoonkologie<\/a><\/h2><p class=\"fusion-single-line-meta\"><span class=\"vcard\" style=\"display: none;\"><span class=\"fn\"><a href=\"https:\/\/www.sages.ch\/fr\/author\/admin\/\" title=\"Articles par admin\" rel=\"author\">admin<\/a><\/span><\/span><span class=\"updated\" style=\"display:none;\">2022-12-11T12:49:59+01:00<\/span><span>mars 2018<\/span><span class=\"fusion-inline-sep\">|<\/span><\/p><div class=\"fusion-content-sep sep-single sep-solid\"><\/div><div class=\"fusion-post-content-container\"><p>Die Krebsliga Schweiz bietet das (CAS) in Grundlagen der Psychoonkologie im Anschluss das (DAS) in Psychoonkologischer Beratung und den (MAS) in Psychoonkologie an. Anmeldungen sind ab sofort f\u00fcr das CAS m\u00f6glich. Diese Weiterbildungsangebote beinhalten Wissen aus den Fachgebieten Psychologie, Medizin, [...]<\/p><\/div><\/div><\/div><div class=\"fusion-clearfix\"><\/div><\/div>\n<\/article>\n<article id=\"blog-3-post-3270\" class=\"fusion-post-grid post-3270 post type-post status-publish format-standard hentry category-2018-fr category-non-classifiee\">\n<div class=\"fusion-post-wrapper\" style=\"background-color:rgba(247,247,247,1);border:1px solid #ffffff;border-bottom-width:3px;\">\n\n<div class=\"fusion-post-content-wrapper\" style=\"padding:30px 25px 20px 25px;\"><div class=\"fusion-post-content post-content\"><h2 class=\"blog-shortcode-post-title entry-title\"><a href=\"https:\/\/www.sages.ch\/fr\/claire-george-stiftung\/\">Claire &#038; George Stiftung<\/a><\/h2><p class=\"fusion-single-line-meta\"><span class=\"vcard\" style=\"display: none;\"><span class=\"fn\"><a href=\"https:\/\/www.sages.ch\/fr\/author\/admin\/\" title=\"Articles par admin\" rel=\"author\">admin<\/a><\/span><\/span><span class=\"updated\" style=\"display:none;\">2022-12-11T12:49:59+01:00<\/span><span>mars 2018<\/span><span class=\"fusion-inline-sep\">|<\/span><\/p><div class=\"fusion-content-sep sep-single sep-solid\"><\/div><div class=\"fusion-post-content-container\"><p>Individuelle Ferien\u00a0in allen Lebensphasen m\u00f6glich machen Claire &amp; George Stiftung vermittelt\u00a0individuelle Ferien in barrierefreien Hotels der Schweiz mit\u00a0Spitex- oder weiteren\u00a0Unterst\u00fctzungs- oder Entlastungsservices nach Bedarf. F\u00fcr G\u00e4ste mit Behinderungen oder altersbedingten Einschr\u00e4nkungen. Die Stiftung wurde im April 2013 als\u00a0operative Non-Profit Stiftung [...]<\/p><\/div><\/div><\/div><div class=\"fusion-clearfix\"><\/div><\/div>\n<\/article>\n<article id=\"blog-3-post-3267\" class=\"fusion-post-grid post-3267 post type-post status-publish format-standard hentry category-2018-fr category-non-classifiee\">\n<div class=\"fusion-post-wrapper\" style=\"background-color:rgba(247,247,247,1);border:1px solid #ffffff;border-bottom-width:3px;\">\n\n<div class=\"fusion-post-content-wrapper\" style=\"padding:30px 25px 20px 25px;\"><div class=\"fusion-post-content post-content\"><h2 class=\"blog-shortcode-post-title entry-title\"><a href=\"https:\/\/www.sages.ch\/fr\/ausbildungskampagne-von-avenirsocial-letzte-chance-den-appell-zu-unterzeichnen\/\">Ausbildungskampagne von AvenirSocial: Letzte Chance den Appell zu unterzeichnen<\/a><\/h2><p class=\"fusion-single-line-meta\"><span class=\"vcard\" style=\"display: none;\"><span class=\"fn\"><a href=\"https:\/\/www.sages.ch\/fr\/author\/admin\/\" title=\"Articles par admin\" rel=\"author\">admin<\/a><\/span><\/span><span class=\"updated\" style=\"display:none;\">2022-12-11T12:50:00+01:00<\/span><span>f\u00e9vrier 2018<\/span><span class=\"fusion-inline-sep\">|<\/span><\/p><div class=\"fusion-content-sep sep-single sep-solid\"><\/div><div class=\"fusion-post-content-container\"><p>Die Gesundheit ist durch biologische, psychologische und soziale Faktoren bestimmt. Wenn die Gesundheit eingeschr\u00e4nkt ist, braucht es in komplexen F\u00e4llen interprofessionelle Interventionen. F\u00fcr eine erfolgreiche, effektive und effiziente Versorgung ist das Gesundheitswesen daher auf gut ausgebildete Fachpersonen der Sozialen Arbeit [...]<\/p><\/div><\/div><\/div><div class=\"fusion-clearfix\"><\/div><\/div>\n<\/article>\n<article id=\"blog-3-post-3264\" class=\"fusion-post-grid post-3264 post type-post status-publish format-standard hentry category-2018-fr category-non-classifiee\">\n<div class=\"fusion-post-wrapper\" style=\"background-color:rgba(247,247,247,1);border:1px solid #ffffff;border-bottom-width:3px;\">\n\n<div class=\"fusion-post-content-wrapper\" style=\"padding:30px 25px 20px 25px;\"><div class=\"fusion-post-content post-content\"><h2 class=\"blog-shortcode-post-title entry-title\"><a href=\"https:\/\/www.sages.ch\/fr\/flyer-3-nationale-tagung-gesundheit-armut-2018\/\">Flyer 3. Nationale Tagung Gesundheit &#038; Armut 2018<\/a><\/h2><p class=\"fusion-single-line-meta\"><span class=\"vcard\" style=\"display: none;\"><span class=\"fn\"><a href=\"https:\/\/www.sages.ch\/fr\/author\/admin\/\" title=\"Articles par admin\" rel=\"author\">admin<\/a><\/span><\/span><span class=\"updated\" style=\"display:none;\">2022-12-11T12:50:00+01:00<\/span><span>f\u00e9vrier 2018<\/span><span class=\"fusion-inline-sep\">|<\/span><\/p><div class=\"fusion-content-sep sep-single sep-solid\"><\/div><div class=\"fusion-post-content-container\"><p>Der Flyer der Tagung, an welcher sages als Partner auftritt, ist nun abrufbar. \u203a\u00a0Flyer<\/p><\/div><\/div><\/div><div class=\"fusion-clearfix\"><\/div><\/div>\n<\/article>\n<article id=\"blog-3-post-3261\" class=\"fusion-post-grid post-3261 post type-post status-publish format-standard hentry category-2018-fr category-non-classifiee\">\n<div class=\"fusion-post-wrapper\" style=\"background-color:rgba(247,247,247,1);border:1px solid #ffffff;border-bottom-width:3px;\">\n\n<div class=\"fusion-post-content-wrapper\" style=\"padding:30px 25px 20px 25px;\"><div class=\"fusion-post-content post-content\"><h2 class=\"blog-shortcode-post-title entry-title\"><a href=\"https:\/\/www.sages.ch\/fr\/5-nationale-konferenz-gesundheit2020\/\">5. Nationale Konferenz Gesundheit2020<\/a><\/h2><p class=\"fusion-single-line-meta\"><span class=\"vcard\" style=\"display: none;\"><span class=\"fn\"><a href=\"https:\/\/www.sages.ch\/fr\/author\/admin\/\" title=\"Articles par admin\" rel=\"author\">admin<\/a><\/span><\/span><span class=\"updated\" style=\"display:none;\">2022-12-11T12:50:01+01:00<\/span><span>f\u00e9vrier 2018<\/span><span class=\"fusion-inline-sep\">|<\/span><\/p><div class=\"fusion-content-sep sep-single sep-solid\"><\/div><div class=\"fusion-post-content-container\"><p>Am 29.01.2018 fand die 5. Nationale Konferenz Gesundheit2020 statt, an welcher unsere\u00a0Co-Pr\u00e4sidentin, Lisa Aeberhard, teilnahm. \u203a\u00a0Medienmitteilung des BAG zur Konferenz Gerne machen wir Sie auf die an der Konferenz vom BAG ausgelegte Brosch\u00fcre zur Koordinierten Versorgung \"Spitalaustritt - planen und [...]<\/p><\/div><\/div><\/div><div class=\"fusion-clearfix\"><\/div><\/div>\n<\/article>\n<article id=\"blog-3-post-3258\" class=\"fusion-post-grid post-3258 post type-post status-publish format-standard hentry category-2018-fr category-non-classifiee\">\n<div class=\"fusion-post-wrapper\" style=\"background-color:rgba(247,247,247,1);border:1px solid #ffffff;border-bottom-width:3px;\">\n\n<div class=\"fusion-post-content-wrapper\" style=\"padding:30px 25px 20px 25px;\"><div class=\"fusion-post-content post-content\"><h2 class=\"blog-shortcode-post-title entry-title\"><a href=\"https:\/\/www.sages.ch\/fr\/online-befragung-der-berner-fachhochschule-zur-beratungskompetenz-von-sozialarbeitenden\/\">Online-Befragung der Berner Fachhochschule zur Beratungskompetenz von Sozialarbeitenden<\/a><\/h2><p class=\"fusion-single-line-meta\"><span class=\"vcard\" style=\"display: none;\"><span class=\"fn\"><a href=\"https:\/\/www.sages.ch\/fr\/author\/admin\/\" title=\"Articles par admin\" rel=\"author\">admin<\/a><\/span><\/span><span class=\"updated\" style=\"display:none;\">2022-12-11T12:50:01+01:00<\/span><span>f\u00e9vrier 2018<\/span><span class=\"fusion-inline-sep\">|<\/span><\/p><div class=\"fusion-content-sep sep-single sep-solid\"><\/div><div class=\"fusion-post-content-container\"><p>Die Beratung von Menschen in herausfordernden Lebenslagen ist eine der wichtigsten Aufgaben Sozialer Arbeit. Das Departement Soziale Arbeit der Berner Fachhochschule untersucht deshalb, wie kompetent sich Sozialarbeitende in unterschiedlichen Bereichen der Beratung f\u00fchlen. Aus den Ergebnissen werden direkte Konsequenzen f\u00fcr [...]<\/p><\/div><\/div><\/div><div class=\"fusion-clearfix\"><\/div><\/div>\n<\/article>\n<article id=\"blog-3-post-3255\" class=\"fusion-post-grid post-3255 post type-post status-publish format-standard hentry category-2018-fr category-non-classifiee\">\n<div class=\"fusion-post-wrapper\" style=\"background-color:rgba(247,247,247,1);border:1px solid #ffffff;border-bottom-width:3px;\">\n\n<div class=\"fusion-post-content-wrapper\" style=\"padding:30px 25px 20px 25px;\"><div class=\"fusion-post-content post-content\"><h2 class=\"blog-shortcode-post-title entry-title\"><a href=\"https:\/\/www.sages.ch\/fr\/seminarbroschuere-krebsliga-2018\/\">Seminarbrosch\u00fcre Krebsliga 2018<\/a><\/h2><p class=\"fusion-single-line-meta\"><span class=\"vcard\" style=\"display: none;\"><span class=\"fn\"><a href=\"https:\/\/www.sages.ch\/fr\/author\/admin\/\" title=\"Articles par admin\" rel=\"author\">admin<\/a><\/span><\/span><span class=\"updated\" style=\"display:none;\">2022-12-11T12:50:01+01:00<\/span><span>janvier 2018<\/span><span class=\"fusion-inline-sep\">|<\/span><\/p><div class=\"fusion-content-sep sep-single sep-solid\"><\/div><div class=\"fusion-post-content-container\"><p> Gerne macht sages auf die Seminarbrosch\u00fcre 2018 der Krebsliga aufmerksam. Die Angebote richten sich an\u00a0krebsbetroffene Menschen\u00a0und deren Angeh\u00f6rige. \u203a Brosch\u00fcre    <\/p><\/div><\/div><\/div><div class=\"fusion-clearfix\"><\/div><\/div>\n<\/article>\n<article id=\"blog-3-post-3252\" class=\"fusion-post-grid post-3252 post type-post status-publish format-standard hentry category-2017-fr\">\n<div class=\"fusion-post-wrapper\" style=\"background-color:rgba(247,247,247,1);border:1px solid #ffffff;border-bottom-width:3px;\">\n\n<div class=\"fusion-post-content-wrapper\" style=\"padding:30px 25px 20px 25px;\"><div class=\"fusion-post-content post-content\"><h2 class=\"blog-shortcode-post-title entry-title\"><a href=\"https:\/\/www.sages.ch\/fr\/infos-zur-sozialkonferenz-psychiatrie-quo-vadis\/\">Infos zur Sozialkonferenz, Psychiatrie &#8211; Quo vadis?<\/a><\/h2><p class=\"fusion-single-line-meta\"><span class=\"vcard\" style=\"display: none;\"><span class=\"fn\"><a href=\"https:\/\/www.sages.ch\/fr\/author\/admin\/\" title=\"Articles par admin\" rel=\"author\">admin<\/a><\/span><\/span><span class=\"updated\" style=\"display:none;\">2022-12-11T12:00:17+01:00<\/span><span>d\u00e9cembre 2017<\/span><span class=\"fusion-inline-sep\">|<\/span><\/p><div class=\"fusion-content-sep sep-single sep-solid\"><\/div><div class=\"fusion-post-content-container\"><p> Die Sozialkonferenz, an welcher sages aktiv mitwirkte, war gut\u00a0besucht und darf als Erfolg gewertet werden. \u203a\u00a0Beitr\u00e4ge der Teilnehmenden und Fotos der Worldcaf\u00e9s \u203a\u00a0Bild vom sages-Pr\u00e4sidium w\u00e4hrend ihrer Pr\u00e4sentation    <\/p><\/div><\/div><\/div><div class=\"fusion-clearfix\"><\/div><\/div>\n<\/article>\n<article id=\"blog-3-post-3248\" class=\"fusion-post-grid post-3248 post type-post status-publish format-standard hentry category-2017-fr category-non-classifiee\">\n<div class=\"fusion-post-wrapper\" style=\"background-color:rgba(247,247,247,1);border:1px solid #ffffff;border-bottom-width:3px;\">\n\n<div class=\"fusion-post-content-wrapper\" style=\"padding:30px 25px 20px 25px;\"><div class=\"fusion-post-content post-content\"><h2 class=\"blog-shortcode-post-title entry-title\"><a href=\"https:\/\/www.sages.ch\/fr\/intervention-von-sages-beim-luzerner-kantonsspital\/\">Intervention von sages beim Luzerner Kantonsspital<\/a><\/h2><p class=\"fusion-single-line-meta\"><span class=\"vcard\" style=\"display: none;\"><span class=\"fn\"><a href=\"https:\/\/www.sages.ch\/fr\/author\/admin\/\" title=\"Articles par admin\" rel=\"author\">admin<\/a><\/span><\/span><span class=\"updated\" style=\"display:none;\">2022-12-11T12:50:35+01:00<\/span><span>d\u00e9cembre 2017<\/span><span class=\"fusion-inline-sep\">|<\/span><\/p><div class=\"fusion-content-sep sep-single sep-solid\"><\/div><div class=\"fusion-post-content-container\"><p> Zusammen mit AvenirSocial und dem VPOD engagiert sich sages f\u00fcr ein nachhaltiges und fachlich fundiertes Austrittsmanagement durch diplomierte SozialarbeiterInnen im Luzerner Kantonsspital. Gegen die Umstrukturierungsmassnahmen Spitals wurde interveniert. \u203a\u00a0Bericht der Luzerner Zeitung.    <\/p><\/div><\/div><\/div><div class=\"fusion-clearfix\"><\/div><\/div>\n<\/article>\n<article id=\"blog-3-post-3244\" class=\"fusion-post-grid post-3244 post type-post status-publish format-standard hentry category-2017-fr category-non-classifiee\">\n<div class=\"fusion-post-wrapper\" style=\"background-color:rgba(247,247,247,1);border:1px solid #ffffff;border-bottom-width:3px;\">\n\n<div class=\"fusion-post-content-wrapper\" style=\"padding:30px 25px 20px 25px;\"><div class=\"fusion-post-content post-content\"><h2 class=\"blog-shortcode-post-title entry-title\"><a href=\"https:\/\/www.sages.ch\/fr\/bericht-dvsg-bundeskongress-2017\/\">Bericht DVSG-Bundeskongress 2017<\/a><\/h2><p class=\"fusion-single-line-meta\"><span class=\"vcard\" style=\"display: none;\"><span class=\"fn\"><a href=\"https:\/\/www.sages.ch\/fr\/author\/admin\/\" title=\"Articles par admin\" rel=\"author\">admin<\/a><\/span><\/span><span class=\"updated\" style=\"display:none;\">2022-12-11T12:50:35+01:00<\/span><span>novembre 2017<\/span><span class=\"fusion-inline-sep\">|<\/span><\/p><div class=\"fusion-content-sep sep-single sep-solid\"><\/div><div class=\"fusion-post-content-container\"><p> Am 19. und 20. Oktober hat im Kongresspalais Kassel der diesj\u00e4hrige Bundeskongress der Deutschen Vereinigung f\u00fcr Soziale Arbeit im Gesundheitswesen (DVSG) zum Thema \u201eSoziale Arbeit im Gesundheitswesen: Teilhabe sozial denken und gestalten\u201c stattgefunden. Die DVSG schreibt zur Themenwahl: \u201eIn [...]<\/p><\/div><\/div><\/div><div class=\"fusion-clearfix\"><\/div><\/div>\n<\/article>\n<article id=\"blog-3-post-3240\" class=\"fusion-post-grid post-3240 post type-post status-publish format-standard hentry category-2017-fr category-non-classifiee\">\n<div class=\"fusion-post-wrapper\" style=\"background-color:rgba(247,247,247,1);border:1px solid #ffffff;border-bottom-width:3px;\">\n\n<div class=\"fusion-post-content-wrapper\" style=\"padding:30px 25px 20px 25px;\"><div class=\"fusion-post-content post-content\"><h2 class=\"blog-shortcode-post-title entry-title\"><a href=\"https:\/\/www.sages.ch\/fr\/2-forumsveranstaltung-der-plattform-palliative-care-des-bag\/\">2. Forumsveranstaltung der Plattform Palliative Care des BAG<\/a><\/h2><p class=\"fusion-single-line-meta\"><span class=\"vcard\" style=\"display: none;\"><span class=\"fn\"><a href=\"https:\/\/www.sages.ch\/fr\/author\/admin\/\" title=\"Articles par admin\" rel=\"author\">admin<\/a><\/span><\/span><span class=\"updated\" style=\"display:none;\">2022-12-11T12:50:36+01:00<\/span><span>novembre 2017<\/span><span class=\"fusion-inline-sep\">|<\/span><\/p><div class=\"fusion-content-sep sep-single sep-solid\"><\/div><div class=\"fusion-post-content-container\"><p> Als Vorstandsmitglied\u00a0vom Fachverband Soziale Arbeit im Gesundheitswesen\u00a0nimmt Piero Catani an den Veranstaltungen des Forums \"Plattform Palliative Care\" des BAG teil. Die letzte Veranstaltung fand am 10.11.2017 statt. \u203a\u00a0PPC Umsetzungskonzept \u203a\u00a0Umsetzung - Fokus 2017\/2018: Optimale Nachversorgung ausserhalb des Akutspitals. \u203a\u00a0Grundlagenpapier [...]<\/p><\/div><\/div><\/div><div class=\"fusion-clearfix\"><\/div><\/div>\n<\/article>\n<article id=\"blog-3-post-3237\" class=\"fusion-post-grid post-3237 post type-post status-publish format-standard hentry category-2017-fr category-non-classifiee\">\n<div class=\"fusion-post-wrapper\" style=\"background-color:rgba(247,247,247,1);border:1px solid #ffffff;border-bottom-width:3px;\">\n\n<div class=\"fusion-post-content-wrapper\" style=\"padding:30px 25px 20px 25px;\"><div class=\"fusion-post-content post-content\"><h2 class=\"blog-shortcode-post-title entry-title\"><a href=\"https:\/\/www.sages.ch\/fr\/mitgliederrabatt-fuer-8-fachtagung-klinische-sozialarbeit\/\">Mitgliederrabatt f\u00fcr 8. Fachtagung Klinische Sozialarbeit<\/a><\/h2><p class=\"fusion-single-line-meta\"><span class=\"vcard\" style=\"display: none;\"><span class=\"fn\"><a href=\"https:\/\/www.sages.ch\/fr\/author\/admin\/\" title=\"Articles par admin\" rel=\"author\">admin<\/a><\/span><\/span><span class=\"updated\" style=\"display:none;\">2022-12-11T12:50:36+01:00<\/span><span>novembre 2017<\/span><span class=\"fusion-inline-sep\">|<\/span><\/p><div class=\"fusion-content-sep sep-single sep-solid\"><\/div><div class=\"fusion-post-content-container\"><p> Wir m\u00f6chten\u00a0gerne auf eine Fachtagung im Juni 2018 aufmerksam machen, an der sages-Mitglieder zu einem deutlich reduzierten Preis teilnehmen k\u00f6nnen. Es handelt sich um die \u201eFachtagung Klinische Sozialarbeit\u201c, die verschiedene Themen der Sozialen Arbeit im Gesundheitswesen im Fokus hat. [...]<\/p><\/div><\/div><\/div><div class=\"fusion-clearfix\"><\/div><\/div>\n<\/article>\n<article id=\"blog-3-post-3234\" class=\"fusion-post-grid post-3234 post type-post status-publish format-standard hentry category-2017-fr category-non-classifiee\">\n<div class=\"fusion-post-wrapper\" style=\"background-color:rgba(247,247,247,1);border:1px solid #ffffff;border-bottom-width:3px;\">\n\n<div class=\"fusion-post-content-wrapper\" style=\"padding:30px 25px 20px 25px;\"><div class=\"fusion-post-content post-content\"><h2 class=\"blog-shortcode-post-title entry-title\"><a href=\"https:\/\/www.sages.ch\/fr\/spitalaustritt-planen-und-koordinieren\/\">Spitalaustritt planen und koordinieren<\/a><\/h2><p class=\"fusion-single-line-meta\"><span class=\"vcard\" style=\"display: none;\"><span class=\"fn\"><a href=\"https:\/\/www.sages.ch\/fr\/author\/admin\/\" title=\"Articles par admin\" rel=\"author\">admin<\/a><\/span><\/span><span class=\"updated\" style=\"display:none;\">2022-12-11T12:50:37+01:00<\/span><span>juillet 2017<\/span><span class=\"fusion-inline-sep\">|<\/span><\/p><div class=\"fusion-content-sep sep-single sep-solid\"><\/div><div class=\"fusion-post-content-container\"><p> sages hat an den Workshops des BAG zum Thema Versorgung von multimorbiden hochbetagten Patienten mitgewirkt. Der Bericht liefert Ideen und konkrete Instrumente, wie der Spitalaustritt von gebrechlichen und mehrfach kranken Patientinnen und Patienten gem\u00e4ss den jeweiligen Kompetenzen und M\u00f6glichkeiten [...]<\/p><\/div><\/div><\/div><div class=\"fusion-clearfix\"><\/div><\/div>\n<\/article>\n<article id=\"blog-3-post-3228\" class=\"fusion-post-grid post-3228 post type-post status-publish format-standard hentry category-2017-fr category-non-classifiee\">\n<div class=\"fusion-post-wrapper\" style=\"background-color:rgba(247,247,247,1);border:1px solid #ffffff;border-bottom-width:3px;\">\n\n<div class=\"fusion-post-content-wrapper\" style=\"padding:30px 25px 20px 25px;\"><div class=\"fusion-post-content post-content\"><h2 class=\"blog-shortcode-post-title entry-title\"><a href=\"https:\/\/www.sages.ch\/fr\/fachverband-soziale-arbeit-im-gesundheitswesen-in-olten-gegruendet\/\">Fachverband Soziale Arbeit im Gesundheitswesen in Olten gegr\u00fcndet<\/a><\/h2><p class=\"fusion-single-line-meta\"><span class=\"vcard\" style=\"display: none;\"><span class=\"fn\"><a href=\"https:\/\/www.sages.ch\/fr\/author\/admin\/\" title=\"Articles par admin\" rel=\"author\">admin<\/a><\/span><\/span><span class=\"updated\" style=\"display:none;\">2022-12-11T12:50:37+01:00<\/span><span>mai 2017<\/span><span class=\"fusion-inline-sep\">|<\/span><\/p><div class=\"fusion-content-sep sep-single sep-solid\"><\/div><div class=\"fusion-post-content-container\"><p>An der Fachhochschule in Olten fand k\u00fcrzlich die Gr\u00fcndungsversammlung eines neuen nationalen Verbandes statt: Schweizerischer Fachverband Soziale Arbeit im Gesundheitswesen, kurz sages. Er vereint Fachleute und Organisationen aus den verschiedenen Feldern der gesundheitlichen Versorgung: Soziale Arbeit in Spit\u00e4lern der Akut- [...]<\/p><\/div><\/div><\/div><div class=\"fusion-clearfix\"><\/div><\/div>\n<\/article>\n<div class=\"fusion-clearfix\"><\/div><\/div><\/div><\/div><\/div><\/div><div class=\"fusion-clearfix\"><\/div><\/div><\/div><\/div><div class=\"fusion-builder-row fusion-row\"><\/div><\/div>\n","protected":false},"excerpt":{"rendered":"","protected":false},"author":1,"featured_media":0,"parent":0,"menu_order":50,"comment_status":"closed","ping_status":"closed","template":"","meta":{"footnotes":""},"class_list":["post-3003","page","type-page","status-publish","hentry"],"_links":{"self":[{"href":"https:\/\/www.sages.ch\/fr\/wp-json\/wp\/v2\/pages\/3003","targetHints":{"allow":["GET"]}}],"collection":[{"href":"https:\/\/www.sages.ch\/fr\/wp-json\/wp\/v2\/pages"}],"about":[{"href":"https:\/\/www.sages.ch\/fr\/wp-json\/wp\/v2\/types\/page"}],"author":[{"embeddable":true,"href":"https:\/\/www.sages.ch\/fr\/wp-json\/wp\/v2\/users\/1"}],"replies":[{"embeddable":true,"href":"https:\/\/www.sages.ch\/fr\/wp-json\/wp\/v2\/comments?post=3003"}],"version-history":[{"count":10,"href":"https:\/\/www.sages.ch\/fr\/wp-json\/wp\/v2\/pages\/3003\/revisions"}],"predecessor-version":[{"id":11228,"href":"https:\/\/www.sages.ch\/fr\/wp-json\/wp\/v2\/pages\/3003\/revisions\/11228"}],"wp:attachment":[{"href":"https:\/\/www.sages.ch\/fr\/wp-json\/wp\/v2\/media?parent=3003"}],"curies":[{"name":"wp","href":"https:\/\/api.w.org\/{rel}","templated":true}]}}