{"id":3911,"date":"2020-01-29T09:31:13","date_gmt":"2020-01-29T08:31:13","guid":{"rendered":"https:\/\/www.sages.ch\/?page_id=3911"},"modified":"2025-10-17T14:38:33","modified_gmt":"2025-10-17T12:38:33","slug":"cabinet-medicaux","status":"publish","type":"page","link":"https:\/\/www.sages.ch\/fr\/groupes-de-travail\/cabinet-medicaux\/","title":{"rendered":"Cabinets m\u00e9dicaux"},"content":{"rendered":"<div class=\"fusion-fullwidth fullwidth-box fusion-builder-row-1 nonhundred-percent-fullwidth non-hundred-percent-height-scrolling\" style=\"--awb-border-radius-top-left:0px;--awb-border-radius-top-right:0px;--awb-border-radius-bottom-right:0px;--awb-border-radius-bottom-left:0px;--awb-padding-top:0px;--awb-padding-bottom:20px;--awb-flex-wrap:wrap;\" ><div class=\"fusion-builder-row fusion-row\"><div class=\"fusion-layout-column fusion_builder_column fusion-builder-column-0 fusion_builder_column_1_1 1_1 fusion-one-full fusion-column-first fusion-column-last\" style=\"--awb-padding-bottom:20px;--awb-bg-size:cover;\"><div class=\"fusion-column-wrapper fusion-flex-column-wrapper-legacy\"><div class=\"fusion-sep-clear\"><\/div><div class=\"fusion-separator fusion-full-width-sep\" style=\"margin-left: auto;margin-right: auto;margin-bottom:30px;width:100%;\"><div class=\"fusion-separator-border sep-single sep-solid\" style=\"--awb-height:20px;--awb-amount:20px;--awb-sep-color:#efefef;border-color:#efefef;border-top-width:10px;\"><\/div><\/div><div class=\"fusion-sep-clear\"><\/div><div class=\"fusion-text fusion-text-1\" style=\"--awb-text-transform:none;\"><h1><span lang=\"FR-CH\">Groupe de travail \u00ab Cabinets m\u00e9dicaux \u00bb<\/span><\/h1>\n<\/div><div class=\"fusion-clearfix\"><\/div><\/div><\/div><div class=\"fusion-layout-column fusion_builder_column fusion-builder-column-1 fusion_builder_column_2_3 2_3 fusion-two-third fusion-column-first\" style=\"--awb-bg-size:cover;width:66.666666666667%;width:calc(66.666666666667% - ( ( 4% ) * 0.66666666666667 ) );margin-right: 4%;\"><div class=\"fusion-column-wrapper fusion-flex-column-wrapper-legacy\"><div class=\"fusion-text fusion-text-2\"><p>Pour de nombreuses personnes en situation de pr\u00e9carit\u00e9, les m\u00e9decins ambulatoires repr\u00e9sentent le premier point de chute. Leurs probl\u00e8mes de sant\u00e9 sont souvent les cons\u00e9quences ou les d\u00e9clencheurs de probl\u00e8mes et crises sociaux, financiers ou personnels. La complexit\u00e9 des situations de vie pr\u00e9caires se r\u00e9v\u00e8le \u00e0 la profession m\u00e9dicale sous la forme de \u00abpr\u00e9occupations non sp\u00e9cifiques des patients\u00bb ou de patients \u00abdifficiles\u00bb.<\/p>\n<p>Les m\u00e9decins en cabinet ont \u2013 en tant que personnes de confiance &#8211; la possibilit\u00e9 d&rsquo;identifier les probl\u00e8mes biopsychosociaux \u00e0 un stade pr\u00e9coce et de proposer une aide professionnelle. Le travail social en cabinet m\u00e9dical soutient les m\u00e9decins et leurs patients. Il est bas\u00e9s sur les besoins et se pratique \u00e0 bas seuil dans le but de stopper l&rsquo;aggravation mutuelle des probl\u00e8mes sociaux et de sant\u00e9. En impliquant les travailleurs sociaux, les patients re\u00e7oivent des soins complets et am\u00e9liorent ainsi leur comportement en mati\u00e8re de sant\u00e9, leur adh\u00e9rence et leur sant\u00e9 mentale. Les frais de suivi dus aux s\u00e9jours \u00e0 l&rsquo;h\u00f4pital, aux traitements d&rsquo;urgence, \u00e0 la perte d&#8217;emploi ou \u00e0 la d\u00e9pendance \u00e0 l&rsquo;aide sociale peuvent ainsi \u00eatre r\u00e9duits.<\/p>\n<p>Le groupe de travail soutient les m\u00e9decins g\u00e9n\u00e9ralistes, p\u00e9diatriques, gyn\u00e9cologues et psychiatriques et les travailleurs sociaux dans la mise en \u0153uvre du travail social en cabinet m\u00e9dical et favorise l&rsquo;\u00e9change de connaissances et d&rsquo;exp\u00e9riences de tous les participants dans ce nouveau domaine interprofessionnel du travail social.<\/p>\n<p>Les membres se r\u00e9unissent r\u00e9guli\u00e8rement. Les dates correspondantes sont publi\u00e9es dans le calendrier des manifestations de SAGES.<\/p>\n<\/div><div class=\"fusion-clearfix\"><\/div><\/div><\/div><div class=\"fusion-layout-column fusion_builder_column fusion-builder-column-2 fusion_builder_column_1_3 1_3 fusion-one-third fusion-column-last\" style=\"--awb-padding-top:25px;--awb-padding-right:22px;--awb-padding-bottom:22px;--awb-padding-left:20px;--awb-bg-color:#f7f7f7;--awb-bg-color-hover:#f7f7f7;--awb-bg-size:cover;--awb-border-color:#89bb47;--awb-border-top:10px;--awb-border-style:solid;width:33.333333333333%;width:calc(33.333333333333% - ( ( 4% ) * 0.33333333333333 ) );\"><div class=\"fusion-column-wrapper fusion-flex-column-wrapper-legacy\"><div class=\"fusion-text fusion-text-3\"><h2>Contact<\/h2>\n<\/div><div class=\"fusion-sep-clear\"><\/div><div class=\"fusion-separator fusion-full-width-sep\" style=\"margin-left: auto;margin-right: auto;margin-top:13px;width:100%;\"><\/div><div class=\"fusion-sep-clear\"><\/div><div class=\"fusion-text fusion-text-4\" style=\"--awb-text-transform:none;\"><div><strong>Dr. phil. Ren\u00e9 R\u00fcegg<\/strong><\/div>\n<div><strong>Membre du comit\u00e9 de SAGES<\/strong><\/div>\n<div>Haute \u00e9cole sp\u00e9cialis\u00e9e bernoise, D\u00e9partement Travail Social<\/div>\n<div><strong><a href=\"mailto:rene.rueegg@sages.ch\" target=\"_blank\" rel=\"noopener noreferrer\">rene.rueegg@sages.ch<\/a><\/strong><\/div>\n<\/div><div class=\"fusion-sep-clear\"><\/div><div class=\"fusion-separator fusion-full-width-sep\" style=\"margin-left: auto;margin-right: auto;margin-top:20px;margin-bottom:20px;width:100%;\"><div class=\"fusion-separator-border sep-single sep-solid\" style=\"--awb-height:20px;--awb-amount:20px;border-color:#e0dede;border-top-width:1px;\"><\/div><\/div><div class=\"fusion-sep-clear\"><\/div><div class=\"fusion-text fusion-text-5\" style=\"--awb-text-transform:none;\"><div><strong>Fabian Schalch<\/strong><\/div>\n<div><strong>Membre du comit\u00e9 de SAGES<\/strong><\/div>\n<div>Klinik Adelheid AG<\/div>\n<div><strong><a href=\"mailto:fabian.schalch@sages.ch\" target=\"_blank\" rel=\"noopener noreferrer\">fabian.schalch@sages.ch<\/a><\/strong><\/div>\n<\/div><div class=\"fusion-clearfix\"><\/div><\/div><\/div><\/div><\/div>\n","protected":false},"excerpt":{"rendered":"","protected":false},"author":1,"featured_media":0,"parent":3063,"menu_order":16,"comment_status":"closed","ping_status":"closed","template":"","meta":{"footnotes":""},"class_list":["post-3911","page","type-page","status-publish","hentry"],"_links":{"self":[{"href":"https:\/\/www.sages.ch\/fr\/wp-json\/wp\/v2\/pages\/3911","targetHints":{"allow":["GET"]}}],"collection":[{"href":"https:\/\/www.sages.ch\/fr\/wp-json\/wp\/v2\/pages"}],"about":[{"href":"https:\/\/www.sages.ch\/fr\/wp-json\/wp\/v2\/types\/page"}],"author":[{"embeddable":true,"href":"https:\/\/www.sages.ch\/fr\/wp-json\/wp\/v2\/users\/1"}],"replies":[{"embeddable":true,"href":"https:\/\/www.sages.ch\/fr\/wp-json\/wp\/v2\/comments?post=3911"}],"version-history":[{"count":15,"href":"https:\/\/www.sages.ch\/fr\/wp-json\/wp\/v2\/pages\/3911\/revisions"}],"predecessor-version":[{"id":10865,"href":"https:\/\/www.sages.ch\/fr\/wp-json\/wp\/v2\/pages\/3911\/revisions\/10865"}],"up":[{"embeddable":true,"href":"https:\/\/www.sages.ch\/fr\/wp-json\/wp\/v2\/pages\/3063"}],"wp:attachment":[{"href":"https:\/\/www.sages.ch\/fr\/wp-json\/wp\/v2\/media?parent=3911"}],"curies":[{"name":"wp","href":"https:\/\/api.w.org\/{rel}","templated":true}]}}