{"id":9047,"date":"2024-08-16T09:06:00","date_gmt":"2024-08-16T07:06:00","guid":{"rendered":"https:\/\/www.sages.ch\/?page_id=9047"},"modified":"2024-08-23T15:57:42","modified_gmt":"2024-08-23T13:57:42","slug":"sages-nl-aout-2024","status":"publish","type":"page","link":"https:\/\/www.sages.ch\/fr\/sages-nl-aout-2024\/","title":{"rendered":"SAGES-NL, Ao\u00fbt 2024"},"content":{"rendered":"<div class=\"fusion-fullwidth fullwidth-box fusion-builder-row-1 fusion-flex-container has-pattern-background has-mask-background nonhundred-percent-fullwidth non-hundred-percent-height-scrolling\" style=\"--awb-border-radius-top-left:0px;--awb-border-radius-top-right:0px;--awb-border-radius-bottom-right:0px;--awb-border-radius-bottom-left:0px;--awb-flex-wrap:wrap;\" ><div class=\"fusion-builder-row fusion-row fusion-flex-align-items-flex-start fusion-flex-content-wrap\" style=\"max-width:1206.4px;margin-left: calc(-4% \/ 2 );margin-right: calc(-4% \/ 2 );\"><div class=\"fusion-layout-column fusion_builder_column fusion-builder-column-0 fusion_builder_column_1_1 1_1 fusion-flex-column\" style=\"--awb-bg-size:cover;--awb-width-large:100%;--awb-margin-top-large:0px;--awb-spacing-right-large:1.92%;--awb-margin-bottom-large:20px;--awb-spacing-left-large:1.92%;--awb-width-medium:100%;--awb-order-medium:0;--awb-spacing-right-medium:1.92%;--awb-spacing-left-medium:1.92%;--awb-width-small:100%;--awb-order-small:0;--awb-spacing-right-small:1.92%;--awb-spacing-left-small:1.92%;\"><div class=\"fusion-column-wrapper fusion-column-has-shadow fusion-flex-justify-content-flex-start fusion-content-layout-column\"><div class=\"fusion-image-element \" style=\"--awb-caption-title-font-family:var(--h2_typography-font-family);--awb-caption-title-font-weight:var(--h2_typography-font-weight);--awb-caption-title-font-style:var(--h2_typography-font-style);--awb-caption-title-size:var(--h2_typography-font-size);--awb-caption-title-transform:var(--h2_typography-text-transform);--awb-caption-title-line-height:var(--h2_typography-line-height);--awb-caption-title-letter-spacing:var(--h2_typography-letter-spacing);\"><span class=\" fusion-imageframe imageframe-none imageframe-1 hover-type-none\"><img decoding=\"async\" width=\"3966\" height=\"1087\" title=\"NL August FR\" src=\"https:\/\/www.sages.ch\/wp-content\/uploads\/2024\/08\/NL-August-FR.png\" alt class=\"img-responsive wp-image-9091\" srcset=\"https:\/\/www.sages.ch\/wp-content\/uploads\/2024\/08\/NL-August-FR-200x55.png 200w, https:\/\/www.sages.ch\/wp-content\/uploads\/2024\/08\/NL-August-FR-400x110.png 400w, https:\/\/www.sages.ch\/wp-content\/uploads\/2024\/08\/NL-August-FR-600x164.png 600w, https:\/\/www.sages.ch\/wp-content\/uploads\/2024\/08\/NL-August-FR-800x219.png 800w, https:\/\/www.sages.ch\/wp-content\/uploads\/2024\/08\/NL-August-FR-1200x329.png 1200w, https:\/\/www.sages.ch\/wp-content\/uploads\/2024\/08\/NL-August-FR.png 3966w\" sizes=\"(max-width: 1024px) 100vw, (max-width: 640px) 100vw, 1200px\" \/><\/span><\/div><\/div><\/div><div class=\"fusion-layout-column fusion_builder_column fusion-builder-column-1 fusion_builder_column_2_3 2_3 fusion-flex-column\" style=\"--awb-bg-size:cover;--awb-border-color:#00a75c;--awb-border-top:10px;--awb-border-style:solid;--awb-width-large:66.666666666667%;--awb-margin-top-large:0px;--awb-spacing-right-large:2.88%;--awb-margin-bottom-large:20px;--awb-spacing-left-large:2.88%;--awb-width-medium:100%;--awb-order-medium:0;--awb-spacing-right-medium:1.92%;--awb-spacing-left-medium:1.92%;--awb-width-small:100%;--awb-order-small:0;--awb-spacing-right-small:1.92%;--awb-spacing-left-small:1.92%;\"><div class=\"fusion-column-wrapper fusion-column-has-shadow fusion-flex-justify-content-flex-start fusion-content-layout-column\"><div class=\"fusion-text fusion-text-1\"><h2><\/h2>\n<h2 style=\"text-align: center;\"><strong>interne<\/strong><\/h2>\n<\/div><div class=\"fusion-text fusion-text-2\"><p style=\"text-align: left;\"><strong><img decoding=\"async\" class=\"wp-image-8035 alignleft\" src=\"https:\/\/www.sages.ch\/wp-content\/uploads\/2023\/10\/Intern.jpg\" alt=\"\" width=\"365\" height=\"243\" srcset=\"https:\/\/www.sages.ch\/wp-content\/uploads\/2023\/10\/Intern-200x133.jpg 200w, https:\/\/www.sages.ch\/wp-content\/uploads\/2023\/10\/Intern-300x200.jpg 300w, https:\/\/www.sages.ch\/wp-content\/uploads\/2023\/10\/Intern-400x267.jpg 400w, https:\/\/www.sages.ch\/wp-content\/uploads\/2023\/10\/Intern-600x400.jpg 600w, https:\/\/www.sages.ch\/wp-content\/uploads\/2023\/10\/Intern-768x512.jpg 768w, https:\/\/www.sages.ch\/wp-content\/uploads\/2023\/10\/Intern-800x533.jpg 800w, https:\/\/www.sages.ch\/wp-content\/uploads\/2023\/10\/Intern.jpg 887w\" sizes=\"(max-width: 365px) 100vw, 365px\" \/><\/strong><strong>SAGES membre fondateur d&rsquo;Anops Suisse<\/strong><br \/>\nL&rsquo;assembl\u00e9e constitutive de l&rsquo;\u00ab Alliance nationale pour les offres psychosociales dans le domaine de la sant\u00e9 \u00bb a eu lieu le 6 juin 2024. L&rsquo;association se concentre en particulier sur les prestations du travail social en lien avec la sant\u00e9 en Suisse, ainsi que sur la dimension sociale de la sant\u00e9 et de la maladie. A cet effet, elle tient compte des connaissances scientifiques et de la pratique professionnelle. Dans le but d&rsquo;assurer une qualit\u00e9 \u00e9lev\u00e9e des soins, Anops Suisse s&rsquo;engage pour l&rsquo;optimisation des interfaces entre les milieux ambulatoires, semi-hospitaliers et hospitaliers du domaine de la sant\u00e9 ainsi que de l&rsquo;interface entre les domaines de la sant\u00e9 et du social.<br \/>\nDans l&rsquo;association nouvellement cr\u00e9\u00e9e, des membres du comit\u00e9 de SAGES occuperont la fonction de pr\u00e9sidence (Therese Straubhaar) et si\u00e9geront au comit\u00e9 (Simon S\u00fcsstrunk) ainsi qu&rsquo;\u00e0 l&rsquo;organe de r\u00e9vision (Hannes L\u00fcthi).<\/p>\n<p><strong>La premi\u00e8re rencontre du groupe de travail \u00ab Soins int\u00e9gr\u00e9s \u00bb<\/strong><br \/>\nLe groupe de travail \u00ab Soins int\u00e9gr\u00e9s \u00bb, initi\u00e9 apr\u00e8s le dernier congr\u00e8s national professionnel de SAGES, s&rsquo;est r\u00e9uni fin mai 2024 pour une rencontre de lancement \u00e0 la FHNW \u00e0 Olten. Les r\u00e9sultats de cette rencontre sont d\u00e9pos\u00e9s dans <span style=\"color: #00a75c;\"><strong><a style=\"color: #00a75c;\" href=\"https:\/\/www.sages.ch\/mitgliederbereich\/fr\/domaines-soins-integres-proces-verbaux\/\" target=\"_blank\" rel=\"noopener\">l&rsquo;espace r\u00e9serv\u00e9 aux membres<\/a><\/strong><\/span>.<br \/>\nLes prochaines \u00e9tapes sont maintenant discut\u00e9es au sein d&rsquo;un groupe central, con\u00e7u comme un organe de coordination et groupe de pace-making. Ce groupe est compos\u00e9 par V\u00e9ronique Grob\u00e9ty (Ligue contre le cancer des deux B\u00e2le), Barbara Marti (Hochschule Luzern &#8211; Soziale Arbeit), Nicolas Netzer (Ligue bernoise contre le cancer), Simon S\u00fcsstrunk (Fachhochschule Nordwestschweiz) et Hannes L\u00fcthi (Akzent Pr\u00e4vention und Suchttherapie). Si d&rsquo;autres personnes souhaitent se joindre au groupe central, elles peuvent volontiers s&rsquo;adresser au <a href=\"mailto:geschaeftsstelle@sages.ch\"><strong><span style=\"color: #00a75c;\">secr\u00e9tariat g\u00e9n\u00e9ral<\/span><\/strong><\/a> de SAGES. <strong><span style=\"color: #00a75c;\"><a style=\"color: #00a75c;\" href=\"https:\/\/www.sages.ch\/fr\/formulaire-dinscription-aux-soins-integres\/\" target=\"_blank\" rel=\"noopener\">Les inscriptions<\/a><\/span><\/strong> pour le groupe de travail \u00e9largi sont toujours possibles.<br \/>\nSAGES remercie tou\u00b7te\u00b7s les participant\u00b7e\u00b7s pour leur grand engagement !<\/p>\n<p><strong>Travail social dans les soins palliatifs<\/strong><br \/>\nDepuis l&rsquo;appel lanc\u00e9 dans le dernier bulletin d&rsquo;information pour la mise en place d&rsquo;un groupe de travail \u00ab Travail social dans les soins palliatifs \u00bb, une douzaine de personnes int\u00e9ress\u00e9es par une r\u00e9flexion approfondie sur ce sujet se sont d\u00e9j\u00e0 manifest\u00e9es.\u00a0 Ceci nous encourage beaucoup.<br \/>\n<a href=\"mailto:piero.catani@sages.ch\"><strong><span style=\"color: #00a75c;\">Piero Catani<\/span><\/strong><\/a> (comit\u00e9 SAGES) et <span style=\"color: #00a75c;\"><a style=\"color: #00a75c;\" href=\"mailto:regula.haelg@krebsliga.ch\"><strong>Regula H\u00e4lg<\/strong><\/a><\/span> (Ligue suisse contre le cancer) se r\u00e9uniront prochainement pour organiser la rencontre de lancement. Les personnes int\u00e9ress\u00e9es ont toujours la possibilit\u00e9 de s&rsquo;<span style=\"color: #00a75c;\"><a style=\"color: #00a75c;\" href=\"https:\/\/www.sages.ch\/fr\/inscription-au-groupe-de-travail-travail-social-et-soins-palliatifs\/\" target=\"_blank\" rel=\"noopener\"><strong>inscrire<\/strong><\/a><\/span> sur la liste du groupe de travail.<\/p>\n<p><strong>Suivez-nous sur les r\u00e9seaux sociaux<\/strong><br \/>\nSAGES est pr\u00e9sent sur les r\u00e9seaux sociaux <a href=\"https:\/\/www.instagram.com\/sages.ch\/\" target=\"_blank\" rel=\"noopener\"><strong><span style=\"color: #00a75c;\">Instagram<\/span><\/strong><\/a> et <span style=\"color: #00a75c;\"><a style=\"color: #00a75c;\" href=\"https:\/\/www.linkedin.com\/company\/sages-fachverband-gesundheitsbezogene-soziale-arbeit\/?viewAsMember=true\" target=\"_blank\" rel=\"noopener\"><strong>LinkedIn<\/strong><\/a><\/span>. L\u2019objectif est d\u2019atteindre plus rapidement nos membres ainsi que les cercles int\u00e9ress\u00e9s avec des informations et de pouvoir les diffuser plus largement. Pour cela, nous avons besoin du soutien de nos membres. Suis-nous donc et partage et diffuse nos informations et activit\u00e9s, afin que nous puissions sensibiliser et gagner un public encore plus large \u00e0 nos causes. Merci beaucoup.<\/p>\n<p><strong>Nouvelle \u00e9dition de \u00ab\u00a0Klinische Sozialarbeit. Zeitschrift f\u00fcr psychosoziale Praxis und Forschung\u00a0\u00bb<\/strong><br \/>\nSAGES est co-\u00e9diteur de la revue sp\u00e9cialis\u00e9e \u00ab\u00a0Klinische Sozialarbeit. Zeitschrift f\u00fcr psychosoziale Praxis und Forschung\u00a0\u00bb. La revue para\u00eet quatre fois par an (en allemand) et est mise \u00e0 disposition de nos membres sous forme num\u00e9rique.\u00a0<span style=\"color: #00a75c;\"><strong><a style=\"color: #00a75c;\" href=\"https:\/\/www.sages.ch\/wp-content\/uploads\/2024\/06\/2024-03KlinSa.pdf\" target=\"_blank\" rel=\"noopener\">Ici, tu acc\u00e8des \u00e0 la nouvelle \u00e9dition entre autres, avec des contributions de la co-pr\u00e9sidence de SAGES.<\/a><\/strong><\/span><\/p>\n<\/div><div class=\"fusion-separator fusion-full-width-sep\" style=\"align-self: center;margin-left: auto;margin-right: auto;width:100%;\"><div class=\"fusion-separator-border sep-single sep-solid\" style=\"--awb-height:20px;--awb-amount:20px;--awb-sep-color:#89bb47;border-color:#89bb47;border-top-width:13px;\"><\/div><\/div><div class=\"fusion-text fusion-text-3\"><h2><\/h2>\n<h2 style=\"text-align: center;\"><strong>Partage-le avec nous<\/strong><\/h2>\n<\/div><div class=\"fusion-text fusion-text-4\"><p><img decoding=\"async\" class=\"alignleft wp-image-8037\" src=\"https:\/\/www.sages.ch\/wp-content\/uploads\/2023\/10\/Bild1.jpg\" alt=\"\" width=\"350\" height=\"145\" srcset=\"https:\/\/www.sages.ch\/wp-content\/uploads\/2023\/10\/Bild1-200x83.jpg 200w, https:\/\/www.sages.ch\/wp-content\/uploads\/2023\/10\/Bild1-300x124.jpg 300w, https:\/\/www.sages.ch\/wp-content\/uploads\/2023\/10\/Bild1-400x166.jpg 400w, https:\/\/www.sages.ch\/wp-content\/uploads\/2023\/10\/Bild1-600x248.jpg 600w, https:\/\/www.sages.ch\/wp-content\/uploads\/2023\/10\/Bild1-768x318.jpg 768w, https:\/\/www.sages.ch\/wp-content\/uploads\/2023\/10\/Bild1-800x331.jpg 800w, https:\/\/www.sages.ch\/wp-content\/uploads\/2023\/10\/Bild1.jpg 952w\" sizes=\"(max-width: 350px) 100vw, 350px\" \/>Nous vous rappelons qu\u2019en tant que membre de SAGES, vous pouvez utiliser les plateformes de communication de notre association (site web, bulletin d\u2019information, mailing, espace membres, etc.) pour attirer l\u2019attention sur des th\u00e8mes, des \u00e9v\u00e9nements et des offres de votre travail.Nous publions volontiers vos rapports, \u00e9tudes, travaux de master ou interventions dans les m\u00e9dias, mais \u00e9galement des documents pr\u00e9cieux comme des mod\u00e8les, des concepts, des catalogues de prestations et d\u2019autres documents qui pourraient \u00eatre utiles aux autres membres \u2013 si vous le souhaitez, de mani\u00e8re anonyme, dans l\u2019espace r\u00e9serv\u00e9 aux membres, prot\u00e9g\u00e9 par un mot de passe. Nous vous invitons en outre \u00e0 profiter de la possibilit\u00e9 d\u2019entrer directement en contact avec les membres de SAGES ou de participer aux r\u00e9unions des domaines sp\u00e9cifiques, des sections et des groupes sp\u00e9cifiques. Vous trouverez les informations \u00e0 ce sujet dans notre <span style=\"color: #89bb47;\"><a style=\"color: #89bb47;\" href=\"https:\/\/www.sages.ch\/mitgliederbereich\/fr\/adresses-des-membres\/\" target=\"_blank\" rel=\"noopener\"><strong>espace membres<\/strong><\/a><\/span>\u00a0ou sur le\u00a0<a href=\"https:\/\/www.sages.ch\/fr\/evenements-en-langue-francaise\/\" target=\"_blank\" rel=\"noopener\"><strong><span style=\"color: #89bb47;\">site web<\/span><\/strong><\/a>.<\/p>\n<p><strong>Cabinets de m\u00e9decine g\u00e9n\u00e9rale et protection des adultes : le potentiel du travail social (disponible uniquement en allemand)<\/strong><br \/>\nQuelle contribution peut apporter le travail social dans les cabinets de m\u00e9decine g\u00e9n\u00e9rale \u00e0 la protection des adultes ?<br \/>\nUn travail de master r\u00e9dig\u00e9 \u00e0 la Haute \u00e9cole sp\u00e9cialis\u00e9e bernoise (BFH) pr\u00e9sente un catalogue provisoire de prestations et met en \u00e9vidence la contribution du travail social dans les cabinets m\u00e9dicaux : De la pr\u00e9vention et de l&rsquo;\u00e9valuation de la mesure administrative jusqu&rsquo;\u00e0 la fin de la curatelle. <span style=\"color: #89bb47;\"><a style=\"color: #89bb47;\" href=\"https:\/\/www.knoten-maschen.ch\/hausarztpraxen-und-erwachsenenschutz-das-potential-der-sozialen-arbeit\/\" target=\"_blank\" rel=\"noopener\"><strong>En savoir plus<\/strong><\/a><\/span><\/p>\n<p><strong>Cancer et pauvret\u00e9 : identifier \u00e0 temps les cons\u00e9quences financi\u00e8res d&rsquo;un cancer<br \/>\n<\/strong>La maladie canc\u00e9reuse constitue un d\u00e9fi consid\u00e9rable \u00e0 la fois physique et psychique. Si des difficult\u00e9s financi\u00e8res s\u2019y ajoutent, cela peut influencer n\u00e9gativement le traitement. <span style=\"color: #89bb47;\"><strong><a style=\"color: #89bb47;\" href=\"https:\/\/www.liguecancer.ch\/conseil-et-soutien\/professionnelsles\/cancer-et-pauvrete?_gl=1*8vm2h7*_gcl_au*MTExOTY5MjQ3Ni4xNzIzMjA0Mjkz*_ga*MjA1MzUxODUzOS4xNzIzMjA0Mjkz*_ga_7ETTSSGFK4*MTcyMzIwNDI4OS4xLjEuMTcyMzIwNTE1MS42MC4wLjA.\" target=\"_blank\" rel=\"noopener\">En savoir plus<\/a><\/strong><\/span><\/p>\n<\/div><div class=\"fusion-separator fusion-full-width-sep\" style=\"align-self: center;margin-left: auto;margin-right: auto;width:100%;\"><div class=\"fusion-separator-border sep-single sep-solid\" style=\"--awb-height:20px;--awb-amount:20px;--awb-sep-color:#abd1e5;border-color:#abd1e5;border-top-width:13px;\"><\/div><\/div><div class=\"fusion-text fusion-text-5\"><h2><\/h2>\n<h2 style=\"text-align: center;\"><strong>externe<\/strong><\/h2>\n<\/div><div class=\"fusion-text fusion-text-6\"><p><img decoding=\"async\" class=\"wp-image-8031 alignleft\" src=\"https:\/\/www.sages.ch\/wp-content\/uploads\/2023\/10\/Extern-1-scaled.jpg\" alt=\"\" width=\"344\" height=\"216\" srcset=\"https:\/\/www.sages.ch\/wp-content\/uploads\/2023\/10\/Extern-1-200x126.jpg 200w, https:\/\/www.sages.ch\/wp-content\/uploads\/2023\/10\/Extern-1-300x189.jpg 300w, https:\/\/www.sages.ch\/wp-content\/uploads\/2023\/10\/Extern-1-320x202.jpg 320w, https:\/\/www.sages.ch\/wp-content\/uploads\/2023\/10\/Extern-1-400x252.jpg 400w, https:\/\/www.sages.ch\/wp-content\/uploads\/2023\/10\/Extern-1-600x377.jpg 600w, https:\/\/www.sages.ch\/wp-content\/uploads\/2023\/10\/Extern-1-700x441.jpg 700w, https:\/\/www.sages.ch\/wp-content\/uploads\/2023\/10\/Extern-1-768x483.jpg 768w, https:\/\/www.sages.ch\/wp-content\/uploads\/2023\/10\/Extern-1-800x503.jpg 800w, https:\/\/www.sages.ch\/wp-content\/uploads\/2023\/10\/Extern-1-1024x644.jpg 1024w, https:\/\/www.sages.ch\/wp-content\/uploads\/2023\/10\/Extern-1-1200x755.jpg 1200w, https:\/\/www.sages.ch\/wp-content\/uploads\/2023\/10\/Extern-1-1536x966.jpg 1536w, https:\/\/www.sages.ch\/wp-content\/uploads\/2023\/10\/Extern-1-scaled.jpg 2560w\" sizes=\"(max-width: 344px) 100vw, 344px\" \/><strong>Semaine d&rsquo;action pour la s\u00e9curit\u00e9 des patients 2024 : participez-y !<br \/>\n<\/strong>La \u00ab semaine d\u2019action pour la s\u00e9curit\u00e9 des patients \u00bb aura lieu cette ann\u00e9e du 16 au 20 septembre 2024 sous le slogan \u00ab Diagnostic. Une affaire d\u2019\u00e9quipe. \u00bb. Un diagnostic ne rel\u00e8ve pas uniquement de la responsabilit\u00e9 d&rsquo;un\u00b7e seul\u00b7e professionnel\u00b7le. Il faut plut\u00f4t un travail d&rsquo;\u00e9quipe interprofessionnel, impliquant les patient\u00b7e\u00b7s, et un bon \u00e9change entre toutes les interfaces tout au long du parcours des patient\u00b7e\u00b7s dans le syst\u00e8me de sant\u00e9. L&rsquo;\u00e9quipe de diagnostic comprend tou\u00b7te\u00b7s les professionnel\u00b7le\u00b7s de la sant\u00e9 qui participent directement ou indirectement \u00e0 l&rsquo;\u00e9tablissement du diagnostic.<br \/>\nParticipez vous aussi \u00e0 la \u00ab semaine d&rsquo;action pour la s\u00e9curit\u00e9 des patients \u00bb ! Vous trouverez <strong><a href=\"https:\/\/patientensicherheit.ch\/fr\/semaine-daction\/\" target=\"_blank\" rel=\"noopener\"><span style=\"color: #abd1e5;\">ici<\/span><\/a><\/strong> tout le mat\u00e9riel et les activit\u00e9s que la fondation S\u00e9curit\u00e9 des patients Suisse met \u00e0 la disposition des organisations de sant\u00e9 dans le cadre de la semaine d&rsquo;action. Vous avez \u00e9galement la possibilit\u00e9 de participer \u00e0 une courte <span style=\"color: #abd1e5;\"><strong><a style=\"color: #abd1e5;\" href=\"https:\/\/forms.office.com\/pages\/responsepage.aspx?id=3NBoJyCiT0SA_ZCRrFKSc6HS84hPGUNIlUeqxedMCalUOU42WlJISEFBQ1hBNjNYOVFCT1dDUEhSNyQlQCN0PWcu\" target=\"_blank\" rel=\"noopener\">enqu\u00eate en ligne<\/a><\/strong><\/span> sur la s\u00e9curit\u00e9 des diagnostics dans votre institution.<\/p>\n<p><strong><b>Une proposition courageuse pour le r\u00e9tablissement du syst\u00e8me de sant\u00e9<br \/>\n<\/b><\/strong>Dans ses feuilles de route sur le d\u00e9veloppement durable du syst\u00e8me de sant\u00e9 (2019) et la durabilit\u00e9 des services de sant\u00e9 dans les limites plan\u00e9taires (2022), l\u2019ASSM a appel\u00e9 \u00e0 des r\u00e9formes et propos\u00e9 l\u2019\u00e9laboration d\u2019une loi f\u00e9d\u00e9rale sur la sant\u00e9. Dans ce cadre, elle a mandat\u00e9 Unisant\u00e9 Lausanne qui a publi\u00e9 en f\u00e9vrier 2024 un \u00e9clairage scientifique sur l\u2019\u00e9tat de la gouvernance du syst\u00e8me de sant\u00e9 et la pertinence d\u2019une loi f\u00e9d\u00e9rale sur la sant\u00e9. L&rsquo;ASSM a rendu publique une prise de position sur ce rapport et soutient l\u2019id\u00e9e d\u2019une loi f\u00e9d\u00e9rale sur la sant\u00e9. <a href=\"https:\/\/www.samw.ch\/fr\/Projets\/Apercu-des-projets\/Loi-federale-sur-la-sante.html\" target=\"_blank\" rel=\"noopener\"><strong><span style=\"color: #abd1e5;\">En savoir plus<\/span><\/strong><\/a><\/p>\n<p><strong>Le potentiel des professions sociales pour l&rsquo;accompagnement des personnes \u00e2g\u00e9es (disponible uniquement en allemand)<\/strong><br \/>\nComment et avec quel personnel une bonne prise en charge des personnes \u00e2g\u00e9es peut-elle \u00eatre r\u00e9alis\u00e9e?<br \/>\nDans son dernier \u00ab\u00a0Impulspapier\u00a0\u00bb, la fondation Paul Schiller explique en sept points d&rsquo;action comment les comp\u00e9tences des professionnel\u00b7le\u00b7s des professions sociales peuvent \u00eatre utilis\u00e9es plus efficacement pour les personnes \u00e2g\u00e9es. Et ils montrent, avec du mat\u00e9riel, des possibilit\u00e9s concr\u00e8tes de mise en \u0153uvre dans les six champs d&rsquo;action d&rsquo;un bon encadrement. <span style=\"color: #abd1e5;\"><strong><a style=\"color: #abd1e5;\" href=\"https:\/\/www.gutaltern.ch\/publikationen\/impulspapiere\/das-potenzial-sozialer-berufe-fur-die-betreu-ung-im-alter-nutzen\/\" target=\"_blank\" rel=\"noopener\">En savoir plus<\/a><\/strong><\/span><\/p>\n<\/div><\/div><\/div><div class=\"fusion-layout-column fusion_builder_column fusion-builder-column-2 fusion_builder_column_1_3 1_3 fusion-flex-column\" style=\"--awb-bg-color:#f7f7f7;--awb-bg-color-hover:#f7f7f7;--awb-bg-size:cover;--awb-border-color:#89bb47;--awb-border-top:10px;--awb-border-style:solid;--awb-width-large:33.333333333333%;--awb-margin-top-large:0px;--awb-spacing-right-large:5.76%;--awb-margin-bottom-large:20px;--awb-spacing-left-large:5.76%;--awb-width-medium:100%;--awb-order-medium:0;--awb-spacing-right-medium:1.92%;--awb-spacing-left-medium:1.92%;--awb-width-small:100%;--awb-order-small:0;--awb-spacing-right-small:1.92%;--awb-spacing-left-small:1.92%;\"><div class=\"fusion-column-wrapper fusion-column-has-shadow fusion-flex-justify-content-flex-start fusion-content-layout-column\"><div class=\"fusion-text fusion-text-7\"><h2><\/h2>\n<h2 style=\"text-align: center;\"><strong>\u00c9v\u00e8nements<\/strong><\/h2>\n<\/div><div class=\"fusion-text fusion-text-8\"><p><img decoding=\"async\" class=\"aligncenter wp-image-8027\" src=\"https:\/\/www.sages.ch\/wp-content\/uploads\/2023\/10\/klein-4.jpg\" alt=\"\" width=\"242\" height=\"162\" srcset=\"https:\/\/www.sages.ch\/wp-content\/uploads\/2023\/10\/klein-4-200x134.jpg 200w, https:\/\/www.sages.ch\/wp-content\/uploads\/2023\/10\/klein-4-300x201.jpg 300w, https:\/\/www.sages.ch\/wp-content\/uploads\/2023\/10\/klein-4-400x268.jpg 400w, https:\/\/www.sages.ch\/wp-content\/uploads\/2023\/10\/klein-4.jpg 519w\" sizes=\"(max-width: 242px) 100vw, 242px\" \/><\/p>\n<p><strong>5e congr\u00e8s national GERONTOLOGIE CH :<br \/>\n<\/strong><strong>\u00ab Technologies pour la qualit\u00e9 de vie dans le vieillissement : un trou d&rsquo;horizon interprofessionnel \u00bb<br \/>\nJeudi 5 septembre 2024<br \/>\n<\/strong><span style=\"color: #89bb47;\"><a style=\"color: #89bb47;\" href=\"https:\/\/www.sages.ch\/fr\/agenda\/5e-colloque-national-specialise-gerontologie-ch-technologies-pour-la-qualite-de-vie-dans-le-vieillissement-un-tour-dhorizon-interprofessionnel\/\" target=\"_blank\" rel=\"noopener\"><strong>Le congr\u00e8s<\/strong><\/a><\/span> se d\u00e9roulera en deux langues (d\/f). Les membres de SAGES b\u00e9n\u00e9ficient de conditions de participation avantageuses.<\/p>\n<\/div><div class=\"fusion-separator fusion-full-width-sep\" style=\"align-self: center;margin-left: auto;margin-right: auto;width:100%;\"><div class=\"fusion-separator-border sep-single sep-solid\" style=\"--awb-height:20px;--awb-amount:20px;--awb-sep-color:#ffffff;border-color:#ffffff;border-top-width:20px;\"><\/div><\/div><div class=\"fusion-separator fusion-full-width-sep\" style=\"align-self: center;margin-left: auto;margin-right: auto;width:100%;\"><div class=\"fusion-separator-border sep-single sep-solid\" style=\"--awb-height:20px;--awb-amount:20px;--awb-sep-color:#abd1e5;border-color:#abd1e5;border-top-width:13px;\"><\/div><\/div><div class=\"fusion-text fusion-text-9\"><h2><\/h2>\n<h2 style=\"text-align: center;\"><strong>Agenda<\/strong><\/h2>\n<\/div><div class=\"fusion-text fusion-text-10\"><p><strong><img decoding=\"async\" class=\" wp-image-8029 aligncenter\" src=\"https:\/\/www.sages.ch\/wp-content\/uploads\/2023\/10\/klein-2.jpg\" alt=\"\" width=\"242\" height=\"162\" srcset=\"https:\/\/www.sages.ch\/wp-content\/uploads\/2023\/10\/klein-2-200x134.jpg 200w, https:\/\/www.sages.ch\/wp-content\/uploads\/2023\/10\/klein-2-300x201.jpg 300w, https:\/\/www.sages.ch\/wp-content\/uploads\/2023\/10\/klein-2-400x268.jpg 400w, https:\/\/www.sages.ch\/wp-content\/uploads\/2023\/10\/klein-2.jpg 466w\" sizes=\"(max-width: 242px) 100vw, 242px\" \/><\/strong><\/p>\n<p><strong>R\u00e9unions des domaines sp\u00e9cifiques, des sections et des groupes sp\u00e9cifiques<br \/>\n<\/strong>Nos membres sont invit\u00e9\u00b7e\u00b7s \u00e0 participer aux rencontres organis\u00e9es r\u00e9guli\u00e8rement par les domaines sp\u00e9cifiques, les sections et les groupes sp\u00e9cifiques.\u00a0 Ces plateformes sont id\u00e9ales pour se mettre en r\u00e9seau et \u00e9changer des connaissances sp\u00e9cialis\u00e9es :<\/p>\n<ul>\n<li><span style=\"color: #abd1e5;\"><strong><a style=\"color: #abd1e5;\" href=\"https:\/\/www.sages.ch\/fr\/agenda\/reunion-de-la-section-suisse-romande-de-sages-3-2\/\" target=\"_blank\" rel=\"noopener\">R\u00e9union de la section Suisse romande de SAGES<\/a><br \/>\n<\/strong>Vendredi, 30 ao\u00fbt 2024 de 10h00 \u00e0 12h00\u00a0<\/span><\/li>\n<li><span style=\"color: #abd1e5;\"><strong><a style=\"color: #abd1e5;\" href=\"https:\/\/www.sages.ch\/fr\/agenda\/reunion-de-la-section-suisse-romande-de-sages\/\" target=\"_blank\" rel=\"noopener\">R\u00e9union de la section Suisse romande de SAGES<\/a><br \/>\n<\/strong>Vendredi, 15 novembre 2024 de 10h00 \u00e0 12h00<\/span><\/li>\n<\/ul>\n<p>Notre\u00a0<span style=\"color: #abd1e5;\"><a style=\"color: #abd1e5;\" href=\"https:\/\/www.sages.ch\/fr\/evenements-en-langue-francaise\/\" target=\"_blank\" rel=\"noopener\"><strong>agenda<\/strong><\/a><\/span>\u00a0est mis \u00e0 jour r\u00e9guli\u00e8rement.<\/p>\n<\/div><div class=\"fusion-separator fusion-full-width-sep\" style=\"align-self: center;margin-left: auto;margin-right: auto;width:100%;\"><div class=\"fusion-separator-border sep-single sep-solid\" style=\"--awb-height:20px;--awb-amount:20px;--awb-sep-color:#ffffff;border-color:#ffffff;border-top-width:20px;\"><\/div><\/div><div class=\"fusion-separator fusion-full-width-sep\" style=\"align-self: center;margin-left: auto;margin-right: auto;width:100%;\"><div class=\"fusion-separator-border sep-single sep-solid\" style=\"--awb-height:20px;--awb-amount:20px;--awb-sep-color:#00a75c;border-color:#00a75c;border-top-width:13px;\"><\/div><\/div><div class=\"fusion-text fusion-text-11\"><h2><\/h2>\n<h2 style=\"text-align: center;\"><strong>En bref<\/strong><\/h2>\n<\/div><div class=\"fusion-text fusion-text-12\"><p><strong><img decoding=\"async\" class=\" wp-image-8033 aligncenter\" src=\"https:\/\/www.sages.ch\/wp-content\/uploads\/2023\/10\/Klein-3.jpg\" alt=\"\" width=\"241\" height=\"172\" srcset=\"https:\/\/www.sages.ch\/wp-content\/uploads\/2023\/10\/Klein-3-200x142.jpg 200w, https:\/\/www.sages.ch\/wp-content\/uploads\/2023\/10\/Klein-3-300x214.jpg 300w, https:\/\/www.sages.ch\/wp-content\/uploads\/2023\/10\/Klein-3-400x285.jpg 400w, https:\/\/www.sages.ch\/wp-content\/uploads\/2023\/10\/Klein-3.jpg 466w\" sizes=\"(max-width: 241px) 100vw, 241px\" \/><\/strong><\/p>\n<p><strong>Informatif<\/strong><\/p>\n<ul>\n<li><span style=\"color: #00a75c;\"><a style=\"color: #00a75c;\" href=\"https:\/\/promotionsante.ch\/node\/9113\" target=\"_blank\" rel=\"noopener\"><strong>\u00abDaheim statt Heim\u00bb \u2013 Projet pilote pour le soutien \u00e0 l\u2019autogestion des personnes \u00e2g\u00e9es lors de soins stationnaires de courte dur\u00e9e<\/strong><\/a><\/span><\/li>\n<li><span style=\"color: #00a75c;\"><a style=\"color: #00a75c;\" href=\"https:\/\/click4help.ch\/fr\/\" target=\"_blank\" rel=\"noopener\"><strong>Une plateforme qui offre de l\u2019aide aux jeunes et aux professionnels<\/strong><\/a><\/span><\/li>\n<li><span style=\"color: #00a75c;\"><a style=\"color: #00a75c;\" href=\"https:\/\/www.socialchangeswitzerland.ch\/?p=3880\" target=\"_blank\" rel=\"noopener\"><strong>Comment les d\u00e9penses courantes accentuent les in\u00e9galit\u00e9s<\/strong><\/a><\/span><\/li>\n<li><span style=\"color: #00a75c;\"><a style=\"color: #00a75c;\" href=\"https:\/\/www.prevention.ch\/fr\/collection\/partizipation-von-kindern-und-jugendlichen-in-der-gesundheitsf%C3%B6rderung\" target=\"_blank\" rel=\"noopener\"><strong>La participation des enfants et des jeunes \u00e0 la promotion de la sant\u00e9<\/strong><\/a><\/span><\/li>\n<li><span style=\"color: #00a75c;\"><a style=\"color: #00a75c;\" href=\"https:\/\/altersfreundliche-gemeinde.ch\/fr\/rubrique-connaissances\/detail\/commune-amie-des-ainees-dun-projet-a-un-service-specialise-institue-1\" target=\"_blank\" rel=\"noopener\"><strong>Commune amie des a\u00een\u00e9\u00b7e\u00b7s \u2013 d\u2019un projet \u00e0 un Service sp\u00e9cialis\u00e9 institu\u00e9<\/strong><\/a><\/span><\/li>\n<li><span style=\"color: #00a75c;\"><a style=\"color: #00a75c;\" href=\"https:\/\/www.sages.ch\/wp-content\/uploads\/2024\/08\/2024_06_CSIAS_Position_longues-procedures_AI.pdf\" target=\"_blank\" rel=\"noopener\"><strong>Longues proc\u00e9dures AI : Mesures visant \u00e0 acc\u00e9l\u00e9rer l&rsquo;int\u00e9gration professionnelle<\/strong><\/a><\/span><\/li>\n<li><span style=\"color: #00a75c;\"><a style=\"color: #00a75c;\" href=\"https:\/\/sozialesicherheit.ch\/fr\/sante-mentale-des-enfants-et-des-jeunes-intervenir-le-plus-tot-possible\/\" target=\"_blank\" rel=\"noopener\"><strong>Sant\u00e9 mentale des enfants et des jeunes : intervenir le plus t\u00f4t possible<\/strong><\/a><\/span><\/li>\n<li><span style=\"color: #00a75c;\"><a style=\"color: #00a75c;\" href=\"https:\/\/sozialesicherheit.ch\/fr\/la-coordination-des-assurances-sociales-un-plus-pour-leconomie-suisse\/\" target=\"_blank\" rel=\"noopener\"><strong>La coordination des assurances sociales, un plus pour l\u2019\u00e9conomie suisse<\/strong><\/a><\/span><\/li>\n<li><span style=\"color: #00a75c;\"><a style=\"color: #00a75c;\" href=\"https:\/\/sozialesicherheit.ch\/fr\/familles-risque-de-pauvrete-accru-apres-un-divorce\/\" target=\"_blank\" rel=\"noopener\"><strong>Familles : risque de pauvret\u00e9 accru apr\u00e8s un divorce<\/strong><\/a><\/span><\/li>\n<li><span style=\"color: #00a75c;\"><a style=\"color: #00a75c;\" href=\"https:\/\/sozialesicherheit.ch\/fr\/mesures-dassistance-favoriser-lautodetermination\/\" target=\"_blank\" rel=\"noopener\"><strong>Mesures d\u2019assistance : favoriser l\u2019autod\u00e9termination<\/strong><\/a><\/span><\/li>\n<li><strong><span style=\"color: #00a75c;\"><a style=\"color: #00a75c;\" href=\"https:\/\/www.reiso.org\/articles\/themes\/pratiques\/12838-l-innovation-sociale-ce-catalyseur-federateur\" target=\"_blank\" rel=\"noopener\">L&rsquo;innovation sociale, ce catalyseur f\u00e9d\u00e9rateur<\/a><\/span><\/strong><\/li>\n<li><strong><span style=\"color: #00a75c;\"><a style=\"color: #00a75c;\" href=\"https:\/\/www.reiso.org\/actualites\/fil-de-l-actu\/12622-meilleure-interaction-entre-systeme-de-sante-et-aide-sociale\" target=\"_blank\" rel=\"noopener\">Meilleure interaction entre syst\u00e8me de sant\u00e9 et aide sociale<\/a><\/span><\/strong><\/li>\n<li><strong><span style=\"color: #00a75c;\"><a style=\"color: #00a75c;\" href=\"https:\/\/www.reiso.org\/articles\/themes\/pratiques\/12658-pouvoir-transformateur-du-langage-en-travail-social\" target=\"_blank\" rel=\"noopener\">Pouvoir transformateur du langage en travail social<\/a><\/span><\/strong><\/li>\n<\/ul>\n<p><strong>Chiffres-cl\u00e9s<\/strong><\/p>\n<ul>\n<li><a href=\"https:\/\/www.bfs.admin.ch\/bfs\/fr\/home\/actualites\/quoi-de-neuf.gnpdetail.2024-0574.html\" target=\"_blank\" rel=\"noopener\"><strong><span style=\"color: #00a75c;\">Pr\u00e8s de la moiti\u00e9 de la population salari\u00e9e travaille selon un horaire flexible<\/span><\/strong><\/a><\/li>\n<li><a href=\"https:\/\/www.bfs.admin.ch\/bfs\/fr\/home\/actualites\/quoi-de-neuf.gnpdetail.2024-0577.html\" target=\"_blank\" rel=\"noopener\"><strong><span style=\"color: #00a75c;\">Plus de 8 milliards d&rsquo;heures travaill\u00e9es en 2023<\/span><\/strong><\/a><\/li>\n<li><strong><span style=\"color: #00a75c;\"><a style=\"color: #00a75c;\" href=\"https:\/\/www.bfs.admin.ch\/bfs\/fr\/home\/actualites\/quoi-de-neuf.gnpdetail.2024-0553.html\" target=\"_blank\" rel=\"noopener\">\u00c9galit\u00e9 entre femmes et hommes &#8211; Survol des domaines de la vie<\/a><\/span><\/strong><\/li>\n<li><span style=\"color: #00a75c;\"><a style=\"color: #00a75c;\" href=\"https:\/\/www.bfs.admin.ch\/bfs\/fr\/home\/actualites\/quoi-de-neuf.gnpdetail.2024-0181.html\" target=\"_blank\" rel=\"noopener\"><strong>Toujours plus de personnes sont stress\u00e9es au travail<\/strong><\/a><\/span><\/li>\n<li><a href=\"https:\/\/www.bfs.admin.ch\/bfs\/fr\/home\/actualites\/quoi-de-neuf.gnpdetail.2024-0576.html\" target=\"_blank\" rel=\"noopener\"><strong><span style=\"color: #00a75c;\">Le nombre d&rsquo;actifs occup\u00e9s a progress\u00e9 de 1,4% et le taux de ch\u00f4mage (BIT) s&rsquo;est maintenu \u00e0 4,3% au 1er trimestre 2024<\/span><\/strong><\/a><\/li>\n<li><strong><a href=\"https:\/\/www.bfs.admin.ch\/bfs\/fr\/home\/actualites\/quoi-de-neuf.gnpdetail.2024-0364.html\" target=\"_blank\" rel=\"noopener\"><span style=\"color: #00a75c;\">Soins \u00e0 domicile: les entreprises commerciales facturent plus d&rsquo;heures par client, mais \u00e0 un co\u00fbt moindre<\/span><\/a><\/strong><\/li>\n<\/ul>\n<p>D\u2019autres informations sont r\u00e9guli\u00e8rement publi\u00e9es sur notre\u00a0<span style=\"color: #00a75c;\"><strong><a style=\"color: #00a75c;\" href=\"https:\/\/www.sages.ch\/fr\/actualite-2\/\" target=\"_blank\" rel=\"noopener\">site web<\/a><\/strong>.<\/span><\/p>\n<\/div><\/div><\/div><\/div><\/div>\n","protected":false},"excerpt":{"rendered":"","protected":false},"author":1,"featured_media":0,"parent":0,"menu_order":0,"comment_status":"closed","ping_status":"closed","template":"","meta":{"footnotes":""},"class_list":["post-9047","page","type-page","status-publish","hentry"],"_links":{"self":[{"href":"https:\/\/www.sages.ch\/fr\/wp-json\/wp\/v2\/pages\/9047","targetHints":{"allow":["GET"]}}],"collection":[{"href":"https:\/\/www.sages.ch\/fr\/wp-json\/wp\/v2\/pages"}],"about":[{"href":"https:\/\/www.sages.ch\/fr\/wp-json\/wp\/v2\/types\/page"}],"author":[{"embeddable":true,"href":"https:\/\/www.sages.ch\/fr\/wp-json\/wp\/v2\/users\/1"}],"replies":[{"embeddable":true,"href":"https:\/\/www.sages.ch\/fr\/wp-json\/wp\/v2\/comments?post=9047"}],"version-history":[{"count":33,"href":"https:\/\/www.sages.ch\/fr\/wp-json\/wp\/v2\/pages\/9047\/revisions"}],"predecessor-version":[{"id":9158,"href":"https:\/\/www.sages.ch\/fr\/wp-json\/wp\/v2\/pages\/9047\/revisions\/9158"}],"wp:attachment":[{"href":"https:\/\/www.sages.ch\/fr\/wp-json\/wp\/v2\/media?parent=9047"}],"curies":[{"name":"wp","href":"https:\/\/api.w.org\/{rel}","templated":true}]}}