{"id":10322,"date":"2025-05-23T08:33:59","date_gmt":"2025-05-23T06:33:59","guid":{"rendered":"https:\/\/www.sages.ch\/agenda\/22-schweizerischer-case-management-kongress-megatrends-auswirkungen-und-herausforderungen-fuer-das-case-management\/"},"modified":"2025-05-23T08:34:53","modified_gmt":"2025-05-23T06:34:53","slug":"22-schweizerischer-case-management-kongress-megatrends-auswirkungen-und-herausforderungen-fuer-das-case-management","status":"publish","type":"tribe_events","link":"https:\/\/www.sages.ch\/fr\/agenda\/22-schweizerischer-case-management-kongress-megatrends-auswirkungen-und-herausforderungen-fuer-das-case-management\/","title":{"rendered":"22. Schweizerischer Case Management-Kongress: \u00abMegatrends: Auswirkungen und Herausforderungen f\u00fcr das Case Management\u00bb"},"content":{"rendered":"<p>Zukunftsstress, angespannte Weltlage, kontinuierlicher Anstieg psychischer Belastungen, zunehmende Komplexit\u00e4t &#8211; die Case Management-Fachwelt steht vor neuen Aufgaben. Am 22. Schweizerischen Case Management-Kongress diskutieren wir, welche Chancen und Herausforderungen diese Entwicklungen f\u00fcr die Praxis bedeuten. Im Fokus stehen zentrale Megatrends und ihre Implikationen f\u00fcr das Case Management von morgen. Dabei werden die wesentlichen Unterschiede zwischen dem Case Management 2025 und 2050 beleuchtet.<br \/>\nDer Kongress soll Sie darin unterst\u00fctzen sich proaktiv auf kommende Ver\u00e4nderungen vorzubereiten und Ihre strategische Kompetenz st\u00e4rken, um den Wandel in der Praxis gezielt mitzugestalten. Entdecken Sie die Megatrends, die f\u00fcr Ihre Arbeit besonders relevant sind und erhalten Sie wertvolle Impulse f\u00fcr eine zukunftsorientierte und resiliente Arbeitsweise.<\/p>\n<p>SAGES ist Kooperationspartner der\u00a0Tagung, unsere Mitglieder profitieren dabei von verg\u00fcnstigten Teilnahmekonditionen.<\/p>\n<p><a href=\"https:\/\/www.sages.ch\/wp-content\/uploads\/2025\/05\/Ausschreibung-CM-Kongress-2025.pdf\" target=\"_blank\" rel=\"noopener\">\u203a Programm<\/a><\/p>\n<p><a href=\"https:\/\/www.netzwerk-cm.ch\/\" target=\"_blank\" rel=\"noopener\">\u203a Zur Tagungswebseite<\/a><\/p>\n","protected":false},"excerpt":{"rendered":"<p>Zukunftsstress, angespannte Weltlage, kontinuierlicher Anstieg psychischer Belastungen, zunehmende Komplexit\u00e4t &#8211; die Case Management-Fachwelt steht vor neuen Aufgaben. Am 22. Schweizerischen Case Management-Kongress diskutieren wir, welche Chancen und Herausforderungen diese Entwicklungen f\u00fcr die Praxis bedeuten. Im Fokus stehen zentrale Megatrends und  [&#8230;]<\/p>\n","protected":false},"author":1,"featured_media":0,"template":"","meta":{"_tribe_events_status":"","_tribe_events_status_reason":"","footnotes":""},"tags":[],"tribe_events_cat":[62],"class_list":["post-10322","tribe_events","type-tribe_events","status-publish","hentry","tribe_events_cat-allemand","cat_allemand"],"_links":{"self":[{"href":"https:\/\/www.sages.ch\/fr\/wp-json\/wp\/v2\/tribe_events\/10322","targetHints":{"allow":["GET"]}}],"collection":[{"href":"https:\/\/www.sages.ch\/fr\/wp-json\/wp\/v2\/tribe_events"}],"about":[{"href":"https:\/\/www.sages.ch\/fr\/wp-json\/wp\/v2\/types\/tribe_events"}],"author":[{"embeddable":true,"href":"https:\/\/www.sages.ch\/fr\/wp-json\/wp\/v2\/users\/1"}],"version-history":[{"count":1,"href":"https:\/\/www.sages.ch\/fr\/wp-json\/wp\/v2\/tribe_events\/10322\/revisions"}],"predecessor-version":[{"id":10323,"href":"https:\/\/www.sages.ch\/fr\/wp-json\/wp\/v2\/tribe_events\/10322\/revisions\/10323"}],"wp:attachment":[{"href":"https:\/\/www.sages.ch\/fr\/wp-json\/wp\/v2\/media?parent=10322"}],"wp:term":[{"taxonomy":"post_tag","embeddable":true,"href":"https:\/\/www.sages.ch\/fr\/wp-json\/wp\/v2\/tags?post=10322"},{"taxonomy":"tribe_events_cat","embeddable":true,"href":"https:\/\/www.sages.ch\/fr\/wp-json\/wp\/v2\/tribe_events_cat?post=10322"}],"curies":[{"name":"wp","href":"https:\/\/api.w.org\/{rel}","templated":true}]}}