{"id":10403,"date":"2025-06-06T14:05:35","date_gmt":"2025-06-06T12:05:35","guid":{"rendered":"https:\/\/www.sages.ch\/?post_type=tribe_events&#038;p=10403"},"modified":"2025-06-06T14:05:43","modified_gmt":"2025-06-06T12:05:43","slug":"empowerment-des-patient%c2%b7e%c2%b7s-et-des-proches-lentraide-auto-geree-en-reseau","status":"publish","type":"tribe_events","link":"https:\/\/www.sages.ch\/fr\/agenda\/empowerment-des-patient%c2%b7e%c2%b7s-et-des-proches-lentraide-auto-geree-en-reseau\/","title":{"rendered":"Empowerment  des patient\u00b7e\u00b7s  et des proches,  l\u2019entraide auto g\u00e9r\u00e9e en r\u00e9seau"},"content":{"rendered":"<p>Dans le cadre du projet \u00ab Comp\u00e9tences en sant\u00e9 gr\u00e2ce \u00e0 des h\u00f4pitaux favorables \u00e0 l\u2019entraide \u00bb, plus de 60 coop\u00e9rations entre h\u00f4pitaux, centres d\u2019entraide et groupes d\u2019entraide ont \u00e9t\u00e9 \u00e9tablie \u00e0 travers toute la Suisse au cours des quatre derni\u00e8res ann\u00e9es. Le colloque sp\u00e9cialis\u00e9 \u00ab Empowerment des patient\u00b7e\u00b7s et des proches, l\u2019entraide autog\u00e9 r\u00e9e en r\u00e9seau \u00bb est plac\u00e9e sous le signe de l\u2019engagement collectif, de l\u2019apprentissage mutuel et de l\u2019objectif d\u2019ancrer durablement l\u2019entraide dans le syst\u00e8me de sant\u00e9. Elle marque la conclusion du projet.<\/p>\n<p>\u203a <a href=\"https:\/\/www.sages.ch\/wp-content\/uploads\/2025\/06\/Flyer-FR.pdf\" target=\"_blank\" rel=\"noopener\">Flyer<\/a><\/p>\n<p>\u203a <a href=\"https:\/\/www.hslu.ch\/de-ch\/soziale-arbeit\/agenda\/veranstaltungen\/2025\/08\/27\/wb-tagung-selbsthilfefreundliche-spitaeler\/\" target=\"_blank\" rel=\"noopener\">Site web<\/a><\/p>\n","protected":false},"excerpt":{"rendered":"<p>Dans le cadre du projet \u00ab Comp\u00e9tences en sant\u00e9 gr\u00e2ce \u00e0 des h\u00f4pitaux favorables \u00e0 l\u2019entraide \u00bb, plus de 60 coop\u00e9rations entre h\u00f4pitaux, centres d\u2019entraide et groupes d\u2019entraide ont \u00e9t\u00e9 \u00e9tablie \u00e0 travers toute la Suisse au cours des quatre  [&#8230;]<\/p>\n","protected":false},"author":1,"featured_media":0,"template":"","meta":{"_tribe_events_status":"","_tribe_events_status_reason":"","footnotes":""},"tags":[],"tribe_events_cat":[62,64],"class_list":["post-10403","tribe_events","type-tribe_events","status-publish","hentry","tribe_events_cat-allemand","tribe_events_cat-francais","cat_allemand","cat_francais"],"_links":{"self":[{"href":"https:\/\/www.sages.ch\/fr\/wp-json\/wp\/v2\/tribe_events\/10403","targetHints":{"allow":["GET"]}}],"collection":[{"href":"https:\/\/www.sages.ch\/fr\/wp-json\/wp\/v2\/tribe_events"}],"about":[{"href":"https:\/\/www.sages.ch\/fr\/wp-json\/wp\/v2\/types\/tribe_events"}],"author":[{"embeddable":true,"href":"https:\/\/www.sages.ch\/fr\/wp-json\/wp\/v2\/users\/1"}],"version-history":[{"count":1,"href":"https:\/\/www.sages.ch\/fr\/wp-json\/wp\/v2\/tribe_events\/10403\/revisions"}],"predecessor-version":[{"id":10405,"href":"https:\/\/www.sages.ch\/fr\/wp-json\/wp\/v2\/tribe_events\/10403\/revisions\/10405"}],"wp:attachment":[{"href":"https:\/\/www.sages.ch\/fr\/wp-json\/wp\/v2\/media?parent=10403"}],"wp:term":[{"taxonomy":"post_tag","embeddable":true,"href":"https:\/\/www.sages.ch\/fr\/wp-json\/wp\/v2\/tags?post=10403"},{"taxonomy":"tribe_events_cat","embeddable":true,"href":"https:\/\/www.sages.ch\/fr\/wp-json\/wp\/v2\/tribe_events_cat?post=10403"}],"curies":[{"name":"wp","href":"https:\/\/api.w.org\/{rel}","templated":true}]}}