{"id":11550,"date":"2026-03-13T10:37:39","date_gmt":"2026-03-13T09:37:39","guid":{"rendered":"https:\/\/www.sages.ch\/?post_type=tribe_events&#038;p=11550"},"modified":"2026-03-13T10:38:08","modified_gmt":"2026-03-13T09:38:08","slug":"7e-colloque-national-specialise-gerontologie-ch-rester-cool-face-au-changement-climatique-une-question-brulante-en-regard-du-vieillissement","status":"publish","type":"tribe_events","link":"https:\/\/www.sages.ch\/fr\/agenda\/7e-colloque-national-specialise-gerontologie-ch-rester-cool-face-au-changement-climatique-une-question-brulante-en-regard-du-vieillissement\/","title":{"rendered":"7e Colloque national sp\u00e9cialis\u00e9 GERONTOLOGIE CH \u00abRester cool face au changement climatique \u2013 une question br\u00fblante en regard du vieillissement\u00bb"},"content":{"rendered":"<p>Les cons\u00e9quences du changement climatique touchent toutes les g\u00e9n\u00e9rations mais les risques pour la sant\u00e9 sont particuli\u00e8rement \u00e9lev\u00e9s pour les personnes \u00e2g\u00e9es. Que peuvent faire les professionnel\u00b7le\u00b7s et les communes pour aider les seniors en cas de conditions m\u00e9t\u00e9orologiques extr\u00eames? Comment le syst\u00e8me de sant\u00e9 suisse r\u00e9agit-il au r\u00e9chauffement climatique? Comment notre soci\u00e9t\u00e9 peut-elle s&rsquo;adapter \u00e0 cette menace globale? Et comment les personnes de tous \u00e2ges peuvent-elles rester r\u00e9silientes et capables d&rsquo;agir? La Colloque sp\u00e9cialis\u00e9 se consacre \u00e0 ces d\u00e9fis multifacettes et pr\u00e9sente des pistes d&rsquo;action pour bien vieillir et pr\u00e9server son autod\u00e9termination face au d\u00e9r\u00e8glement climatique.<\/p>\n<p>SAGES est partenaire de l\u2019\u00e9v\u00e9nement; nos membres b\u00e9n\u00e9ficient de conditions de participation pr\u00e9f\u00e9rentielles.<\/p>\n<p><a href=\"https:\/\/www.gerontologie.ch\/fr\/actualites\/manifestations\/detail\/colloque-2026\" target=\"_blank\" rel=\"noopener\">\u203a Site web<\/a><\/p>\n","protected":false},"excerpt":{"rendered":"<p>Les cons\u00e9quences du changement climatique touchent toutes les g\u00e9n\u00e9rations mais les risques pour la sant\u00e9 sont particuli\u00e8rement \u00e9lev\u00e9s pour les personnes \u00e2g\u00e9es. Que peuvent faire les professionnel\u00b7le\u00b7s et les communes pour aider les seniors en cas de conditions m\u00e9t\u00e9orologiques extr\u00eames?  [&#8230;]<\/p>\n","protected":false},"author":1,"featured_media":0,"template":"","meta":{"_tribe_events_status":"","_tribe_events_status_reason":"","footnotes":""},"tags":[],"tribe_events_cat":[62,64],"class_list":["post-11550","tribe_events","type-tribe_events","status-publish","hentry","tribe_events_cat-allemand","tribe_events_cat-francais","cat_allemand","cat_francais"],"_links":{"self":[{"href":"https:\/\/www.sages.ch\/fr\/wp-json\/wp\/v2\/tribe_events\/11550","targetHints":{"allow":["GET"]}}],"collection":[{"href":"https:\/\/www.sages.ch\/fr\/wp-json\/wp\/v2\/tribe_events"}],"about":[{"href":"https:\/\/www.sages.ch\/fr\/wp-json\/wp\/v2\/types\/tribe_events"}],"author":[{"embeddable":true,"href":"https:\/\/www.sages.ch\/fr\/wp-json\/wp\/v2\/users\/1"}],"version-history":[{"count":1,"href":"https:\/\/www.sages.ch\/fr\/wp-json\/wp\/v2\/tribe_events\/11550\/revisions"}],"predecessor-version":[{"id":11551,"href":"https:\/\/www.sages.ch\/fr\/wp-json\/wp\/v2\/tribe_events\/11550\/revisions\/11551"}],"wp:attachment":[{"href":"https:\/\/www.sages.ch\/fr\/wp-json\/wp\/v2\/media?parent=11550"}],"wp:term":[{"taxonomy":"post_tag","embeddable":true,"href":"https:\/\/www.sages.ch\/fr\/wp-json\/wp\/v2\/tags?post=11550"},{"taxonomy":"tribe_events_cat","embeddable":true,"href":"https:\/\/www.sages.ch\/fr\/wp-json\/wp\/v2\/tribe_events_cat?post=11550"}],"curies":[{"name":"wp","href":"https:\/\/api.w.org\/{rel}","templated":true}]}}