{"id":6817,"date":"2023-01-13T14:17:57","date_gmt":"2023-01-13T13:17:57","guid":{"rendered":"https:\/\/www.sages.ch\/veranstaltung\/save-the-date-3-nationale-sages-fachtagung-2023-integrierte-versorgung-rolle-und-aufgaben-der-sozialen-arbeit\/"},"modified":"2023-09-15T15:47:13","modified_gmt":"2023-09-15T13:47:13","slug":"3e-congres-national-professionnel-de-sages-soins-integres-role-et-missions-du-travail-social","status":"publish","type":"tribe_events","link":"https:\/\/www.sages.ch\/fr\/agenda\/3e-congres-national-professionnel-de-sages-soins-integres-role-et-missions-du-travail-social\/","title":{"rendered":"3e congr\u00e8s national de SAGES : \u00abSoins int\u00e9gr\u00e9s : r\u00f4le et missions du travail social\u00bb"},"content":{"rendered":"<p>Dans le domaine de la sant\u00e9 et la politique, il existe un large consensus sur la n\u00e9cessit\u00e9 de mieux mettre en r\u00e9seau les partenaires de soins et de coordonner leurs prestations afin de garantir la qualit\u00e9 pour les client\u00b7es tout au long du processus des soins. Cette vision id\u00e9ale est toutefois contrebalanc\u00e9e par un syst\u00e8me de soins marqu\u00e9 par une forte fragmentation des prestations professionnelles. Souvent, l\u2019accent n\u2019est pas mis sur l\u2019\u00ab\u00a0int\u00e9gration\u00a0\u00bb des diff\u00e9rentes expertises professionnelles, mais plut\u00f4t sur la \u00ab\u00a0coordination\u00a0\u00bb des prestations m\u00e9dicales. Les causes et les cons\u00e9quences sociales de la maladie \u2013 en particulier chez les personnes souffrant de maladies multiples et de probl\u00e8mes chroniques \u2013 sont, de fait, perdues de vue. Dans la perspective d\u2019une compr\u00e9hension bio-psycho-sociale de la sant\u00e9 et de la maladie, ces facteurs sociaux doivent pourtant imp\u00e9rativement \u00eatre int\u00e9gr\u00e9s dans le processus de soins.<\/p>\n<p>Le 3<sup>e<\/sup> congr\u00e8s national de l\u2019Association suisse pour le travail social en lien avec la sant\u00e9 SAGES est consacr\u00e9 au th\u00e8me des soins int\u00e9gr\u00e9s. Il s\u2019agira de discuter d\u2019une compr\u00e9hension professionnellement fond\u00e9e des soins int\u00e9gr\u00e9s, dans laquelle le travail social joue un r\u00f4le important. Des mod\u00e8les de pratique s\u00e9lectionn\u00e9s seront pr\u00e9sent\u00e9s, qui d\u00e9crivent entre autres la coop\u00e9ration entre les professionnel\u00b7les tout au long du processus des soins et la mani\u00e8re dont les client\u00b7es et leurs personnes de r\u00e9f\u00e9rence sont pris\u00b7es en compte et soutenu\u00b7es de mani\u00e8re ad\u00e9quate dans leurs conditions de vie, par exemple dans leurs r\u00e9seaux sociaux personnels, leur situation de logement et\/ou de travail, ainsi que dans la conduite de leur vie. Les expos\u00e9s centraux, ateliers et forums d\u2019\u00e9change du congr\u00e8s de SAGES 2023 permettront d\u2019explorer le potentiel du travail social ainsi que les questions \u00e0 aborder concernant le financement des soins int\u00e9gr\u00e9s en tenant compte des facteurs sociaux de la sant\u00e9. Le programme pr\u00e9voit tant les questions et r\u00e9ponses de la pratique que celles de la politique. Une discussion large et ouverte a comme objectif de contribuer \u00e0 renforcer le positionnement des professionnel\u00b7les du travail social dans le contexte des soins int\u00e9gr\u00e9s.<\/p>\n<p>Le congr\u00e8s se d\u00e9roulera en deux langues (f\/a).<\/p>\n<p>Le congr\u00e8s est ouvert \u00e0 tous les publics.<\/p>\n<p><a href=\"https:\/\/www.sages.ch\/fr\/inscription-congres-sages\/\" target=\"_blank\" rel=\"noopener\">\u203a Vers le formulaire d&rsquo;inscription<\/a><\/p>\n<p><a href=\"https:\/\/www.sages.ch\/wp-content\/uploads\/2023\/09\/Flyer_SAGES_Congres_2023-1.pdf\" target=\"_blank\" rel=\"noopener\">\u203a Flyer<\/a><\/p>\n","protected":false},"excerpt":{"rendered":"<p>Dans le domaine de la sant\u00e9 et la politique, il existe un large consensus sur la n\u00e9cessit\u00e9 de mieux mettre en r\u00e9seau les partenaires de soins et de coordonner leurs prestations afin de garantir la qualit\u00e9 pour les client\u00b7es tout  [&#8230;]<\/p>\n","protected":false},"author":1,"featured_media":0,"template":"","meta":{"_tribe_events_status":"","_tribe_events_status_reason":"","footnotes":""},"tags":[],"tribe_events_cat":[62,64],"class_list":["post-6817","tribe_events","type-tribe_events","status-publish","hentry","tribe_events_cat-allemand","tribe_events_cat-francais","cat_allemand","cat_francais"],"_links":{"self":[{"href":"https:\/\/www.sages.ch\/fr\/wp-json\/wp\/v2\/tribe_events\/6817","targetHints":{"allow":["GET"]}}],"collection":[{"href":"https:\/\/www.sages.ch\/fr\/wp-json\/wp\/v2\/tribe_events"}],"about":[{"href":"https:\/\/www.sages.ch\/fr\/wp-json\/wp\/v2\/types\/tribe_events"}],"author":[{"embeddable":true,"href":"https:\/\/www.sages.ch\/fr\/wp-json\/wp\/v2\/users\/1"}],"version-history":[{"count":9,"href":"https:\/\/www.sages.ch\/fr\/wp-json\/wp\/v2\/tribe_events\/6817\/revisions"}],"predecessor-version":[{"id":7969,"href":"https:\/\/www.sages.ch\/fr\/wp-json\/wp\/v2\/tribe_events\/6817\/revisions\/7969"}],"wp:attachment":[{"href":"https:\/\/www.sages.ch\/fr\/wp-json\/wp\/v2\/media?parent=6817"}],"wp:term":[{"taxonomy":"post_tag","embeddable":true,"href":"https:\/\/www.sages.ch\/fr\/wp-json\/wp\/v2\/tags?post=6817"},{"taxonomy":"tribe_events_cat","embeddable":true,"href":"https:\/\/www.sages.ch\/fr\/wp-json\/wp\/v2\/tribe_events_cat?post=6817"}],"curies":[{"name":"wp","href":"https:\/\/api.w.org\/{rel}","templated":true}]}}