{"id":7989,"date":"2023-10-06T14:12:06","date_gmt":"2023-10-06T12:12:06","guid":{"rendered":"https:\/\/www.sages.ch\/?post_type=tribe_events&#038;p=7989"},"modified":"2023-10-06T14:12:15","modified_gmt":"2023-10-06T12:12:15","slug":"symposium-accompagnement-et-inclusion-des-personnes-avec-une-lesion-cerebrale","status":"publish","type":"tribe_events","link":"https:\/\/www.sages.ch\/fr\/agenda\/symposium-accompagnement-et-inclusion-des-personnes-avec-une-lesion-cerebrale\/","title":{"rendered":"Symposium Accompagnement et inclusion des personnes avec une l\u00e9sion c\u00e9r\u00e9brale"},"content":{"rendered":"<p>Jeudi 1er f\u00e9vrier 2024, FRAGILE Suisse et la HETSL vous invitent au 1er symposium romand sur l\u2019accompagnement et l\u2019inclusion des personnes vivant avec des l\u00e9sions c\u00e9r\u00e9brales, \u00e0 Lausanne. Le symposium vise \u00e0 informer les professionnel\u00b7le\u00b7s sur les besoins des personnes concern\u00e9es et sur les propositions de soutien adapt\u00e9es qui peuvent \u00eatre mises en place.<\/p>\n<p>Les l\u00e9sions c\u00e9r\u00e9brales dues \u00e0 un accident vasculaire c\u00e9r\u00e9bral, \u00e0 un traumatisme cranio-c\u00e9r\u00e9bral ou \u00e0 d&rsquo;autres causes sont tr\u00e8s r\u00e9pandues. Plus de 130 000 personnes vivent en Suisse avec une l\u00e9sion c\u00e9r\u00e9brale. Les connaissances en mati\u00e8re de prise en charge des personnes touch\u00e9es par une l\u00e9sion c\u00e9r\u00e9brale sont insuffisantes, m\u00eame dans les milieux sp\u00e9cialis\u00e9s. Leurs besoins et leurs demandes ne sont souvent pas compris et elles ne trouvent pas de soutien sp\u00e9cialis\u00e9.<\/p>\n<p>Un suivi et un accompagnement cibl\u00e9s de ces personnes sur le chemin du retour \u00e0 une vie autonome est fondamental et constitue un facteur de r\u00e9ussite important pour la r\u00e9insertion sociale. Il est important que les professionnel\u00b7le\u00b7s de la sant\u00e9 disposent des connaissances n\u00e9cessaires lorsqu&rsquo;ils travaillent avec des personnes vivant avec une l\u00e9sion c\u00e9r\u00e9brale.<\/p>\n<p>Le symposium, organis\u00e9 par\u00a0FRAGILE Suisse\u00a0et la HETSL, poursuit cet objectif et se penche sur les effets \u00e0 long terme des traumatismes cranio-c\u00e9r\u00e9braux et les cons\u00e9quences des l\u00e9sions c\u00e9r\u00e9brales sur les personnes concern\u00e9es. Plusieurs sp\u00e9cialistes interviendront et pr\u00e9senteront la th\u00e9matique sous diff\u00e9rents angles. De plus, une personne concern\u00e9e et une personne proche t\u00e9moigneront de leur v\u00e9cu et des difficult\u00e9s rencontr\u00e9es.<\/p>\n<p><a href=\"https:\/\/www.sages.ch\/wp-content\/uploads\/2023\/10\/Flyer_symposium_def.pdf\" target=\"_blank\" rel=\"noopener\">\u203a Flyer<\/a><\/p>\n<p><a href=\"https:\/\/www.hetsl.ch\/evenements\/detail\/accompagnement-et-inclusion-des-personnes-avec-une-lesion-cerebrale\/\" target=\"_blank\" rel=\"noopener\">\u203a Site web<\/a><\/p>\n","protected":false},"excerpt":{"rendered":"<p>Jeudi 1er f\u00e9vrier 2024, FRAGILE Suisse et la HETSL vous invitent au 1er symposium romand sur l\u2019accompagnement et l\u2019inclusion des personnes vivant avec des l\u00e9sions c\u00e9r\u00e9brales, \u00e0 Lausanne. Le symposium vise \u00e0 informer les professionnel\u00b7le\u00b7s sur les besoins des personnes  [&#8230;]<\/p>\n","protected":false},"author":1,"featured_media":0,"template":"","meta":{"_tribe_events_status":"","_tribe_events_status_reason":"","footnotes":""},"tags":[],"tribe_events_cat":[64],"class_list":["post-7989","tribe_events","type-tribe_events","status-publish","hentry","tribe_events_cat-francais","cat_francais"],"_links":{"self":[{"href":"https:\/\/www.sages.ch\/fr\/wp-json\/wp\/v2\/tribe_events\/7989","targetHints":{"allow":["GET"]}}],"collection":[{"href":"https:\/\/www.sages.ch\/fr\/wp-json\/wp\/v2\/tribe_events"}],"about":[{"href":"https:\/\/www.sages.ch\/fr\/wp-json\/wp\/v2\/types\/tribe_events"}],"author":[{"embeddable":true,"href":"https:\/\/www.sages.ch\/fr\/wp-json\/wp\/v2\/users\/1"}],"version-history":[{"count":1,"href":"https:\/\/www.sages.ch\/fr\/wp-json\/wp\/v2\/tribe_events\/7989\/revisions"}],"predecessor-version":[{"id":7990,"href":"https:\/\/www.sages.ch\/fr\/wp-json\/wp\/v2\/tribe_events\/7989\/revisions\/7990"}],"wp:attachment":[{"href":"https:\/\/www.sages.ch\/fr\/wp-json\/wp\/v2\/media?parent=7989"}],"wp:term":[{"taxonomy":"post_tag","embeddable":true,"href":"https:\/\/www.sages.ch\/fr\/wp-json\/wp\/v2\/tags?post=7989"},{"taxonomy":"tribe_events_cat","embeddable":true,"href":"https:\/\/www.sages.ch\/fr\/wp-json\/wp\/v2\/tribe_events_cat?post=7989"}],"curies":[{"name":"wp","href":"https:\/\/api.w.org\/{rel}","templated":true}]}}