{"id":9872,"date":"2025-01-31T16:54:45","date_gmt":"2025-01-31T15:54:45","guid":{"rendered":"https:\/\/www.sages.ch\/?post_type=tribe_events&#038;p=9872"},"modified":"2025-01-31T16:54:56","modified_gmt":"2025-01-31T15:54:56","slug":"medicaments-surprescription-et-deprescription-un-equilibre-a-repenser-entre-qualite-prevention-et-lien-social","status":"publish","type":"tribe_events","link":"https:\/\/www.sages.ch\/fr\/agenda\/medicaments-surprescription-et-deprescription-un-equilibre-a-repenser-entre-qualite-prevention-et-lien-social\/","title":{"rendered":"M\u00e9dicaments, surprescription et d\u00e9prescription. Un \u00e9quilibre \u00e0 repenser entre qualit\u00e9, pr\u00e9vention et lien social"},"content":{"rendered":"<p>Face aux d\u00e9fis de la surprescription et de la polym\u00e9dication chez les seniors, la d\u00e9prescription s&rsquo;impose comme une solution n\u00e9cessaire mais complexe. Cet apr\u00e8s-midi d\u2019\u00e9tude vise \u00e0 identifier les ressources disponibles lorsque la surprescription devient pr\u00e9occupante et \u00e0 r\u00e9fl\u00e9chir \u00e0 des solutions qui favorisent le lien social et une bonne collaboration entre les intervenant\u00b7es.<\/p>\n<p>\u203a <a href=\"https:\/\/www.hetsl.ch\/evenements\/detail\/evenement\/medicaments-surprescription-et-deprescription-un-equilibre-a-repenser-entre-qualite-prevention-et-lien-social#:~:text=Un%20%C3%A9quilibre%20%C3%A0%20repenser%20entre%20qualit%C3%A9%2C%20pr%C3%A9vention%20et%20lien%20social,-Dates%20de%20l&amp;text=En%20r%C3%A9ponse%20%C3%A0%20une%20m%C3%A9dicalisation,une%20solution%20n%C3%A9cessaire%20mais%20complexe.\" target=\"_blank\" rel=\"noopener\">Site web<\/a><\/p>\n","protected":false},"excerpt":{"rendered":"<p>Face aux d\u00e9fis de la surprescription et de la polym\u00e9dication chez les seniors, la d\u00e9prescription s&rsquo;impose comme une solution n\u00e9cessaire mais complexe. Cet apr\u00e8s-midi d\u2019\u00e9tude vise \u00e0 identifier les ressources disponibles lorsque la surprescription devient pr\u00e9occupante et \u00e0 r\u00e9fl\u00e9chir \u00e0  [&#8230;]<\/p>\n","protected":false},"author":1,"featured_media":0,"template":"","meta":{"_tribe_events_status":"","_tribe_events_status_reason":"","footnotes":""},"tags":[],"tribe_events_cat":[64],"class_list":["post-9872","tribe_events","type-tribe_events","status-publish","hentry","tribe_events_cat-francais","cat_francais"],"_links":{"self":[{"href":"https:\/\/www.sages.ch\/fr\/wp-json\/wp\/v2\/tribe_events\/9872","targetHints":{"allow":["GET"]}}],"collection":[{"href":"https:\/\/www.sages.ch\/fr\/wp-json\/wp\/v2\/tribe_events"}],"about":[{"href":"https:\/\/www.sages.ch\/fr\/wp-json\/wp\/v2\/types\/tribe_events"}],"author":[{"embeddable":true,"href":"https:\/\/www.sages.ch\/fr\/wp-json\/wp\/v2\/users\/1"}],"version-history":[{"count":1,"href":"https:\/\/www.sages.ch\/fr\/wp-json\/wp\/v2\/tribe_events\/9872\/revisions"}],"predecessor-version":[{"id":9873,"href":"https:\/\/www.sages.ch\/fr\/wp-json\/wp\/v2\/tribe_events\/9872\/revisions\/9873"}],"wp:attachment":[{"href":"https:\/\/www.sages.ch\/fr\/wp-json\/wp\/v2\/media?parent=9872"}],"wp:term":[{"taxonomy":"post_tag","embeddable":true,"href":"https:\/\/www.sages.ch\/fr\/wp-json\/wp\/v2\/tags?post=9872"},{"taxonomy":"tribe_events_cat","embeddable":true,"href":"https:\/\/www.sages.ch\/fr\/wp-json\/wp\/v2\/tribe_events_cat?post=9872"}],"curies":[{"name":"wp","href":"https:\/\/api.w.org\/{rel}","templated":true}]}}